{"id":1047,"date":"2023-11-17T16:50:23","date_gmt":"2023-11-17T15:50:23","guid":{"rendered":"https:\/\/www.neuillysurmarne.fr\/?page_id=1047"},"modified":"2024-03-01T15:32:55","modified_gmt":"2024-03-01T14:32:55","slug":"ecole-elementaire-jules-verne","status":"publish","type":"page","link":"https:\/\/www.neuillysurmarne.fr\/pt\/ecole-elementaire-jules-verne\/","title":{"rendered":"Escolas prim\u00e1rias J\u00falio Verne"},"content":{"rendered":"<div class=\"content-header-wrap\">\n<div class=\"informations\">\n<div class=\"postalAddress\">\n<div>\n<h2>Apresenta\u00e7\u00e3o<\/h2>\n<\/div>\n<div class=\"destinataire\">Escolas prim\u00e1rias J\u00falio Verne,<\/div>\n<div class=\"streetAddress\">7 all\u00e9e A Gide,<\/div>\n<p><a class=\"postal-address-link\" title=\"Abrir o endere\u00e7o no Google Maps\" href=\"https:\/\/maps.google.fr\/?q=%C3%89cole+%C3%A9l%C3%A9mentaire+Jules+Verne%2C+7+all%C3%A9e+A+Gide%2C+93330+Neuilly-sur-Marne\" target=\"_blank\" rel=\"noopener\"><span class=\"postalCode\">93330<\/span>\u00a0<span class=\"addressLocality\">Neuilly-sur-Marne<\/span><\/a><\/p>\n<\/div>\n<p><span class=\"telephone\">01 43 08 88 46<\/span><br \/>\n<a class=\"email\" href=\"mailto:ce.0931549d@ac-creteil.fr\">ce.0931549d@ac-creteil.fr<\/a><\/p>\n<div class=\"person\"><span class=\"honorificPrefix\">Sra.<\/span>\u00a0<span class=\"familyName\">TIAHUR<\/span><\/div>\n<\/div>\n<\/div>\n<p><strong>Creche: Centro L\u00e9o Lagrange<\/strong><br \/>\nA abertura de um acolhimento de manh\u00e3 nas escolas prim\u00e1rias est\u00e1 sujeita a um compromisso m\u00ednimo de frequ\u00eancia de 12 crian\u00e7as.<br \/>\nUma equipa de funcion\u00e1rios municipais recebe as crian\u00e7as a partir das 7h00 e acompanha-as at\u00e9 \u00e0 escola \u00e0s 8h30.<\/p>\n<p><strong>Refei\u00e7\u00f5es escolares :<\/strong><br \/>\nAs refei\u00e7\u00f5es escolares est\u00e3o dispon\u00edveis das 11.30h \u00e0s 13.30h. As crian\u00e7as s\u00e3o cuidadas por uma equipa de funcion\u00e1rios locais.<br \/>\nA carta de restaura\u00e7\u00e3o escolar especifica o funcionamento da atividade e as regras a respeitar.<\/p>\n<p><strong>Estudo:<\/strong><br \/>\nO per\u00edodo de estudo decorre das 16h30 \u00e0s 18h00. \u00c9 organizado um intervalo e um lanche (as fam\u00edlias devem fornecer o lanche) at\u00e9 \u00e0s 17 horas. Das 17h00 \u00e0s 18h00, um per\u00edodo de estudo supervisionado permite \u00e0s crian\u00e7as trabalharem nas suas li\u00e7\u00f5es.<\/p>\n<h2>Capacidade<\/h2>\n<p>N\u00famero de estudantes: 242<br \/>\nN\u00famero de classes: 9<br \/>\nN\u00famero m\u00e9dio de alunos por turma: 26<\/p>\n<h2>Estudo<\/h2>\n<p class=\"p1\">Tarde das 16:30 \u00e0s 18:00<\/p>","protected":false},"excerpt":{"rendered":"<p>Pr\u00e9sentation \u00c9cole \u00e9l\u00e9mentaire Jules Verne, 7 all\u00e9e A Gide, 93330\u00a0Neuilly-sur-Marne 01 43 08 88 46 ce.0931549d@ac-creteil.fr Mme\u00a0TIAHUR Accueil du matin : Accueil Centre L\u00e9o Lagrange L\u2019ouverture de l\u2019accueil du matin en \u00e9l\u00e9mentaire est conditionn\u00e9 \u00e0 un engagement de fr\u00e9quentation d\u2019au moins 12 enfants. Une \u00e9quipe d\u2019animation municipale accueille les enfants \u00e0 partir de 7h00 et [&hellip;]<\/p>\n","protected":false},"author":1,"featured_media":0,"parent":0,"menu_order":0,"comment_status":"closed","ping_status":"closed","template":"","meta":{"_acf_changed":false,"footnotes":""},"class_list":["post-1047","page","type-page","status-publish","hentry"],"acf":[],"yoast_head":"<!-- This site is optimized with the Yoast SEO plugin v27.5 - https:\/\/yoast.com\/product\/yoast-seo-wordpress\/ -->\n<title>\u00c9cole \u00e9l\u00e9mentaire Jules Verne - Mairie de Neuilly-sur-Marne<\/title>\n<meta name=\"robots\" content=\"index, follow, max-snippet:-1, max-image-preview:large, max-video-preview:-1\" \/>\n<link rel=\"canonical\" href=\"https:\/\/www.neuillysurmarne.fr\/pt\/ecole-elementaire-jules-verne\/\" \/>\n<meta property=\"og:locale\" content=\"pt_PT\" \/>\n<meta property=\"og:type\" content=\"article\" \/>\n<meta property=\"og:title\" content=\"\u00c9cole \u00e9l\u00e9mentaire Jules Verne - Mairie de Neuilly-sur-Marne\" \/>\n<meta property=\"og:description\" content=\"Pr\u00e9sentation \u00c9cole \u00e9l\u00e9mentaire Jules Verne, 7 all\u00e9e A Gide, 93330\u00a0Neuilly-sur-Marne 01 43 08 88 46 ce.0931549d@ac-creteil.fr Mme\u00a0TIAHUR Accueil du matin : Accueil Centre L\u00e9o Lagrange L\u2019ouverture de l\u2019accueil du matin en \u00e9l\u00e9mentaire est conditionn\u00e9 \u00e0 un engagement de fr\u00e9quentation d\u2019au moins 12 enfants. Une \u00e9quipe d\u2019animation municipale accueille les enfants \u00e0 partir de 7h00 et [&hellip;]\" \/>\n<meta property=\"og:url\" content=\"https:\/\/www.neuillysurmarne.fr\/pt\/ecole-elementaire-jules-verne\/\" \/>\n<meta property=\"og:site_name\" content=\"Mairie de Neuilly-sur-Marne\" \/>\n<meta property=\"article:publisher\" content=\"https:\/\/www.facebook.com\/ville.neuilly\" \/>\n<meta property=\"article:modified_time\" content=\"2024-03-01T14:32:55+00:00\" \/>\n<meta name=\"twitter:card\" content=\"summary_large_image\" \/>\n<meta name=\"twitter:label1\" content=\"Tempo estimado de leitura\" \/>\n\t<meta name=\"twitter:data1\" content=\"1 minuto\" \/>\n<script type=\"application\/ld+json\" class=\"yoast-schema-graph\">{\"@context\":\"https:\\\/\\\/schema.org\",\"@graph\":[{\"@type\":\"WebPage\",\"@id\":\"https:\\\/\\\/www.neuillysurmarne.fr\\\/ecole-elementaire-jules-verne\\\/\",\"url\":\"https:\\\/\\\/www.neuillysurmarne.fr\\\/ecole-elementaire-jules-verne\\\/\",\"name\":\"\u00c9cole \u00e9l\u00e9mentaire Jules Verne - Mairie de Neuilly-sur-Marne\",\"isPartOf\":{\"@id\":\"https:\\\/\\\/www.neuillysurmarne.fr\\\/es\\\/#website\"},\"datePublished\":\"2023-11-17T15:50:23+00:00\",\"dateModified\":\"2024-03-01T14:32:55+00:00\",\"breadcrumb\":{\"@id\":\"https:\\\/\\\/www.neuillysurmarne.fr\\\/ecole-elementaire-jules-verne\\\/#breadcrumb\"},\"inLanguage\":\"pt-PT\",\"potentialAction\":[{\"@type\":\"ReadAction\",\"target\":[\"https:\\\/\\\/www.neuillysurmarne.fr\\\/ecole-elementaire-jules-verne\\\/\"]}]},{\"@type\":\"BreadcrumbList\",\"@id\":\"https:\\\/\\\/www.neuillysurmarne.fr\\\/ecole-elementaire-jules-verne\\\/#breadcrumb\",\"itemListElement\":[{\"@type\":\"ListItem\",\"position\":1,\"name\":\"Accueil\",\"item\":\"https:\\\/\\\/www.neuillysurmarne.fr\\\/\"},{\"@type\":\"ListItem\",\"position\":2,\"name\":\"\u00c9cole \u00e9l\u00e9mentaire Jules Verne\"}]},{\"@type\":\"WebSite\",\"@id\":\"https:\\\/\\\/www.neuillysurmarne.fr\\\/es\\\/#website\",\"url\":\"https:\\\/\\\/www.neuillysurmarne.fr\\\/es\\\/\",\"name\":\"Mairie de Neuilly-sur-Marne\",\"description\":\"BETA\",\"publisher\":{\"@id\":\"https:\\\/\\\/www.neuillysurmarne.fr\\\/es\\\/#organization\"},\"potentialAction\":[{\"@type\":\"SearchAction\",\"target\":{\"@type\":\"EntryPoint\",\"urlTemplate\":\"https:\\\/\\\/www.neuillysurmarne.fr\\\/es\\\/?s={search_term_string}\"},\"query-input\":{\"@type\":\"PropertyValueSpecification\",\"valueRequired\":true,\"valueName\":\"search_term_string\"}}],\"inLanguage\":\"pt-PT\"},{\"@type\":\"Organization\",\"@id\":\"https:\\\/\\\/www.neuillysurmarne.fr\\\/es\\\/#organization\",\"name\":\"Mairie de Neuilly-sur-Marne\",\"url\":\"https:\\\/\\\/www.neuillysurmarne.fr\\\/es\\\/\",\"logo\":{\"@type\":\"ImageObject\",\"inLanguage\":\"pt-PT\",\"@id\":\"https:\\\/\\\/www.neuillysurmarne.fr\\\/es\\\/#\\\/schema\\\/logo\\\/image\\\/\",\"url\":\"https:\\\/\\\/www.neuillysurmarne.fr\\\/wp-content\\\/uploads\\\/2023\\\/10\\\/LOGO-NeuillysurMarne-blanc.png\",\"contentUrl\":\"https:\\\/\\\/www.neuillysurmarne.fr\\\/wp-content\\\/uploads\\\/2023\\\/10\\\/LOGO-NeuillysurMarne-blanc.png\",\"width\":3308,\"height\":2586,\"caption\":\"Mairie de Neuilly-sur-Marne\"},\"image\":{\"@id\":\"https:\\\/\\\/www.neuillysurmarne.fr\\\/es\\\/#\\\/schema\\\/logo\\\/image\\\/\"},\"sameAs\":[\"https:\\\/\\\/www.facebook.com\\\/ville.neuilly\",\"https:\\\/\\\/www.instagram.com\\\/neuilly_marne\\\/\",\"https:\\\/\\\/www.linkedin.com\\\/company\\\/ville-de-neuilly-sur-marne\\\/\",\"https:\\\/\\\/www.youtube.com\\\/channel\\\/UCDdZ0TLrV8rfIqjBGvoeB5A\",\"https:\\\/\\\/www.tiktok.com\\\/@villedeneuillysurmarne\"]}]}<\/script>\n<!-- \/ Yoast SEO plugin. -->","yoast_head_json":{"title":"\u00c9cole \u00e9l\u00e9mentaire Jules Verne - Mairie de Neuilly-sur-Marne","robots":{"index":"index","follow":"follow","max-snippet":"max-snippet:-1","max-image-preview":"max-image-preview:large","max-video-preview":"max-video-preview:-1"},"canonical":"https:\/\/www.neuillysurmarne.fr\/pt\/ecole-elementaire-jules-verne\/","og_locale":"pt_PT","og_type":"article","og_title":"\u00c9cole \u00e9l\u00e9mentaire Jules Verne - Mairie de Neuilly-sur-Marne","og_description":"Pr\u00e9sentation \u00c9cole \u00e9l\u00e9mentaire Jules Verne, 7 all\u00e9e A Gide, 93330\u00a0Neuilly-sur-Marne 01 43 08 88 46 ce.0931549d@ac-creteil.fr Mme\u00a0TIAHUR Accueil du matin : Accueil Centre L\u00e9o Lagrange L\u2019ouverture de l\u2019accueil du matin en \u00e9l\u00e9mentaire est conditionn\u00e9 \u00e0 un engagement de fr\u00e9quentation d\u2019au moins 12 enfants. Une \u00e9quipe d\u2019animation municipale accueille les enfants \u00e0 partir de 7h00 et [&hellip;]","og_url":"https:\/\/www.neuillysurmarne.fr\/pt\/ecole-elementaire-jules-verne\/","og_site_name":"Mairie de Neuilly-sur-Marne","article_publisher":"https:\/\/www.facebook.com\/ville.neuilly","article_modified_time":"2024-03-01T14:32:55+00:00","twitter_card":"summary_large_image","twitter_misc":{"Tempo estimado de leitura":"1 minuto"},"schema":{"@context":"https:\/\/schema.org","@graph":[{"@type":"WebPage","@id":"https:\/\/www.neuillysurmarne.fr\/ecole-elementaire-jules-verne\/","url":"https:\/\/www.neuillysurmarne.fr\/ecole-elementaire-jules-verne\/","name":"\u00c9cole \u00e9l\u00e9mentaire Jules Verne - Mairie de Neuilly-sur-Marne","isPartOf":{"@id":"https:\/\/www.neuillysurmarne.fr\/es\/#website"},"datePublished":"2023-11-17T15:50:23+00:00","dateModified":"2024-03-01T14:32:55+00:00","breadcrumb":{"@id":"https:\/\/www.neuillysurmarne.fr\/ecole-elementaire-jules-verne\/#breadcrumb"},"inLanguage":"pt-PT","potentialAction":[{"@type":"ReadAction","target":["https:\/\/www.neuillysurmarne.fr\/ecole-elementaire-jules-verne\/"]}]},{"@type":"BreadcrumbList","@id":"https:\/\/www.neuillysurmarne.fr\/ecole-elementaire-jules-verne\/#breadcrumb","itemListElement":[{"@type":"ListItem","position":1,"name":"Accueil","item":"https:\/\/www.neuillysurmarne.fr\/"},{"@type":"ListItem","position":2,"name":"\u00c9cole \u00e9l\u00e9mentaire Jules Verne"}]},{"@type":"WebSite","@id":"https:\/\/www.neuillysurmarne.fr\/es\/#website","url":"https:\/\/www.neuillysurmarne.fr\/es\/","name":"C\u00e2mara Municipal de Neuilly-sur-Marne","description":"BETA","publisher":{"@id":"https:\/\/www.neuillysurmarne.fr\/es\/#organization"},"potentialAction":[{"@type":"SearchAction","target":{"@type":"EntryPoint","urlTemplate":"https:\/\/www.neuillysurmarne.fr\/es\/?s={search_term_string}"},"query-input":{"@type":"PropertyValueSpecification","valueRequired":true,"valueName":"search_term_string"}}],"inLanguage":"pt-PT"},{"@type":"Organization","@id":"https:\/\/www.neuillysurmarne.fr\/es\/#organization","name":"C\u00e2mara Municipal de Neuilly-sur-Marne","url":"https:\/\/www.neuillysurmarne.fr\/es\/","logo":{"@type":"ImageObject","inLanguage":"pt-PT","@id":"https:\/\/www.neuillysurmarne.fr\/es\/#\/schema\/logo\/image\/","url":"https:\/\/www.neuillysurmarne.fr\/wp-content\/uploads\/2023\/10\/LOGO-NeuillysurMarne-blanc.png","contentUrl":"https:\/\/www.neuillysurmarne.fr\/wp-content\/uploads\/2023\/10\/LOGO-NeuillysurMarne-blanc.png","width":3308,"height":2586,"caption":"Mairie de Neuilly-sur-Marne"},"image":{"@id":"https:\/\/www.neuillysurmarne.fr\/es\/#\/schema\/logo\/image\/"},"sameAs":["https:\/\/www.facebook.com\/ville.neuilly","https:\/\/www.instagram.com\/neuilly_marne\/","https:\/\/www.linkedin.com\/company\/ville-de-neuilly-sur-marne\/","https:\/\/www.youtube.com\/channel\/UCDdZ0TLrV8rfIqjBGvoeB5A","https:\/\/www.tiktok.com\/@villedeneuillysurmarne"]}]}},"_links":{"self":[{"href":"https:\/\/www.neuillysurmarne.fr\/pt\/wp-json\/wp\/v2\/pages\/1047","targetHints":{"allow":["GET"]}}],"collection":[{"href":"https:\/\/www.neuillysurmarne.fr\/pt\/wp-json\/wp\/v2\/pages"}],"about":[{"href":"https:\/\/www.neuillysurmarne.fr\/pt\/wp-json\/wp\/v2\/types\/page"}],"author":[{"embeddable":true,"href":"https:\/\/www.neuillysurmarne.fr\/pt\/wp-json\/wp\/v2\/users\/1"}],"replies":[{"embeddable":true,"href":"https:\/\/www.neuillysurmarne.fr\/pt\/wp-json\/wp\/v2\/comments?post=1047"}],"version-history":[{"count":3,"href":"https:\/\/www.neuillysurmarne.fr\/pt\/wp-json\/wp\/v2\/pages\/1047\/revisions"}],"predecessor-version":[{"id":5231,"href":"https:\/\/www.neuillysurmarne.fr\/pt\/wp-json\/wp\/v2\/pages\/1047\/revisions\/5231"}],"wp:attachment":[{"href":"https:\/\/www.neuillysurmarne.fr\/pt\/wp-json\/wp\/v2\/media?parent=1047"}],"curies":[{"name":"wp","href":"https:\/\/api.w.org\/{rel}","templated":true}]}}