{"id":1069,"date":"2023-11-17T16:54:01","date_gmt":"2023-11-17T15:54:01","guid":{"rendered":"https:\/\/www.neuillysurmarne.fr\/?page_id=1069"},"modified":"2024-03-01T15:34:23","modified_gmt":"2024-03-01T14:34:23","slug":"ecole-maternelle-claude-rouget-de-lisle","status":"publish","type":"page","link":"https:\/\/www.neuillysurmarne.fr\/pt\/ecole-maternelle-claude-rouget-de-lisle\/","title":{"rendered":"Infant\u00e1rio Claude Rouget de Lisle"},"content":{"rendered":"<div class=\"content-header-wrap no-thumbnail\">\n<div class=\"informations\">\n<div class=\"postalAddress\">\n<div>\n<h2>Apresenta\u00e7\u00e3o<\/h2>\n<\/div>\n<div class=\"destinataire\">Infant\u00e1rio Claude Rouget de Lisle,<\/div>\n<div class=\"streetAddress\">1 rue de Tourville,<\/div>\n<p><a class=\"postal-address-link\" title=\"Abrir o endere\u00e7o no Google Maps\" href=\"https:\/\/maps.google.fr\/?q=%C3%89cole+maternelle+Claude+Rouget+de+Lisle%2C+1+rue+de+Tourville%2C+93330+Neuilly-sur-Marne\" target=\"_blank\" rel=\"noopener\"><span class=\"postalCode\">93330<\/span>\u00a0<span class=\"addressLocality\">Neuilly-sur-Marne<\/span><\/a><\/p>\n<\/div>\n<p><span class=\"telephone\">01 43 08 31 67<\/span><br \/>\n<a class=\"email\" href=\"mailto:ce.0931462j@ac-creteil.fr\">ce.0931462j@ac-creteil.fr<\/a><\/p>\n<div class=\"person\"><span class=\"honorificPrefix\">Sra.<\/span>\u00a0<span class=\"familyName\">THIVET<\/span><\/div>\n<\/div>\n<\/div>\n<p><strong>Cuidados de manh\u00e3 e \u00e0 noite\u00a0<\/strong>:<\/p>\n<p>O acolhimento p\u00f3s-escolar est\u00e1 dispon\u00edvel das 7h \u00e0s 8h20 e das 16h30 \u00e0s 18h45. As crian\u00e7as s\u00e3o acompanhadas por uma equipa de animadores municipais. O acolhimento noturno inclui um lanche fornecido pela nossa cozinha central.<\/p>\n<p><strong>Restaura\u00e7\u00e3o escolar<\/strong>\u00a0:<\/p>\n<p>As refei\u00e7\u00f5es escolares est\u00e3o dispon\u00edveis das 11h30 \u00e0s 13h30. As crian\u00e7as s\u00e3o acompanhadas por uma equipa de animadores municipais e pelo pessoal do ATSEM.<\/p>\n<h2>Capacidade<\/h2>\n<p>N\u00famero de estudantes: 124<br \/>\nN\u00famero de aulas: 5<br \/>\nN\u00famero m\u00e9dio de alunos por turma: 24<\/p>","protected":false},"excerpt":{"rendered":"<p>Pr\u00e9sentation \u00c9cole maternelle Claude Rouget de Lisle, 1 rue de Tourville, 93330\u00a0Neuilly-sur-Marne 01 43 08 31 67 ce.0931462j@ac-creteil.fr Mme\u00a0THIVET Accueil du matin\u00a0et du soir\u00a0: L\u2019accueil p\u00e9riscolaire est propos\u00e9 de 7h00 \u00e0 8h20 et de 16h30 \u00e0 18h45. Les enfants sont pris en charge par une \u00e9quipe d\u2019animation municipale. L\u2019accueil du soir comprend le go\u00fbter qui [&hellip;]<\/p>\n","protected":false},"author":1,"featured_media":0,"parent":0,"menu_order":0,"comment_status":"closed","ping_status":"closed","template":"","meta":{"_acf_changed":false,"footnotes":""},"class_list":["post-1069","page","type-page","status-publish","hentry"],"acf":[],"yoast_head":"<!-- This site is optimized with the Yoast SEO plugin v27.4 - https:\/\/yoast.com\/product\/yoast-seo-wordpress\/ -->\n<title>\u00c9cole maternelle Claude Rouget de Lisle - Mairie de Neuilly-sur-Marne<\/title>\n<meta name=\"robots\" content=\"index, follow, max-snippet:-1, max-image-preview:large, max-video-preview:-1\" \/>\n<link rel=\"canonical\" href=\"https:\/\/www.neuillysurmarne.fr\/pt\/ecole-maternelle-claude-rouget-de-lisle\/\" \/>\n<meta property=\"og:locale\" content=\"pt_PT\" \/>\n<meta property=\"og:type\" content=\"article\" \/>\n<meta property=\"og:title\" content=\"\u00c9cole maternelle Claude Rouget de Lisle - Mairie de Neuilly-sur-Marne\" \/>\n<meta property=\"og:description\" content=\"Pr\u00e9sentation \u00c9cole maternelle Claude Rouget de Lisle, 1 rue de Tourville, 93330\u00a0Neuilly-sur-Marne 01 43 08 31 67 ce.0931462j@ac-creteil.fr Mme\u00a0THIVET Accueil du matin\u00a0et du soir\u00a0: L\u2019accueil p\u00e9riscolaire est propos\u00e9 de 7h00 \u00e0 8h20 et de 16h30 \u00e0 18h45. Les enfants sont pris en charge par une \u00e9quipe d\u2019animation municipale. L\u2019accueil du soir comprend le go\u00fbter qui [&hellip;]\" \/>\n<meta property=\"og:url\" content=\"https:\/\/www.neuillysurmarne.fr\/pt\/ecole-maternelle-claude-rouget-de-lisle\/\" \/>\n<meta property=\"og:site_name\" content=\"Mairie de Neuilly-sur-Marne\" \/>\n<meta property=\"article:publisher\" content=\"https:\/\/www.facebook.com\/ville.neuilly\" \/>\n<meta property=\"article:modified_time\" content=\"2024-03-01T14:34:23+00:00\" \/>\n<meta name=\"twitter:card\" content=\"summary_large_image\" \/>\n<meta name=\"twitter:label1\" content=\"Tempo estimado de leitura\" \/>\n\t<meta name=\"twitter:data1\" content=\"1 minuto\" \/>\n<script type=\"application\/ld+json\" class=\"yoast-schema-graph\">{\"@context\":\"https:\\\/\\\/schema.org\",\"@graph\":[{\"@type\":\"WebPage\",\"@id\":\"https:\\\/\\\/www.neuillysurmarne.fr\\\/ecole-maternelle-claude-rouget-de-lisle\\\/\",\"url\":\"https:\\\/\\\/www.neuillysurmarne.fr\\\/ecole-maternelle-claude-rouget-de-lisle\\\/\",\"name\":\"\u00c9cole maternelle Claude Rouget de Lisle - Mairie de Neuilly-sur-Marne\",\"isPartOf\":{\"@id\":\"https:\\\/\\\/www.neuillysurmarne.fr\\\/es\\\/#website\"},\"datePublished\":\"2023-11-17T15:54:01+00:00\",\"dateModified\":\"2024-03-01T14:34:23+00:00\",\"breadcrumb\":{\"@id\":\"https:\\\/\\\/www.neuillysurmarne.fr\\\/ecole-maternelle-claude-rouget-de-lisle\\\/#breadcrumb\"},\"inLanguage\":\"pt-PT\",\"potentialAction\":[{\"@type\":\"ReadAction\",\"target\":[\"https:\\\/\\\/www.neuillysurmarne.fr\\\/ecole-maternelle-claude-rouget-de-lisle\\\/\"]}]},{\"@type\":\"BreadcrumbList\",\"@id\":\"https:\\\/\\\/www.neuillysurmarne.fr\\\/ecole-maternelle-claude-rouget-de-lisle\\\/#breadcrumb\",\"itemListElement\":[{\"@type\":\"ListItem\",\"position\":1,\"name\":\"Accueil\",\"item\":\"https:\\\/\\\/www.neuillysurmarne.fr\\\/\"},{\"@type\":\"ListItem\",\"position\":2,\"name\":\"\u00c9cole maternelle Claude Rouget de Lisle\"}]},{\"@type\":\"WebSite\",\"@id\":\"https:\\\/\\\/www.neuillysurmarne.fr\\\/es\\\/#website\",\"url\":\"https:\\\/\\\/www.neuillysurmarne.fr\\\/es\\\/\",\"name\":\"Mairie de Neuilly-sur-Marne\",\"description\":\"BETA\",\"publisher\":{\"@id\":\"https:\\\/\\\/www.neuillysurmarne.fr\\\/es\\\/#organization\"},\"potentialAction\":[{\"@type\":\"SearchAction\",\"target\":{\"@type\":\"EntryPoint\",\"urlTemplate\":\"https:\\\/\\\/www.neuillysurmarne.fr\\\/es\\\/?s={search_term_string}\"},\"query-input\":{\"@type\":\"PropertyValueSpecification\",\"valueRequired\":true,\"valueName\":\"search_term_string\"}}],\"inLanguage\":\"pt-PT\"},{\"@type\":\"Organization\",\"@id\":\"https:\\\/\\\/www.neuillysurmarne.fr\\\/es\\\/#organization\",\"name\":\"Mairie de Neuilly-sur-Marne\",\"url\":\"https:\\\/\\\/www.neuillysurmarne.fr\\\/es\\\/\",\"logo\":{\"@type\":\"ImageObject\",\"inLanguage\":\"pt-PT\",\"@id\":\"https:\\\/\\\/www.neuillysurmarne.fr\\\/es\\\/#\\\/schema\\\/logo\\\/image\\\/\",\"url\":\"https:\\\/\\\/www.neuillysurmarne.fr\\\/wp-content\\\/uploads\\\/2023\\\/10\\\/LOGO-NeuillysurMarne-blanc.png\",\"contentUrl\":\"https:\\\/\\\/www.neuillysurmarne.fr\\\/wp-content\\\/uploads\\\/2023\\\/10\\\/LOGO-NeuillysurMarne-blanc.png\",\"width\":3308,\"height\":2586,\"caption\":\"Mairie de Neuilly-sur-Marne\"},\"image\":{\"@id\":\"https:\\\/\\\/www.neuillysurmarne.fr\\\/es\\\/#\\\/schema\\\/logo\\\/image\\\/\"},\"sameAs\":[\"https:\\\/\\\/www.facebook.com\\\/ville.neuilly\",\"https:\\\/\\\/www.instagram.com\\\/neuilly_marne\\\/\",\"https:\\\/\\\/www.linkedin.com\\\/company\\\/ville-de-neuilly-sur-marne\\\/\",\"https:\\\/\\\/www.youtube.com\\\/channel\\\/UCDdZ0TLrV8rfIqjBGvoeB5A\",\"https:\\\/\\\/www.tiktok.com\\\/@villedeneuillysurmarne\"]}]}<\/script>\n<!-- \/ Yoast SEO plugin. -->","yoast_head_json":{"title":"\u00c9cole maternelle Claude Rouget de Lisle - Mairie de Neuilly-sur-Marne","robots":{"index":"index","follow":"follow","max-snippet":"max-snippet:-1","max-image-preview":"max-image-preview:large","max-video-preview":"max-video-preview:-1"},"canonical":"https:\/\/www.neuillysurmarne.fr\/pt\/ecole-maternelle-claude-rouget-de-lisle\/","og_locale":"pt_PT","og_type":"article","og_title":"\u00c9cole maternelle Claude Rouget de Lisle - Mairie de Neuilly-sur-Marne","og_description":"Pr\u00e9sentation \u00c9cole maternelle Claude Rouget de Lisle, 1 rue de Tourville, 93330\u00a0Neuilly-sur-Marne 01 43 08 31 67 ce.0931462j@ac-creteil.fr Mme\u00a0THIVET Accueil du matin\u00a0et du soir\u00a0: L\u2019accueil p\u00e9riscolaire est propos\u00e9 de 7h00 \u00e0 8h20 et de 16h30 \u00e0 18h45. Les enfants sont pris en charge par une \u00e9quipe d\u2019animation municipale. L\u2019accueil du soir comprend le go\u00fbter qui [&hellip;]","og_url":"https:\/\/www.neuillysurmarne.fr\/pt\/ecole-maternelle-claude-rouget-de-lisle\/","og_site_name":"Mairie de Neuilly-sur-Marne","article_publisher":"https:\/\/www.facebook.com\/ville.neuilly","article_modified_time":"2024-03-01T14:34:23+00:00","twitter_card":"summary_large_image","twitter_misc":{"Tempo estimado de leitura":"1 minuto"},"schema":{"@context":"https:\/\/schema.org","@graph":[{"@type":"WebPage","@id":"https:\/\/www.neuillysurmarne.fr\/ecole-maternelle-claude-rouget-de-lisle\/","url":"https:\/\/www.neuillysurmarne.fr\/ecole-maternelle-claude-rouget-de-lisle\/","name":"\u00c9cole maternelle Claude Rouget de Lisle - Mairie de Neuilly-sur-Marne","isPartOf":{"@id":"https:\/\/www.neuillysurmarne.fr\/es\/#website"},"datePublished":"2023-11-17T15:54:01+00:00","dateModified":"2024-03-01T14:34:23+00:00","breadcrumb":{"@id":"https:\/\/www.neuillysurmarne.fr\/ecole-maternelle-claude-rouget-de-lisle\/#breadcrumb"},"inLanguage":"pt-PT","potentialAction":[{"@type":"ReadAction","target":["https:\/\/www.neuillysurmarne.fr\/ecole-maternelle-claude-rouget-de-lisle\/"]}]},{"@type":"BreadcrumbList","@id":"https:\/\/www.neuillysurmarne.fr\/ecole-maternelle-claude-rouget-de-lisle\/#breadcrumb","itemListElement":[{"@type":"ListItem","position":1,"name":"Accueil","item":"https:\/\/www.neuillysurmarne.fr\/"},{"@type":"ListItem","position":2,"name":"\u00c9cole maternelle Claude Rouget de Lisle"}]},{"@type":"WebSite","@id":"https:\/\/www.neuillysurmarne.fr\/es\/#website","url":"https:\/\/www.neuillysurmarne.fr\/es\/","name":"C\u00e2mara Municipal de Neuilly-sur-Marne","description":"BETA","publisher":{"@id":"https:\/\/www.neuillysurmarne.fr\/es\/#organization"},"potentialAction":[{"@type":"SearchAction","target":{"@type":"EntryPoint","urlTemplate":"https:\/\/www.neuillysurmarne.fr\/es\/?s={search_term_string}"},"query-input":{"@type":"PropertyValueSpecification","valueRequired":true,"valueName":"search_term_string"}}],"inLanguage":"pt-PT"},{"@type":"Organization","@id":"https:\/\/www.neuillysurmarne.fr\/es\/#organization","name":"C\u00e2mara Municipal de Neuilly-sur-Marne","url":"https:\/\/www.neuillysurmarne.fr\/es\/","logo":{"@type":"ImageObject","inLanguage":"pt-PT","@id":"https:\/\/www.neuillysurmarne.fr\/es\/#\/schema\/logo\/image\/","url":"https:\/\/www.neuillysurmarne.fr\/wp-content\/uploads\/2023\/10\/LOGO-NeuillysurMarne-blanc.png","contentUrl":"https:\/\/www.neuillysurmarne.fr\/wp-content\/uploads\/2023\/10\/LOGO-NeuillysurMarne-blanc.png","width":3308,"height":2586,"caption":"Mairie de Neuilly-sur-Marne"},"image":{"@id":"https:\/\/www.neuillysurmarne.fr\/es\/#\/schema\/logo\/image\/"},"sameAs":["https:\/\/www.facebook.com\/ville.neuilly","https:\/\/www.instagram.com\/neuilly_marne\/","https:\/\/www.linkedin.com\/company\/ville-de-neuilly-sur-marne\/","https:\/\/www.youtube.com\/channel\/UCDdZ0TLrV8rfIqjBGvoeB5A","https:\/\/www.tiktok.com\/@villedeneuillysurmarne"]}]}},"_links":{"self":[{"href":"https:\/\/www.neuillysurmarne.fr\/pt\/wp-json\/wp\/v2\/pages\/1069","targetHints":{"allow":["GET"]}}],"collection":[{"href":"https:\/\/www.neuillysurmarne.fr\/pt\/wp-json\/wp\/v2\/pages"}],"about":[{"href":"https:\/\/www.neuillysurmarne.fr\/pt\/wp-json\/wp\/v2\/types\/page"}],"author":[{"embeddable":true,"href":"https:\/\/www.neuillysurmarne.fr\/pt\/wp-json\/wp\/v2\/users\/1"}],"replies":[{"embeddable":true,"href":"https:\/\/www.neuillysurmarne.fr\/pt\/wp-json\/wp\/v2\/comments?post=1069"}],"version-history":[{"count":3,"href":"https:\/\/www.neuillysurmarne.fr\/pt\/wp-json\/wp\/v2\/pages\/1069\/revisions"}],"predecessor-version":[{"id":5242,"href":"https:\/\/www.neuillysurmarne.fr\/pt\/wp-json\/wp\/v2\/pages\/1069\/revisions\/5242"}],"wp:attachment":[{"href":"https:\/\/www.neuillysurmarne.fr\/pt\/wp-json\/wp\/v2\/media?parent=1069"}],"curies":[{"name":"wp","href":"https:\/\/api.w.org\/{rel}","templated":true}]}}