{"id":14547,"date":"2025-03-06T17:08:15","date_gmt":"2025-03-06T16:08:15","guid":{"rendered":"https:\/\/www.neuillysurmarne.fr\/?page_id=14547"},"modified":"2026-04-13T09:53:19","modified_gmt":"2026-04-13T07:53:19","slug":"la-ville-recrute","status":"publish","type":"page","link":"https:\/\/www.neuillysurmarne.fr\/pt\/la-ville-recrute\/","title":{"rendered":"A cidade est\u00e1 a recrutar"},"content":{"rendered":"<div data-elementor-type=\"wp-page\" data-elementor-id=\"14547\" class=\"elementor elementor-14547\" data-elementor-post-type=\"page\">\n\t\t\t\t<div class=\"elementor-element elementor-element-cd70625 e-flex e-con-boxed e-con e-parent\" data-id=\"cd70625\" data-element_type=\"container\" data-e-type=\"container\">\n\t\t\t\t\t<div class=\"e-con-inner\">\n\t\t\t\t<div class=\"elementor-element elementor-element-8cdf82b elementor-widget elementor-widget-text-editor\" data-id=\"8cdf82b\" data-element_type=\"widget\" data-e-type=\"widget\" data-widget_type=\"text-editor.default\">\n\t\t\t\t<div class=\"elementor-widget-container\">\n\t\t\t\t\t\t\t\t\t<p>Proche de Paris, Neuilly-sur-Marne associe un caract\u00e8re pavillonnaire pr\u00e9serv\u00e9 \u00e0 une identit\u00e9 plus urbaine. Ses grands espaces arbor\u00e9s sont autant de poumons verts qui font de l\u2019ancienne \u00ab Nobiliacum \u00bb une ville d\u2019avenir, bord\u00e9e dans son ensemble par la Marne.<\/p><p>\u00c0 travers ses politiques publiques, la collectivit\u00e9 veille \u00e0 offrir un cadre de vie privil\u00e9gi\u00e9 \u00e0 ses 39 891 habitants. Ses associations et ses commerces participent \u00e0 faire de Neuilly-sur-Marne une ville \u00e0 vivre !<\/p>\t\t\t\t\t\t\t\t<\/div>\n\t\t\t\t<\/div>\n\t\t\t\t\t<\/div>\n\t\t\t\t<\/div>\n\t\t<div class=\"elementor-element elementor-element-d75014c e-flex e-con-boxed e-con e-parent\" data-id=\"d75014c\" data-element_type=\"container\" data-e-type=\"container\">\n\t\t\t\t\t<div class=\"e-con-inner\">\n\t\t<div class=\"elementor-element elementor-element-f9bddad e-con-full e-flex e-con e-child\" data-id=\"f9bddad\" data-element_type=\"container\" data-e-type=\"container\">\n\t\t\t\t<div class=\"elementor-element elementor-element-7150ae1 elementor-widget elementor-widget-button\" data-id=\"7150ae1\" data-element_type=\"widget\" data-e-type=\"widget\" data-widget_type=\"button.default\">\n\t\t\t\t<div class=\"elementor-widget-container\">\n\t\t\t\t\t\t\t\t\t<div class=\"elementor-button-wrapper\">\n\t\t\t\t\t<a class=\"elementor-button elementor-button-link elementor-size-sm\" href=\"https:\/\/jobaffinity.fr\/apply\/gy2v7a4zwdkdum8pbe\" target=\"_blank\" rel=\"nofollow\">\n\t\t\t\t\t\t<span class=\"elementor-button-content-wrapper\">\n\t\t\t\t\t\t\t\t\t<span class=\"elementor-button-text\">Candidatures spontan\u00e9es<\/span>\n\t\t\t\t\t<\/span>\n\t\t\t\t\t<\/a>\n\t\t\t\t<\/div>\n\t\t\t\t\t\t\t\t<\/div>\n\t\t\t\t<\/div>\n\t\t\t\t<div class=\"elementor-element elementor-element-a0d0688 elementor-widget elementor-widget-button\" data-id=\"a0d0688\" data-element_type=\"widget\" data-e-type=\"widget\" data-widget_type=\"button.default\">\n\t\t\t\t<div class=\"elementor-widget-container\">\n\t\t\t\t\t\t\t\t\t<div class=\"elementor-button-wrapper\">\n\t\t\t\t\t<a class=\"elementor-button elementor-button-link elementor-size-sm\" href=\"https:\/\/jobaffinity.fr\/apply\/cq09avelaprbcm1p18\" target=\"_blank\" rel=\"nofollow\">\n\t\t\t\t\t\t<span class=\"elementor-button-content-wrapper\">\n\t\t\t\t\t\t\t\t\t<span class=\"elementor-button-text\">Demandes de stage<\/span>\n\t\t\t\t\t<\/span>\n\t\t\t\t\t<\/a>\n\t\t\t\t<\/div>\n\t\t\t\t\t\t\t\t<\/div>\n\t\t\t\t<\/div>\n\t\t\t\t<\/div>\n\t\t\t\t<div class=\"elementor-element elementor-element-5732859 elementor-widget__width-inherit elementor-widget elementor-widget-shortcode\" data-id=\"5732859\" data-element_type=\"widget\" data-e-type=\"widget\" data-widget_type=\"shortcode.default\">\n\t\t\t\t<div class=\"elementor-widget-container\">\n\t\t\t\t\t<div class=\"jobs-list\"><div class=\"job-item\"><h3>Auxiliaire de Pu\u00e9riculture<\/h3><div class=\"description-content\"><ul>\n<li>Accueillir au quotidien l\u2019enfant et sa famille, dans une relation de confiance, en favorisant les \u00e9changes afin de maintenir une continuit\u00e9 entre la maison et la cr\u00e8che<\/li>\n<li>Accompagner l\u2019enfant individuellement et en groupe, tout au long de la journ\u00e9e (change, repas, sommeil, \u2026)<\/li>\n<li>Mettre en \u0153uvre des r\u00e8gles d\u2019hygi\u00e8ne et de s\u00e9curit\u00e9<\/li>\n<li>Respecter l\u2019enfant, son rythme, la veille sur son bien-\u00eatre et de son \u00e9tat de sant\u00e9<\/li>\n<li>Mettre en place des activit\u00e9s d\u2019\u00e9veil adapt\u00e9es au d\u00e9veloppement et \u00e0 l\u2019\u00e2ge des enfants<\/li>\n<li>Informer \u00e0 l\u2019\u00e9quipe et aux parents des transmissions \u00e9crites et orales concernant l\u2019enfant<\/li>\n<li>Participer \u00e0 la mise en \u0153uvre du projet p\u00e9dagogique et \u00e0 l\u2019organisation de l\u2019accueil au quotidien<\/li>\n<li>Participer aux r\u00e9unions d\u2019\u00e9quipes, avec la direction et les parents<\/li>\n<\/ul>\n<p><strong>Conditions du poste<\/strong><\/p>\n<ul>\n<li>Rythme de travail de 38 heures hebdomadaires, du lundi au vendredi \u2013 amplitude horaire de 7h \u00e0 19h<\/li>\n<li>Poste de cat\u00e9gorie B<\/li>\n<\/ul><\/div><a target=\"_blank\" href=\"https:\/\/jobaffinity.fr\/apply\/9q1azc3hk4kqshv67q\/job?src=Site%20Web%20Mairie%20de%20Neuilly%20Sur%20Marne%20%28Staging%29\" class=\"job-link\">Postuler<\/a><\/div><div class=\"job-item\"><h3>Agent d&#039;entretien \u200edes espaces Publics<\/h3><div class=\"description-content\"><ul>\n<li>Assurer l\u2019entretien des composantes de l\u2019espace public et plus particuli\u00e8rement du min\u00e9ral (voies, trottoirs, places, scolaires, etc\u2026) , du mobilier (bancs, panneaux, corbeilles de propret\u00e9, etc\u2026), des squares et des parcs, en utilisant le mat\u00e9riel de propret\u00e9<\/li>\n<li>Conduire un v\u00e9hicule ou du mat\u00e9riel de nettoyage<\/li>\n<li>Assurer l\u2019enl\u00e8vement des d\u00e9chets (hors d\u00e9chets lourds)<\/li>\n<li>Assurer la mise en s\u00e9curit\u00e9 de l\u2019espace public et relever les incidents ou dysfonctionnements<\/li>\n<li>Expliquer \u00e0 la population de mani\u00e8re pr\u00e9cise les r\u00e8gles de propret\u00e9 et d\u2019hygi\u00e8ne sur la voie publique<\/li>\n<\/ul>\n<p><strong>Conditions du poste<\/strong><\/p>\n<ul>\n<li>Rythme de travail de 38 heures hebdomadaires (Horaires variables suivant contraintes de service)<\/li>\n<li>Poste de cat\u00e9gorie C\u2013 Fili\u00e8re technique<\/li>\n<\/ul><\/div><a target=\"_blank\" href=\"https:\/\/jobaffinity.fr\/apply\/gn1uyi2zlxipu1rsts\/job?src=Site%20Web%20Mairie%20de%20Neuilly%20Sur%20Marne%20%28Staging%29\" class=\"job-link\">Postuler<\/a><\/div><div class=\"job-item\"><h3>Auxiliaire Petite Enfance<\/h3><div class=\"description-content\"><ul>\n<li>Accueillir au quotidien l\u2019enfant et sa famille, dans une relation de confiance, en favorisant les \u00e9changes afin de maintenir une continuit\u00e9 entre la maison et la cr\u00e8che<\/li>\n<li>Accompagner l\u2019enfant individuellement et en groupe, tout au long de la journ\u00e9e (change, repas, sommeil, \u2026)<\/li>\n<li>Mettre en \u0153uvre des r\u00e8gles d\u2019hygi\u00e8ne et de s\u00e9curit\u00e9<\/li>\n<li>Respecter l\u2019enfant, son rythme, la veille sur son bien-\u00eatre et de son \u00e9tat de sant\u00e9<\/li>\n<li>Mettre en place des activit\u00e9s d\u2019\u00e9veil adapt\u00e9es au d\u00e9veloppement et \u00e0 l\u2019\u00e2ge des enfants<\/li>\n<li>Informer \u00e0 l\u2019\u00e9quipe et aux parents des transmissions \u00e9crites et orales concernant l\u2019enfant<\/li>\n<li>Participer \u00e0 la mise en \u0153uvre du projet p\u00e9dagogique et \u00e0 l\u2019organisation de l\u2019accueil au quotidien<\/li>\n<li>Participer aux r\u00e9unions d\u2019\u00e9quipes, avec la direction et les parents<\/li>\n<\/ul>\n<p><strong>Conditions du poste<\/strong><\/p>\n<ul>\n<li>Rythme de travail de 38 heures hebdomadaires, du lundi au vendredi \u2013 amplitude horaire de 7h \u00e0 19h<\/li>\n<li>Poste de cat\u00e9gorie C<\/li>\n<\/ul><\/div><a target=\"_blank\" href=\"https:\/\/jobaffinity.fr\/apply\/oyny4himopyp66q5cl\/job?src=Site%20Web%20Mairie%20de%20Neuilly%20Sur%20Marne%20%28Staging%29\" class=\"job-link\">Postuler<\/a><\/div><div class=\"job-item\"><h3>Directeur adjoint - Cr\u00e8che familiale Les Lutins H\/F<\/h3><div class=\"description-content\"><ul>\n<li>Participer \u00e0 la d\u00e9finition et la mise en \u0153uvre du projet d\u2019\u00e9tablissement en lien avec la Directrice.<\/li>\n<li>Accompagner et soutenir la fonction parentale, en travaillant la relation aux familles, en partenariat avec l\u2019\u00e9quipe de direction<\/li>\n<li>Participer \u00e0 l\u2019accueil, la prise en charge globale de l\u2019enfant et la prise en compte de ses besoins individuels avec l\u2019\u00e9ducatrice de jeunes enfants , l\u2019auxiliaire de pu\u00e9riculture et la directrice<\/li>\n<li>En lien avec la directrice et l\u2019\u00e9ducatrice de jeunes enfants , assurer le suivi \u00e0 domicile des assistantes maternelles<\/li>\n<li>Participer \u00e0 la gestion administrative et des ressources humaines, au suivi de l\u2019activit\u00e9 de la structure<\/li>\n<li>Contribuer au d\u00e9veloppement des partenariats<\/li>\n<li>Contribuer \u00e0 l\u2019application des r\u00e8gles d\u2019hygi\u00e8ne et de s\u00e9curit\u00e9, au respect de la r\u00e9glementation en vigueur<\/li>\n<li>Assurer les missions de professionnel param\u00e9dical pour les 2 cr\u00e8ches familiales, en lien avec la r\u00e9f\u00e9rente sant\u00e9 et accueil inclusif : mise en \u0153uvre des mesures n\u00e9cessaires \u00e0 l\u2019accueil des enfants en situation de handicap, vivant avec une affection chronique, ou pr\u00e9sentant tout probl\u00e8me de sant\u00e9 n\u00e9cessitant un traitement ou une attention particuli\u00e8re<\/li>\n<\/ul>\n<p><strong>Conditions du poste<\/strong><\/p>\n<ul>\n<li>Rythme de travail de 38 heures hebdomadaires (Horaires variables suivant contraintes de service)<\/li>\n<li>Poste de cat\u00e9gorie A<\/li>\n<\/ul><\/div><a target=\"_blank\" href=\"https:\/\/jobaffinity.fr\/apply\/qptj0r2rudm6efn9ye\/job?src=Site%20Web%20Mairie%20de%20Neuilly%20Sur%20Marne%20%28Staging%29\" class=\"job-link\">Postuler<\/a><\/div><div class=\"job-item\"><h3>Educateur de Jeune Enfant cr\u00e8che collective H\/F<\/h3><div class=\"description-content\"><ul>\n<li>Participation \u00e0 l\u2019\u00e9laboration et la mise en \u0153uvre du projet p\u00e9dagogique, en lien avec l\u2019\u00e9quipe de direction<\/li>\n<li>Elaboration, mise en \u0153uvre et animation des activit\u00e9s \u00e9ducatives et culturelles propos\u00e9es aux enfants.<\/li>\n<li>Accueil et accompagnement de l\u2019enfant ainsi que de sa famille<\/li>\n<li>Participation au fonctionnement de la structure et \u00e0 la dynamique d\u2019\u00e9quipe (partenariats, projets, temps d\u2019\u00e9changes, \u2026)<\/li>\n<\/ul>\n<p><strong>CONDITIONS DU POSTE :<\/strong><\/p>\n<ul>\n<li>Rythme de travail de 38 heures hebdomadaires (Amplitude horaire de 7h \u00e0 19h)<\/li>\n<li>Poste de cat\u00e9gorie A<\/li>\n<\/ul><\/div><a target=\"_blank\" href=\"https:\/\/jobaffinity.fr\/apply\/fjy7tokkwur67szpxl\/job?src=Site%20Web%20Mairie%20de%20Neuilly%20Sur%20Marne%20%28Staging%29\" class=\"job-link\">Postuler<\/a><\/div><div class=\"job-item\"><h3>Moniteur d&#039;activit\u00e9s \u00e9questres poneys H\/F<\/h3><div class=\"description-content\"><ul>\n<li>Encadrer et former des cavaliers jeunes et adultes en comp\u00e9tition poneys<\/li>\n<li>Adapter une s\u00e9quence p\u00e9dagogique selon le niveau et la progression des cavaliers<\/li>\n<li>Pr\u00e9parer les cavaliers aux concours poneys (appui technique et suivi personnalis\u00e9)<\/li>\n<li>Assurer la s\u00e9curit\u00e9 et le bien-\u00eatre de la cavalerie poneys et double-poneys et des cavaliers<\/li>\n<li>Participer \u00e0 l'organisation des \u00e9v\u00e9nements \u00e9questres et comp\u00e9titions internes poneys<\/li>\n<li>Travailler en collaboration avec les autres moniteurs et le personnel du centre \u00e9questre<\/li>\n<\/ul>\n<p><strong>Conditions du poste<\/strong><\/p>\n<ul>\n<li>Poste \u00e0 pourvoir en Contrat \u00e0 Dur\u00e9e Ind\u00e9termin\u00e9e, d\u00e8s que possible<\/li>\n<li>Rythme de travail de 35 heures hebdomadaires, du lundi au dimanche (horaires variables suivant contraintes de service)<\/li>\n<li>Aptitude \u00e0 travailler \u00e0 l\u2019ext\u00e9rieur<\/li>\n<\/ul><\/div><a target=\"_blank\" href=\"https:\/\/jobaffinity.fr\/apply\/foium5nfequioce8ng\/job?src=Site%20Web%20Mairie%20de%20Neuilly%20Sur%20Marne%20%28Staging%29\" class=\"job-link\">Postuler<\/a><\/div><div class=\"job-item\"><h3>Enseignement artistique sp\u00e9cialisation Trompette<\/h3><div class=\"description-content\"><ul>\n<li>Assurez l\u2019orientation et le suivi des \u00e9l\u00e8ves<\/li>\n<li>Participez aux actions li\u00e9es \u00e0 l\u2019enseignement (r\u00e9unions p\u00e9dagogiques, auditions, concerts, spectacles, jurys internes\u2026)<\/li>\n<li>Pr\u00e9parer et accompagner des projets p\u00e9dagogiques, artistiques et culturels \u00e0 dimension collective<\/li>\n<li>Assurer une veille de formation continue<\/li>\n<li>Participer au suivi de la gestion du parc instrumental et du mat\u00e9riel p\u00e9dagogique<\/li>\n<li>Entretenir votre niveau technique instrumental<\/li>\n<\/ul>\n<p><strong>Conditions du poste<\/strong><\/p>\n<ul>\n<li>Temps non complet 7h30 hebdomadaire<\/li>\n<li>Cours le mercredi apr\u00e8s-midi (pour l\u2019ann\u00e9e scolaire 2025\/2026)<\/li>\n<li>Poste de cat\u00e9gorie B \u2013 Fili\u00e8re culturelle<\/li>\n<\/ul><\/div><a target=\"_blank\" href=\"https:\/\/jobaffinity.fr\/apply\/75zz5eqda2ydskhjfb\/job?src=Site%20Web%20Mairie%20de%20Neuilly%20Sur%20Marne%20%28Staging%29\" class=\"job-link\">Postuler<\/a><\/div><div class=\"job-item\"><h3>Agent affect\u00e9 \u00e0 l\u2019atelier \u00e9lectricit\u00e9<\/h3><div class=\"description-content\"><ul>\n<li>Installer et assurer la maintenance des \u00e9quipements \u00e9lectriques<\/li>\n<li>Veiller \u00e0 ce que les installations soient aux normes en vigueur<\/li>\n<li>Soutenir ponctuellement les autres \u00e9quipes du centre technique b\u00e2timent (manutention, transports de mobilier et marchandises\u2026)<\/li>\n<\/ul>\n<p><strong>Conditions du poste<\/strong><\/p>\n<ul>\n<li>Rythme de travail de 38 heures hebdomadaires (Horaires variables suivant contraintes de service)<\/li>\n<li>Poste de cat\u00e9gorie C\u2013 Fili\u00e8re technique<\/li>\n<\/ul><\/div><a target=\"_blank\" href=\"https:\/\/jobaffinity.fr\/apply\/nb6jhl1jlcrrqqsy60\/job?src=Site%20Web%20Mairie%20de%20Neuilly%20Sur%20Marne%20%28Staging%29\" class=\"job-link\">Postuler<\/a><\/div><div class=\"job-item\"><h3>Surveillant travers\u00e9e pi\u00e9tonne<\/h3><div class=\"description-content\"><ul>\n<li>S\u00e9curiser la travers\u00e9e des enfants et des familles sur les passages pi\u00e9tons aux entr\u00e9es et sorties des \u00e9coles<\/li>\n<li>Stopper le trafic lors de l\u2019approche des enfants<\/li>\n<li>Sensibiliser les enfants aux r\u00e8gles de s\u00e9curit\u00e9 pour traverser la chauss\u00e9e<\/li>\n<li>Signaler les accidents survenus sur la voie publique et les dysfonctionnements de feux de signalisations<\/li>\n<li>Interventions ponctuelles de s\u00e9curisation lors d\u2019\u00e9v\u00e8nements ou manifestations de la municipalit\u00e9<\/li>\n<\/ul>\n<p><strong>Conditions du poste<\/strong><\/p>\n<ul>\n<li>Rythme de travail de 4 heures hebdomadaires - Amplitude horaire le matin de 8h10 \u00e0 8h40 et l\u2019apr\u00e8s-midi de 16h15 \u00e0 16h45 (hors mercredis et vacances scolaires)<\/li>\n<li>Poste de cat\u00e9gorie C \u2013 Fili\u00e8re technique<\/li>\n<\/ul><\/div><a target=\"_blank\" href=\"https:\/\/jobaffinity.fr\/apply\/gmstq40mnank98cd2m\/job?src=Site%20Web%20Mairie%20de%20Neuilly%20Sur%20Marne%20%28Staging%29\" class=\"job-link\">Postuler<\/a><\/div><div class=\"job-item\"><h3>Infirmier aupr\u00e8s des Services Autonomie \u00e0 Domicile mixte (SAD mixte) H\/F<\/h3><div class=\"description-content\"><ul>\n<li>Mettre en \u0153uvre les soins et prises en charge des patients en lien avec leurs proches et les partenaires <br\/>m\u00e9dicaux-sociaux dans le cadre d\u2019un travail d\u2019\u00e9quipe<\/li>\n<li>Participer \u00e0 l'\u00e9valuation des soins en lien avec l\u2019\u00e9quipe du SAD mixte (aides-soignants, Auxiliaires de Vie Sociale responsables soins et aide)<\/li>\n<li>Planifier les soins et les tourn\u00e9es patients en collaboration avec le responsable soins et l\u2019\u00e9quipe aide-soignante<\/li>\n<li>Evaluer l\u2019\u00e9tat de sant\u00e9 du patient : ses besoins physiques, physiologiques et psychologiques<\/li>\n<li>R\u00e9aliser les soins individualis\u00e9s dans le cadre des prescriptions m\u00e9dicales : soins techniques ( pr\u00e9paration de piluliers et surveillance prise m\u00e9dicamenteuse, pr\u00e9l\u00e8vements sanguins, injections, vaccinations, pansements, pose bas\/bandes de contention..) et soins de nursing (toilettes, changes\u2026)<\/li>\n<li>Accompagner et superviser le travail des aides-soignants<\/li>\n<li>Suivre le patient en cas d\u2019hospitalisation<\/li>\n<li>Accompagner des patients dans le cadre de soins palliatifs<\/li>\n<li>Participer au maintien ou la restauration de l\u2019autonomie du patient<\/li>\n<li>Collaborer avec le secteur Aide \u00e0 domicile du SAD mixte (transmissions, adaptations des soins, \u2026)<\/li>\n<li>Participer aux r\u00e9unions et projets de service<\/li>\n<li>Assurer la tra\u00e7abilit\u00e9 de l'activit\u00e9 et le suivi des dossiers m\u00e9dicaux, ma\u00eetrise des logiciels et application m\u00e9tier<\/li>\n<\/ul>\n<p><strong>Conditions du poste<\/strong><\/p>\n<ul>\n<li>Rythme de travail de 38 heures hebdomadaires avec une amplitude horaire de 08h00 \u00e0 20h00<\/li>\n<li>Travail le week-end et jours f\u00e9ri\u00e9s par roulement avec les IDE<\/li>\n<li>Astreintes par roulement avec les IDE et responsable du service, de 08h \u00e0 20h, du lundi au dimanche et jours f\u00e9ri\u00e9s<\/li>\n<li>D\u00e9placements sur l\u2019ensemble du territoire de la commune avec v\u00e9hicule de service (permis B bo\u00eete manuelle)<\/li>\n<li>Poste de cat\u00e9gorie A \u2013 Fili\u00e8re m\u00e9dico-sociale<\/li>\n<\/ul><\/div><a target=\"_blank\" href=\"https:\/\/jobaffinity.fr\/apply\/7erv7xzsti8h05qq0l\/job?src=Site%20Web%20Mairie%20de%20Neuilly%20Sur%20Marne%20%28Staging%29\" class=\"job-link\">Postuler<\/a><\/div><div class=\"job-item\"><h3>Responsable du p\u00f4le Carri\u00e8re et Paie<\/h3><div class=\"description-content\"><ul>\n<li>Piloter l\u2019\u00e9quipe charg\u00e9e de la paie, de la carri\u00e8re et des absences des agents permanents et non permanents <br\/>(7 gestionnaires pour 900 agents permanents), en organisant, planifiant et coordonnant les activit\u00e9s du p\u00f4le.<\/li>\n<li>Structurer, contr\u00f4ler et s\u00e9curiser la paie, en assurant le respect du r\u00e9gime indemnitaire.<\/li>\n<li>G\u00e9rer et s\u00e9curiser l\u2019ensemble des proc\u00e9dures de carri\u00e8re dans le respect des r\u00e8gles statutaires.<\/li>\n<li>Garantir le suivi des dossiers maladie et absences.<\/li>\n<li>Concevoir, contr\u00f4ler et fiabiliser les actes administratifs, y compris les actes complexes.<\/li>\n<li>Piloter les proc\u00e9dures collectives (par ex. promotions sociales, \u00e9lections professionnelles).<\/li>\n<li>Organiser et garantir la tenue des dossiers individuels (mise \u00e0 jour, archivage, consultation).<\/li>\n<li>Analyser les indicateurs RH et contribuer au suivi budg\u00e9taire de la masse salariale.<\/li>\n<li>Accompagner les gestionnaires sur les demandes de retraite, tous r\u00e9gimes confondus.<\/li>\n<li>Suivre l\u2019actualisation du SIRH, en lien avec l\u2019agent charg\u00e9 de projets SIRH (param\u00e9trage, \u00e9volution et bon usage)<\/li>\n<li>Assurer une veille juridique et diffuser les informations pertinentes aux \u00e9quipes et services.<\/li>\n<li>Participer aux instances et proc\u00e9dures transversales, notamment disciplinaires aupr\u00e8s du Centre de Gestion, <br\/>Comit\u00e9 Social Territorial et Conseil Municipal, avec les autres cadres de la direction.<\/li>\n<\/ul>\n<p><strong>Conditions de travail<\/strong><\/p>\n<ul>\n<li>Rythme de travail de 38 heures hebdomadaires<\/li>\n<li>Poste de cat\u00e9gorie A \u2013 fili\u00e8re administrative \u2013 Attach\u00e9 ou R\u00e9dacteur territorial<\/li>\n<\/ul><\/div><a target=\"_blank\" href=\"https:\/\/jobaffinity.fr\/apply\/jhblj5lujvll0y4buc\/job?src=Site%20Web%20Mairie%20de%20Neuilly%20Sur%20Marne%20%28Staging%29\" class=\"job-link\">Postuler<\/a><\/div><div class=\"job-item\"><h3>Professionnel param\u00e9dical en accompagnement sant\u00e9 de l&#039;enfant<\/h3><div class=\"description-content\"><ul>\n<li>Contribuer \u00e0 la mise en \u0153uvre des actions de pr\u00e9vention et de promotion de la sant\u00e9.<\/li>\n<li>Participer au suivi sanitaire des enfants.<\/li>\n<li>Conseiller et accompagner les \u00e9quipes dans les pratiques favorisant la s\u00e9curit\u00e9 et le bien-\u00eatre des enfants.<\/li>\n<li>Participer \u00e0 la mise en place des mesures n\u00e9cessaires \u00e0 l\u2019accueil inclusif des enfants (PAI, situations de handicap ou pathologies chroniques).<\/li>\n<li>Contribuer aux projets du service en mati\u00e8re de sant\u00e9 et d\u2019accueil inclusif.<\/li>\n<li>Organiser et animer des temps d\u2019\u00e9changes, d\u2019information et de sensibilisation aupr\u00e8s des \u00e9quipes.<\/li>\n<li>Participer \u00e0 l\u2019observation des enfants et apporter un appui aux professionnels dans l\u2019analyse des situations.<\/li>\n<li>Informer, accompagner et orienter les familles dans les questions li\u00e9es \u00e0 la sant\u00e9, au handicap ou aux besoins sp\u00e9cifiques de l\u2019enfant.<\/li>\n<li>Participer ponctuellement \u00e0 l\u2019accueil des enfants, \u00e0 la continuit\u00e9 de service.<\/li>\n<\/ul>\n<p><strong>Conditions de travail<\/strong><\/p>\n<ul>\n<li>Rythme de travail de 38 heures hebdomadaires (18 RTT)<\/li>\n<li>Poste de cat\u00e9gorie A \u2013 Fili\u00e8re sanitaire et sociale \u2013 Cadre d\u2019emplois d\u2019Infirmiers.<\/li>\n<\/ul><\/div><a target=\"_blank\" href=\"https:\/\/jobaffinity.fr\/apply\/4xd5so0taheci19kvt\/job?src=Site%20Web%20Mairie%20de%20Neuilly%20Sur%20Marne%20%28Staging%29\" class=\"job-link\">Postuler<\/a><\/div><div class=\"job-item\"><h3>Assistante Maternelle<\/h3><div class=\"description-content\"><ul>\n<li style=\"text-align: justify;\">Accueillir les enfants \u00e0 son domicile dans un environnement s\u00e9curisant, chaleureux et adapt\u00e9.<\/li>\n<li style=\"text-align: justify;\">Cr\u00e9er un lieu de vie o\u00f9 l\u2019enfant est \u00e9cout\u00e9, respect\u00e9 et accompagn\u00e9 dans son d\u00e9veloppement.<\/li>\n<li style=\"text-align: justify;\">Encourager les acquisitions motrices, affectives et sociales de l\u2019enfant.<\/li>\n<li style=\"text-align: justify;\">Veiller \u00e0 la sant\u00e9, \u00e0 la s\u00e9curit\u00e9 et au bien-\u00eatre de chaque enfant accueilli.<\/li>\n<li style=\"text-align: justify;\">Accueillir ponctuellement d\u2019autres enfants lors des relais \u00ab cong\u00e9s \u00bb ou en situation d\u2019urgence, selon la capacit\u00e9 d\u2019accueil d\u00e9finie par la PMI.<\/li>\n<li style=\"text-align: justify;\">\u00c9tablir une relation de confiance avec les parents et assurer une communication quotidienne sur la journ\u00e9e de l\u2019enfant.<\/li>\n<li style=\"text-align: justify;\">Soutenir les parents dans leur r\u00f4le \u00e9ducatif, dans le respect de leurs valeurs.<\/li>\n<li style=\"text-align: justify;\">Participer aux activit\u00e9s de la cr\u00e8che familiale : ateliers, sorties, temps collectifs.<\/li>\n<li style=\"text-align: justify;\">Transmettre les informations n\u00e9cessaires \u00e0 l\u2019\u00e9quipe encadrante et participer aux r\u00e9unions, formations et r\u00e9flexions p\u00e9dagogiques.<\/li>\n<li style=\"text-align: justify;\">Accueillir la direction au sein du domicile pour permettre un travail de qualit\u00e9, s\u00e9curitaire et de confiance entre les parties.<\/li>\n<\/ul>\n<p style=\"text-align: justify;\"><strong>Conditions de travail<\/strong><\/p>\n<ul>\n<li style=\"text-align: justify;\">Contrat \u00e0 Dur\u00e9e Ind\u00e9termin\u00e9<\/li>\n<li style=\"text-align: justify;\">Rythme de travail en fonction des contrats avec un accueil entre 7h30 et 18h30<\/li>\n<li style=\"text-align: justify;\">25 CA, 18 RTT et 1 jour de p\u00e9nibilit\u00e9<\/li>\n<li style=\"text-align: justify;\">Tout le mat\u00e9riel professionnel : (poussette, lit, chaise haute, transat, jeux, livres, mat\u00e9riel d\u2019activit\u00e9s manuelles\u2026 ) : vous \u00eates pleinement \u00e9quip\u00e9e pour accueillir les enfants en toute s\u00e9r\u00e9nit\u00e9.<\/li>\n<\/ul><\/div><a target=\"_blank\" href=\"https:\/\/jobaffinity.fr\/apply\/7cd3ip9c96dfbpdrhb\/job?src=Site%20Web%20Mairie%20de%20Neuilly%20Sur%20Marne%20%28Staging%29\" class=\"job-link\">Postuler<\/a><\/div><div class=\"job-item\"><h3>Agent polyvalent aide \u00e0 domicile - Portage de repas H\/F<\/h3><div class=\"description-content\"><ul>\n<li>Accompagner et aider dans les actes essentiels de la vie quotidienne et activit\u00e9s de la vie sociale et relationnelle<\/li>\n<li>Aider \u00e0 l\u2019am\u00e9nagement et \u00e0 l\u2019entretien du cadre de vie<\/li>\n<li>Participer \u00e0 la promotion de la bientraitance et \u00e0 la pr\u00e9vention de la maltraitance des personnes vuln\u00e9rables<\/li>\n<li>Diagnostiquer des situations d\u2019urgence, formulation et transmission de propositions<\/li>\n<li>Participer dans la vie du service<\/li>\n<li>Assurer la livraison des repas au domicile des usagers du SAAD<\/li>\n<li>V\u00e9rifier chaque jour la liste des b\u00e9n\u00e9ficiaires<\/li>\n<li>Distribuer les repas aux personnes selon la liste et le circuit \u00e9tabli par le service<\/li>\n<li>Assurer la bonne gestion des clefs et l\u2019entretien du v\u00e9hicule de service<\/li>\n<\/ul>\n<p><strong>Conditions du poste<\/strong><\/p>\n<ul>\n<li>Rythme de travail de 38 heures hebdomadaires<\/li>\n<li>Poste de cat\u00e9gorie C \u2013 Fili\u00e8re technique ou sociale<\/li>\n<\/ul><\/div><a target=\"_blank\" href=\"https:\/\/jobaffinity.fr\/apply\/2cic061pkifevn3jd6\/job?src=Site%20Web%20Mairie%20de%20Neuilly%20Sur%20Marne%20%28Staging%29\" class=\"job-link\">Postuler<\/a><\/div><div class=\"job-item\"><h3>Charg\u00e9 de mission s\u00e9curit\u00e9 salubrit\u00e9<\/h3><div class=\"description-content\"><ul>\n<li>Assurer la planification et l\u2019organisation des contr\u00f4les r\u00e9glementaires des b\u00e2timents et \u00e9quipements communaux.<\/li>\n<li>Planifier, pr\u00e9parer et suivre les commissions de s\u00e9curit\u00e9 des ERP recens\u00e9s sur le territoire de la commune,<\/li>\n<li>Instruire les dossiers d\u2019urbanisme pour les \u00e9tablissements du 2\u00e8me groupe au titre de la s\u00e9curit\u00e9 incendie<\/li>\n<li>Assurer le suivi des actions de salubrit\u00e9 sur le domaine public et les \u00e9quipements communaux<\/li>\n<li>Assurer le suivi budg\u00e9taire et comptable de son secteur<\/li>\n<\/ul>\n<p><strong>Conditions du poste<\/strong><\/p>\n<ul>\n<li>Rythme de travail de 38 heures hebdomadaires (Horaires variables suivant contraintes de service)<\/li>\n<li>Poste de cat\u00e9gorie A \u2013 Fili\u00e8re Technique<\/li>\n<\/ul><\/div><a target=\"_blank\" href=\"https:\/\/jobaffinity.fr\/apply\/sip5smwq9r66wd997f\/job?src=Site%20Web%20Mairie%20de%20Neuilly%20Sur%20Marne%20%28Staging%29\" class=\"job-link\">Postuler<\/a><\/div><div class=\"job-item\"><h3>Animateur culturel Dessin peinture<\/h3><div class=\"description-content\"><ul>\n<li>Enseigner les techniques de dessin et peinture \u00e0 diff\u00e9rents publics.<\/li>\n<li>Concevoir et mettre en \u0153uvre des projets p\u00e9dagogiques en lien avec le projet d\u2019\u00e9tablissement<\/li>\n<li>Accompagner les \u00e9l\u00e8ves dans le d\u00e9veloppement de leur pratique artistique<\/li>\n<li>Adapter les m\u00e9thodes p\u00e9dagogiques selon les publics (enfants, adultes, niveaux d\u00e9butants \u00e0 confirm\u00e9s).<\/li>\n<li>Transmettre les gestes techniques et artistiques en collectifs.<\/li>\n<li>Favoriser le d\u00e9veloppement de la cr\u00e9ativit\u00e9 et accompagner la progression artistique.<\/li>\n<li>Organiser au moins une visite au mus\u00e9e num\u00e9rique avec les cours enfants, en lien avec la Micro\u2011Folie.<\/li>\n<li>Contribuer \u00e0 l\u2019acquisition d\u2019une culture artistique commune.<\/li>\n<li>Participer aux r\u00e9unions p\u00e9dagogiques, aux expositions de fin d\u2019ann\u00e9e et au suivi des \u00e9l\u00e8ves.<\/li>\n<li>G\u00e9rer le mat\u00e9riel, anticiper les commandes et participer \u00e0 la vie du centre culturel.<\/li>\n<li>Participer \u00e0 la dynamique culturelle locale et aux projets transversaux<\/li>\n<\/ul>\n<p><strong>Conditions de travail<\/strong><\/p>\n<ul>\n<li>Rythme de travail de 7h30 hebdomadaires, du mardi au samedi avec des horaires d\u00e9cal\u00e9s, principalement en apr\u00e8s-midi et en soir\u00e9e<\/li>\n<li>Poste de cat\u00e9gorie B \u2013 Fili\u00e8re culturelle \u2013 Assistant territorial d\u2019enseignement artistique<\/li>\n<\/ul><\/div><a target=\"_blank\" href=\"https:\/\/jobaffinity.fr\/apply\/3bcogva76e0u8vtvt5\/job?src=Site%20Web%20Mairie%20de%20Neuilly%20Sur%20Marne%20%28Staging%29\" class=\"job-link\">Postuler<\/a><\/div><div class=\"job-item\"><h3>Animateur culturel C\u00e9ramique \u2013 Poterie H\/F<\/h3><div class=\"description-content\"><ul>\n<li>Enseigner les techniques de c\u00e9ramique et poterie \u00e0 un public adulte.<\/li>\n<li>Concevoir et mettre en \u0153uvre un projet p\u00e9dagogique en lien avec le projet d\u2019\u00e9tablissement<\/li>\n<li>Accompagner les \u00e9l\u00e8ves dans le d\u00e9veloppement de leur pratique artistique et de leur cr\u00e9ativit\u00e9<\/li>\n<li>Adapter les m\u00e9thodes p\u00e9dagogiques aux diff\u00e9rents publics<\/li>\n<li>Transmettre les gestes techniques et artistiques en cours collectifs.<\/li>\n<li>Participer aux r\u00e9unions p\u00e9dagogiques et aux temps forts de l\u2019\u00e9tablissement<\/li>\n<li>Assurer le suivi et la progression des \u00e9l\u00e8ves<\/li>\n<li>Contribuer aux expositions de fin d\u2019ann\u00e9e et aux projets artistiques du centre.<\/li>\n<li>G\u00e9rer le stock de mat\u00e9riel et anticiper les commandes n\u00e9cessaires.<\/li>\n<li>Participer \u00e0 la dynamique culturelle locale et aux projets transversaux<\/li>\n<\/ul>\n<p><strong>Conditions de travail<\/strong><\/p>\n<ul>\n<li>Rythme de travail de 11 heures 30 hebdomadaires, du mardi au samedi avec des horaires d\u00e9cal\u00e9s, principalement en apr\u00e8s-midi et en soir\u00e9e<\/li>\n<li>Poste de cat\u00e9gorie B \u2013 Fili\u00e8re culturelle \u2013 Assistant territorial d\u2019enseignement artistique<\/li>\n<\/ul><\/div><a target=\"_blank\" href=\"https:\/\/jobaffinity.fr\/apply\/fee93kpcuqoyyyk9zb\/job?src=Site%20Web%20Mairie%20de%20Neuilly%20Sur%20Marne%20%28Staging%29\" class=\"job-link\">Postuler<\/a><\/div><div class=\"job-item\"><h3>Chef de partie - Cuisinier<\/h3><div class=\"description-content\"><ul>\n<li>Encadrer et accompagner les commis dans leurs t\u00e2ches quotidiennes.<\/li>\n<li>Appliquer strictement les r\u00e8gles d\u2019hygi\u00e8ne, de s\u00e9curit\u00e9 et les protocoles HACCP.<\/li>\n<li>Organiser et assurer la production quotidienne de 3 100 repas.<\/li>\n<li>R\u00e9aliser les op\u00e9rations de d\u00e9conditionnement, d\u00e9contamination, d\u00e9coupe, dressage et comptage.<\/li>\n<li>Participer \u00e0 la cr\u00e9ation ou \u00e0 l\u2019adaptation de recettes.<\/li>\n<li>Produire les pr\u00e9parations chaudes et froides selon les normes en vigueur.<\/li>\n<li>Assurer la manutention et le rangement en containers isothermes (chaud\/froid).<\/li>\n<li>Livrer les 22 offices de restauration (conduite de v\u00e9hicule frigorifique \u2013 permis B).<\/li>\n<li>Assurer le nettoyage des locaux, du mat\u00e9riel et des v\u00e9hicules.<\/li>\n<li>Participer aux prestations exceptionnelles : buffets, cocktails, plateaux\u2011repas pour les services municipaux.<\/li>\n<\/ul>\n<p><strong>Conditions de travail<\/strong><\/p>\n<ul>\n<li>Rythme de travail de 38 heures hebdomadaires (18 RTT),<\/li>\n<li>Port des Equipements de Protection Individuelle obligatoire (EPI).<\/li>\n<li>Prise de poste \u00e0 partir de 6h ou 7h, avec des ajustements possibles selon les n\u00e9cessit\u00e9s de service, y compris le week-end<\/li>\n<li>Poste de cat\u00e9gorie C \u2013 fili\u00e8re Technique \u2013 Cadre d\u2019emplois Adjoint technique.<\/li>\n<\/ul><\/div><a target=\"_blank\" href=\"https:\/\/jobaffinity.fr\/apply\/7zhjyd3we9z96di8pd\/job?src=Site%20Web%20Mairie%20de%20Neuilly%20Sur%20Marne%20%28Staging%29\" class=\"job-link\">Postuler<\/a><\/div><div class=\"job-item\"><h3>Technicien B\u00e2timent<\/h3><div class=\"description-content\"><ul>\n<li>Piloter et assurer le suivi technique, administratif et financier des projets de construction ou de r\u00e9habilitation en lien avec le Responsable des b\u00e2timents et les architectes.<\/li>\n<li>Assister le ma\u00eetre d\u2019ouvrage en participant \u00e0 la d\u00e9finition des besoins et \u00e0 l\u2019\u00e9laboration des programmes op\u00e9rationnels et\/ou des pr\u00e9programmes (co\u00fbts, d\u00e9lais, contraintes techniques, juridiques et organisationnelles).<\/li>\n<li>Apporter un appui technique et m\u00e9thodologique aux \u00e9lus et \u00e0 la direction<\/li>\n<li>Veiller au respect des co\u00fbts, des d\u00e9lais et de la qualit\u00e9 des ouvrages<\/li>\n<li>Participer \u00e0 la conception et \u00e0 la r\u00e9alisation des \u00e9tudes techniques en int\u00e9grant les enjeux de d\u00e9veloppement durable, de performance \u00e9nerg\u00e9tique et de durabilit\u00e9 des ouvrages.<\/li>\n<li>Analyser les offres des entreprises et v\u00e9rifier la conformit\u00e9 des ouvrages<\/li>\n<li>Suivre la ma\u00eetrise d\u2019\u0153uvre et veiller au respect des r\u00e8gles de conception et de construction et coordonner les intervenants internes et externes tout au long des projets<\/li>\n<li>Contribuer au montage administratif et financier des op\u00e9rations et pr\u00e9parer les dossiers r\u00e9glementaires : autorisations administratives, demandes de subventions, DCE.<\/li>\n<li>Participer \u00e0 la pr\u00e9paration des march\u00e9s de travaux et au visa des plans d\u2019ex\u00e9cution.<\/li>\n<li>Conduire, ordonnancer et suivre les chantiers jusqu\u2019\u00e0 la r\u00e9ception et v\u00e9rifier les dossiers techniques, DOE, et organiser les OPR.<\/li>\n<li>Participer aux r\u00e9unions de projet et assurer le reporting r\u00e9gulier et Partager les retours d\u2019exp\u00e9rience et bonnes pratiques<\/li>\n<\/ul>\n<p><strong>Conditions de travail<\/strong><\/p>\n<ul>\n<li>Rythme de travail de 38 heures hebdomadaires (18 RTT)<\/li>\n<li>Poste de cat\u00e9gorie B \u2013 fili\u00e8re Technique \u2013 Cadre d\u2019emplois Technicien.<\/li>\n<\/ul><\/div><a target=\"_blank\" href=\"https:\/\/jobaffinity.fr\/apply\/vzd9s53kaxig8jfum4\/job?src=Site%20Web%20Mairie%20de%20Neuilly%20Sur%20Marne%20%28Staging%29\" class=\"job-link\">Postuler<\/a><\/div><div class=\"job-item\"><h3>Agent de Police Municipale H\/F<\/h3><div class=\"description-content\"><ul>\n<li>Prendre des mesures pour veiller \u00e0 la s\u00e9curit\u00e9 des personnes , des biens et au maintien de l\u2019ordre du public<\/li>\n<li>D\u00e9tecter les nuisances pouvant porter atteinte \u00e0 la tranquillit\u00e9, \u00e0 la salubrit\u00e9 et \u00e0 la s\u00e9curit\u00e9 publique<\/li>\n<li>Faire respecter le Code de la route.<\/li>\n<li>Intervenir et interpeller dans le cadre d\u2019un flagrant d\u00e9lit.<\/li>\n<li>Porter assistance \u00e0 des usagers en situation de crise ou d\u2019urgence<\/li>\n<li>R\u00e9diger et transmettre des \u00e9crits administratifs et judiciaires.<\/li>\n<li>Assurer la s\u00e9curit\u00e9 des manifestions communales.<\/li>\n<li>Renseigner et orienter les publics sur la voie publique ou au sein du service<\/li>\n<li>\u00c9tablir un lien avec la population<\/li>\n<li>Rendre compte \u00e0 son chef de service \/ \u00e0 l\u2019autorit\u00e9 des \u00e9v\u00e8nements et interventions r\u00e9alis\u00e9s pendant le service<\/li>\n<\/ul>\n<p><strong>Conditions du poste<\/strong><\/p>\n<ul>\n<li>Rythme de travail de 38 heures hebdomadaires - Amplitude horaire de 11h \u00e0 00h00, selon roulement<\/li>\n<li>Forte disponibilit\u00e9 en dehors des horaires ainsi que les week-ends et jours f\u00e9ri\u00e9s<\/li>\n<li>Poste de cat\u00e9gorie C \u2013 Fili\u00e8re Police Municipale<\/li>\n<\/ul><\/div><a target=\"_blank\" href=\"https:\/\/jobaffinity.fr\/apply\/7plaxe2u3kjtowspwd\/job?src=Site%20Web%20Mairie%20de%20Neuilly%20Sur%20Marne%20%28Staging%29\" class=\"job-link\">Postuler<\/a><\/div><div class=\"job-item\"><h3>Technicien applicatifs H\/F<\/h3><div class=\"description-content\"><ul>\n<li>Assurer le maintien en condition op\u00e9rationnelle des applications m\u00e9tiers (civil Rh, Astre\u2026).<\/li>\n<li>R\u00e9aliser les param\u00e9trages fonctionnels de premier niveau.<\/li>\n<li>Effectuer les tests lors des mises \u00e0 jour et \u00e9volutions applicatives.<\/li>\n<li>Suivre le bon fonctionnement des logiciels et proposer des am\u00e9liorations.<\/li>\n<li>Assister les utilisateurs dans l\u2019usage des applications m\u00e9tiers.<\/li>\n<li>Analyser les demandes, incidents fonctionnels et r\u00e9diger des proc\u00e9dures.<\/li>\n<li>Former les agents aux outils applicatifs.<\/li>\n<li>Diagnostiquer les dysfonctionnements et assurer le suivi des tickets.<\/li>\n<li>G\u00e9rer les habilitations, la coh\u00e9rence des donn\u00e9es et appliquer les r\u00e8gles de s\u00e9curit\u00e9.<\/li>\n<li>Participer aux projets applicatifs : d\u00e9ploiements, tests, documentation, accompagnement au changement.<\/li>\n<\/ul>\n<p><strong>Conditions de travail<\/strong><\/p>\n<ul>\n<li>Rythme de travail de 38 heures hebdomadaires (18 RTT)<\/li>\n<li>Poste de cat\u00e9gorie B \u2013 fili\u00e8re Technique \u2013 Cadre d\u2019emplois Technicien.<\/li>\n<\/ul><\/div><a target=\"_blank\" href=\"https:\/\/jobaffinity.fr\/apply\/hxywrvc53uzrhg9yql\/job?src=Site%20Web%20Mairie%20de%20Neuilly%20Sur%20Marne%20%28Staging%29\" class=\"job-link\">Postuler<\/a><\/div><div class=\"job-item\"><h3>Responsable Soins du Service Autonomie \u00e0 Domicile mixte (SAD mixte ) H\/F<\/h3><div class=\"description-content\"><ul>\n<li>Assurer la gestion globale des admissions et des dossiers administratifs des patients, en lien \u00e9troit avec le coordinateur et le responsable du secteur aide \u00e0 domicile.<\/li>\n<li>\u00c9valuer, \u00e9laborer et suivre les projets de soins individualis\u00e9s, organiser et contr\u00f4ler la qualit\u00e9 des soins, coordonner la relation avec les patients, les familles et les intervenants, afin de garantir la continuit\u00e9 des prises en charge.<\/li>\n<li>Organiser et piloter la coordination des soins avec le secteur aide \u00e0 domicile du service, pour assurer une r\u00e9ponse int\u00e9gr\u00e9e aux besoins des usagers.<\/li>\n<li>Participer \u00e0 l\u2019\u00e9laboration des axes strat\u00e9giques du SAD mixte ( projet de service, budget, politique qualit\u00e9 \u2026)<\/li>\n<li>Participer \u00e0 la d\u00e9finition et \u00e0 la mise en \u0153uvre d\u2019une politique territoriale de sant\u00e9 en lien avec les partenaires institutionnels<\/li>\n<li>Assurer la gestion administrative du secteur soins\u202f: rapports d\u2019activit\u00e9, registre m\u00e9dical, fiches techniques, proc\u00e9dures et protocoles, ainsi que le suivi des \u00e9valuations internes et externes de la d\u00e9marche qualit\u00e9.<\/li>\n<li>Pr\u00e9parer et suivre l\u2019ex\u00e9cution du budget du secteur soins, participer \u00e0 l\u2019analyse des indicateurs d\u2019activit\u00e9 et r\u00e9aliser une veille juridique et r\u00e9glementaire<\/li>\n<li>Encadrer et animer l\u2019\u00e9quipe soignante : participation au recrutement, \u00e9valuation, accueil et int\u00e9gration, entretiens d\u2019\u00e9valuation, conseil et formation, gestion des plannings et des tourn\u00e9es patients.<\/li>\n<li>Apporter un soutien op\u00e9rationnel aux \u00e9quipes dans la mise en \u0153uvre des soins infirmiers et veiller au respect des protocoles et bonnes pratiques professionnelles.<\/li>\n<li>Animer et d\u00e9velopper les partenariats avec les acteurs g\u00e9rontologiques, m\u00e9dicaux, sociaux et m\u00e9dico-sociaux du territoire, afin de s\u00e9curiser les parcours \u00e0 domicile.<\/li>\n<\/ul>\n<p><strong>Conditions du poste<\/strong><\/p>\n<ul>\n<li>Rythme de travail de 38 heures hebdomadaires avec une amplitude horaire de 08h00 \u00e0 20h00<\/li>\n<li>Astreintes en roulement avec les IDE du service, de 08h \u00e0 20h, du lundi au dimanche et jours f\u00e9ri\u00e9s<\/li>\n<li>D\u00e9placements sur l\u2019ensemble du territoire de la commune avec v\u00e9hicule de service (permis B bo\u00eete manuelle)<\/li>\n<li>Poste de cat\u00e9gorie A \u2013 Fili\u00e8re m\u00e9dico-sociale<\/li>\n<\/ul><\/div><a target=\"_blank\" href=\"https:\/\/jobaffinity.fr\/apply\/gidl9jc0tlb0bjks5k\/job?src=Site%20Web%20Mairie%20de%20Neuilly%20Sur%20Marne%20%28Staging%29\" class=\"job-link\">Postuler<\/a><\/div><div class=\"job-item\"><h3>M\u00e9diath\u00e9caire r\u00e9f\u00e9rent adolescents<\/h3><div class=\"description-content\"><ul>\n<li>Contribuer au d\u00e9veloppement des publics, \u00e0 la m\u00e9diation entre les ressources documentaires, les services et les publics.<\/li>\n<li>Assurer l\u2019accueil physique et t\u00e9l\u00e9phonique du public et des groupes : inscription, renseignement et orientation du public<\/li>\n<li>D\u00e9velopper les actions \u00e0 destination du public adolescent<\/li>\n<li>Participer au circuit des documents et la valorisation des collections<\/li>\n<li>Participer aux animations culturelles propos\u00e9es par la ludo-m\u00e9diath\u00e8que et port\u00e9es par la DAC<\/li>\n<\/ul>\n<p><strong>Conditions du poste<\/strong><\/p>\n<ul>\n<li>Travail du mardi au samedi, amplitude variable selon les n\u00e9cessit\u00e9s de service, pr\u00e9sence occasionnelle en soir\u00e9e et le week-end.<\/li>\n<li>Poste de cat\u00e9gorie C \u2013 fili\u00e8re culturelle<\/li>\n<\/ul><\/div><a target=\"_blank\" href=\"https:\/\/jobaffinity.fr\/apply\/nyd12f559wtm49duul\/job?src=Site%20Web%20Mairie%20de%20Neuilly%20Sur%20Marne%20%28Staging%29\" class=\"job-link\">Postuler<\/a><\/div><\/div>\t\t<div class=\"elementor-shortcode\"><\/div>\n\t\t\t\t\t\t<\/div>\n\t\t\t\t<\/div>\n\t\t\t\t\t<\/div>\n\t\t\t\t<\/div>\n\t\t\t\t<\/div>","protected":false},"excerpt":{"rendered":"<p>Proche de Paris, Neuilly-sur-Marne associe un caract\u00e8re pavillonnaire pr\u00e9serv\u00e9 \u00e0 une identit\u00e9 plus urbaine. Ses grands espaces arbor\u00e9s sont autant de poumons verts qui font de l\u2019ancienne \u00ab Nobiliacum \u00bb une ville d\u2019avenir, bord\u00e9e dans son ensemble par la Marne. \u00c0 travers ses politiques publiques, la collectivit\u00e9 veille \u00e0 offrir un cadre de vie privil\u00e9gi\u00e9 [&hellip;]<\/p>\n","protected":false},"author":1,"featured_media":0,"parent":0,"menu_order":0,"comment_status":"closed","ping_status":"closed","template":"","meta":{"_acf_changed":false,"footnotes":""},"class_list":["post-14547","page","type-page","status-publish","hentry"],"acf":[],"yoast_head":"<!-- This site is optimized with the Yoast SEO plugin v27.4 - https:\/\/yoast.com\/product\/yoast-seo-wordpress\/ -->\n<title>La ville recrute - Mairie de Neuilly-sur-Marne<\/title>\n<meta name=\"robots\" content=\"index, follow, max-snippet:-1, max-image-preview:large, max-video-preview:-1\" \/>\n<link rel=\"canonical\" href=\"https:\/\/www.neuillysurmarne.fr\/pt\/la-ville-recrute\/\" \/>\n<meta property=\"og:locale\" content=\"pt_PT\" \/>\n<meta property=\"og:type\" content=\"article\" \/>\n<meta property=\"og:title\" content=\"La ville recrute - Mairie de Neuilly-sur-Marne\" \/>\n<meta property=\"og:description\" content=\"Proche de Paris, Neuilly-sur-Marne associe un caract\u00e8re pavillonnaire pr\u00e9serv\u00e9 \u00e0 une identit\u00e9 plus urbaine. Ses grands espaces arbor\u00e9s sont autant de poumons verts qui font de l\u2019ancienne \u00ab Nobiliacum \u00bb une ville d\u2019avenir, bord\u00e9e dans son ensemble par la Marne. \u00c0 travers ses politiques publiques, la collectivit\u00e9 veille \u00e0 offrir un cadre de vie privil\u00e9gi\u00e9 [&hellip;]\" \/>\n<meta property=\"og:url\" content=\"https:\/\/www.neuillysurmarne.fr\/pt\/la-ville-recrute\/\" \/>\n<meta property=\"og:site_name\" content=\"Mairie de Neuilly-sur-Marne\" \/>\n<meta property=\"article:publisher\" content=\"https:\/\/www.facebook.com\/ville.neuilly\" \/>\n<meta property=\"article:modified_time\" content=\"2026-04-13T07:53:19+00:00\" \/>\n<meta name=\"twitter:card\" content=\"summary_large_image\" \/>\n<meta name=\"twitter:label1\" content=\"Tempo estimado de leitura\" \/>\n\t<meta name=\"twitter:data1\" content=\"18 minutos\" \/>\n<script type=\"application\/ld+json\" class=\"yoast-schema-graph\">{\"@context\":\"https:\\\/\\\/schema.org\",\"@graph\":[{\"@type\":\"WebPage\",\"@id\":\"https:\\\/\\\/www.neuillysurmarne.fr\\\/la-ville-recrute\\\/\",\"url\":\"https:\\\/\\\/www.neuillysurmarne.fr\\\/la-ville-recrute\\\/\",\"name\":\"La ville recrute - Mairie de Neuilly-sur-Marne\",\"isPartOf\":{\"@id\":\"https:\\\/\\\/www.neuillysurmarne.fr\\\/es\\\/#website\"},\"datePublished\":\"2025-03-06T16:08:15+00:00\",\"dateModified\":\"2026-04-13T07:53:19+00:00\",\"breadcrumb\":{\"@id\":\"https:\\\/\\\/www.neuillysurmarne.fr\\\/la-ville-recrute\\\/#breadcrumb\"},\"inLanguage\":\"pt-PT\",\"potentialAction\":[{\"@type\":\"ReadAction\",\"target\":[\"https:\\\/\\\/www.neuillysurmarne.fr\\\/la-ville-recrute\\\/\"]}]},{\"@type\":\"BreadcrumbList\",\"@id\":\"https:\\\/\\\/www.neuillysurmarne.fr\\\/la-ville-recrute\\\/#breadcrumb\",\"itemListElement\":[{\"@type\":\"ListItem\",\"position\":1,\"name\":\"Accueil\",\"item\":\"https:\\\/\\\/www.neuillysurmarne.fr\\\/\"},{\"@type\":\"ListItem\",\"position\":2,\"name\":\"La ville recrute\"}]},{\"@type\":\"WebSite\",\"@id\":\"https:\\\/\\\/www.neuillysurmarne.fr\\\/es\\\/#website\",\"url\":\"https:\\\/\\\/www.neuillysurmarne.fr\\\/es\\\/\",\"name\":\"Mairie de Neuilly-sur-Marne\",\"description\":\"BETA\",\"publisher\":{\"@id\":\"https:\\\/\\\/www.neuillysurmarne.fr\\\/es\\\/#organization\"},\"potentialAction\":[{\"@type\":\"SearchAction\",\"target\":{\"@type\":\"EntryPoint\",\"urlTemplate\":\"https:\\\/\\\/www.neuillysurmarne.fr\\\/es\\\/?s={search_term_string}\"},\"query-input\":{\"@type\":\"PropertyValueSpecification\",\"valueRequired\":true,\"valueName\":\"search_term_string\"}}],\"inLanguage\":\"pt-PT\"},{\"@type\":\"Organization\",\"@id\":\"https:\\\/\\\/www.neuillysurmarne.fr\\\/es\\\/#organization\",\"name\":\"Mairie de Neuilly-sur-Marne\",\"url\":\"https:\\\/\\\/www.neuillysurmarne.fr\\\/es\\\/\",\"logo\":{\"@type\":\"ImageObject\",\"inLanguage\":\"pt-PT\",\"@id\":\"https:\\\/\\\/www.neuillysurmarne.fr\\\/es\\\/#\\\/schema\\\/logo\\\/image\\\/\",\"url\":\"https:\\\/\\\/www.neuillysurmarne.fr\\\/wp-content\\\/uploads\\\/2023\\\/10\\\/LOGO-NeuillysurMarne-blanc.png\",\"contentUrl\":\"https:\\\/\\\/www.neuillysurmarne.fr\\\/wp-content\\\/uploads\\\/2023\\\/10\\\/LOGO-NeuillysurMarne-blanc.png\",\"width\":3308,\"height\":2586,\"caption\":\"Mairie de Neuilly-sur-Marne\"},\"image\":{\"@id\":\"https:\\\/\\\/www.neuillysurmarne.fr\\\/es\\\/#\\\/schema\\\/logo\\\/image\\\/\"},\"sameAs\":[\"https:\\\/\\\/www.facebook.com\\\/ville.neuilly\",\"https:\\\/\\\/www.instagram.com\\\/neuilly_marne\\\/\",\"https:\\\/\\\/www.linkedin.com\\\/company\\\/ville-de-neuilly-sur-marne\\\/\",\"https:\\\/\\\/www.youtube.com\\\/channel\\\/UCDdZ0TLrV8rfIqjBGvoeB5A\",\"https:\\\/\\\/www.tiktok.com\\\/@villedeneuillysurmarne\"]}]}<\/script>\n<!-- \/ Yoast SEO plugin. -->","yoast_head_json":{"title":"La ville recrute - Mairie de Neuilly-sur-Marne","robots":{"index":"index","follow":"follow","max-snippet":"max-snippet:-1","max-image-preview":"max-image-preview:large","max-video-preview":"max-video-preview:-1"},"canonical":"https:\/\/www.neuillysurmarne.fr\/pt\/la-ville-recrute\/","og_locale":"pt_PT","og_type":"article","og_title":"La ville recrute - Mairie de Neuilly-sur-Marne","og_description":"Proche de Paris, Neuilly-sur-Marne associe un caract\u00e8re pavillonnaire pr\u00e9serv\u00e9 \u00e0 une identit\u00e9 plus urbaine. Ses grands espaces arbor\u00e9s sont autant de poumons verts qui font de l\u2019ancienne \u00ab Nobiliacum \u00bb une ville d\u2019avenir, bord\u00e9e dans son ensemble par la Marne. \u00c0 travers ses politiques publiques, la collectivit\u00e9 veille \u00e0 offrir un cadre de vie privil\u00e9gi\u00e9 [&hellip;]","og_url":"https:\/\/www.neuillysurmarne.fr\/pt\/la-ville-recrute\/","og_site_name":"Mairie de Neuilly-sur-Marne","article_publisher":"https:\/\/www.facebook.com\/ville.neuilly","article_modified_time":"2026-04-13T07:53:19+00:00","twitter_card":"summary_large_image","twitter_misc":{"Tempo estimado de leitura":"18 minutos"},"schema":{"@context":"https:\/\/schema.org","@graph":[{"@type":"WebPage","@id":"https:\/\/www.neuillysurmarne.fr\/la-ville-recrute\/","url":"https:\/\/www.neuillysurmarne.fr\/la-ville-recrute\/","name":"La ville recrute - Mairie de Neuilly-sur-Marne","isPartOf":{"@id":"https:\/\/www.neuillysurmarne.fr\/es\/#website"},"datePublished":"2025-03-06T16:08:15+00:00","dateModified":"2026-04-13T07:53:19+00:00","breadcrumb":{"@id":"https:\/\/www.neuillysurmarne.fr\/la-ville-recrute\/#breadcrumb"},"inLanguage":"pt-PT","potentialAction":[{"@type":"ReadAction","target":["https:\/\/www.neuillysurmarne.fr\/la-ville-recrute\/"]}]},{"@type":"BreadcrumbList","@id":"https:\/\/www.neuillysurmarne.fr\/la-ville-recrute\/#breadcrumb","itemListElement":[{"@type":"ListItem","position":1,"name":"Accueil","item":"https:\/\/www.neuillysurmarne.fr\/"},{"@type":"ListItem","position":2,"name":"La ville recrute"}]},{"@type":"WebSite","@id":"https:\/\/www.neuillysurmarne.fr\/es\/#website","url":"https:\/\/www.neuillysurmarne.fr\/es\/","name":"C\u00e2mara Municipal de Neuilly-sur-Marne","description":"BETA","publisher":{"@id":"https:\/\/www.neuillysurmarne.fr\/es\/#organization"},"potentialAction":[{"@type":"SearchAction","target":{"@type":"EntryPoint","urlTemplate":"https:\/\/www.neuillysurmarne.fr\/es\/?s={search_term_string}"},"query-input":{"@type":"PropertyValueSpecification","valueRequired":true,"valueName":"search_term_string"}}],"inLanguage":"pt-PT"},{"@type":"Organization","@id":"https:\/\/www.neuillysurmarne.fr\/es\/#organization","name":"C\u00e2mara Municipal de Neuilly-sur-Marne","url":"https:\/\/www.neuillysurmarne.fr\/es\/","logo":{"@type":"ImageObject","inLanguage":"pt-PT","@id":"https:\/\/www.neuillysurmarne.fr\/es\/#\/schema\/logo\/image\/","url":"https:\/\/www.neuillysurmarne.fr\/wp-content\/uploads\/2023\/10\/LOGO-NeuillysurMarne-blanc.png","contentUrl":"https:\/\/www.neuillysurmarne.fr\/wp-content\/uploads\/2023\/10\/LOGO-NeuillysurMarne-blanc.png","width":3308,"height":2586,"caption":"Mairie de Neuilly-sur-Marne"},"image":{"@id":"https:\/\/www.neuillysurmarne.fr\/es\/#\/schema\/logo\/image\/"},"sameAs":["https:\/\/www.facebook.com\/ville.neuilly","https:\/\/www.instagram.com\/neuilly_marne\/","https:\/\/www.linkedin.com\/company\/ville-de-neuilly-sur-marne\/","https:\/\/www.youtube.com\/channel\/UCDdZ0TLrV8rfIqjBGvoeB5A","https:\/\/www.tiktok.com\/@villedeneuillysurmarne"]}]}},"_links":{"self":[{"href":"https:\/\/www.neuillysurmarne.fr\/pt\/wp-json\/wp\/v2\/pages\/14547","targetHints":{"allow":["GET"]}}],"collection":[{"href":"https:\/\/www.neuillysurmarne.fr\/pt\/wp-json\/wp\/v2\/pages"}],"about":[{"href":"https:\/\/www.neuillysurmarne.fr\/pt\/wp-json\/wp\/v2\/types\/page"}],"author":[{"embeddable":true,"href":"https:\/\/www.neuillysurmarne.fr\/pt\/wp-json\/wp\/v2\/users\/1"}],"replies":[{"embeddable":true,"href":"https:\/\/www.neuillysurmarne.fr\/pt\/wp-json\/wp\/v2\/comments?post=14547"}],"version-history":[{"count":63,"href":"https:\/\/www.neuillysurmarne.fr\/pt\/wp-json\/wp\/v2\/pages\/14547\/revisions"}],"predecessor-version":[{"id":17917,"href":"https:\/\/www.neuillysurmarne.fr\/pt\/wp-json\/wp\/v2\/pages\/14547\/revisions\/17917"}],"wp:attachment":[{"href":"https:\/\/www.neuillysurmarne.fr\/pt\/wp-json\/wp\/v2\/media?parent=14547"}],"curies":[{"name":"wp","href":"https:\/\/api.w.org\/{rel}","templated":true}]}}