{"id":1535,"date":"2024-01-02T14:00:34","date_gmt":"2024-01-02T13:00:34","guid":{"rendered":"https:\/\/www.neuillysurmarne.fr\/?page_id=1535"},"modified":"2024-06-26T15:23:23","modified_gmt":"2024-06-26T13:23:23","slug":"gestion-differenciee","status":"publish","type":"page","link":"https:\/\/www.neuillysurmarne.fr\/pt\/gestion-differenciee\/","title":{"rendered":"Gest\u00e3o diferenciada"},"content":{"rendered":"<div data-elementor-type=\"wp-page\" data-elementor-id=\"1535\" class=\"elementor elementor-1535\" data-elementor-post-type=\"page\">\n\t\t\t\t<div class=\"elementor-element elementor-element-7386cee7 e-flex e-con-boxed e-con e-parent\" data-id=\"7386cee7\" data-element_type=\"container\" data-e-type=\"container\">\n\t\t\t\t\t<div class=\"e-con-inner\">\n\t\t\t\t<div class=\"elementor-element elementor-element-2ff0e1ea elementor-widget elementor-widget-text-editor\" data-id=\"2ff0e1ea\" data-element_type=\"widget\" data-e-type=\"widget\" data-widget_type=\"text-editor.default\">\n\t\t\t\t<div class=\"elementor-widget-container\">\n\t\t\t\t\t\t\t\t\t<p><span style=\"font-weight: 400;\">Desde 2019, o <\/span><b>Centro T\u00e9cnico do Ambiente<\/b><span style=\"font-weight: 400;\"> da Cidade opta por uma gest\u00e3o diferenciada nos espa\u00e7os verdes de <\/span><b>Neuilly-sur-Marne<\/b><span style=\"font-weight: 400;\">. Se algumas zonas lhe parecerem desarrumadas, na realidade n\u00e3o o s\u00e3o: trata-se de uma forma de preservar a biodiversidade.<\/span><\/p><p><span style=\"font-weight: 400;\">N\u00e3o \u00e9 raro que, ao navegar <\/span><b>os muitos parques e ruas floridas da cidade<\/b><span style=\"font-weight: 400;\">Esta \u00e9 uma das principais raz\u00f5es pelas quais \u00e9 mais prov\u00e1vel que as pessoas tropecem em relva alta e plantas que sobressaem dos canteiros centrais. Isto faz parte de <\/span><b>uma abordagem ambiental<\/b><span style=\"font-weight: 400;\">A ETC mant\u00e9m-se atenta e interv\u00e9m sempre que necess\u00e1rio, nomeadamente para desobstruir as bermas e os passeios. No entanto, a ETC mant\u00e9m-se atenta e intervir\u00e1 se necess\u00e1rio, nomeadamente para desobstruir as bermas e os passeios.<\/span><\/p><h2><strong>Quatro n\u00edveis de manuten\u00e7\u00e3o<\/strong><\/h2><ul><li><span style=\"font-weight: 400;\">O primeiro, diz <\/span><b>\"prestigiado<\/b><span style=\"font-weight: 400;\">preocupa\u00e7\u00f5es <\/span><b>zonas de tr\u00e1fego intenso<\/b><span style=\"font-weight: 400;\"> O corte da relva, a poda e a monda s\u00e3o efectuados com especial cuidado ao longo do ano.<\/span><\/li><li><span style=\"font-weight: 400;\">O segundo n\u00edvel recebe uma manuten\u00e7\u00e3o menos intensiva mas regular, duas ou tr\u00eas vezes por semana.<\/span><\/li><li><span style=\"font-weight: 400;\">A seguir vem o <\/span><b>conhecido como \"r\u00fastico<\/b><span style=\"font-weight: 400;\"> \"onde o <\/span><b>Ambiente <\/b><span style=\"font-weight: 400;\">\u00e9 efectuada duas a quatro vezes por ano.<\/span><\/li><li><span style=\"font-weight: 400;\">E finalmente.., <\/span><b>certas zonas naturais<\/b><span style=\"font-weight: 400;\"> permanecem praticamente intocadas. Visitar <\/span><b>ETC <\/b><span style=\"font-weight: 400;\">s\u00f3 efectua uma ceifa tardia no in\u00edcio do ver\u00e3o, dando \u00e0 planta tempo para seguir o seu ciclo de desenvolvimento natural.<\/span><\/li><\/ul><p><span style=\"font-weight: 400;\">\u00a0\u00a0 <br \/>Esta ceifa controlada permite o desenvolvimento de outras plantas, incluindo esp\u00e9cies com m\u00e1 reputa\u00e7\u00e3o, como <\/span><b>urtigas e ervas daninhas<\/b><span style=\"font-weight: 400;\">. E, no entanto, s\u00e3o altamente ben\u00e9ficas: ajudam a <\/span><b>fornecer alimento ou abrigo a certos animais e insectos<\/b><span style=\"font-weight: 400;\">. A urtiga, por exemplo, \u00e9 uma planta hospedeira que alberga cerca de trinta esp\u00e9cies de borboletas. Quando o CTE organiza eventos nas escolas, as crian\u00e7as ficam encantadas ao ver lagartas, joaninhas, borboletas e toda uma s\u00e9rie de vida que se perdeu de vista durante algum tempo devido \u00e0 monda em massa.<\/span><\/p>\t\t\t\t\t\t\t\t<\/div>\n\t\t\t\t<\/div>\n\t\t\t\t\t<\/div>\n\t\t\t\t<\/div>\n\t\t\t\t<\/div>","protected":false},"excerpt":{"rendered":"<p>Depuis 2019, le Centre Technique Environnement de la Ville opte pour la gestion diff\u00e9renci\u00e9e dans les espaces verts de Neuilly-sur-Marne. Si certaines zones vous paraissent mal entretenues, il n\u2019en est rien : c\u2019est en r\u00e9alit\u00e9 une fa\u00e7on de pr\u00e9server la biodiversit\u00e9. Il n\u2019est pas rare, en parcourant les multiples parcs et rues fleuries de la [&hellip;]<\/p>\n","protected":false},"author":1,"featured_media":9627,"parent":0,"menu_order":0,"comment_status":"closed","ping_status":"closed","template":"","meta":{"_acf_changed":false,"footnotes":""},"class_list":["post-1535","page","type-page","status-publish","has-post-thumbnail","hentry"],"acf":[],"yoast_head":"<!-- This site is optimized with the Yoast SEO plugin v27.4 - https:\/\/yoast.com\/product\/yoast-seo-wordpress\/ -->\n<title>Gestion diff\u00e9renci\u00e9e - Mairie de Neuilly-sur-Marne<\/title>\n<meta name=\"robots\" content=\"index, follow, max-snippet:-1, max-image-preview:large, max-video-preview:-1\" \/>\n<link rel=\"canonical\" href=\"https:\/\/www.neuillysurmarne.fr\/pt\/gestion-differenciee\/\" \/>\n<meta property=\"og:locale\" content=\"pt_PT\" \/>\n<meta property=\"og:type\" content=\"article\" \/>\n<meta property=\"og:title\" content=\"Gestion diff\u00e9renci\u00e9e - Mairie de Neuilly-sur-Marne\" \/>\n<meta property=\"og:description\" content=\"Depuis 2019, le Centre Technique Environnement de la Ville opte pour la gestion diff\u00e9renci\u00e9e dans les espaces verts de Neuilly-sur-Marne. Si certaines zones vous paraissent mal entretenues, il n\u2019en est rien : c\u2019est en r\u00e9alit\u00e9 une fa\u00e7on de pr\u00e9server la biodiversit\u00e9. Il n\u2019est pas rare, en parcourant les multiples parcs et rues fleuries de la [&hellip;]\" \/>\n<meta property=\"og:url\" content=\"https:\/\/www.neuillysurmarne.fr\/pt\/gestion-differenciee\/\" \/>\n<meta property=\"og:site_name\" content=\"Mairie de Neuilly-sur-Marne\" \/>\n<meta property=\"article:publisher\" content=\"https:\/\/www.facebook.com\/ville.neuilly\" \/>\n<meta property=\"article:modified_time\" content=\"2024-06-26T13:23:23+00:00\" \/>\n<meta property=\"og:image\" content=\"https:\/\/www.neuillysurmarne.fr\/wp-content\/uploads\/2024\/06\/AdobeStock_274182321-scaled.jpeg\" \/>\n\t<meta property=\"og:image:width\" content=\"2560\" \/>\n\t<meta property=\"og:image:height\" content=\"1105\" \/>\n\t<meta property=\"og:image:type\" content=\"image\/jpeg\" \/>\n<meta name=\"twitter:card\" content=\"summary_large_image\" \/>\n<meta name=\"twitter:label1\" content=\"Tempo estimado de leitura\" \/>\n\t<meta name=\"twitter:data1\" content=\"2 minutos\" \/>\n<script type=\"application\/ld+json\" class=\"yoast-schema-graph\">{\"@context\":\"https:\\\/\\\/schema.org\",\"@graph\":[{\"@type\":\"WebPage\",\"@id\":\"https:\\\/\\\/www.neuillysurmarne.fr\\\/gestion-differenciee\\\/\",\"url\":\"https:\\\/\\\/www.neuillysurmarne.fr\\\/gestion-differenciee\\\/\",\"name\":\"Gestion diff\u00e9renci\u00e9e - Mairie de Neuilly-sur-Marne\",\"isPartOf\":{\"@id\":\"https:\\\/\\\/www.neuillysurmarne.fr\\\/es\\\/#website\"},\"primaryImageOfPage\":{\"@id\":\"https:\\\/\\\/www.neuillysurmarne.fr\\\/gestion-differenciee\\\/#primaryimage\"},\"image\":{\"@id\":\"https:\\\/\\\/www.neuillysurmarne.fr\\\/gestion-differenciee\\\/#primaryimage\"},\"thumbnailUrl\":\"https:\\\/\\\/www.neuillysurmarne.fr\\\/wp-content\\\/uploads\\\/2024\\\/06\\\/AdobeStock_274182321-scaled.jpeg\",\"datePublished\":\"2024-01-02T13:00:34+00:00\",\"dateModified\":\"2024-06-26T13:23:23+00:00\",\"breadcrumb\":{\"@id\":\"https:\\\/\\\/www.neuillysurmarne.fr\\\/gestion-differenciee\\\/#breadcrumb\"},\"inLanguage\":\"pt-PT\",\"potentialAction\":[{\"@type\":\"ReadAction\",\"target\":[\"https:\\\/\\\/www.neuillysurmarne.fr\\\/gestion-differenciee\\\/\"]}]},{\"@type\":\"ImageObject\",\"inLanguage\":\"pt-PT\",\"@id\":\"https:\\\/\\\/www.neuillysurmarne.fr\\\/gestion-differenciee\\\/#primaryimage\",\"url\":\"https:\\\/\\\/www.neuillysurmarne.fr\\\/wp-content\\\/uploads\\\/2024\\\/06\\\/AdobeStock_274182321-scaled.jpeg\",\"contentUrl\":\"https:\\\/\\\/www.neuillysurmarne.fr\\\/wp-content\\\/uploads\\\/2024\\\/06\\\/AdobeStock_274182321-scaled.jpeg\",\"width\":2560,\"height\":1105,\"caption\":\"Beautiful field meadow flowers chamomile, blue wild peas in morning against blue sky with clouds, nature landscape, close-up macro. Wide format, copy space. Delightful pastoral airy artistic image.\"},{\"@type\":\"BreadcrumbList\",\"@id\":\"https:\\\/\\\/www.neuillysurmarne.fr\\\/gestion-differenciee\\\/#breadcrumb\",\"itemListElement\":[{\"@type\":\"ListItem\",\"position\":1,\"name\":\"Accueil\",\"item\":\"https:\\\/\\\/www.neuillysurmarne.fr\\\/\"},{\"@type\":\"ListItem\",\"position\":2,\"name\":\"Gestion diff\u00e9renci\u00e9e\"}]},{\"@type\":\"WebSite\",\"@id\":\"https:\\\/\\\/www.neuillysurmarne.fr\\\/es\\\/#website\",\"url\":\"https:\\\/\\\/www.neuillysurmarne.fr\\\/es\\\/\",\"name\":\"Mairie de Neuilly-sur-Marne\",\"description\":\"BETA\",\"publisher\":{\"@id\":\"https:\\\/\\\/www.neuillysurmarne.fr\\\/es\\\/#organization\"},\"potentialAction\":[{\"@type\":\"SearchAction\",\"target\":{\"@type\":\"EntryPoint\",\"urlTemplate\":\"https:\\\/\\\/www.neuillysurmarne.fr\\\/es\\\/?s={search_term_string}\"},\"query-input\":{\"@type\":\"PropertyValueSpecification\",\"valueRequired\":true,\"valueName\":\"search_term_string\"}}],\"inLanguage\":\"pt-PT\"},{\"@type\":\"Organization\",\"@id\":\"https:\\\/\\\/www.neuillysurmarne.fr\\\/es\\\/#organization\",\"name\":\"Mairie de Neuilly-sur-Marne\",\"url\":\"https:\\\/\\\/www.neuillysurmarne.fr\\\/es\\\/\",\"logo\":{\"@type\":\"ImageObject\",\"inLanguage\":\"pt-PT\",\"@id\":\"https:\\\/\\\/www.neuillysurmarne.fr\\\/es\\\/#\\\/schema\\\/logo\\\/image\\\/\",\"url\":\"https:\\\/\\\/www.neuillysurmarne.fr\\\/wp-content\\\/uploads\\\/2023\\\/10\\\/LOGO-NeuillysurMarne-blanc.png\",\"contentUrl\":\"https:\\\/\\\/www.neuillysurmarne.fr\\\/wp-content\\\/uploads\\\/2023\\\/10\\\/LOGO-NeuillysurMarne-blanc.png\",\"width\":3308,\"height\":2586,\"caption\":\"Mairie de Neuilly-sur-Marne\"},\"image\":{\"@id\":\"https:\\\/\\\/www.neuillysurmarne.fr\\\/es\\\/#\\\/schema\\\/logo\\\/image\\\/\"},\"sameAs\":[\"https:\\\/\\\/www.facebook.com\\\/ville.neuilly\",\"https:\\\/\\\/www.instagram.com\\\/neuilly_marne\\\/\",\"https:\\\/\\\/www.linkedin.com\\\/company\\\/ville-de-neuilly-sur-marne\\\/\",\"https:\\\/\\\/www.youtube.com\\\/channel\\\/UCDdZ0TLrV8rfIqjBGvoeB5A\",\"https:\\\/\\\/www.tiktok.com\\\/@villedeneuillysurmarne\"]}]}<\/script>\n<!-- \/ Yoast SEO plugin. -->","yoast_head_json":{"title":"Gestion diff\u00e9renci\u00e9e - Mairie de Neuilly-sur-Marne","robots":{"index":"index","follow":"follow","max-snippet":"max-snippet:-1","max-image-preview":"max-image-preview:large","max-video-preview":"max-video-preview:-1"},"canonical":"https:\/\/www.neuillysurmarne.fr\/pt\/gestion-differenciee\/","og_locale":"pt_PT","og_type":"article","og_title":"Gestion diff\u00e9renci\u00e9e - Mairie de Neuilly-sur-Marne","og_description":"Depuis 2019, le Centre Technique Environnement de la Ville opte pour la gestion diff\u00e9renci\u00e9e dans les espaces verts de Neuilly-sur-Marne. Si certaines zones vous paraissent mal entretenues, il n\u2019en est rien : c\u2019est en r\u00e9alit\u00e9 une fa\u00e7on de pr\u00e9server la biodiversit\u00e9. Il n\u2019est pas rare, en parcourant les multiples parcs et rues fleuries de la [&hellip;]","og_url":"https:\/\/www.neuillysurmarne.fr\/pt\/gestion-differenciee\/","og_site_name":"Mairie de Neuilly-sur-Marne","article_publisher":"https:\/\/www.facebook.com\/ville.neuilly","article_modified_time":"2024-06-26T13:23:23+00:00","og_image":[{"width":2560,"height":1105,"url":"https:\/\/www.neuillysurmarne.fr\/wp-content\/uploads\/2024\/06\/AdobeStock_274182321-scaled.jpeg","type":"image\/jpeg"}],"twitter_card":"summary_large_image","twitter_misc":{"Tempo estimado de leitura":"2 minutos"},"schema":{"@context":"https:\/\/schema.org","@graph":[{"@type":"WebPage","@id":"https:\/\/www.neuillysurmarne.fr\/gestion-differenciee\/","url":"https:\/\/www.neuillysurmarne.fr\/gestion-differenciee\/","name":"Gestion diff\u00e9renci\u00e9e - Mairie de Neuilly-sur-Marne","isPartOf":{"@id":"https:\/\/www.neuillysurmarne.fr\/es\/#website"},"primaryImageOfPage":{"@id":"https:\/\/www.neuillysurmarne.fr\/gestion-differenciee\/#primaryimage"},"image":{"@id":"https:\/\/www.neuillysurmarne.fr\/gestion-differenciee\/#primaryimage"},"thumbnailUrl":"https:\/\/www.neuillysurmarne.fr\/wp-content\/uploads\/2024\/06\/AdobeStock_274182321-scaled.jpeg","datePublished":"2024-01-02T13:00:34+00:00","dateModified":"2024-06-26T13:23:23+00:00","breadcrumb":{"@id":"https:\/\/www.neuillysurmarne.fr\/gestion-differenciee\/#breadcrumb"},"inLanguage":"pt-PT","potentialAction":[{"@type":"ReadAction","target":["https:\/\/www.neuillysurmarne.fr\/gestion-differenciee\/"]}]},{"@type":"ImageObject","inLanguage":"pt-PT","@id":"https:\/\/www.neuillysurmarne.fr\/gestion-differenciee\/#primaryimage","url":"https:\/\/www.neuillysurmarne.fr\/wp-content\/uploads\/2024\/06\/AdobeStock_274182321-scaled.jpeg","contentUrl":"https:\/\/www.neuillysurmarne.fr\/wp-content\/uploads\/2024\/06\/AdobeStock_274182321-scaled.jpeg","width":2560,"height":1105,"caption":"Beautiful field meadow flowers chamomile, blue wild peas in morning against blue sky with clouds, nature landscape, close-up macro. Wide format, copy space. Delightful pastoral airy artistic image."},{"@type":"BreadcrumbList","@id":"https:\/\/www.neuillysurmarne.fr\/gestion-differenciee\/#breadcrumb","itemListElement":[{"@type":"ListItem","position":1,"name":"Accueil","item":"https:\/\/www.neuillysurmarne.fr\/"},{"@type":"ListItem","position":2,"name":"Gestion diff\u00e9renci\u00e9e"}]},{"@type":"WebSite","@id":"https:\/\/www.neuillysurmarne.fr\/es\/#website","url":"https:\/\/www.neuillysurmarne.fr\/es\/","name":"C\u00e2mara Municipal de Neuilly-sur-Marne","description":"BETA","publisher":{"@id":"https:\/\/www.neuillysurmarne.fr\/es\/#organization"},"potentialAction":[{"@type":"SearchAction","target":{"@type":"EntryPoint","urlTemplate":"https:\/\/www.neuillysurmarne.fr\/es\/?s={search_term_string}"},"query-input":{"@type":"PropertyValueSpecification","valueRequired":true,"valueName":"search_term_string"}}],"inLanguage":"pt-PT"},{"@type":"Organization","@id":"https:\/\/www.neuillysurmarne.fr\/es\/#organization","name":"C\u00e2mara Municipal de Neuilly-sur-Marne","url":"https:\/\/www.neuillysurmarne.fr\/es\/","logo":{"@type":"ImageObject","inLanguage":"pt-PT","@id":"https:\/\/www.neuillysurmarne.fr\/es\/#\/schema\/logo\/image\/","url":"https:\/\/www.neuillysurmarne.fr\/wp-content\/uploads\/2023\/10\/LOGO-NeuillysurMarne-blanc.png","contentUrl":"https:\/\/www.neuillysurmarne.fr\/wp-content\/uploads\/2023\/10\/LOGO-NeuillysurMarne-blanc.png","width":3308,"height":2586,"caption":"Mairie de Neuilly-sur-Marne"},"image":{"@id":"https:\/\/www.neuillysurmarne.fr\/es\/#\/schema\/logo\/image\/"},"sameAs":["https:\/\/www.facebook.com\/ville.neuilly","https:\/\/www.instagram.com\/neuilly_marne\/","https:\/\/www.linkedin.com\/company\/ville-de-neuilly-sur-marne\/","https:\/\/www.youtube.com\/channel\/UCDdZ0TLrV8rfIqjBGvoeB5A","https:\/\/www.tiktok.com\/@villedeneuillysurmarne"]}]}},"_links":{"self":[{"href":"https:\/\/www.neuillysurmarne.fr\/pt\/wp-json\/wp\/v2\/pages\/1535","targetHints":{"allow":["GET"]}}],"collection":[{"href":"https:\/\/www.neuillysurmarne.fr\/pt\/wp-json\/wp\/v2\/pages"}],"about":[{"href":"https:\/\/www.neuillysurmarne.fr\/pt\/wp-json\/wp\/v2\/types\/page"}],"author":[{"embeddable":true,"href":"https:\/\/www.neuillysurmarne.fr\/pt\/wp-json\/wp\/v2\/users\/1"}],"replies":[{"embeddable":true,"href":"https:\/\/www.neuillysurmarne.fr\/pt\/wp-json\/wp\/v2\/comments?post=1535"}],"version-history":[{"count":27,"href":"https:\/\/www.neuillysurmarne.fr\/pt\/wp-json\/wp\/v2\/pages\/1535\/revisions"}],"predecessor-version":[{"id":10664,"href":"https:\/\/www.neuillysurmarne.fr\/pt\/wp-json\/wp\/v2\/pages\/1535\/revisions\/10664"}],"wp:featuredmedia":[{"embeddable":true,"href":"https:\/\/www.neuillysurmarne.fr\/pt\/wp-json\/wp\/v2\/media\/9627"}],"wp:attachment":[{"href":"https:\/\/www.neuillysurmarne.fr\/pt\/wp-json\/wp\/v2\/media?parent=1535"}],"curies":[{"name":"wp","href":"https:\/\/api.w.org\/{rel}","templated":true}]}}