{"id":411,"date":"2023-11-13T11:10:37","date_gmt":"2023-11-13T10:10:37","guid":{"rendered":"https:\/\/www.neuillysurmarne.fr\/?page_id=411"},"modified":"2025-11-03T15:34:14","modified_gmt":"2025-11-03T14:34:14","slug":"maison-blanche","status":"publish","type":"page","link":"https:\/\/www.neuillysurmarne.fr\/pt\/maison-blanche\/","title":{"rendered":"Casa Branca"},"content":{"rendered":"\t\t<div data-elementor-type=\"wp-page\" data-elementor-id=\"411\" class=\"elementor elementor-411\" data-elementor-post-type=\"page\">\n\t\t\t\t<div class=\"elementor-element elementor-element-72eae648 e-flex e-con-boxed e-con e-parent\" data-id=\"72eae648\" data-element_type=\"container\" data-e-type=\"container\">\n\t\t\t\t\t<div class=\"e-con-inner\">\n\t\t<div class=\"elementor-element elementor-element-cbbe76e e-con-full e-flex e-con e-child\" data-id=\"cbbe76e\" data-element_type=\"container\" data-e-type=\"container\">\n\t\t\t\t<div class=\"elementor-element elementor-element-b5d0fe5 elementor-widget elementor-widget-text-editor\" data-id=\"b5d0fe5\" data-element_type=\"widget\" data-e-type=\"widget\" data-widget_type=\"text-editor.default\">\n\t\t\t\t<div class=\"elementor-widget-container\">\n\t\t\t\t\t\t\t\t\t<h2 class=\"table-row\"><strong>Conseil de quartier<\/strong><\/h2><div class=\"table-row\">\u00c0 l\u2019initiative de la Municipalit\u00e9, la Ville a mis en place 8 Conseils de quartier. Ces instances sont pens\u00e9es pour \u00eatre des lieux d\u2019expression, de participation, d\u2019\u00e9changes et de construction de projets avec les \u00e9lus. Ils ont pour vocation de r\u00e9pondre aux attentes des Noc\u00e9ens en mati\u00e8re de d\u00e9mocratie locale.<\/div><div>\u00a0<\/div><div class=\"table-row\"><strong><a href=\"https:\/\/www.neuillysurmarne.fr\/wp-content\/uploads\/2024\/03\/Revision-du-reglement-des-conseils-de-quartiers-mai-2022.pdf\">\u27a1\ufe0f R\u00e8glement int\u00e9rieur<\/a><\/strong><\/div><div>\u00a0\u00a0<\/div>\t\t\t\t\t\t\t\t<\/div>\n\t\t\t\t<\/div>\n\t\t\t\t<div class=\"elementor-element elementor-element-11078cb elementor-widget elementor-widget-image\" data-id=\"11078cb\" data-element_type=\"widget\" data-e-type=\"widget\" data-widget_type=\"image.default\">\n\t\t\t\t<div class=\"elementor-widget-container\">\n\t\t\t\t\t\t\t\t\t\t\t\t\t\t\t\t<a href=\"https:\/\/www.neuillysurmarne.fr\/wp-content\/uploads\/2024\/06\/Carte_MaisonBlanche-1024x1013-1.jpg\" data-elementor-open-lightbox=\"yes\" data-elementor-lightbox-title=\"Carte_MaisonBlanche-1024x1013\" data-e-action-hash=\"#elementor-action%3Aaction%3Dlightbox%26settings%3DeyJpZCI6MTAzNDEsInVybCI6Imh0dHBzOlwvXC93d3cubmV1aWxseXN1cm1hcm5lLmZyXC93cC1jb250ZW50XC91cGxvYWRzXC8yMDI0XC8wNlwvQ2FydGVfTWFpc29uQmxhbmNoZS0xMDI0eDEwMTMtMS5qcGcifQ%3D%3D\">\n\t\t\t\t\t\t\t<img fetchpriority=\"high\" decoding=\"async\" width=\"300\" height=\"297\" src=\"https:\/\/www.neuillysurmarne.fr\/wp-content\/uploads\/2024\/06\/Carte_MaisonBlanche-1024x1013-1-300x297.jpg\" class=\"attachment-medium size-medium wp-image-10341\" alt=\"\" srcset=\"https:\/\/www.neuillysurmarne.fr\/wp-content\/uploads\/2024\/06\/Carte_MaisonBlanche-1024x1013-1-300x297.jpg 300w, https:\/\/www.neuillysurmarne.fr\/wp-content\/uploads\/2024\/06\/Carte_MaisonBlanche-1024x1013-1-150x150.jpg 150w, https:\/\/www.neuillysurmarne.fr\/wp-content\/uploads\/2024\/06\/Carte_MaisonBlanche-1024x1013-1-768x760.jpg 768w, https:\/\/www.neuillysurmarne.fr\/wp-content\/uploads\/2024\/06\/Carte_MaisonBlanche-1024x1013-1.jpg 1024w\" sizes=\"(max-width: 300px) 100vw, 300px\" \/>\t\t\t\t\t\t\t\t<\/a>\n\t\t\t\t\t\t\t\t\t\t\t\t\t\t\t<\/div>\n\t\t\t\t<\/div>\n\t\t\t\t<div class=\"elementor-element elementor-element-b34b987 elementor-widget elementor-widget-text-editor\" data-id=\"b34b987\" data-element_type=\"widget\" data-e-type=\"widget\" data-widget_type=\"text-editor.default\">\n\t\t\t\t<div class=\"elementor-widget-container\">\n\t\t\t\t\t\t\t\t\t<h3><strong>Int\u00e9grer le Conseil de quartier Maison Blanche<br \/><\/strong><\/h3>\t\t\t\t\t\t\t\t<\/div>\n\t\t\t\t<\/div>\n\t\t\t\t<div class=\"elementor-element elementor-element-550e487 elementor-widget elementor-widget-text-editor\" data-id=\"550e487\" data-element_type=\"widget\" data-e-type=\"widget\" data-widget_type=\"text-editor.default\">\n\t\t\t\t<div class=\"elementor-widget-container\">\n\t\t\t\t\t\t\t\t\t<div class=\"table-row\"><p>Pour vous inscrire au Conseil de quartier Maison Blanche, remplissez le formulaire :<\/p><\/div>\t\t\t\t\t\t\t\t<\/div>\n\t\t\t\t<\/div>\n\t\t\t\t<div class=\"elementor-element elementor-element-e03044c elementor-button-align-center elementor-widget elementor-widget-form\" data-id=\"e03044c\" data-element_type=\"widget\" data-e-type=\"widget\" data-settings=\"{&quot;step_next_label&quot;:&quot;Suivant&quot;,&quot;step_previous_label&quot;:&quot;Pr\\u00e9c\\u00e9dent&quot;,&quot;button_width&quot;:&quot;100&quot;,&quot;step_type&quot;:&quot;number_text&quot;,&quot;step_icon_shape&quot;:&quot;circle&quot;}\" data-widget_type=\"form.default\">\n\t\t\t\t<div class=\"elementor-widget-container\">\n\t\t\t\t\t\t\t<form class=\"elementor-form\" method=\"post\" name=\"Comit\u00e9 Directeur - Avenir\" aria-label=\"Comit\u00e9 Directeur - Avenir\">\n\t\t\t<input type=\"hidden\" name=\"post_id\" value=\"411\"\/>\n\t\t\t<input type=\"hidden\" name=\"form_id\" value=\"e03044c\"\/>\n\t\t\t<input type=\"hidden\" name=\"referer_title\" value=\"Maison Blanche - Mairie de Neuilly-sur-Marne\" \/>\n\n\t\t\t\t\t\t\t<input type=\"hidden\" name=\"queried_id\" value=\"411\"\/>\n\t\t\t\n\t\t\t<div class=\"elementor-form-fields-wrapper elementor-labels-above\">\n\t\t\t\t\t\t\t\t<div class=\"elementor-field-type-text elementor-field-group elementor-column elementor-field-group-name elementor-col-33\">\n\t\t\t\t\t\t\t\t\t\t\t\t<label for=\"form-field-name\" class=\"elementor-field-label\">\n\t\t\t\t\t\t\t\tNom\t\t\t\t\t\t\t<\/label>\n\t\t\t\t\t\t\t\t\t\t\t\t\t\t<input size=\"1\" type=\"text\" name=\"form_fields[name]\" id=\"form-field-name\" class=\"elementor-field elementor-size-sm  elementor-field-textual\" placeholder=\"Nom\">\n\t\t\t\t\t\t\t\t\t\t\t<\/div>\n\t\t\t\t\t\t\t\t<div class=\"elementor-field-type-text elementor-field-group elementor-column elementor-field-group-field_76f753f elementor-col-33\">\n\t\t\t\t\t\t\t\t\t\t\t\t<label for=\"form-field-field_76f753f\" class=\"elementor-field-label\">\n\t\t\t\t\t\t\t\tPr\u00e9nom\t\t\t\t\t\t\t<\/label>\n\t\t\t\t\t\t\t\t\t\t\t\t\t\t<input size=\"1\" type=\"text\" name=\"form_fields[field_76f753f]\" id=\"form-field-field_76f753f\" class=\"elementor-field elementor-size-sm  elementor-field-textual\" placeholder=\"Pr\u00e9nom\">\n\t\t\t\t\t\t\t\t\t\t\t<\/div>\n\t\t\t\t\t\t\t\t<div class=\"elementor-field-type-tel elementor-field-group elementor-column elementor-field-group-field_17a7cc1 elementor-col-33 elementor-field-required\">\n\t\t\t\t\t\t\t\t\t\t\t\t<label for=\"form-field-field_17a7cc1\" class=\"elementor-field-label\">\n\t\t\t\t\t\t\t\tNum\u00e9ro de portable\t\t\t\t\t\t\t<\/label>\n\t\t\t\t\t\t\t\t<input size=\"1\" type=\"tel\" name=\"form_fields[field_17a7cc1]\" id=\"form-field-field_17a7cc1\" class=\"elementor-field elementor-size-sm  elementor-field-textual\" placeholder=\"01 02 03 04 05\" required=\"required\" pattern=\"[0-9()#&amp;+*-=.]+\" title=\"Seuls les caract\u00e8res de num\u00e9ros de t\u00e9l\u00e9phone (#, -, *, etc.) sont accept\u00e9s.\">\n\n\t\t\t\t\t\t<\/div>\n\t\t\t\t\t\t\t\t<div class=\"elementor-field-type-email elementor-field-group elementor-column elementor-field-group-email elementor-col-50 elementor-field-required\">\n\t\t\t\t\t\t\t\t\t\t\t\t<label for=\"form-field-email\" class=\"elementor-field-label\">\n\t\t\t\t\t\t\t\tE-mail\t\t\t\t\t\t\t<\/label>\n\t\t\t\t\t\t\t\t\t\t\t\t\t\t<input size=\"1\" type=\"email\" name=\"form_fields[email]\" id=\"form-field-email\" class=\"elementor-field elementor-size-sm  elementor-field-textual\" placeholder=\"E-mail\" required=\"required\">\n\t\t\t\t\t\t\t\t\t\t\t<\/div>\n\t\t\t\t\t\t\t\t<div class=\"elementor-field-type-text elementor-field-group elementor-column elementor-field-group-field_938adb7 elementor-col-50 elementor-field-required\">\n\t\t\t\t\t\t\t\t\t\t\t\t<label for=\"form-field-field_938adb7\" class=\"elementor-field-label\">\n\t\t\t\t\t\t\t\tAdresse postale\t\t\t\t\t\t\t<\/label>\n\t\t\t\t\t\t\t\t\t\t\t\t\t\t<input size=\"1\" type=\"text\" name=\"form_fields[field_938adb7]\" id=\"form-field-field_938adb7\" class=\"elementor-field elementor-size-sm  elementor-field-textual\" placeholder=\"Adresse postale\" required=\"required\">\n\t\t\t\t\t\t\t\t\t\t\t<\/div>\n\t\t\t\t\t\t\t\t<div class=\"elementor-field-type-textarea elementor-field-group elementor-column elementor-field-group-message elementor-col-100\">\n\t\t\t\t\t\t\t\t\t\t\t\t<label for=\"form-field-message\" class=\"elementor-field-label\">\n\t\t\t\t\t\t\t\tMessage\t\t\t\t\t\t\t<\/label>\n\t\t\t\t\t\t<textarea class=\"elementor-field-textual elementor-field  elementor-size-sm\" name=\"form_fields[message]\" id=\"form-field-message\" rows=\"4\" placeholder=\"Message\"><\/textarea>\t\t\t\t<\/div>\n\t\t\t\t\t\t\t\t<div class=\"elementor-field-type-acceptance elementor-field-group elementor-column elementor-field-group-field_8004fca elementor-col-100 elementor-field-required\">\n\t\t\t\t\t\t\t<div class=\"elementor-field-subgroup\">\n\t\t\t<span class=\"elementor-field-option\">\n\t\t\t\t<input type=\"checkbox\" name=\"form_fields[field_8004fca]\" id=\"form-field-field_8004fca\" class=\"elementor-field elementor-size-sm  elementor-acceptance-field\" required=\"required\">\n\t\t\t\t<label for=\"form-field-field_8004fca\">J'accepte les conditions d'utilisation de Neuilly sur Marne*<\/label>\t\t\t<\/span>\n\t\t<\/div>\n\t\t\t\t\t\t<\/div>\n\t\t\t\t\t\t\t\t<div class=\"elementor-field-type-recaptcha_v3 elementor-field-group elementor-column elementor-field-group-field_2bcc0a4 elementor-col-100 recaptcha_v3-bottomright\">\n\t\t\t\t\t<div class=\"elementor-field\" id=\"form-field-field_2bcc0a4\"><div class=\"elementor-g-recaptcha\" data-sitekey=\"6Lei5fcpAAAAALQ4Yr_AqP4TtzUObn9yBg1KBJ_R\" data-type=\"v3\" data-action=\"Form\" data-badge=\"bottomright\" data-size=\"invisible\"><\/div><\/div>\t\t\t\t<\/div>\n\t\t\t\t\t\t\t\t<div class=\"elementor-field-group elementor-column elementor-field-type-submit elementor-col-100 e-form__buttons\">\n\t\t\t\t\t<button class=\"elementor-button elementor-size-sm\" type=\"submit\">\n\t\t\t\t\t\t<span class=\"elementor-button-content-wrapper\">\n\t\t\t\t\t\t\t\t\t\t\t\t\t\t\t\t\t\t\t\t\t\t<span class=\"elementor-button-text\">Envoyer<\/span>\n\t\t\t\t\t\t\t\t\t\t\t\t\t<\/span>\n\t\t\t\t\t<\/button>\n\t\t\t\t<\/div>\n\t\t\t<\/div>\n\t\t<\/form>\n\t\t\t\t\t\t<\/div>\n\t\t\t\t<\/div>\n\t\t\t\t<\/div>\n\t\t<div class=\"elementor-element elementor-element-3caeee2 e-flex e-con-boxed e-con e-child\" data-id=\"3caeee2\" data-element_type=\"container\" data-e-type=\"container\">\n\t\t\t\t\t<div class=\"e-con-inner\">\n\t\t<div class=\"elementor-element elementor-element-bcf649d e-con-full e-flex e-con e-child\" data-id=\"bcf649d\" data-element_type=\"container\" data-e-type=\"container\">\n\t\t\t\t<div class=\"elementor-element elementor-element-4e10d28 elementor-widget elementor-widget-n-accordion\" data-id=\"4e10d28\" data-element_type=\"widget\" data-e-type=\"widget\" data-settings=\"{&quot;default_state&quot;:&quot;all_collapsed&quot;,&quot;max_items_expended&quot;:&quot;one&quot;,&quot;n_accordion_animation_duration&quot;:{&quot;unit&quot;:&quot;ms&quot;,&quot;size&quot;:400,&quot;sizes&quot;:[]}}\" data-widget_type=\"nested-accordion.default\">\n\t\t\t\t<div class=\"elementor-widget-container\">\n\t\t\t\t\t\t\t<div class=\"e-n-accordion\" aria-label=\"Accordion. Open links with Enter or Space, close with Escape, and navigate with Arrow Keys\">\n\t\t\t\t\t\t<details id=\"e-n-accordion-item-8180\" class=\"e-n-accordion-item\" >\n\t\t\t\t<summary class=\"e-n-accordion-item-title\" data-accordion-index=\"1\" tabindex=\"0\" aria-expanded=\"false\" aria-controls=\"e-n-accordion-item-8180\" >\n\t\t\t\t\t<span class='e-n-accordion-item-title-header'><div class=\"e-n-accordion-item-title-text\"> Liste du Comit\u00e9 Directeur <\/div><\/span>\n\t\t\t\t\t\t\t<span class='e-n-accordion-item-title-icon'>\n\t\t\t<span class='e-opened' ><svg aria-hidden=\"true\" class=\"e-font-icon-svg e-fas-minus\" viewBox=\"0 0 448 512\" xmlns=\"http:\/\/www.w3.org\/2000\/svg\"><path d=\"M416 208H32c-17.67 0-32 14.33-32 32v32c0 17.67 14.33 32 32 32h384c17.67 0 32-14.33 32-32v-32c0-17.67-14.33-32-32-32z\"><\/path><\/svg><\/span>\n\t\t\t<span class='e-closed'><svg aria-hidden=\"true\" class=\"e-font-icon-svg e-fas-plus\" viewBox=\"0 0 448 512\" xmlns=\"http:\/\/www.w3.org\/2000\/svg\"><path d=\"M416 208H272V64c0-17.67-14.33-32-32-32h-32c-17.67 0-32 14.33-32 32v144H32c-17.67 0-32 14.33-32 32v32c0 17.67 14.33 32 32 32h144v144c0 17.67 14.33 32 32 32h32c17.67 0 32-14.33 32-32V304h144c17.67 0 32-14.33 32-32v-32c0-17.67-14.33-32-32-32z\"><\/path><\/svg><\/span>\n\t\t<\/span>\n\n\t\t\t\t\t\t<\/summary>\n\t\t\t\t<div role=\"region\" aria-labelledby=\"e-n-accordion-item-8180\" class=\"elementor-element elementor-element-d1696ef e-con-full e-flex e-con e-child\" data-id=\"d1696ef\" data-element_type=\"container\" data-e-type=\"container\">\n\t\t\t\t<div class=\"elementor-element elementor-element-3b4c484 elementor-widget elementor-widget-text-editor\" data-id=\"3b4c484\" data-element_type=\"widget\" data-e-type=\"widget\" data-widget_type=\"text-editor.default\">\n\t\t\t\t<div class=\"elementor-widget-container\">\n\t\t\t\t\t\t\t\t\t<p>Chaque Conseil de quartier est dot\u00e9 d\u2019un Comit\u00e9 Directeur dont les membres ont \u00e9t\u00e9 tir\u00e9s au sort lors de la r\u00e9union d\u2019installation du Conseil de quartier. Pour candidater, il suffit d\u2019envoyer ses coordonn\u00e9es (nom, pr\u00e9nom, adresse postale, courriel, num\u00e9ro de portable) par courriel \u00e0 l\u2019adresse :\u00a0<strong><a href=\"mailto:conseil.quartier@neuillysurmarne.fr\" target=\"_blank\" rel=\"noopener\">conseil.quartier@neuillysurmarne.fr<\/a><\/strong><\/p><p>\ud83d\udce7 Pour contacter le Comit\u00e9 Directeur du quartier Maison Blanche, envoyez un courriel \u00e0 l\u2019adresse : <strong><a href=\"mailto:codir-maison-blanche@googlegroups.com\">codir-maison-blanche@googlegroups.com<\/a><\/strong><\/p><p>Liste du Comit\u00e9 Directeur Maison Blanche :<\/p><ul><li>SORONELLAS Yves<\/li><li>YALA KOUM Jeanne Marie<\/li><li>MANDA Apolline<\/li><li>HALUT Camille<\/li><li>BASTIAN Fran\u00e7oise<\/li><li>GOLET MOMBOULI Colombe<\/li><li>OUALLOUCHE Younes<\/li><\/ul>\t\t\t\t\t\t\t\t<\/div>\n\t\t\t\t<\/div>\n\t\t\t\t<\/div>\n\t\t\t\t\t<\/details>\n\t\t\t\t\t\t<details id=\"e-n-accordion-item-8181\" class=\"e-n-accordion-item\" >\n\t\t\t\t<summary class=\"e-n-accordion-item-title\" data-accordion-index=\"2\" tabindex=\"-1\" aria-expanded=\"false\" aria-controls=\"e-n-accordion-item-8181\" >\n\t\t\t\t\t<span class='e-n-accordion-item-title-header'><div class=\"e-n-accordion-item-title-text\"> Calendrier du Conseil de quartier <\/div><\/span>\n\t\t\t\t\t\t\t<span class='e-n-accordion-item-title-icon'>\n\t\t\t<span class='e-opened' ><svg aria-hidden=\"true\" class=\"e-font-icon-svg e-fas-minus\" viewBox=\"0 0 448 512\" xmlns=\"http:\/\/www.w3.org\/2000\/svg\"><path d=\"M416 208H32c-17.67 0-32 14.33-32 32v32c0 17.67 14.33 32 32 32h384c17.67 0 32-14.33 32-32v-32c0-17.67-14.33-32-32-32z\"><\/path><\/svg><\/span>\n\t\t\t<span class='e-closed'><svg aria-hidden=\"true\" class=\"e-font-icon-svg e-fas-plus\" viewBox=\"0 0 448 512\" xmlns=\"http:\/\/www.w3.org\/2000\/svg\"><path d=\"M416 208H272V64c0-17.67-14.33-32-32-32h-32c-17.67 0-32 14.33-32 32v144H32c-17.67 0-32 14.33-32 32v32c0 17.67 14.33 32 32 32h144v144c0 17.67 14.33 32 32 32h32c17.67 0 32-14.33 32-32V304h144c17.67 0 32-14.33 32-32v-32c0-17.67-14.33-32-32-32z\"><\/path><\/svg><\/span>\n\t\t<\/span>\n\n\t\t\t\t\t\t<\/summary>\n\t\t\t\t<div role=\"region\" aria-labelledby=\"e-n-accordion-item-8181\" class=\"elementor-element elementor-element-73733ea e-con-full e-flex e-con e-child\" data-id=\"73733ea\" data-element_type=\"container\" data-e-type=\"container\">\n\t\t\t\t<div class=\"elementor-element elementor-element-190c792 elementor-widget elementor-widget-text-editor\" data-id=\"190c792\" data-element_type=\"widget\" data-e-type=\"widget\" data-widget_type=\"text-editor.default\">\n\t\t\t\t<div class=\"elementor-widget-container\">\n\t\t\t\t\t\t\t\t\t<p>\ud83d\udcc5 Les prochaines dates seront affich\u00e9es ici et envoy\u00e9es par courriel aux membres des Conseils de quartier.<\/p><p>\u2022 1er mars \u2013 R\u00e9union de pr\u00e9figuration<\/p><p>\u2022 31 mai 2021 \u2013 R\u00e9union de pr\u00e9figuration consacr\u00e9e \u00e0 la voirie<\/p><p>\u2022 14 octobre 2021 \u2013 R\u00e9union d\u2019installation du Conseil<\/p><p>\u2022 16 juin 2022 \u2013 R\u00e9union de pr\u00e9sentation des prochaines phases d\u2019am\u00e9nagement du parc de Maison Blanche<\/p><p>\u2022 8 septembre 2022<\/p><p>\u2022 22 septembre 2023<\/p><p>\u2022 28 f\u00e9vrier 2024 &#8211; De 18h30 \u00e0 20h \u00e0 l\u2019\u00e9cole l\u2019Odyss\u00e9e, 83 avenue de Maison Blanche<\/p><p>\u2022 4 d\u00e9cembre 2024 &#8211; De 18h30 \u00e0 20h \u00e0 la Salle de l&rsquo;Avenir, 46 avenue de Maison Blanche<\/p><p>\u2022 9 avril 2025 &#8211; De 18h30 \u00e0 20h \u00e0 la Salle de l&rsquo;Avenir, 46 avenue de Maison Blanche<\/p><p>\u2022 <strong>17 octobre 2025 &#8211; De 18h30 \u00e0 20h \u00e0 la Salle de l&rsquo;Avenir, 46 avenue de Maison Blanche<\/strong><\/p>\t\t\t\t\t\t\t\t<\/div>\n\t\t\t\t<\/div>\n\t\t\t\t<\/div>\n\t\t\t\t\t<\/details>\n\t\t\t\t\t\t<details id=\"e-n-accordion-item-8182\" class=\"e-n-accordion-item\" >\n\t\t\t\t<summary class=\"e-n-accordion-item-title\" data-accordion-index=\"3\" tabindex=\"-1\" aria-expanded=\"false\" aria-controls=\"e-n-accordion-item-8182\" >\n\t\t\t\t\t<span class='e-n-accordion-item-title-header'><div class=\"e-n-accordion-item-title-text\"> Budget Participatif <\/div><\/span>\n\t\t\t\t\t\t\t<span class='e-n-accordion-item-title-icon'>\n\t\t\t<span class='e-opened' ><svg aria-hidden=\"true\" class=\"e-font-icon-svg e-fas-minus\" viewBox=\"0 0 448 512\" xmlns=\"http:\/\/www.w3.org\/2000\/svg\"><path d=\"M416 208H32c-17.67 0-32 14.33-32 32v32c0 17.67 14.33 32 32 32h384c17.67 0 32-14.33 32-32v-32c0-17.67-14.33-32-32-32z\"><\/path><\/svg><\/span>\n\t\t\t<span class='e-closed'><svg aria-hidden=\"true\" class=\"e-font-icon-svg e-fas-plus\" viewBox=\"0 0 448 512\" xmlns=\"http:\/\/www.w3.org\/2000\/svg\"><path d=\"M416 208H272V64c0-17.67-14.33-32-32-32h-32c-17.67 0-32 14.33-32 32v144H32c-17.67 0-32 14.33-32 32v32c0 17.67 14.33 32 32 32h144v144c0 17.67 14.33 32 32 32h32c17.67 0 32-14.33 32-32V304h144c17.67 0 32-14.33 32-32v-32c0-17.67-14.33-32-32-32z\"><\/path><\/svg><\/span>\n\t\t<\/span>\n\n\t\t\t\t\t\t<\/summary>\n\t\t\t\t<div role=\"region\" aria-labelledby=\"e-n-accordion-item-8182\" class=\"elementor-element elementor-element-0510a43 e-con-full e-flex e-con e-child\" data-id=\"0510a43\" data-element_type=\"container\" data-e-type=\"container\">\n\t\t\t\t<div class=\"elementor-element elementor-element-137c7b4 elementor-widget elementor-widget-text-editor\" data-id=\"137c7b4\" data-element_type=\"widget\" data-e-type=\"widget\" data-widget_type=\"text-editor.default\">\n\t\t\t\t<div class=\"elementor-widget-container\">\n\t\t\t\t\t\t\t\t\t<p>Apr\u00e8s une premi\u00e8re \u00e9dition r\u00e9ussie en 2023, le budget participatif des Conseils de quartier est reconduit en 2024. Dix projets ont \u00e9t\u00e9 retenus l\u2019ann\u00e9e derni\u00e8re (arceaux pour v\u00e9los, nichoirs \u00e0 oiseaux, balade propret\u00e9, animations musicales sur les march\u00e9s\u2026). D\u00e9posez d\u00e8s maintenant votre projet !<\/p><h3><strong>\u00a0\u00c9tape 1 : D\u00e9p\u00f4t des projets<\/strong><\/h3><p><a href=\"https:\/\/www.neuillysurmarne.fr\/wp-content\/uploads\/2024\/04\/formulaire-BP-002.pdf?x12167\"><strong>T\u00e9l\u00e9chargez, remplissez et retournez la fiche projet compl\u00e9t\u00e9e avant le 10 juin par mail \u00e0 conseil.quartier@neuillysurmarne.fr en cliquant ici.<\/strong><\/a><\/p><h3><strong>\u00c9tape 2 : \u00c9tude de faisabilit\u00e9 et de voisinage<\/strong><\/h3><p>Les services municipaux \u00e9tudieront la faisabilit\u00e9 technique et financi\u00e8re de vos projets. Les Comit\u00e9s directeurs de quartier m\u00e8neront une enqu\u00eate d\u2019approbation aupr\u00e8s des riverains concern\u00e9s par les projets jusqu\u2019au 10 juillet.<\/p><h3><strong>\u00c9tape 3 : Revue de projets<\/strong><\/h3><p>L\u2019ensemble des projets retenus sera pr\u00e9sent\u00e9 devant l\u2019\u00e9quipe municipale et les Comit\u00e9s Directeurs de quartier.<\/p><h3><strong>\u00c9tape 4 : Appel au vote et \u00e9lections<\/strong><\/h3><p>Les projets seront soumis au vote pendant l\u2019\u00e9t\u00e9. Tous les Noc\u00e9ens seront invit\u00e9s \u00e0 voter pour leur projet pr\u00e9f\u00e9r\u00e9 jusqu\u2019au 31 ao\u00fbt.<\/p><h3><strong>\u00c9tape 5 : R\u00e9sultats<\/strong><\/h3><p>Les projets gagnants seront d\u00e9voil\u00e9s \u00e0 la F\u00eate des Bords de Marne, le 8 septembre 2024 !<\/p>\t\t\t\t\t\t\t\t<\/div>\n\t\t\t\t<\/div>\n\t\t\t\t<\/div>\n\t\t\t\t\t<\/details>\n\t\t\t\t\t<\/div>\n\t\t\t\t\t\t<\/div>\n\t\t\t\t<\/div>\n\t\t\t\t<\/div>\n\t\t\t\t\t<\/div>\n\t\t\t\t<\/div>\n\t\t\t\t<div class=\"elementor-element elementor-element-a1cb39b elementor-widget elementor-widget-text-editor\" data-id=\"a1cb39b\" data-element_type=\"widget\" data-e-type=\"widget\" data-widget_type=\"text-editor.default\">\n\t\t\t\t<div class=\"elementor-widget-container\">\n\t\t\t\t\t\t\t\t\t<h2><strong>La Conciergerie de Maison Blanche est \u00e0 votre service<\/strong><\/h2><p>Il n\u2019y a pas que les grands h\u00f4tels qui disposent d\u2019un concierge pouvant rendre toute une panoplie de services : les r\u00e9sidents du quartier de Maison Blanche peuvent d\u00e9sormais compter sur les \u00e9quipes de la <strong><a href=\"https:\/\/laconciergerie-o2.fr\/\">conciergerie O2<\/a><\/strong>. L\u2019enseigne s\u2019est install\u00e9e sur la<strong> place Louise Lab\u00e9 en 2025<\/strong>, juste \u00e0 c\u00f4t\u00e9 du ch\u00e2teau d\u2019eau.<\/p><p>Tous les services d\u2019un bureau de poste sont propos\u00e9s\u00a0: <strong>affranchissement, envoi et r\u00e9ception de courriers et colis<\/strong>, impression de documents\u2026 La conciergerie se charge \u00e9galement de moult autres choses. Besoin de <strong>d\u00e9poser des v\u00eatements au pressing<\/strong>, de r\u00e9ceptionner des petites courses, de suivre l\u2019entretien de votre voiture\u00a0? Les concierges s\u2019en occupent. Vous cherchez <strong>des services \u00e0 domicile<\/strong> comme le repassage, le m\u00e9nage, la garde d\u2019animaux, le bricolage\u00a0? L\u00e0 encore, laissez-vous guider.<\/p><p>L\u2019objectif d\u2019une conciergerie est de simplifier le quotidien. Une des prestations les plus appr\u00e9ci\u00e9es est par exemple la garde de cl\u00e9s\u00a0: <strong>confiez en toute s\u00e9curit\u00e9 un double des cl\u00e9s aux concierges<\/strong>, que vous pourrez r\u00e9cup\u00e9rer facilement en cas de perte de votre trousseau ou de porte claqu\u00e9e.<\/p><p><strong>L\u2019adh\u00e9sion \u00e0 la conciergerie est gratuite<\/strong> pour les r\u00e9sidents du Parc de Maison Blanche durant sept ans \u00e0 partir de la date de livraison de leur b\u00e2timent, soit jusqu\u2019en 2027 \u00e0 2029 suivant les programmes immobiliers. Les personnes ext\u00e9rieures au Parc peuvent elles aussi s\u2019inscrire contre un forfait annuel. Plus d\u2019informations au 07 62 50 61 02.<\/p><p><strong><em>Ouvert de 9h \u00e0 20h du lundi au vendredi et de 9h \u00e0 13h le samedi<\/em><\/strong><\/p><p><strong><em>\u27a1\ufe0f Inscriptions sur <a href=\"https:\/\/laconciergerie-o2.fr\/\">laconciergerie-o2.fr<\/a><\/em><\/strong><\/p>\t\t\t\t\t\t\t\t<\/div>\n\t\t\t\t<\/div>\n\t\t\t\t<div class=\"elementor-element elementor-element-99d1f18 elementor-widget elementor-widget-image\" data-id=\"99d1f18\" data-element_type=\"widget\" data-e-type=\"widget\" data-widget_type=\"image.default\">\n\t\t\t\t<div class=\"elementor-widget-container\">\n\t\t\t\t\t\t\t\t\t\t\t\t\t\t\t\t<a href=\"https:\/\/www.neuillysurmarne.fr\/wp-content\/uploads\/2025\/11\/PXL_20251008_125031035.MP_-scaled.jpg\" data-elementor-open-lightbox=\"yes\" data-elementor-lightbox-title=\"conciergerie maison blanche o2\" data-e-action-hash=\"#elementor-action%3Aaction%3Dlightbox%26settings%3DeyJpZCI6MTY3NjksInVybCI6Imh0dHBzOlwvXC93d3cubmV1aWxseXN1cm1hcm5lLmZyXC93cC1jb250ZW50XC91cGxvYWRzXC8yMDI1XC8xMVwvUFhMXzIwMjUxMDA4XzEyNTAzMTAzNS5NUF8tc2NhbGVkLmpwZyJ9\">\n\t\t\t\t\t\t\t<img decoding=\"async\" width=\"768\" height=\"432\" src=\"https:\/\/www.neuillysurmarne.fr\/wp-content\/uploads\/2025\/11\/PXL_20251008_125031035.MP_-768x432.jpg\" class=\"attachment-medium_large size-medium_large wp-image-16769\" alt=\"\" srcset=\"https:\/\/www.neuillysurmarne.fr\/wp-content\/uploads\/2025\/11\/PXL_20251008_125031035.MP_-768x432.jpg 768w, https:\/\/www.neuillysurmarne.fr\/wp-content\/uploads\/2025\/11\/PXL_20251008_125031035.MP_-300x169.jpg 300w, https:\/\/www.neuillysurmarne.fr\/wp-content\/uploads\/2025\/11\/PXL_20251008_125031035.MP_-1024x576.jpg 1024w, https:\/\/www.neuillysurmarne.fr\/wp-content\/uploads\/2025\/11\/PXL_20251008_125031035.MP_-1536x864.jpg 1536w, https:\/\/www.neuillysurmarne.fr\/wp-content\/uploads\/2025\/11\/PXL_20251008_125031035.MP_-2048x1152.jpg 2048w, https:\/\/www.neuillysurmarne.fr\/wp-content\/uploads\/2025\/11\/PXL_20251008_125031035.MP_-18x10.jpg 18w\" sizes=\"(max-width: 768px) 100vw, 768px\" \/>\t\t\t\t\t\t\t\t<\/a>\n\t\t\t\t\t\t\t\t\t\t\t\t\t\t\t<\/div>\n\t\t\t\t<\/div>\n\t\t\t\t\t<\/div>\n\t\t\t\t<\/div>\n\t\t\t\t<\/div>\n\t\t","protected":false},"excerpt":{"rendered":"<p>Conseil de quartier \u00c0 l\u2019initiative de la Municipalit\u00e9, la Ville a mis en place 8 Conseils de quartier. Ces instances sont pens\u00e9es pour \u00eatre des lieux d\u2019expression, de participation, d\u2019\u00e9changes et de construction de projets avec les \u00e9lus. Ils ont pour vocation de r\u00e9pondre aux attentes des Noc\u00e9ens en mati\u00e8re de d\u00e9mocratie locale.\u00a0\u27a1\ufe0f R\u00e8glement int\u00e9rieur [&hellip;]<\/p>\n","protected":false},"author":1,"featured_media":15685,"parent":0,"menu_order":0,"comment_status":"closed","ping_status":"closed","template":"","meta":{"_acf_changed":false,"footnotes":""},"class_list":["post-411","page","type-page","status-publish","has-post-thumbnail","hentry"],"acf":[],"yoast_head":"<!-- This site is optimized with the Yoast SEO plugin v27.4 - https:\/\/yoast.com\/product\/yoast-seo-wordpress\/ -->\n<title>Maison Blanche - Mairie de Neuilly-sur-Marne<\/title>\n<meta name=\"robots\" content=\"index, follow, max-snippet:-1, max-image-preview:large, max-video-preview:-1\" \/>\n<link rel=\"canonical\" href=\"https:\/\/www.neuillysurmarne.fr\/pt\/maison-blanche\/\" \/>\n<meta property=\"og:locale\" content=\"pt_PT\" \/>\n<meta property=\"og:type\" content=\"article\" \/>\n<meta property=\"og:title\" content=\"Maison Blanche - Mairie de Neuilly-sur-Marne\" \/>\n<meta property=\"og:description\" content=\"Conseil de quartier \u00c0 l\u2019initiative de la Municipalit\u00e9, la Ville a mis en place 8 Conseils de quartier. Ces instances sont pens\u00e9es pour \u00eatre des lieux d\u2019expression, de participation, d\u2019\u00e9changes et de construction de projets avec les \u00e9lus. Ils ont pour vocation de r\u00e9pondre aux attentes des Noc\u00e9ens en mati\u00e8re de d\u00e9mocratie locale.\u00a0\u27a1\ufe0f R\u00e8glement int\u00e9rieur [&hellip;]\" \/>\n<meta property=\"og:url\" content=\"https:\/\/www.neuillysurmarne.fr\/pt\/maison-blanche\/\" \/>\n<meta property=\"og:site_name\" content=\"Mairie de Neuilly-sur-Marne\" \/>\n<meta property=\"article:publisher\" content=\"https:\/\/www.facebook.com\/ville.neuilly\" \/>\n<meta property=\"article:modified_time\" content=\"2025-11-03T14:34:14+00:00\" \/>\n<meta property=\"og:image\" content=\"https:\/\/www.neuillysurmarne.fr\/wp-content\/uploads\/2025\/07\/Inauguration-Pl-Louise-Labbe-09.2024-43-scaled.jpg\" \/>\n\t<meta property=\"og:image:width\" content=\"2560\" \/>\n\t<meta property=\"og:image:height\" content=\"1136\" \/>\n\t<meta property=\"og:image:type\" content=\"image\/jpeg\" \/>\n<meta name=\"twitter:card\" content=\"summary_large_image\" \/>\n<meta name=\"twitter:label1\" content=\"Tempo estimado de leitura\" \/>\n\t<meta name=\"twitter:data1\" content=\"7 minutos\" \/>\n<script type=\"application\/ld+json\" class=\"yoast-schema-graph\">{\"@context\":\"https:\\\/\\\/schema.org\",\"@graph\":[{\"@type\":\"WebPage\",\"@id\":\"https:\\\/\\\/www.neuillysurmarne.fr\\\/maison-blanche\\\/\",\"url\":\"https:\\\/\\\/www.neuillysurmarne.fr\\\/maison-blanche\\\/\",\"name\":\"Maison Blanche - Mairie de Neuilly-sur-Marne\",\"isPartOf\":{\"@id\":\"https:\\\/\\\/www.neuillysurmarne.fr\\\/es\\\/#website\"},\"primaryImageOfPage\":{\"@id\":\"https:\\\/\\\/www.neuillysurmarne.fr\\\/maison-blanche\\\/#primaryimage\"},\"image\":{\"@id\":\"https:\\\/\\\/www.neuillysurmarne.fr\\\/maison-blanche\\\/#primaryimage\"},\"thumbnailUrl\":\"https:\\\/\\\/www.neuillysurmarne.fr\\\/wp-content\\\/uploads\\\/2025\\\/07\\\/Inauguration-Pl-Louise-Labbe-09.2024-43-scaled.jpg\",\"datePublished\":\"2023-11-13T10:10:37+00:00\",\"dateModified\":\"2025-11-03T14:34:14+00:00\",\"breadcrumb\":{\"@id\":\"https:\\\/\\\/www.neuillysurmarne.fr\\\/maison-blanche\\\/#breadcrumb\"},\"inLanguage\":\"pt-PT\",\"potentialAction\":[{\"@type\":\"ReadAction\",\"target\":[\"https:\\\/\\\/www.neuillysurmarne.fr\\\/maison-blanche\\\/\"]}]},{\"@type\":\"ImageObject\",\"inLanguage\":\"pt-PT\",\"@id\":\"https:\\\/\\\/www.neuillysurmarne.fr\\\/maison-blanche\\\/#primaryimage\",\"url\":\"https:\\\/\\\/www.neuillysurmarne.fr\\\/wp-content\\\/uploads\\\/2025\\\/07\\\/Inauguration-Pl-Louise-Labbe-09.2024-43-scaled.jpg\",\"contentUrl\":\"https:\\\/\\\/www.neuillysurmarne.fr\\\/wp-content\\\/uploads\\\/2025\\\/07\\\/Inauguration-Pl-Louise-Labbe-09.2024-43-scaled.jpg\",\"width\":2560,\"height\":1136},{\"@type\":\"BreadcrumbList\",\"@id\":\"https:\\\/\\\/www.neuillysurmarne.fr\\\/maison-blanche\\\/#breadcrumb\",\"itemListElement\":[{\"@type\":\"ListItem\",\"position\":1,\"name\":\"Accueil\",\"item\":\"https:\\\/\\\/www.neuillysurmarne.fr\\\/\"},{\"@type\":\"ListItem\",\"position\":2,\"name\":\"Maison Blanche\"}]},{\"@type\":\"WebSite\",\"@id\":\"https:\\\/\\\/www.neuillysurmarne.fr\\\/es\\\/#website\",\"url\":\"https:\\\/\\\/www.neuillysurmarne.fr\\\/es\\\/\",\"name\":\"Mairie de Neuilly-sur-Marne\",\"description\":\"BETA\",\"publisher\":{\"@id\":\"https:\\\/\\\/www.neuillysurmarne.fr\\\/es\\\/#organization\"},\"potentialAction\":[{\"@type\":\"SearchAction\",\"target\":{\"@type\":\"EntryPoint\",\"urlTemplate\":\"https:\\\/\\\/www.neuillysurmarne.fr\\\/es\\\/?s={search_term_string}\"},\"query-input\":{\"@type\":\"PropertyValueSpecification\",\"valueRequired\":true,\"valueName\":\"search_term_string\"}}],\"inLanguage\":\"pt-PT\"},{\"@type\":\"Organization\",\"@id\":\"https:\\\/\\\/www.neuillysurmarne.fr\\\/es\\\/#organization\",\"name\":\"Mairie de Neuilly-sur-Marne\",\"url\":\"https:\\\/\\\/www.neuillysurmarne.fr\\\/es\\\/\",\"logo\":{\"@type\":\"ImageObject\",\"inLanguage\":\"pt-PT\",\"@id\":\"https:\\\/\\\/www.neuillysurmarne.fr\\\/es\\\/#\\\/schema\\\/logo\\\/image\\\/\",\"url\":\"https:\\\/\\\/www.neuillysurmarne.fr\\\/wp-content\\\/uploads\\\/2023\\\/10\\\/LOGO-NeuillysurMarne-blanc.png\",\"contentUrl\":\"https:\\\/\\\/www.neuillysurmarne.fr\\\/wp-content\\\/uploads\\\/2023\\\/10\\\/LOGO-NeuillysurMarne-blanc.png\",\"width\":3308,\"height\":2586,\"caption\":\"Mairie de Neuilly-sur-Marne\"},\"image\":{\"@id\":\"https:\\\/\\\/www.neuillysurmarne.fr\\\/es\\\/#\\\/schema\\\/logo\\\/image\\\/\"},\"sameAs\":[\"https:\\\/\\\/www.facebook.com\\\/ville.neuilly\",\"https:\\\/\\\/www.instagram.com\\\/neuilly_marne\\\/\",\"https:\\\/\\\/www.linkedin.com\\\/company\\\/ville-de-neuilly-sur-marne\\\/\",\"https:\\\/\\\/www.youtube.com\\\/channel\\\/UCDdZ0TLrV8rfIqjBGvoeB5A\",\"https:\\\/\\\/www.tiktok.com\\\/@villedeneuillysurmarne\"]}]}<\/script>\n<!-- \/ Yoast SEO plugin. -->","yoast_head_json":{"title":"Maison Blanche - Mairie de Neuilly-sur-Marne","robots":{"index":"index","follow":"follow","max-snippet":"max-snippet:-1","max-image-preview":"max-image-preview:large","max-video-preview":"max-video-preview:-1"},"canonical":"https:\/\/www.neuillysurmarne.fr\/pt\/maison-blanche\/","og_locale":"pt_PT","og_type":"article","og_title":"Maison Blanche - Mairie de Neuilly-sur-Marne","og_description":"Conseil de quartier \u00c0 l\u2019initiative de la Municipalit\u00e9, la Ville a mis en place 8 Conseils de quartier. Ces instances sont pens\u00e9es pour \u00eatre des lieux d\u2019expression, de participation, d\u2019\u00e9changes et de construction de projets avec les \u00e9lus. Ils ont pour vocation de r\u00e9pondre aux attentes des Noc\u00e9ens en mati\u00e8re de d\u00e9mocratie locale.\u00a0\u27a1\ufe0f R\u00e8glement int\u00e9rieur [&hellip;]","og_url":"https:\/\/www.neuillysurmarne.fr\/pt\/maison-blanche\/","og_site_name":"Mairie de Neuilly-sur-Marne","article_publisher":"https:\/\/www.facebook.com\/ville.neuilly","article_modified_time":"2025-11-03T14:34:14+00:00","og_image":[{"width":2560,"height":1136,"url":"https:\/\/www.neuillysurmarne.fr\/wp-content\/uploads\/2025\/07\/Inauguration-Pl-Louise-Labbe-09.2024-43-scaled.jpg","type":"image\/jpeg"}],"twitter_card":"summary_large_image","twitter_misc":{"Tempo estimado de leitura":"7 minutos"},"schema":{"@context":"https:\/\/schema.org","@graph":[{"@type":"WebPage","@id":"https:\/\/www.neuillysurmarne.fr\/maison-blanche\/","url":"https:\/\/www.neuillysurmarne.fr\/maison-blanche\/","name":"Maison Blanche - Mairie de Neuilly-sur-Marne","isPartOf":{"@id":"https:\/\/www.neuillysurmarne.fr\/es\/#website"},"primaryImageOfPage":{"@id":"https:\/\/www.neuillysurmarne.fr\/maison-blanche\/#primaryimage"},"image":{"@id":"https:\/\/www.neuillysurmarne.fr\/maison-blanche\/#primaryimage"},"thumbnailUrl":"https:\/\/www.neuillysurmarne.fr\/wp-content\/uploads\/2025\/07\/Inauguration-Pl-Louise-Labbe-09.2024-43-scaled.jpg","datePublished":"2023-11-13T10:10:37+00:00","dateModified":"2025-11-03T14:34:14+00:00","breadcrumb":{"@id":"https:\/\/www.neuillysurmarne.fr\/maison-blanche\/#breadcrumb"},"inLanguage":"pt-PT","potentialAction":[{"@type":"ReadAction","target":["https:\/\/www.neuillysurmarne.fr\/maison-blanche\/"]}]},{"@type":"ImageObject","inLanguage":"pt-PT","@id":"https:\/\/www.neuillysurmarne.fr\/maison-blanche\/#primaryimage","url":"https:\/\/www.neuillysurmarne.fr\/wp-content\/uploads\/2025\/07\/Inauguration-Pl-Louise-Labbe-09.2024-43-scaled.jpg","contentUrl":"https:\/\/www.neuillysurmarne.fr\/wp-content\/uploads\/2025\/07\/Inauguration-Pl-Louise-Labbe-09.2024-43-scaled.jpg","width":2560,"height":1136},{"@type":"BreadcrumbList","@id":"https:\/\/www.neuillysurmarne.fr\/maison-blanche\/#breadcrumb","itemListElement":[{"@type":"ListItem","position":1,"name":"Accueil","item":"https:\/\/www.neuillysurmarne.fr\/"},{"@type":"ListItem","position":2,"name":"Maison Blanche"}]},{"@type":"WebSite","@id":"https:\/\/www.neuillysurmarne.fr\/es\/#website","url":"https:\/\/www.neuillysurmarne.fr\/es\/","name":"C\u00e2mara Municipal de Neuilly-sur-Marne","description":"BETA","publisher":{"@id":"https:\/\/www.neuillysurmarne.fr\/es\/#organization"},"potentialAction":[{"@type":"SearchAction","target":{"@type":"EntryPoint","urlTemplate":"https:\/\/www.neuillysurmarne.fr\/es\/?s={search_term_string}"},"query-input":{"@type":"PropertyValueSpecification","valueRequired":true,"valueName":"search_term_string"}}],"inLanguage":"pt-PT"},{"@type":"Organization","@id":"https:\/\/www.neuillysurmarne.fr\/es\/#organization","name":"C\u00e2mara Municipal de Neuilly-sur-Marne","url":"https:\/\/www.neuillysurmarne.fr\/es\/","logo":{"@type":"ImageObject","inLanguage":"pt-PT","@id":"https:\/\/www.neuillysurmarne.fr\/es\/#\/schema\/logo\/image\/","url":"https:\/\/www.neuillysurmarne.fr\/wp-content\/uploads\/2023\/10\/LOGO-NeuillysurMarne-blanc.png","contentUrl":"https:\/\/www.neuillysurmarne.fr\/wp-content\/uploads\/2023\/10\/LOGO-NeuillysurMarne-blanc.png","width":3308,"height":2586,"caption":"Mairie de Neuilly-sur-Marne"},"image":{"@id":"https:\/\/www.neuillysurmarne.fr\/es\/#\/schema\/logo\/image\/"},"sameAs":["https:\/\/www.facebook.com\/ville.neuilly","https:\/\/www.instagram.com\/neuilly_marne\/","https:\/\/www.linkedin.com\/company\/ville-de-neuilly-sur-marne\/","https:\/\/www.youtube.com\/channel\/UCDdZ0TLrV8rfIqjBGvoeB5A","https:\/\/www.tiktok.com\/@villedeneuillysurmarne"]}]}},"_links":{"self":[{"href":"https:\/\/www.neuillysurmarne.fr\/pt\/wp-json\/wp\/v2\/pages\/411","targetHints":{"allow":["GET"]}}],"collection":[{"href":"https:\/\/www.neuillysurmarne.fr\/pt\/wp-json\/wp\/v2\/pages"}],"about":[{"href":"https:\/\/www.neuillysurmarne.fr\/pt\/wp-json\/wp\/v2\/types\/page"}],"author":[{"embeddable":true,"href":"https:\/\/www.neuillysurmarne.fr\/pt\/wp-json\/wp\/v2\/users\/1"}],"replies":[{"embeddable":true,"href":"https:\/\/www.neuillysurmarne.fr\/pt\/wp-json\/wp\/v2\/comments?post=411"}],"version-history":[{"count":59,"href":"https:\/\/www.neuillysurmarne.fr\/pt\/wp-json\/wp\/v2\/pages\/411\/revisions"}],"predecessor-version":[{"id":16773,"href":"https:\/\/www.neuillysurmarne.fr\/pt\/wp-json\/wp\/v2\/pages\/411\/revisions\/16773"}],"wp:featuredmedia":[{"embeddable":true,"href":"https:\/\/www.neuillysurmarne.fr\/pt\/wp-json\/wp\/v2\/media\/15685"}],"wp:attachment":[{"href":"https:\/\/www.neuillysurmarne.fr\/pt\/wp-json\/wp\/v2\/media?parent=411"}],"curies":[{"name":"wp","href":"https:\/\/api.w.org\/{rel}","templated":true}]}}