{"id":485,"date":"2023-11-13T11:52:40","date_gmt":"2023-11-13T10:52:40","guid":{"rendered":"https:\/\/www.neuillysurmarne.fr\/?page_id=485"},"modified":"2025-08-26T16:54:12","modified_gmt":"2025-08-26T14:54:12","slug":"fibre-optique","status":"publish","type":"page","link":"https:\/\/www.neuillysurmarne.fr\/pt\/fibre-optique\/","title":{"rendered":"Fibra \u00f3tica"},"content":{"rendered":"<div data-elementor-type=\"wp-page\" data-elementor-id=\"485\" class=\"elementor elementor-485\" data-elementor-post-type=\"page\">\n\t\t\t\t<div class=\"elementor-element elementor-element-668fb283 e-flex e-con-boxed e-con e-parent\" data-id=\"668fb283\" data-element_type=\"container\" data-e-type=\"container\">\n\t\t\t\t\t<div class=\"e-con-inner\">\n\t\t\t\t<div class=\"elementor-element elementor-element-90eb5aa elementor-widget elementor-widget-text-editor\" data-id=\"90eb5aa\" data-element_type=\"widget\" data-e-type=\"widget\" data-widget_type=\"text-editor.default\">\n\t\t\t\t<div class=\"elementor-widget-container\">\n\t\t\t\t\t\t\t\t\t<p>La commune est \u00e9quip\u00e9e de la connexion \u00e0 la fibre optique sur <strong>98% de son territoire<\/strong>.<\/p><p>Para os alojamentos colectivos, os propriet\u00e1rios, os senhorios ou os gestores de im\u00f3veis devem assinar uma conven\u00e7\u00e3o com a SFR para a instala\u00e7\u00e3o da fibra nas zonas comuns e organizar uma vota\u00e7\u00e3o em assembleia geral, no caso dos condom\u00ednios. Antes de voltar a contactar a C\u00e2mara Municipal ou a SFR, certifique-se de que esta conven\u00e7\u00e3o foi assinada com o operador. N\u00e3o \u00e9 necess\u00e1rio qualquer acordo para os pequenos blocos de apartamentos (menos de 3 fogos).<\/p><p>Cada um \u00e9 livre de escolher o seu fornecedor de servi\u00e7os Internet. Al\u00e9m disso, para facilitar a concorr\u00eancia, a lei imp\u00f5e um congelamento comercial de tr\u00eas meses entre a cablagem das ruas e das zonas comuns e a passagem das habita\u00e7\u00f5es ao estatuto de \"conect\u00e1veis\".<\/p>\t\t\t\t\t\t\t\t<\/div>\n\t\t\t\t<\/div>\n\t\t\t\t<div class=\"elementor-element elementor-element-8f88ead elementor-cta--skin-classic elementor-animated-content elementor-bg-transform elementor-bg-transform-zoom-in elementor-widget elementor-widget-call-to-action\" data-id=\"8f88ead\" data-element_type=\"widget\" data-e-type=\"widget\" data-widget_type=\"call-to-action.default\">\n\t\t\t\t<div class=\"elementor-widget-container\">\n\t\t\t\t\t\t\t<div class=\"elementor-cta\">\n\t\t\t\t\t<div class=\"elementor-cta__bg-wrapper\">\n\t\t\t\t<div class=\"elementor-cta__bg elementor-bg\" style=\"background-image: url(https:\/\/www.neuillysurmarne.fr\/wp-content\/uploads\/2024\/03\/fibre-1024x683.jpg);\" role=\"img\" aria-label=\"fibra\"><\/div>\n\t\t\t\t<div class=\"elementor-cta__bg-overlay\"><\/div>\n\t\t\t<\/div>\n\t\t\t\t\t\t\t<div class=\"elementor-cta__content\">\n\t\t\t\t\n\t\t\t\t\t\t\t\t\t<h4 class=\"elementor-cta__title elementor-cta__content-item elementor-content-item\">\n\t\t\t\t\t\tIdentifica\u00e7\u00e3o de avarias\t\t\t\t\t<\/h4>\n\t\t\t\t\n\t\t\t\t\t\t\t\t\t<div class=\"elementor-cta__description elementor-cta__content-item elementor-content-item\">\n\t\t\t\t\t\tSuite \u00e0 des dysfonctionnements de fibre optique, la Ville a d\u00e9cid\u00e9 de vous soutenir dans vos d\u00e9marches aupr\u00e8s de votre fournisseur d\u2019acc\u00e8s Internet.\n\nUne fois le signalement fait \u00e0 votre\u00a0op\u00e9rateur, vous pouvez remplir le formulaire ci-dessous.\t\t\t\t\t<\/div>\n\t\t\t\t\n\t\t\t\t\t\t\t\t\t<div class=\"elementor-cta__button-wrapper elementor-cta__content-item elementor-content-item\">\n\t\t\t\t\t<a class=\"elementor-cta__button elementor-button elementor-size-\" href=\"https:\/\/docs.google.com\/forms\/d\/e\/1FAIpQLSfMoygxjxzPzVBPBMJA9IhhLvKzjJuqcdTtZh4kQO3AZ_lR4A\/viewform?usp=sf_link\">\n\t\t\t\t\t\tClique aqui para preencher o formul\u00e1rio\t\t\t\t\t<\/a>\n\t\t\t\t\t<\/div>\n\t\t\t\t\t\t\t<\/div>\n\t\t\t\t\t\t<\/div>\n\t\t\t\t\t\t<\/div>\n\t\t\t\t<\/div>\n\t\t\t\t\t<\/div>\n\t\t\t\t<\/div>\n\t\t<div class=\"elementor-element elementor-element-a1b2266 e-flex e-con-boxed e-con e-parent\" data-id=\"a1b2266\" data-element_type=\"container\" data-e-type=\"container\">\n\t\t\t\t\t<div class=\"e-con-inner\">\n\t\t\t\t<div class=\"elementor-element elementor-element-1443b3b elementor-widget elementor-widget-n-accordion\" data-id=\"1443b3b\" data-element_type=\"widget\" data-e-type=\"widget\" data-settings=\"{&quot;default_state&quot;:&quot;all_collapsed&quot;,&quot;max_items_expended&quot;:&quot;one&quot;,&quot;n_accordion_animation_duration&quot;:{&quot;unit&quot;:&quot;ms&quot;,&quot;size&quot;:400,&quot;sizes&quot;:[]}}\" data-widget_type=\"nested-accordion.default\">\n\t\t\t\t<div class=\"elementor-widget-container\">\n\t\t\t\t\t\t\t<div class=\"e-n-accordion\" aria-label=\"Acorde\u00e3o. Abrir liga\u00e7\u00f5es com Enter ou Espa\u00e7o, fechar com Escape e navegar com Setas\">\n\t\t\t\t\t\t<details id=\"e-n-accordion-item-2120\" class=\"e-n-accordion-item\" >\n\t\t\t\t<summary class=\"e-n-accordion-item-title\" data-accordion-index=\"1\" tabindex=\"0\" aria-expanded=\"false\" aria-controls=\"e-n-accordion-item-2120\" >\n\t\t\t\t\t<span class='e-n-accordion-item-title-header'><div class=\"e-n-accordion-item-title-text\"> Neuilly s\u00e9curise ses armoires fibre <\/div><\/span>\n\t\t\t\t\t\t\t<span class='e-n-accordion-item-title-icon'>\n\t\t\t<span class='e-opened' ><svg aria-hidden=\"true\" class=\"e-font-icon-svg e-fas-minus\" viewbox=\"0 0 448 512\" xmlns=\"http:\/\/www.w3.org\/2000\/svg\"><path d=\"M416 208H32c-17.67 0-32 14.33-32 32v32c0 17.67 14.33 32 32 32h384c17.67 0 32-14.33 32-32v-32c0-17.67-14.33-32-32-32z\"><\/path><\/svg><\/span>\n\t\t\t<span class='e-closed'><svg aria-hidden=\"true\" class=\"e-font-icon-svg e-fas-plus\" viewbox=\"0 0 448 512\" xmlns=\"http:\/\/www.w3.org\/2000\/svg\"><path d=\"M416 208H272V64c0-17.67-14.33-32-32-32h-32c-17.67 0-32 14.33-32 32v144H32c-17.67 0-32 14.33-32 32v32c0 17.67 14.33 32 32 32h144v144c0 17.67 14.33 32 32 32h32c17.67 0 32-14.33 32-32V304h144c17.67 0 32-14.33 32-32v-32c0-17.67-14.33-32-32-32z\"><\/path><\/svg><\/span>\n\t\t<\/span>\n\n\t\t\t\t\t\t<\/summary>\n\t\t\t\t<div role=\"region\" aria-labelledby=\"e-n-accordion-item-2120\" class=\"elementor-element elementor-element-21966a4 e-con-full e-flex e-con e-child\" data-id=\"21966a4\" data-element_type=\"container\" data-e-type=\"container\">\n\t\t\t\t<div class=\"elementor-element elementor-element-820108f elementor-widget elementor-widget-text-editor\" data-id=\"820108f\" data-element_type=\"widget\" data-e-type=\"widget\" data-widget_type=\"text-editor.default\">\n\t\t\t\t<div class=\"elementor-widget-container\">\n\t\t\t\t\t\t\t\t\t<p>Depuis plusieurs ann\u00e9es, les coupures intempestives de fibre optique \u00e9taient une source de frustration pour de nombreux Noc\u00e9ens. En 2025, Neuilly-sur-Marne peut se f\u00e9liciter d&rsquo;une am\u00e9lioration spectaculaire de la situation : <strong>14 fois moins de coupures qu&rsquo;en 2021 !<\/strong><\/p><p>Gr\u00e2ce \u00e0 une mobilisation efficace entre les \u00e9lus municipaux, les autorit\u00e9s de r\u00e9gulation et les op\u00e9rateurs, notre commune est devenue un exemple national en mati\u00e8re de s\u00e9curisation des infrastructures fibre.<\/p>\t\t\t\t\t\t\t\t<\/div>\n\t\t\t\t<\/div>\n\t\t\t\t<\/div>\n\t\t\t\t\t<\/details>\n\t\t\t\t\t\t<details id=\"e-n-accordion-item-2121\" class=\"e-n-accordion-item\" >\n\t\t\t\t<summary class=\"e-n-accordion-item-title\" data-accordion-index=\"2\" tabindex=\"-1\" aria-expanded=\"false\" aria-controls=\"e-n-accordion-item-2121\" >\n\t\t\t\t\t<span class='e-n-accordion-item-title-header'><div class=\"e-n-accordion-item-title-text\"> Une exp\u00e9rimentation unique en France <\/div><\/span>\n\t\t\t\t\t\t\t<span class='e-n-accordion-item-title-icon'>\n\t\t\t<span class='e-opened' ><svg aria-hidden=\"true\" class=\"e-font-icon-svg e-fas-minus\" viewbox=\"0 0 448 512\" xmlns=\"http:\/\/www.w3.org\/2000\/svg\"><path d=\"M416 208H32c-17.67 0-32 14.33-32 32v32c0 17.67 14.33 32 32 32h384c17.67 0 32-14.33 32-32v-32c0-17.67-14.33-32-32-32z\"><\/path><\/svg><\/span>\n\t\t\t<span class='e-closed'><svg aria-hidden=\"true\" class=\"e-font-icon-svg e-fas-plus\" viewbox=\"0 0 448 512\" xmlns=\"http:\/\/www.w3.org\/2000\/svg\"><path d=\"M416 208H272V64c0-17.67-14.33-32-32-32h-32c-17.67 0-32 14.33-32 32v144H32c-17.67 0-32 14.33-32 32v32c0 17.67 14.33 32 32 32h144v144c0 17.67 14.33 32 32 32h32c17.67 0 32-14.33 32-32V304h144c17.67 0 32-14.33 32-32v-32c0-17.67-14.33-32-32-32z\"><\/path><\/svg><\/span>\n\t\t<\/span>\n\n\t\t\t\t\t\t<\/summary>\n\t\t\t\t<div role=\"region\" aria-labelledby=\"e-n-accordion-item-2121\" class=\"elementor-element elementor-element-f4d358d e-con-full e-flex e-con e-child\" data-id=\"f4d358d\" data-element_type=\"container\" data-e-type=\"container\">\n\t\t\t\t<div class=\"elementor-element elementor-element-0dd097f elementor-widget elementor-widget-text-editor\" data-id=\"0dd097f\" data-element_type=\"widget\" data-e-type=\"widget\" data-widget_type=\"text-editor.default\">\n\t\t\t\t<div class=\"elementor-widget-container\">\n\t\t\t\t\t\t\t\t\t<p>Avec le soutien d\u00e9terminant de Laure de la Raudi\u00e8re, Pr\u00e9sidente de l&rsquo;ARCEP, et de ses \u00e9quipes, une exp\u00e9rimentation in\u00e9dite \u00e0 \u00e9t\u00e9 lanc\u00e9e en partenariat avec l&rsquo;op\u00e9rateur d&rsquo;infrastructures XpFibre. Pour la premi\u00e8re fois en France, <strong>la quasi-totalit\u00e9 des armoires fibre de la ville ont \u00e9t\u00e9 s\u00e9curis\u00e9es gr\u00e2ce \u00e0 des serrures connect\u00e9es<\/strong> : seules les interventions de techniciens identifi\u00e9s via leur smartphone sont autoris\u00e9es.\u00a0<\/p><p>Cette innovation permet non seulement de s\u00e9curiser les acc\u00e8s, mais aussi de disposer d&rsquo;un suivi en temps r\u00e9el des op\u00e9rations. \u00c0 ce jour, 42 armoires ont \u00e9t\u00e9 \u00e9quip\u00e9es de ce dispositif. <strong>Cette exp\u00e9rimentation met en lumi\u00e8re des opportunit\u00e9s d&rsquo;am\u00e9lioration et de progression.<\/strong><\/p>\t\t\t\t\t\t\t\t<\/div>\n\t\t\t\t<\/div>\n\t\t\t\t<\/div>\n\t\t\t\t\t<\/details>\n\t\t\t\t\t\t<details id=\"e-n-accordion-item-2122\" class=\"e-n-accordion-item\" >\n\t\t\t\t<summary class=\"e-n-accordion-item-title\" data-accordion-index=\"3\" tabindex=\"-1\" aria-expanded=\"false\" aria-controls=\"e-n-accordion-item-2122\" >\n\t\t\t\t\t<span class='e-n-accordion-item-title-header'><div class=\"e-n-accordion-item-title-text\"> Des r\u00e9sultats concrets <\/div><\/span>\n\t\t\t\t\t\t\t<span class='e-n-accordion-item-title-icon'>\n\t\t\t<span class='e-opened' ><svg aria-hidden=\"true\" class=\"e-font-icon-svg e-fas-minus\" viewbox=\"0 0 448 512\" xmlns=\"http:\/\/www.w3.org\/2000\/svg\"><path d=\"M416 208H32c-17.67 0-32 14.33-32 32v32c0 17.67 14.33 32 32 32h384c17.67 0 32-14.33 32-32v-32c0-17.67-14.33-32-32-32z\"><\/path><\/svg><\/span>\n\t\t\t<span class='e-closed'><svg aria-hidden=\"true\" class=\"e-font-icon-svg e-fas-plus\" viewbox=\"0 0 448 512\" xmlns=\"http:\/\/www.w3.org\/2000\/svg\"><path d=\"M416 208H272V64c0-17.67-14.33-32-32-32h-32c-17.67 0-32 14.33-32 32v144H32c-17.67 0-32 14.33-32 32v32c0 17.67 14.33 32 32 32h144v144c0 17.67 14.33 32 32 32h32c17.67 0 32-14.33 32-32V304h144c17.67 0 32-14.33 32-32v-32c0-17.67-14.33-32-32-32z\"><\/path><\/svg><\/span>\n\t\t<\/span>\n\n\t\t\t\t\t\t<\/summary>\n\t\t\t\t<div role=\"region\" aria-labelledby=\"e-n-accordion-item-2122\" class=\"elementor-element elementor-element-c8f25d2 e-con-full e-flex e-con e-child\" data-id=\"c8f25d2\" data-element_type=\"container\" data-e-type=\"container\">\n\t\t\t\t<div class=\"elementor-element elementor-element-481f6db elementor-widget elementor-widget-text-editor\" data-id=\"481f6db\" data-element_type=\"widget\" data-e-type=\"widget\" data-widget_type=\"text-editor.default\">\n\t\t\t\t<div class=\"elementor-widget-container\">\n\t\t\t\t\t\t\t\t\t<p>Cette strat\u00e9gie de s\u00e9curisation a port\u00e9 ses fruits : le taux d&rsquo;incidents li\u00e9s au service apr\u00e8s-vente est pass\u00e9 de 3.5% en 2021 \u00e0 0.25% d\u00e9but 2025. Le taux d&rsquo;\u00e9chec des raccordements, en nette baisse depuis 2022, s&rsquo;est stabilis\u00e9 en 2024 et 2025. Ces r\u00e9sultats sont le fruit d&rsquo;une volont\u00e9 forte de la Municipalit\u00e9 de <strong>mettre fin aux dysfonctionnements injustement subis par les habitants<\/strong>.<\/p><p>Aux c\u00f4t\u00e9s de l&rsquo;ARCEP, de XpFibre et des op\u00e9rateurs commerciaux, la Ville poursuit les ajustements n\u00e9cessaires pour rester \u00e0 la pointe de la qualit\u00e9 num\u00e9rique.\u00a0Gr\u00e2ce \u00e0 cette mobilisation collective, les Noc\u00e9ens peuvent d\u00e9sormais compter sur un r\u00e9seau fibre de plus en plus fiable et mieux prot\u00e9g\u00e9.<\/p>\t\t\t\t\t\t\t\t<\/div>\n\t\t\t\t<\/div>\n\t\t\t\t<\/div>\n\t\t\t\t\t<\/details>\n\t\t\t\t\t<\/div>\n\t\t\t\t\t\t<\/div>\n\t\t\t\t<\/div>\n\t\t\t\t\t<\/div>\n\t\t\t\t<\/div>\n\t\t<div class=\"elementor-element elementor-element-51a1f31 e-flex e-con-boxed e-con e-parent\" data-id=\"51a1f31\" data-element_type=\"container\" data-e-type=\"container\">\n\t\t\t\t\t<div class=\"e-con-inner\">\n\t\t\t\t<div class=\"elementor-element elementor-element-9d7d8ca elementor-skin-carousel elementor-arrows-yes elementor-pagination-type-bullets elementor-pagination-position-outside elementor-widget elementor-widget-media-carousel\" data-id=\"9d7d8ca\" data-element_type=\"widget\" data-e-type=\"widget\" data-settings=\"{&quot;skin&quot;:&quot;carousel&quot;,&quot;effect&quot;:&quot;slide&quot;,&quot;show_arrows&quot;:&quot;yes&quot;,&quot;pagination&quot;:&quot;bullets&quot;,&quot;speed&quot;:500,&quot;autoplay&quot;:&quot;yes&quot;,&quot;autoplay_speed&quot;:5000,&quot;loop&quot;:&quot;yes&quot;,&quot;pause_on_hover&quot;:&quot;yes&quot;,&quot;pause_on_interaction&quot;:&quot;yes&quot;,&quot;space_between&quot;:{&quot;unit&quot;:&quot;px&quot;,&quot;size&quot;:10,&quot;sizes&quot;:[]},&quot;space_between_tablet&quot;:{&quot;unit&quot;:&quot;px&quot;,&quot;size&quot;:10,&quot;sizes&quot;:[]},&quot;space_between_mobile&quot;:{&quot;unit&quot;:&quot;px&quot;,&quot;size&quot;:10,&quot;sizes&quot;:[]}}\" data-widget_type=\"media-carousel.default\">\n\t\t\t\t<div class=\"elementor-widget-container\">\n\t\t\t\t\t\t\t\t\t<div class=\"elementor-swiper\">\n\t\t\t\t\t<div class=\"elementor-main-swiper swiper\" role=\"region\" aria-roledescription=\"carousel\" aria-label=\"Diapositives\">\n\t\t\t\t<div class=\"swiper-wrapper\">\n\t\t\t\t\t\t\t\t\t\t\t<div class=\"swiper-slide\" role=\"group\" aria-roledescription=\"slide\">\n\t\t\t\t\t\t\t<a href=\"https:\/\/www.neuillysurmarne.fr\/wp-content\/uploads\/2025\/08\/2025-07-17-REUNION-FIBRE-NEUILLY-JP2-DSCF8893-scaled.jpg\" data-elementor-open-lightbox=\"yes\" data-elementor-lightbox-slideshow=\"9d7d8ca\" data-elementor-lightbox-title=\"2025-07-17-REUNION-FIBRE-NEUILLY-JP\" data-e-action-hash=\"#elementor-action%3Aaction%3Dlightbox%26settings%3DeyJpZCI6MTYxMTAsInVybCI6Imh0dHBzOlwvXC93d3cubmV1aWxseXN1cm1hcm5lLmZyXC93cC1jb250ZW50XC91cGxvYWRzXC8yMDI1XC8wOFwvMjAyNS0wNy0xNy1SRVVOSU9OLUZJQlJFLU5FVUlMTFktSlAyLURTQ0Y4ODkzLXNjYWxlZC5qcGciLCJzbGlkZXNob3ciOiI5ZDdkOGNhIn0%3D\">\t\t<div class=\"elementor-carousel-image\" role=\"img\" aria-label=\"2025-07-17-REUNION-FIBRE-NEUILLY-JP\" style=\"background-image: url(&#039;https:\/\/www.neuillysurmarne.fr\/wp-content\/uploads\/2025\/08\/2025-07-17-REUNION-FIBRE-NEUILLY-JP2-DSCF8893-scaled.jpg&#039;)\">\n\n\t\t\t\n\t\t\t\t\t<\/div>\n\t\t<\/a>\t\t\t\t\t\t<\/div>\n\t\t\t\t\t\t\t\t\t\t\t<div class=\"swiper-slide\" role=\"group\" aria-roledescription=\"slide\">\n\t\t\t\t\t\t\t<a href=\"https:\/\/www.neuillysurmarne.fr\/wp-content\/uploads\/2025\/08\/2025-07-17-REUNION-FIBRE-NEUILLY-JP27-DSCH1055-scaled.jpg\" data-elementor-open-lightbox=\"yes\" data-elementor-lightbox-slideshow=\"9d7d8ca\" data-elementor-lightbox-title=\"2025-07-17-REUNION-FIBRE-NEUILLY-JP\" data-e-action-hash=\"#elementor-action%3Aaction%3Dlightbox%26settings%3DeyJpZCI6MTYxMTEsInVybCI6Imh0dHBzOlwvXC93d3cubmV1aWxseXN1cm1hcm5lLmZyXC93cC1jb250ZW50XC91cGxvYWRzXC8yMDI1XC8wOFwvMjAyNS0wNy0xNy1SRVVOSU9OLUZJQlJFLU5FVUlMTFktSlAyNy1EU0NIMTA1NS1zY2FsZWQuanBnIiwic2xpZGVzaG93IjoiOWQ3ZDhjYSJ9\">\t\t<div class=\"elementor-carousel-image\" role=\"img\" aria-label=\"2025-07-17-REUNION-FIBRE-NEUILLY-JP\" style=\"background-image: url(&#039;https:\/\/www.neuillysurmarne.fr\/wp-content\/uploads\/2025\/08\/2025-07-17-REUNION-FIBRE-NEUILLY-JP27-DSCH1055-scaled.jpg&#039;)\">\n\n\t\t\t\n\t\t\t\t\t<\/div>\n\t\t<\/a>\t\t\t\t\t\t<\/div>\n\t\t\t\t\t\t\t\t\t\t\t<div class=\"swiper-slide\" role=\"group\" aria-roledescription=\"slide\">\n\t\t\t\t\t\t\t<a href=\"https:\/\/www.neuillysurmarne.fr\/wp-content\/uploads\/2025\/08\/2025-07-17-REUNION-FIBRE-NEUILLY-JP36-DSCH1166-scaled.jpg\" data-elementor-open-lightbox=\"yes\" data-elementor-lightbox-slideshow=\"9d7d8ca\" data-elementor-lightbox-title=\"2025-07-17-REUNION-FIBRE-NEUILLY-JP\" data-e-action-hash=\"#elementor-action%3Aaction%3Dlightbox%26settings%3DeyJpZCI6MTYxMTIsInVybCI6Imh0dHBzOlwvXC93d3cubmV1aWxseXN1cm1hcm5lLmZyXC93cC1jb250ZW50XC91cGxvYWRzXC8yMDI1XC8wOFwvMjAyNS0wNy0xNy1SRVVOSU9OLUZJQlJFLU5FVUlMTFktSlAzNi1EU0NIMTE2Ni1zY2FsZWQuanBnIiwic2xpZGVzaG93IjoiOWQ3ZDhjYSJ9\">\t\t<div class=\"elementor-carousel-image\" role=\"img\" aria-label=\"2025-07-17-REUNION-FIBRE-NEUILLY-JP\" style=\"background-image: url(&#039;https:\/\/www.neuillysurmarne.fr\/wp-content\/uploads\/2025\/08\/2025-07-17-REUNION-FIBRE-NEUILLY-JP36-DSCH1166-scaled.jpg&#039;)\">\n\n\t\t\t\n\t\t\t\t\t<\/div>\n\t\t<\/a>\t\t\t\t\t\t<\/div>\n\t\t\t\t\t\t\t\t\t\t\t<div class=\"swiper-slide\" role=\"group\" aria-roledescription=\"slide\">\n\t\t\t\t\t\t\t<a href=\"https:\/\/www.neuillysurmarne.fr\/wp-content\/uploads\/2025\/08\/2025-07-17-REUNION-FIBRE-NEUILLY-JP37-DSCH1169-scaled.jpg\" data-elementor-open-lightbox=\"yes\" data-elementor-lightbox-slideshow=\"9d7d8ca\" data-elementor-lightbox-title=\"2025-07-17-REUNION-FIBRE-NEUILLY-JP\" data-e-action-hash=\"#elementor-action%3Aaction%3Dlightbox%26settings%3DeyJpZCI6MTYxMTMsInVybCI6Imh0dHBzOlwvXC93d3cubmV1aWxseXN1cm1hcm5lLmZyXC93cC1jb250ZW50XC91cGxvYWRzXC8yMDI1XC8wOFwvMjAyNS0wNy0xNy1SRVVOSU9OLUZJQlJFLU5FVUlMTFktSlAzNy1EU0NIMTE2OS1zY2FsZWQuanBnIiwic2xpZGVzaG93IjoiOWQ3ZDhjYSJ9\">\t\t<div class=\"elementor-carousel-image\" role=\"img\" aria-label=\"2025-07-17-REUNION-FIBRE-NEUILLY-JP\" style=\"background-image: url(&#039;https:\/\/www.neuillysurmarne.fr\/wp-content\/uploads\/2025\/08\/2025-07-17-REUNION-FIBRE-NEUILLY-JP37-DSCH1169-scaled.jpg&#039;)\">\n\n\t\t\t\n\t\t\t\t\t<\/div>\n\t\t<\/a>\t\t\t\t\t\t<\/div>\n\t\t\t\t\t\t\t\t\t\t\t<div class=\"swiper-slide\" role=\"group\" aria-roledescription=\"slide\">\n\t\t\t\t\t\t\t<a href=\"https:\/\/www.neuillysurmarne.fr\/wp-content\/uploads\/2025\/08\/2025-07-17-REUNION-FIBRE-NEUILLY-JP34-DSCH1157-scaled.jpg\" data-elementor-open-lightbox=\"yes\" data-elementor-lightbox-slideshow=\"9d7d8ca\" data-elementor-lightbox-title=\"2025-07-17-REUNION-FIBRE-NEUILLY-JP\" data-e-action-hash=\"#elementor-action%3Aaction%3Dlightbox%26settings%3DeyJpZCI6MTYxMTQsInVybCI6Imh0dHBzOlwvXC93d3cubmV1aWxseXN1cm1hcm5lLmZyXC93cC1jb250ZW50XC91cGxvYWRzXC8yMDI1XC8wOFwvMjAyNS0wNy0xNy1SRVVOSU9OLUZJQlJFLU5FVUlMTFktSlAzNC1EU0NIMTE1Ny1zY2FsZWQuanBnIiwic2xpZGVzaG93IjoiOWQ3ZDhjYSJ9\">\t\t<div class=\"elementor-carousel-image\" role=\"img\" aria-label=\"2025-07-17-REUNION-FIBRE-NEUILLY-JP\" style=\"background-image: url(&#039;https:\/\/www.neuillysurmarne.fr\/wp-content\/uploads\/2025\/08\/2025-07-17-REUNION-FIBRE-NEUILLY-JP34-DSCH1157-scaled.jpg&#039;)\">\n\n\t\t\t\n\t\t\t\t\t<\/div>\n\t\t<\/a>\t\t\t\t\t\t<\/div>\n\t\t\t\t\t\t\t\t\t<\/div>\n\t\t\t\t\t\t\t\t\t\t\t\t\t\t\t<div class=\"elementor-swiper-button elementor-swiper-button-prev\" role=\"button\" tabindex=\"0\" aria-label=\"Anterior\">\n\t\t\t\t\t\t\t<svg aria-hidden=\"true\" class=\"e-font-icon-svg e-eicon-chevron-left\" viewbox=\"0 0 1000 1000\" xmlns=\"http:\/\/www.w3.org\/2000\/svg\"><path d=\"M646 125C629 125 613 133 604 142L308 442C296 454 292 471 292 487 292 504 296 521 308 533L604 854C617 867 629 875 646 875 663 875 679 871 692 858 704 846 713 829 713 812 713 796 708 779 692 767L438 487 692 225C700 217 708 204 708 187 708 171 704 154 692 142 675 129 663 125 646 125Z\"><\/path><\/svg>\t\t\t\t\t\t<\/div>\n\t\t\t\t\t\t<div class=\"elementor-swiper-button elementor-swiper-button-next\" role=\"button\" tabindex=\"0\" aria-label=\"Seguinte\">\n\t\t\t\t\t\t\t<svg aria-hidden=\"true\" class=\"e-font-icon-svg e-eicon-chevron-right\" viewbox=\"0 0 1000 1000\" xmlns=\"http:\/\/www.w3.org\/2000\/svg\"><path d=\"M696 533C708 521 713 504 713 487 713 471 708 454 696 446L400 146C388 133 375 125 354 125 338 125 325 129 313 142 300 154 292 171 292 187 292 204 296 221 308 233L563 492 304 771C292 783 288 800 288 817 288 833 296 850 308 863 321 871 338 875 354 875 371 875 388 867 400 854L696 533Z\"><\/path><\/svg>\t\t\t\t\t\t<\/div>\n\t\t\t\t\t\t\t\t\t\t\t\t\t\t\t\t<div class=\"swiper-pagination\"><\/div>\n\t\t\t\t\t\t\t\t\t\t\t\t<\/div>\n\t\t\t\t<\/div>\n\t\t\t\t\t\t\t\t<\/div>\n\t\t\t\t<\/div>\n\t\t\t\t\t<\/div>\n\t\t\t\t<\/div>\n\t\t\t\t<\/div>","protected":false},"excerpt":{"rendered":"<p>La commune est \u00e9quip\u00e9e de la connexion \u00e0 la fibre optique sur 98% de son territoire. Pour l\u2019habitat collectif, les propri\u00e9taires, bailleurs ou syndics doivent signer avec SFR une convention de d\u00e9ploiement de la fibre dans les parties communes et organiser un vote en Assembl\u00e9e g\u00e9n\u00e9rale dans les copropri\u00e9t\u00e9s. Avant toute relance aupr\u00e8s de la [&hellip;]<\/p>\n","protected":false},"author":1,"featured_media":5849,"parent":0,"menu_order":0,"comment_status":"closed","ping_status":"closed","template":"","meta":{"_acf_changed":false,"footnotes":""},"class_list":["post-485","page","type-page","status-publish","has-post-thumbnail","hentry"],"acf":[],"yoast_head":"<!-- This site is optimized with the Yoast SEO plugin v27.4 - https:\/\/yoast.com\/product\/yoast-seo-wordpress\/ -->\n<title>Fibre optique - Mairie de Neuilly-sur-Marne<\/title>\n<meta name=\"robots\" content=\"index, follow, max-snippet:-1, max-image-preview:large, max-video-preview:-1\" \/>\n<link rel=\"canonical\" href=\"https:\/\/www.neuillysurmarne.fr\/pt\/fibre-optique\/\" \/>\n<meta property=\"og:locale\" content=\"pt_PT\" \/>\n<meta property=\"og:type\" content=\"article\" \/>\n<meta property=\"og:title\" content=\"Fibre optique - Mairie de Neuilly-sur-Marne\" \/>\n<meta property=\"og:description\" content=\"La commune est \u00e9quip\u00e9e de la connexion \u00e0 la fibre optique sur 98% de son territoire. Pour l\u2019habitat collectif, les propri\u00e9taires, bailleurs ou syndics doivent signer avec SFR une convention de d\u00e9ploiement de la fibre dans les parties communes et organiser un vote en Assembl\u00e9e g\u00e9n\u00e9rale dans les copropri\u00e9t\u00e9s. Avant toute relance aupr\u00e8s de la [&hellip;]\" \/>\n<meta property=\"og:url\" content=\"https:\/\/www.neuillysurmarne.fr\/pt\/fibre-optique\/\" \/>\n<meta property=\"og:site_name\" content=\"Mairie de Neuilly-sur-Marne\" \/>\n<meta property=\"article:publisher\" content=\"https:\/\/www.facebook.com\/ville.neuilly\" \/>\n<meta property=\"article:modified_time\" content=\"2025-08-26T14:54:12+00:00\" \/>\n<meta property=\"og:image\" content=\"https:\/\/www.neuillysurmarne.fr\/wp-content\/uploads\/2024\/03\/fibre.jpg\" \/>\n\t<meta property=\"og:image:width\" content=\"1920\" \/>\n\t<meta property=\"og:image:height\" content=\"1280\" \/>\n\t<meta property=\"og:image:type\" content=\"image\/jpeg\" \/>\n<meta name=\"twitter:card\" content=\"summary_large_image\" \/>\n<meta name=\"twitter:label1\" content=\"Tempo estimado de leitura\" \/>\n\t<meta name=\"twitter:data1\" content=\"4 minutos\" \/>\n<script type=\"application\/ld+json\" class=\"yoast-schema-graph\">{\"@context\":\"https:\\\/\\\/schema.org\",\"@graph\":[{\"@type\":\"WebPage\",\"@id\":\"https:\\\/\\\/www.neuillysurmarne.fr\\\/fibre-optique\\\/\",\"url\":\"https:\\\/\\\/www.neuillysurmarne.fr\\\/fibre-optique\\\/\",\"name\":\"Fibre optique - Mairie de Neuilly-sur-Marne\",\"isPartOf\":{\"@id\":\"https:\\\/\\\/www.neuillysurmarne.fr\\\/es\\\/#website\"},\"primaryImageOfPage\":{\"@id\":\"https:\\\/\\\/www.neuillysurmarne.fr\\\/fibre-optique\\\/#primaryimage\"},\"image\":{\"@id\":\"https:\\\/\\\/www.neuillysurmarne.fr\\\/fibre-optique\\\/#primaryimage\"},\"thumbnailUrl\":\"https:\\\/\\\/www.neuillysurmarne.fr\\\/wp-content\\\/uploads\\\/2024\\\/03\\\/fibre.jpg\",\"datePublished\":\"2023-11-13T10:52:40+00:00\",\"dateModified\":\"2025-08-26T14:54:12+00:00\",\"breadcrumb\":{\"@id\":\"https:\\\/\\\/www.neuillysurmarne.fr\\\/fibre-optique\\\/#breadcrumb\"},\"inLanguage\":\"pt-PT\",\"potentialAction\":[{\"@type\":\"ReadAction\",\"target\":[\"https:\\\/\\\/www.neuillysurmarne.fr\\\/fibre-optique\\\/\"]}]},{\"@type\":\"ImageObject\",\"inLanguage\":\"pt-PT\",\"@id\":\"https:\\\/\\\/www.neuillysurmarne.fr\\\/fibre-optique\\\/#primaryimage\",\"url\":\"https:\\\/\\\/www.neuillysurmarne.fr\\\/wp-content\\\/uploads\\\/2024\\\/03\\\/fibre.jpg\",\"contentUrl\":\"https:\\\/\\\/www.neuillysurmarne.fr\\\/wp-content\\\/uploads\\\/2024\\\/03\\\/fibre.jpg\",\"width\":1920,\"height\":1280},{\"@type\":\"BreadcrumbList\",\"@id\":\"https:\\\/\\\/www.neuillysurmarne.fr\\\/fibre-optique\\\/#breadcrumb\",\"itemListElement\":[{\"@type\":\"ListItem\",\"position\":1,\"name\":\"Accueil\",\"item\":\"https:\\\/\\\/www.neuillysurmarne.fr\\\/\"},{\"@type\":\"ListItem\",\"position\":2,\"name\":\"Fibre optique\"}]},{\"@type\":\"WebSite\",\"@id\":\"https:\\\/\\\/www.neuillysurmarne.fr\\\/es\\\/#website\",\"url\":\"https:\\\/\\\/www.neuillysurmarne.fr\\\/es\\\/\",\"name\":\"Mairie de Neuilly-sur-Marne\",\"description\":\"BETA\",\"publisher\":{\"@id\":\"https:\\\/\\\/www.neuillysurmarne.fr\\\/es\\\/#organization\"},\"potentialAction\":[{\"@type\":\"SearchAction\",\"target\":{\"@type\":\"EntryPoint\",\"urlTemplate\":\"https:\\\/\\\/www.neuillysurmarne.fr\\\/es\\\/?s={search_term_string}\"},\"query-input\":{\"@type\":\"PropertyValueSpecification\",\"valueRequired\":true,\"valueName\":\"search_term_string\"}}],\"inLanguage\":\"pt-PT\"},{\"@type\":\"Organization\",\"@id\":\"https:\\\/\\\/www.neuillysurmarne.fr\\\/es\\\/#organization\",\"name\":\"Mairie de Neuilly-sur-Marne\",\"url\":\"https:\\\/\\\/www.neuillysurmarne.fr\\\/es\\\/\",\"logo\":{\"@type\":\"ImageObject\",\"inLanguage\":\"pt-PT\",\"@id\":\"https:\\\/\\\/www.neuillysurmarne.fr\\\/es\\\/#\\\/schema\\\/logo\\\/image\\\/\",\"url\":\"https:\\\/\\\/www.neuillysurmarne.fr\\\/wp-content\\\/uploads\\\/2023\\\/10\\\/LOGO-NeuillysurMarne-blanc.png\",\"contentUrl\":\"https:\\\/\\\/www.neuillysurmarne.fr\\\/wp-content\\\/uploads\\\/2023\\\/10\\\/LOGO-NeuillysurMarne-blanc.png\",\"width\":3308,\"height\":2586,\"caption\":\"Mairie de Neuilly-sur-Marne\"},\"image\":{\"@id\":\"https:\\\/\\\/www.neuillysurmarne.fr\\\/es\\\/#\\\/schema\\\/logo\\\/image\\\/\"},\"sameAs\":[\"https:\\\/\\\/www.facebook.com\\\/ville.neuilly\",\"https:\\\/\\\/www.instagram.com\\\/neuilly_marne\\\/\",\"https:\\\/\\\/www.linkedin.com\\\/company\\\/ville-de-neuilly-sur-marne\\\/\",\"https:\\\/\\\/www.youtube.com\\\/channel\\\/UCDdZ0TLrV8rfIqjBGvoeB5A\",\"https:\\\/\\\/www.tiktok.com\\\/@villedeneuillysurmarne\"]}]}<\/script>\n<!-- \/ Yoast SEO plugin. -->","yoast_head_json":{"title":"Fibre optique - Mairie de Neuilly-sur-Marne","robots":{"index":"index","follow":"follow","max-snippet":"max-snippet:-1","max-image-preview":"max-image-preview:large","max-video-preview":"max-video-preview:-1"},"canonical":"https:\/\/www.neuillysurmarne.fr\/pt\/fibre-optique\/","og_locale":"pt_PT","og_type":"article","og_title":"Fibre optique - Mairie de Neuilly-sur-Marne","og_description":"La commune est \u00e9quip\u00e9e de la connexion \u00e0 la fibre optique sur 98% de son territoire. Pour l\u2019habitat collectif, les propri\u00e9taires, bailleurs ou syndics doivent signer avec SFR une convention de d\u00e9ploiement de la fibre dans les parties communes et organiser un vote en Assembl\u00e9e g\u00e9n\u00e9rale dans les copropri\u00e9t\u00e9s. Avant toute relance aupr\u00e8s de la [&hellip;]","og_url":"https:\/\/www.neuillysurmarne.fr\/pt\/fibre-optique\/","og_site_name":"Mairie de Neuilly-sur-Marne","article_publisher":"https:\/\/www.facebook.com\/ville.neuilly","article_modified_time":"2025-08-26T14:54:12+00:00","og_image":[{"width":1920,"height":1280,"url":"https:\/\/www.neuillysurmarne.fr\/wp-content\/uploads\/2024\/03\/fibre.jpg","type":"image\/jpeg"}],"twitter_card":"summary_large_image","twitter_misc":{"Tempo estimado de leitura":"4 minutos"},"schema":{"@context":"https:\/\/schema.org","@graph":[{"@type":"WebPage","@id":"https:\/\/www.neuillysurmarne.fr\/fibre-optique\/","url":"https:\/\/www.neuillysurmarne.fr\/fibre-optique\/","name":"Fibre optique - Mairie de Neuilly-sur-Marne","isPartOf":{"@id":"https:\/\/www.neuillysurmarne.fr\/es\/#website"},"primaryImageOfPage":{"@id":"https:\/\/www.neuillysurmarne.fr\/fibre-optique\/#primaryimage"},"image":{"@id":"https:\/\/www.neuillysurmarne.fr\/fibre-optique\/#primaryimage"},"thumbnailUrl":"https:\/\/www.neuillysurmarne.fr\/wp-content\/uploads\/2024\/03\/fibre.jpg","datePublished":"2023-11-13T10:52:40+00:00","dateModified":"2025-08-26T14:54:12+00:00","breadcrumb":{"@id":"https:\/\/www.neuillysurmarne.fr\/fibre-optique\/#breadcrumb"},"inLanguage":"pt-PT","potentialAction":[{"@type":"ReadAction","target":["https:\/\/www.neuillysurmarne.fr\/fibre-optique\/"]}]},{"@type":"ImageObject","inLanguage":"pt-PT","@id":"https:\/\/www.neuillysurmarne.fr\/fibre-optique\/#primaryimage","url":"https:\/\/www.neuillysurmarne.fr\/wp-content\/uploads\/2024\/03\/fibre.jpg","contentUrl":"https:\/\/www.neuillysurmarne.fr\/wp-content\/uploads\/2024\/03\/fibre.jpg","width":1920,"height":1280},{"@type":"BreadcrumbList","@id":"https:\/\/www.neuillysurmarne.fr\/fibre-optique\/#breadcrumb","itemListElement":[{"@type":"ListItem","position":1,"name":"Accueil","item":"https:\/\/www.neuillysurmarne.fr\/"},{"@type":"ListItem","position":2,"name":"Fibre optique"}]},{"@type":"WebSite","@id":"https:\/\/www.neuillysurmarne.fr\/es\/#website","url":"https:\/\/www.neuillysurmarne.fr\/es\/","name":"C\u00e2mara Municipal de Neuilly-sur-Marne","description":"BETA","publisher":{"@id":"https:\/\/www.neuillysurmarne.fr\/es\/#organization"},"potentialAction":[{"@type":"SearchAction","target":{"@type":"EntryPoint","urlTemplate":"https:\/\/www.neuillysurmarne.fr\/es\/?s={search_term_string}"},"query-input":{"@type":"PropertyValueSpecification","valueRequired":true,"valueName":"search_term_string"}}],"inLanguage":"pt-PT"},{"@type":"Organization","@id":"https:\/\/www.neuillysurmarne.fr\/es\/#organization","name":"C\u00e2mara Municipal de Neuilly-sur-Marne","url":"https:\/\/www.neuillysurmarne.fr\/es\/","logo":{"@type":"ImageObject","inLanguage":"pt-PT","@id":"https:\/\/www.neuillysurmarne.fr\/es\/#\/schema\/logo\/image\/","url":"https:\/\/www.neuillysurmarne.fr\/wp-content\/uploads\/2023\/10\/LOGO-NeuillysurMarne-blanc.png","contentUrl":"https:\/\/www.neuillysurmarne.fr\/wp-content\/uploads\/2023\/10\/LOGO-NeuillysurMarne-blanc.png","width":3308,"height":2586,"caption":"Mairie de Neuilly-sur-Marne"},"image":{"@id":"https:\/\/www.neuillysurmarne.fr\/es\/#\/schema\/logo\/image\/"},"sameAs":["https:\/\/www.facebook.com\/ville.neuilly","https:\/\/www.instagram.com\/neuilly_marne\/","https:\/\/www.linkedin.com\/company\/ville-de-neuilly-sur-marne\/","https:\/\/www.youtube.com\/channel\/UCDdZ0TLrV8rfIqjBGvoeB5A","https:\/\/www.tiktok.com\/@villedeneuillysurmarne"]}]}},"_links":{"self":[{"href":"https:\/\/www.neuillysurmarne.fr\/pt\/wp-json\/wp\/v2\/pages\/485","targetHints":{"allow":["GET"]}}],"collection":[{"href":"https:\/\/www.neuillysurmarne.fr\/pt\/wp-json\/wp\/v2\/pages"}],"about":[{"href":"https:\/\/www.neuillysurmarne.fr\/pt\/wp-json\/wp\/v2\/types\/page"}],"author":[{"embeddable":true,"href":"https:\/\/www.neuillysurmarne.fr\/pt\/wp-json\/wp\/v2\/users\/1"}],"replies":[{"embeddable":true,"href":"https:\/\/www.neuillysurmarne.fr\/pt\/wp-json\/wp\/v2\/comments?post=485"}],"version-history":[{"count":23,"href":"https:\/\/www.neuillysurmarne.fr\/pt\/wp-json\/wp\/v2\/pages\/485\/revisions"}],"predecessor-version":[{"id":16117,"href":"https:\/\/www.neuillysurmarne.fr\/pt\/wp-json\/wp\/v2\/pages\/485\/revisions\/16117"}],"wp:featuredmedia":[{"embeddable":true,"href":"https:\/\/www.neuillysurmarne.fr\/pt\/wp-json\/wp\/v2\/media\/5849"}],"wp:attachment":[{"href":"https:\/\/www.neuillysurmarne.fr\/pt\/wp-json\/wp\/v2\/media?parent=485"}],"curies":[{"name":"wp","href":"https:\/\/api.w.org\/{rel}","templated":true}]}}