{"id":497,"date":"2023-11-13T11:54:42","date_gmt":"2023-11-13T10:54:42","guid":{"rendered":"https:\/\/www.neuillysurmarne.fr\/?page_id=497"},"modified":"2024-07-01T18:18:16","modified_gmt":"2024-07-01T16:18:16","slug":"ligne-metro-11","status":"publish","type":"page","link":"https:\/\/www.neuillysurmarne.fr\/pt\/ligne-metro-11\/","title":{"rendered":"Linha 11 do metro"},"content":{"rendered":"<div data-elementor-type=\"wp-page\" data-elementor-id=\"497\" class=\"elementor elementor-497\" data-elementor-post-type=\"page\">\n\t\t\t\t<div class=\"elementor-element elementor-element-617c887f e-flex e-con-boxed e-con e-parent\" data-id=\"617c887f\" data-element_type=\"container\" data-e-type=\"container\">\n\t\t\t\t\t<div class=\"e-con-inner\">\n\t\t<div class=\"elementor-element elementor-element-184b746 e-flex e-con-boxed e-con e-child\" data-id=\"184b746\" data-element_type=\"container\" data-e-type=\"container\">\n\t\t\t\t\t<div class=\"e-con-inner\">\n\t\t<div class=\"elementor-element elementor-element-19de792 e-grid e-con-boxed e-con e-child\" data-id=\"19de792\" data-element_type=\"container\" data-e-type=\"container\">\n\t\t\t\t\t<div class=\"e-con-inner\">\n\t\t\t\t<div class=\"elementor-element elementor-element-81f6e70 elementor-widget elementor-widget-text-editor\" data-id=\"81f6e70\" data-element_type=\"widget\" data-e-type=\"widget\" data-widget_type=\"text-editor.default\">\n\t\t\t\t<div class=\"elementor-widget-container\">\n\t\t\t\t\t\t\t\t\t<h3><strong>Mobiliza\u00e7\u00e3o em 11 de junho de 2023<\/strong><\/h3><p><strong>Mais de 5.000 pessoas manifestaram-se a favor da linha 11 do metro em Neuilly-sur-Marne!<\/strong><\/p><p>Este encontro excecional, que contou com a presen\u00e7a de Val\u00e9rie P\u00e9cresse, Presidente da Regi\u00e3o de Ile-de-France, marcou um ponto de viragem na nossa luta para obter as duas paragens de Noc\u00e9 na extens\u00e3o da linha 11 de Rosny-sous-Bois a Noisy-le-Grand.<\/p><p>Val\u00e9rie P\u00e9cresse comprometeu-se a incluir o tra\u00e7ado do prolongamento da linha no Plano Diretor Regional (SDRIF-E).<\/p>\t\t\t\t\t\t\t\t<\/div>\n\t\t\t\t<\/div>\n\t\t\t\t<div class=\"elementor-element elementor-element-b28f08c elementor-widget elementor-widget-video\" data-id=\"b28f08c\" data-element_type=\"widget\" data-e-type=\"widget\" data-settings=\"{&quot;youtube_url&quot;:&quot;https:\\\/\\\/www.youtube.com\\\/watch?v=T5oePLNepJs&quot;,&quot;autoplay&quot;:&quot;yes&quot;,&quot;video_type&quot;:&quot;youtube&quot;,&quot;controls&quot;:&quot;yes&quot;}\" data-widget_type=\"video.default\">\n\t\t\t\t<div class=\"elementor-widget-container\">\n\t\t\t\t\t\t\t<div class=\"elementor-wrapper elementor-open-inline\">\n\t\t\t<div class=\"elementor-video\"><\/div>\t\t<\/div>\n\t\t\t\t\t\t<\/div>\n\t\t\t\t<\/div>\n\t\t\t\t\t<\/div>\n\t\t\t\t<\/div>\n\t\t\t\t\t<\/div>\n\t\t\t\t<\/div>\n\t\t\t\t<div class=\"elementor-element elementor-element-0e6f8d5 elementor-widget elementor-widget-n-accordion\" data-id=\"0e6f8d5\" data-element_type=\"widget\" data-e-type=\"widget\" data-settings=\"{&quot;default_state&quot;:&quot;all_collapsed&quot;,&quot;max_items_expended&quot;:&quot;one&quot;,&quot;n_accordion_animation_duration&quot;:{&quot;unit&quot;:&quot;ms&quot;,&quot;size&quot;:400,&quot;sizes&quot;:[]}}\" data-widget_type=\"nested-accordion.default\">\n\t\t\t\t<div class=\"elementor-widget-container\">\n\t\t\t\t\t\t\t<div class=\"e-n-accordion\" aria-label=\"Acorde\u00e3o. Abrir liga\u00e7\u00f5es com Enter ou Espa\u00e7o, fechar com Escape e navegar com Setas\">\n\t\t\t\t\t\t<details id=\"e-n-accordion-item-1510\" class=\"e-n-accordion-item\" >\n\t\t\t\t<summary class=\"e-n-accordion-item-title\" data-accordion-index=\"1\" tabindex=\"0\" aria-expanded=\"false\" aria-controls=\"e-n-accordion-item-1510\" >\n\t\t\t\t\t<span class='e-n-accordion-item-title-header'><div class=\"e-n-accordion-item-title-text\"> Havia uma fila <\/div><\/span>\n\t\t\t\t\t\t\t<span class='e-n-accordion-item-title-icon'>\n\t\t\t<span class='e-opened' ><svg aria-hidden=\"true\" class=\"e-font-icon-svg e-fas-minus\" viewbox=\"0 0 448 512\" xmlns=\"http:\/\/www.w3.org\/2000\/svg\"><path d=\"M416 208H32c-17.67 0-32 14.33-32 32v32c0 17.67 14.33 32 32 32h384c17.67 0 32-14.33 32-32v-32c0-17.67-14.33-32-32-32z\"><\/path><\/svg><\/span>\n\t\t\t<span class='e-closed'><svg aria-hidden=\"true\" class=\"e-font-icon-svg e-fas-plus\" viewbox=\"0 0 448 512\" xmlns=\"http:\/\/www.w3.org\/2000\/svg\"><path d=\"M416 208H272V64c0-17.67-14.33-32-32-32h-32c-17.67 0-32 14.33-32 32v144H32c-17.67 0-32 14.33-32 32v32c0 17.67 14.33 32 32 32h144v144c0 17.67 14.33 32 32 32h32c17.67 0 32-14.33 32-32V304h144c17.67 0 32-14.33 32-32v-32c0-17.67-14.33-32-32-32z\"><\/path><\/svg><\/span>\n\t\t<\/span>\n\n\t\t\t\t\t\t<\/summary>\n\t\t\t\t<div role=\"region\" aria-labelledby=\"e-n-accordion-item-1510\" class=\"elementor-element elementor-element-6ab7a4e e-con-full e-flex e-con e-child\" data-id=\"6ab7a4e\" data-element_type=\"container\" data-e-type=\"container\">\n\t\t<div role=\"region\" aria-labelledby=\"e-n-accordion-item-1510\" class=\"elementor-element elementor-element-93571f1 e-flex e-con-boxed e-con e-child\" data-id=\"93571f1\" data-element_type=\"container\" data-e-type=\"container\">\n\t\t\t\t\t<div class=\"e-con-inner\">\n\t\t\t\t<div class=\"elementor-element elementor-element-ff23580 elementor-widget elementor-widget-text-editor\" data-id=\"ff23580\" data-element_type=\"widget\" data-e-type=\"widget\" data-widget_type=\"text-editor.default\">\n\t\t\t\t<div class=\"elementor-widget-container\">\n\t\t\t\t\t\t\t\t\t<p>E, no entanto, tudo parecia estar a correr t\u00e3o bem. Em 2011, o governo franc\u00eas assinou um decreto que aprovava o plano global da rede de transportes p\u00fablicos Grand Paris Express, que inclu\u00eda a extens\u00e3o da linha 11 do metro at\u00e9 Noisy-Champs, com duas paragens em Neuilly-sur-Marne: Fauvettes\/Val Coteau e Maison Blanche. Dois anos mais tarde, o governo de Jean-Marc Ayrault confirmou que a linha passaria pela nossa cidade. Para os habitantes de Neuilly-sur-Marne e, de um modo mais geral, para os 80 000 habitantes da nossa \u00e1rea de influ\u00eancia, este acesso facilitado \u00e0 capital representava a esperan\u00e7a de refor\u00e7ar consideravelmente a integra\u00e7\u00e3o da nossa regi\u00e3o no tecido da metr\u00f3pole.<\/p><p>Com a promessa de chegar a Ch\u00e2telet em 25 minutos a partir de Maison Blanche, contra os 60 minutos actuais, esta extens\u00e3o da linha 11 deu origem a projectos de densifica\u00e7\u00e3o urbana: cria\u00e7\u00e3o do bairro de Maison Blanche, desenvolvimento de um bairro no s\u00edtio de Ville-Evrard, etc. Mas, em 2017, o tro\u00e7o entre Rosny-Bois-Perrier e Noisy-Champs deixou de fazer parte do calend\u00e1rio do governo de Edouard Philippe.<\/p><p><img fetchpriority=\"high\" decoding=\"async\" class=\"alignnone wp-image-33033 size-full\" src=\"https:\/\/www.neuillysurmarne.fr\/wp-content\/uploads\/2023\/07\/2.jpg?x12167\" sizes=\"(max-width: 1920px) 100vw, 1920px\" srcset=\"https:\/\/www.neuillysurmarne.fr\/wp-content\/uploads\/2023\/07\/2.jpg 1920w, https:\/\/www.neuillysurmarne.fr\/wp-content\/uploads\/2023\/07\/2-330x186.jpg 330w, https:\/\/www.neuillysurmarne.fr\/wp-content\/uploads\/2023\/07\/2-1024x576.jpg 1024w, https:\/\/www.neuillysurmarne.fr\/wp-content\/uploads\/2023\/07\/2-768x432.jpg 768w, https:\/\/www.neuillysurmarne.fr\/wp-content\/uploads\/2023\/07\/2-1536x864.jpg 1536w, https:\/\/www.neuillysurmarne.fr\/wp-content\/uploads\/2023\/07\/2-290x163.jpg 290w\" alt=\"\" width=\"1920\" height=\"1080\" \/><\/p>\t\t\t\t\t\t\t\t<\/div>\n\t\t\t\t<\/div>\n\t\t\t\t\t<\/div>\n\t\t\t\t<\/div>\n\t\t\t\t<\/div>\n\t\t\t\t\t<\/details>\n\t\t\t\t\t\t<details id=\"e-n-accordion-item-1511\" class=\"e-n-accordion-item\" >\n\t\t\t\t<summary class=\"e-n-accordion-item-title\" data-accordion-index=\"2\" tabindex=\"-1\" aria-expanded=\"false\" aria-controls=\"e-n-accordion-item-1511\" >\n\t\t\t\t\t<span class='e-n-accordion-item-title-header'><div class=\"e-n-accordion-item-title-text\"> Os eleitos defendem a extens\u00e3o do metro <\/div><\/span>\n\t\t\t\t\t\t\t<span class='e-n-accordion-item-title-icon'>\n\t\t\t<span class='e-opened' ><svg aria-hidden=\"true\" class=\"e-font-icon-svg e-fas-minus\" viewbox=\"0 0 448 512\" xmlns=\"http:\/\/www.w3.org\/2000\/svg\"><path d=\"M416 208H32c-17.67 0-32 14.33-32 32v32c0 17.67 14.33 32 32 32h384c17.67 0 32-14.33 32-32v-32c0-17.67-14.33-32-32-32z\"><\/path><\/svg><\/span>\n\t\t\t<span class='e-closed'><svg aria-hidden=\"true\" class=\"e-font-icon-svg e-fas-plus\" viewbox=\"0 0 448 512\" xmlns=\"http:\/\/www.w3.org\/2000\/svg\"><path d=\"M416 208H272V64c0-17.67-14.33-32-32-32h-32c-17.67 0-32 14.33-32 32v144H32c-17.67 0-32 14.33-32 32v32c0 17.67 14.33 32 32 32h144v144c0 17.67 14.33 32 32 32h32c17.67 0 32-14.33 32-32V304h144c17.67 0 32-14.33 32-32v-32c0-17.67-14.33-32-32-32z\"><\/path><\/svg><\/span>\n\t\t<\/span>\n\n\t\t\t\t\t\t<\/summary>\n\t\t\t\t<div role=\"region\" aria-labelledby=\"e-n-accordion-item-1511\" class=\"elementor-element elementor-element-8c7864b e-con-full e-flex e-con e-child\" data-id=\"8c7864b\" data-element_type=\"container\" data-e-type=\"container\">\n\t\t<div role=\"region\" aria-labelledby=\"e-n-accordion-item-1511\" class=\"elementor-element elementor-element-e2ee84d e-flex e-con-boxed e-con e-child\" data-id=\"e2ee84d\" data-element_type=\"container\" data-e-type=\"container\">\n\t\t\t\t\t<div class=\"e-con-inner\">\n\t\t\t\t<div class=\"elementor-element elementor-element-ddf6549 elementor-widget elementor-widget-text-editor\" data-id=\"ddf6549\" data-element_type=\"widget\" data-e-type=\"widget\" data-widget_type=\"text-editor.default\">\n\t\t\t\t<div class=\"elementor-widget-container\">\n\t\t\t\t\t\t\t\t\t<p>Ap\u00f3s quatro anos de estudos que demonstraram a utilidade p\u00fablica desta extens\u00e3o, a extens\u00e3o da linha 11, que inclu\u00eda as duas paragens em Neuilly-sur-Marne, desapareceu do calend\u00e1rio de constru\u00e7\u00e3o do Grand Paris Express. Para protestar contra esta invers\u00e3o de planos e demonstrar a vontade de toda uma regi\u00e3o de acolher o metro, o Grand Paris Grand Est reuniu cerca de 200 eleitos locais em 2018 em Neuilly-sur-Marne, em frente ao Ch\u00e2teau de Maison Blanche.<\/p><p>Desde a sua elei\u00e7\u00e3o em 2020, Zartoshte Bakhtiari, presidente da C\u00e2mara Municipal de Neuilly-sur-Marne, fez da extens\u00e3o da linha 11 uma das suas prioridades.\u00a0<em>\"\u00c9 essencial que retomemos esta luta porque este projeto \u00e9 vital para Neuilly-sur-Marne e para os seus habitantes\".<\/em>afirmou. O vereador levou ent\u00e3o a causa aos gabinetes do Primeiro-Ministro, do Ministro dos Transportes e do Ministro do Or\u00e7amento e reuniu aliados \u00e0 sua volta. Val\u00e9rie P\u00e9cresse, presidente da regi\u00e3o de \u00cele-de-France, St\u00e9phane Troussel, presidente do departamento de Seine-Saint-Denis, e Patrick Ollier, presidente da regi\u00e3o metropolitana da Grande Paris, deram o seu apoio \u00e0 cidade.<\/p><p><img decoding=\"async\" class=\"alignnone wp-image-33035 size-full\" src=\"https:\/\/www.neuillysurmarne.fr\/wp-content\/uploads\/2023\/07\/4.jpg?x12167\" sizes=\"(max-width: 1920px) 100vw, 1920px\" srcset=\"https:\/\/www.neuillysurmarne.fr\/wp-content\/uploads\/2023\/07\/4.jpg 1920w, https:\/\/www.neuillysurmarne.fr\/wp-content\/uploads\/2023\/07\/4-330x186.jpg 330w, https:\/\/www.neuillysurmarne.fr\/wp-content\/uploads\/2023\/07\/4-1024x576.jpg 1024w, https:\/\/www.neuillysurmarne.fr\/wp-content\/uploads\/2023\/07\/4-768x432.jpg 768w, https:\/\/www.neuillysurmarne.fr\/wp-content\/uploads\/2023\/07\/4-1536x864.jpg 1536w, https:\/\/www.neuillysurmarne.fr\/wp-content\/uploads\/2023\/07\/4-290x163.jpg 290w\" alt=\"\" width=\"1920\" height=\"1080\" \/><\/p>\t\t\t\t\t\t\t\t<\/div>\n\t\t\t\t<\/div>\n\t\t\t\t\t<\/div>\n\t\t\t\t<\/div>\n\t\t\t\t<\/div>\n\t\t\t\t\t<\/details>\n\t\t\t\t\t\t<details id=\"e-n-accordion-item-1512\" class=\"e-n-accordion-item\" >\n\t\t\t\t<summary class=\"e-n-accordion-item-title\" data-accordion-index=\"3\" tabindex=\"-1\" aria-expanded=\"false\" aria-controls=\"e-n-accordion-item-1512\" >\n\t\t\t\t\t<span class='e-n-accordion-item-title-header'><div class=\"e-n-accordion-item-title-text\"> Uma mobiliza\u00e7\u00e3o excecional em 11 de junho de 2023, \u00e0s 11 horas. <\/div><\/span>\n\t\t\t\t\t\t\t<span class='e-n-accordion-item-title-icon'>\n\t\t\t<span class='e-opened' ><svg aria-hidden=\"true\" class=\"e-font-icon-svg e-fas-minus\" viewbox=\"0 0 448 512\" xmlns=\"http:\/\/www.w3.org\/2000\/svg\"><path d=\"M416 208H32c-17.67 0-32 14.33-32 32v32c0 17.67 14.33 32 32 32h384c17.67 0 32-14.33 32-32v-32c0-17.67-14.33-32-32-32z\"><\/path><\/svg><\/span>\n\t\t\t<span class='e-closed'><svg aria-hidden=\"true\" class=\"e-font-icon-svg e-fas-plus\" viewbox=\"0 0 448 512\" xmlns=\"http:\/\/www.w3.org\/2000\/svg\"><path d=\"M416 208H272V64c0-17.67-14.33-32-32-32h-32c-17.67 0-32 14.33-32 32v144H32c-17.67 0-32 14.33-32 32v32c0 17.67 14.33 32 32 32h144v144c0 17.67 14.33 32 32 32h32c17.67 0 32-14.33 32-32V304h144c17.67 0 32-14.33 32-32v-32c0-17.67-14.33-32-32-32z\"><\/path><\/svg><\/span>\n\t\t<\/span>\n\n\t\t\t\t\t\t<\/summary>\n\t\t\t\t<div role=\"region\" aria-labelledby=\"e-n-accordion-item-1512\" class=\"elementor-element elementor-element-3bd14e8 e-flex e-con-boxed e-con e-child\" data-id=\"3bd14e8\" data-element_type=\"container\" data-e-type=\"container\">\n\t\t\t\t\t<div class=\"e-con-inner\">\n\t\t\t\t<div class=\"elementor-element elementor-element-8efb7f4 elementor-widget elementor-widget-text-editor\" data-id=\"8efb7f4\" data-element_type=\"widget\" data-e-type=\"widget\" data-widget_type=\"text-editor.default\">\n\t\t\t\t<div class=\"elementor-widget-container\">\n\t\t\t\t\t\t\t\t\t<p>\u00c0s 11 horas de domingo, 11 de junho de 2023, mais de 5 000 pessoas reuniram-se em frente ao Ch\u00e2teau de Maison Blanche para exigir o prolongamento da linha 11 at\u00e9 Noisy-Champs. Os presidentes das c\u00e2maras municipais de Grand Paris Grand Est (Clichy-sous-Bois, Coubron, Gagny, Gournay-sur-Marne, Le Raincy, les Pavillons-sous-Bois, Livry-Gargan, Montfermeil, Neuilly-Plaisance, Noisy-le-Grand, Rosny-sous-Bois, Vaujours, Villemomble), os presidentes de c\u00e2mara de v\u00e1rias comunas vizinhas, a Grande \u00c1rea Metropolitana de Paris, o departamento de Seine-Saint-Denis, deputados e Val\u00e9rie P\u00e9cresse. Na sua qualidade de Presidente da Regi\u00e3o de \u00cele-de-France e de \u00cele-de-France Mobilit\u00e9s, assumiu um certo n\u00famero de compromissos fortes perante a multid\u00e3o.<\/p><p>Val\u00e9rie P\u00e9cresse come\u00e7ou por confirmar que os estudos de viabilidade para a extens\u00e3o da linha 11 seriam inclu\u00eddos no plano diretor da regi\u00e3o de \u00cele-de-France (SDRIF-E), a ser votado pelo Conselho Regional em 12 de julho de 2023. Em seguida, afirmou que manteria o financiamento de 4 mil milh\u00f5es de euros para os transportes, dando prioridade \u00e0 extens\u00e3o do metro. Por \u00faltimo, Val\u00e9rie P\u00e9cresse falou sobre as negocia\u00e7\u00f5es, lan\u00e7adas no in\u00edcio de junho, para a sec\u00e7\u00e3o de mobilidade 2023-2027 do Contrato-Plano Estado-Regi\u00e3o (CPER). Uma vez que o governo reduziu o seu financiamento para os transportes de 4 mil milh\u00f5es de euros para 3 mil milh\u00f5es de euros, alguns projectos ser\u00e3o infelizmente adiados. No entanto, Val\u00e9rie P\u00e9cresse comprometeu-se com a popula\u00e7\u00e3o de Noc\u00e9, em 11 de junho, a que os estudos de viabilidade da extens\u00e3o da linha 11 fossem inclu\u00eddos no CPER e n\u00e3o fossem adiados.<\/p>\t\t\t\t\t\t\t\t<\/div>\n\t\t\t\t<\/div>\n\t\t\t\t<div class=\"elementor-element elementor-element-7bbe7f8 elementor-widget elementor-widget-image\" data-id=\"7bbe7f8\" data-element_type=\"widget\" data-e-type=\"widget\" data-widget_type=\"image.default\">\n\t\t\t\t<div class=\"elementor-widget-container\">\n\t\t\t\t\t\t\t\t\t\t\t\t\t\t\t\t<a href=\"https:\/\/www.neuillysurmarne.fr\/wp-content\/uploads\/2024\/07\/L11-HD-199-scaled.jpg\" data-elementor-open-lightbox=\"yes\" data-elementor-lightbox-title=\"L11-HD-199\" data-e-action-hash=\"#elementor-action%3Aaction%3Dlightbox%26settings%3DeyJpZCI6MTE0MTksInVybCI6Imh0dHBzOlwvXC93d3cubmV1aWxseXN1cm1hcm5lLmZyXC93cC1jb250ZW50XC91cGxvYWRzXC8yMDI0XC8wN1wvTDExLUhELTE5OS1zY2FsZWQuanBnIn0%3D\">\n\t\t\t\t\t\t\t<img decoding=\"async\" width=\"768\" height=\"512\" src=\"https:\/\/www.neuillysurmarne.fr\/wp-content\/uploads\/2024\/07\/L11-HD-199-768x512.jpg\" class=\"attachment-medium_large size-medium_large wp-image-11419\" alt=\"\" srcset=\"https:\/\/www.neuillysurmarne.fr\/wp-content\/uploads\/2024\/07\/L11-HD-199-768x512.jpg 768w, https:\/\/www.neuillysurmarne.fr\/wp-content\/uploads\/2024\/07\/L11-HD-199-300x200.jpg 300w, https:\/\/www.neuillysurmarne.fr\/wp-content\/uploads\/2024\/07\/L11-HD-199-1024x683.jpg 1024w, https:\/\/www.neuillysurmarne.fr\/wp-content\/uploads\/2024\/07\/L11-HD-199-1536x1024.jpg 1536w, https:\/\/www.neuillysurmarne.fr\/wp-content\/uploads\/2024\/07\/L11-HD-199-2048x1365.jpg 2048w, https:\/\/www.neuillysurmarne.fr\/wp-content\/uploads\/2024\/07\/L11-HD-199-18x12.jpg 18w\" sizes=\"(max-width: 768px) 100vw, 768px\" \/>\t\t\t\t\t\t\t\t<\/a>\n\t\t\t\t\t\t\t\t\t\t\t\t\t\t\t<\/div>\n\t\t\t\t<\/div>\n\t\t\t\t\t<\/div>\n\t\t\t\t<\/div>\n\t\t\t\t\t<\/details>\n\t\t\t\t\t\t<details id=\"e-n-accordion-item-1513\" class=\"e-n-accordion-item\" >\n\t\t\t\t<summary class=\"e-n-accordion-item-title\" data-accordion-index=\"4\" tabindex=\"-1\" aria-expanded=\"false\" aria-controls=\"e-n-accordion-item-1513\" >\n\t\t\t\t\t<span class='e-n-accordion-item-title-header'><div class=\"e-n-accordion-item-title-text\"> Assinar a peti\u00e7\u00e3o <\/div><\/span>\n\t\t\t\t\t\t\t<span class='e-n-accordion-item-title-icon'>\n\t\t\t<span class='e-opened' ><svg aria-hidden=\"true\" class=\"e-font-icon-svg e-fas-minus\" viewbox=\"0 0 448 512\" xmlns=\"http:\/\/www.w3.org\/2000\/svg\"><path d=\"M416 208H32c-17.67 0-32 14.33-32 32v32c0 17.67 14.33 32 32 32h384c17.67 0 32-14.33 32-32v-32c0-17.67-14.33-32-32-32z\"><\/path><\/svg><\/span>\n\t\t\t<span class='e-closed'><svg aria-hidden=\"true\" class=\"e-font-icon-svg e-fas-plus\" viewbox=\"0 0 448 512\" xmlns=\"http:\/\/www.w3.org\/2000\/svg\"><path d=\"M416 208H272V64c0-17.67-14.33-32-32-32h-32c-17.67 0-32 14.33-32 32v144H32c-17.67 0-32 14.33-32 32v32c0 17.67 14.33 32 32 32h144v144c0 17.67 14.33 32 32 32h32c17.67 0 32-14.33 32-32V304h144c17.67 0 32-14.33 32-32v-32c0-17.67-14.33-32-32-32z\"><\/path><\/svg><\/span>\n\t\t<\/span>\n\n\t\t\t\t\t\t<\/summary>\n\t\t\t\t<div role=\"region\" aria-labelledby=\"e-n-accordion-item-1513\" class=\"elementor-element elementor-element-cee0d2b e-flex e-con-boxed e-con e-child\" data-id=\"cee0d2b\" data-element_type=\"container\" data-e-type=\"container\">\n\t\t\t\t\t<div class=\"e-con-inner\">\n\t\t<div role=\"region\" aria-labelledby=\"e-n-accordion-item-1513\" class=\"elementor-element elementor-element-94a30ae e-flex e-con-boxed e-con e-child\" data-id=\"94a30ae\" data-element_type=\"container\" data-e-type=\"container\">\n\t\t\t\t\t<div class=\"e-con-inner\">\n\t\t\t\t<div class=\"elementor-element elementor-element-0869680 elementor-widget elementor-widget-text-editor\" data-id=\"0869680\" data-element_type=\"widget\" data-e-type=\"widget\" data-widget_type=\"text-editor.default\">\n\t\t\t\t<div class=\"elementor-widget-container\">\n\t\t\t\t\t\t\t\t\t<p>Embora o rescaldo da manifesta\u00e7\u00e3o de 11 de junho seja motivo de esperan\u00e7a, a mobiliza\u00e7\u00e3o tem de continuar. Aguardamos novos desenvolvimentos,\u00a0<a href=\"https:\/\/docs.google.com\/forms\/d\/e\/1FAIpQLSff1TTLP9KBN0-bot7_Uo43bvEUA-gMCPwQsHkSWcmKR5tSzg\/viewform?pli=1\"><strong>pode assinar a peti\u00e7\u00e3o para a extens\u00e3o da linha 11 atrav\u00e9s desta liga\u00e7\u00e3o<\/strong><\/a>.<\/p>\t\t\t\t\t\t\t\t<\/div>\n\t\t\t\t<\/div>\n\t\t\t\t\t<\/div>\n\t\t\t\t<\/div>\n\t\t\t\t<div class=\"elementor-element elementor-element-2ba4024 elementor-widget elementor-widget-image\" data-id=\"2ba4024\" data-element_type=\"widget\" data-e-type=\"widget\" data-widget_type=\"image.default\">\n\t\t\t\t<div class=\"elementor-widget-container\">\n\t\t\t\t\t\t\t\t\t\t\t\t\t\t\t<img loading=\"lazy\" decoding=\"async\" width=\"800\" height=\"600\" src=\"https:\/\/www.neuillysurmarne.fr\/wp-content\/uploads\/2024\/05\/PHOTO-1-1024x768.jpg\" class=\"attachment-large size-large wp-image-6970\" alt=\"\" srcset=\"https:\/\/www.neuillysurmarne.fr\/wp-content\/uploads\/2024\/05\/PHOTO-1-1024x768.jpg 1024w, https:\/\/www.neuillysurmarne.fr\/wp-content\/uploads\/2024\/05\/PHOTO-1-300x225.jpg 300w, https:\/\/www.neuillysurmarne.fr\/wp-content\/uploads\/2024\/05\/PHOTO-1-768x576.jpg 768w, https:\/\/www.neuillysurmarne.fr\/wp-content\/uploads\/2024\/05\/PHOTO-1-1536x1152.jpg 1536w, https:\/\/www.neuillysurmarne.fr\/wp-content\/uploads\/2024\/05\/PHOTO-1-2048x1536.jpg 2048w\" sizes=\"(max-width: 800px) 100vw, 800px\" \/>\t\t\t\t\t\t\t\t\t\t\t\t\t\t\t<\/div>\n\t\t\t\t<\/div>\n\t\t\t\t\t<\/div>\n\t\t\t\t<\/div>\n\t\t\t\t\t<\/details>\n\t\t\t\t\t<\/div>\n\t\t\t\t\t\t<\/div>\n\t\t\t\t<\/div>\n\t\t\t\t\t<\/div>\n\t\t\t\t<\/div>\n\t\t\t\t<\/div>","protected":false},"excerpt":{"rendered":"<p>Mobilisation le 11 juin 2023 Plus de 5 000 personnes se sont mobilis\u00e9es pour la ligne du m\u00e9tro 11 \u00e0 Neuilly-sur-Marne ! Ce rassemblement exceptionnel, notamment en pr\u00e9sence de Val\u00e9rie P\u00e9cresse, pr\u00e9sidente de la R\u00e9gion Ile-de-France, a marqu\u00e9 un tournant dans notre lutte engag\u00e9e pour obtenir les deux arr\u00eats noc\u00e9ens du prolongement de la ligne [&hellip;]<\/p>\n","protected":false},"author":1,"featured_media":1155,"parent":0,"menu_order":0,"comment_status":"closed","ping_status":"closed","template":"","meta":{"_acf_changed":false,"footnotes":""},"class_list":["post-497","page","type-page","status-publish","has-post-thumbnail","hentry"],"acf":[],"yoast_head":"<!-- This site is optimized with the Yoast SEO plugin v27.4 - https:\/\/yoast.com\/product\/yoast-seo-wordpress\/ -->\n<title>Ligne m\u00e9tro 11 - Mairie de Neuilly-sur-Marne<\/title>\n<meta name=\"robots\" content=\"index, follow, max-snippet:-1, max-image-preview:large, max-video-preview:-1\" \/>\n<link rel=\"canonical\" href=\"https:\/\/www.neuillysurmarne.fr\/pt\/ligne-metro-11\/\" \/>\n<meta property=\"og:locale\" content=\"pt_PT\" \/>\n<meta property=\"og:type\" content=\"article\" \/>\n<meta property=\"og:title\" content=\"Ligne m\u00e9tro 11 - Mairie de Neuilly-sur-Marne\" \/>\n<meta property=\"og:description\" content=\"Mobilisation le 11 juin 2023 Plus de 5 000 personnes se sont mobilis\u00e9es pour la ligne du m\u00e9tro 11 \u00e0 Neuilly-sur-Marne ! Ce rassemblement exceptionnel, notamment en pr\u00e9sence de Val\u00e9rie P\u00e9cresse, pr\u00e9sidente de la R\u00e9gion Ile-de-France, a marqu\u00e9 un tournant dans notre lutte engag\u00e9e pour obtenir les deux arr\u00eats noc\u00e9ens du prolongement de la ligne [&hellip;]\" \/>\n<meta property=\"og:url\" content=\"https:\/\/www.neuillysurmarne.fr\/pt\/ligne-metro-11\/\" \/>\n<meta property=\"og:site_name\" content=\"Mairie de Neuilly-sur-Marne\" \/>\n<meta property=\"article:publisher\" content=\"https:\/\/www.facebook.com\/ville.neuilly\" \/>\n<meta property=\"article:modified_time\" content=\"2024-07-01T16:18:16+00:00\" \/>\n<meta property=\"og:image\" content=\"https:\/\/www.neuillysurmarne.fr\/wp-content\/uploads\/2023\/11\/Bandeaux-site-Neuilly-sur-Marne-5.jpg\" \/>\n\t<meta property=\"og:image:width\" content=\"1400\" \/>\n\t<meta property=\"og:image:height\" content=\"700\" \/>\n\t<meta property=\"og:image:type\" content=\"image\/jpeg\" \/>\n<meta name=\"twitter:card\" content=\"summary_large_image\" \/>\n<meta name=\"twitter:label1\" content=\"Tempo estimado de leitura\" \/>\n\t<meta name=\"twitter:data1\" content=\"9 minutos\" \/>\n<script type=\"application\/ld+json\" class=\"yoast-schema-graph\">{\"@context\":\"https:\\\/\\\/schema.org\",\"@graph\":[{\"@type\":\"WebPage\",\"@id\":\"https:\\\/\\\/www.neuillysurmarne.fr\\\/ligne-metro-11\\\/\",\"url\":\"https:\\\/\\\/www.neuillysurmarne.fr\\\/ligne-metro-11\\\/\",\"name\":\"Ligne m\u00e9tro 11 - Mairie de Neuilly-sur-Marne\",\"isPartOf\":{\"@id\":\"https:\\\/\\\/www.neuillysurmarne.fr\\\/es\\\/#website\"},\"primaryImageOfPage\":{\"@id\":\"https:\\\/\\\/www.neuillysurmarne.fr\\\/ligne-metro-11\\\/#primaryimage\"},\"image\":{\"@id\":\"https:\\\/\\\/www.neuillysurmarne.fr\\\/ligne-metro-11\\\/#primaryimage\"},\"thumbnailUrl\":\"https:\\\/\\\/www.neuillysurmarne.fr\\\/wp-content\\\/uploads\\\/2023\\\/11\\\/Bandeaux-site-Neuilly-sur-Marne-5.jpg\",\"datePublished\":\"2023-11-13T10:54:42+00:00\",\"dateModified\":\"2024-07-01T16:18:16+00:00\",\"breadcrumb\":{\"@id\":\"https:\\\/\\\/www.neuillysurmarne.fr\\\/ligne-metro-11\\\/#breadcrumb\"},\"inLanguage\":\"pt-PT\",\"potentialAction\":[{\"@type\":\"ReadAction\",\"target\":[\"https:\\\/\\\/www.neuillysurmarne.fr\\\/ligne-metro-11\\\/\"]}]},{\"@type\":\"ImageObject\",\"inLanguage\":\"pt-PT\",\"@id\":\"https:\\\/\\\/www.neuillysurmarne.fr\\\/ligne-metro-11\\\/#primaryimage\",\"url\":\"https:\\\/\\\/www.neuillysurmarne.fr\\\/wp-content\\\/uploads\\\/2023\\\/11\\\/Bandeaux-site-Neuilly-sur-Marne-5.jpg\",\"contentUrl\":\"https:\\\/\\\/www.neuillysurmarne.fr\\\/wp-content\\\/uploads\\\/2023\\\/11\\\/Bandeaux-site-Neuilly-sur-Marne-5.jpg\",\"width\":1400,\"height\":700},{\"@type\":\"BreadcrumbList\",\"@id\":\"https:\\\/\\\/www.neuillysurmarne.fr\\\/ligne-metro-11\\\/#breadcrumb\",\"itemListElement\":[{\"@type\":\"ListItem\",\"position\":1,\"name\":\"Accueil\",\"item\":\"https:\\\/\\\/www.neuillysurmarne.fr\\\/\"},{\"@type\":\"ListItem\",\"position\":2,\"name\":\"Ligne m\u00e9tro 11\"}]},{\"@type\":\"WebSite\",\"@id\":\"https:\\\/\\\/www.neuillysurmarne.fr\\\/es\\\/#website\",\"url\":\"https:\\\/\\\/www.neuillysurmarne.fr\\\/es\\\/\",\"name\":\"Mairie de Neuilly-sur-Marne\",\"description\":\"BETA\",\"publisher\":{\"@id\":\"https:\\\/\\\/www.neuillysurmarne.fr\\\/es\\\/#organization\"},\"potentialAction\":[{\"@type\":\"SearchAction\",\"target\":{\"@type\":\"EntryPoint\",\"urlTemplate\":\"https:\\\/\\\/www.neuillysurmarne.fr\\\/es\\\/?s={search_term_string}\"},\"query-input\":{\"@type\":\"PropertyValueSpecification\",\"valueRequired\":true,\"valueName\":\"search_term_string\"}}],\"inLanguage\":\"pt-PT\"},{\"@type\":\"Organization\",\"@id\":\"https:\\\/\\\/www.neuillysurmarne.fr\\\/es\\\/#organization\",\"name\":\"Mairie de Neuilly-sur-Marne\",\"url\":\"https:\\\/\\\/www.neuillysurmarne.fr\\\/es\\\/\",\"logo\":{\"@type\":\"ImageObject\",\"inLanguage\":\"pt-PT\",\"@id\":\"https:\\\/\\\/www.neuillysurmarne.fr\\\/es\\\/#\\\/schema\\\/logo\\\/image\\\/\",\"url\":\"https:\\\/\\\/www.neuillysurmarne.fr\\\/wp-content\\\/uploads\\\/2023\\\/10\\\/LOGO-NeuillysurMarne-blanc.png\",\"contentUrl\":\"https:\\\/\\\/www.neuillysurmarne.fr\\\/wp-content\\\/uploads\\\/2023\\\/10\\\/LOGO-NeuillysurMarne-blanc.png\",\"width\":3308,\"height\":2586,\"caption\":\"Mairie de Neuilly-sur-Marne\"},\"image\":{\"@id\":\"https:\\\/\\\/www.neuillysurmarne.fr\\\/es\\\/#\\\/schema\\\/logo\\\/image\\\/\"},\"sameAs\":[\"https:\\\/\\\/www.facebook.com\\\/ville.neuilly\",\"https:\\\/\\\/www.instagram.com\\\/neuilly_marne\\\/\",\"https:\\\/\\\/www.linkedin.com\\\/company\\\/ville-de-neuilly-sur-marne\\\/\",\"https:\\\/\\\/www.youtube.com\\\/channel\\\/UCDdZ0TLrV8rfIqjBGvoeB5A\",\"https:\\\/\\\/www.tiktok.com\\\/@villedeneuillysurmarne\"]}]}<\/script>\n<!-- \/ Yoast SEO plugin. -->","yoast_head_json":{"title":"Ligne m\u00e9tro 11 - Mairie de Neuilly-sur-Marne","robots":{"index":"index","follow":"follow","max-snippet":"max-snippet:-1","max-image-preview":"max-image-preview:large","max-video-preview":"max-video-preview:-1"},"canonical":"https:\/\/www.neuillysurmarne.fr\/pt\/ligne-metro-11\/","og_locale":"pt_PT","og_type":"article","og_title":"Ligne m\u00e9tro 11 - Mairie de Neuilly-sur-Marne","og_description":"Mobilisation le 11 juin 2023 Plus de 5 000 personnes se sont mobilis\u00e9es pour la ligne du m\u00e9tro 11 \u00e0 Neuilly-sur-Marne ! Ce rassemblement exceptionnel, notamment en pr\u00e9sence de Val\u00e9rie P\u00e9cresse, pr\u00e9sidente de la R\u00e9gion Ile-de-France, a marqu\u00e9 un tournant dans notre lutte engag\u00e9e pour obtenir les deux arr\u00eats noc\u00e9ens du prolongement de la ligne [&hellip;]","og_url":"https:\/\/www.neuillysurmarne.fr\/pt\/ligne-metro-11\/","og_site_name":"Mairie de Neuilly-sur-Marne","article_publisher":"https:\/\/www.facebook.com\/ville.neuilly","article_modified_time":"2024-07-01T16:18:16+00:00","og_image":[{"width":1400,"height":700,"url":"https:\/\/www.neuillysurmarne.fr\/wp-content\/uploads\/2023\/11\/Bandeaux-site-Neuilly-sur-Marne-5.jpg","type":"image\/jpeg"}],"twitter_card":"summary_large_image","twitter_misc":{"Tempo estimado de leitura":"9 minutos"},"schema":{"@context":"https:\/\/schema.org","@graph":[{"@type":"WebPage","@id":"https:\/\/www.neuillysurmarne.fr\/ligne-metro-11\/","url":"https:\/\/www.neuillysurmarne.fr\/ligne-metro-11\/","name":"Ligne m\u00e9tro 11 - Mairie de Neuilly-sur-Marne","isPartOf":{"@id":"https:\/\/www.neuillysurmarne.fr\/es\/#website"},"primaryImageOfPage":{"@id":"https:\/\/www.neuillysurmarne.fr\/ligne-metro-11\/#primaryimage"},"image":{"@id":"https:\/\/www.neuillysurmarne.fr\/ligne-metro-11\/#primaryimage"},"thumbnailUrl":"https:\/\/www.neuillysurmarne.fr\/wp-content\/uploads\/2023\/11\/Bandeaux-site-Neuilly-sur-Marne-5.jpg","datePublished":"2023-11-13T10:54:42+00:00","dateModified":"2024-07-01T16:18:16+00:00","breadcrumb":{"@id":"https:\/\/www.neuillysurmarne.fr\/ligne-metro-11\/#breadcrumb"},"inLanguage":"pt-PT","potentialAction":[{"@type":"ReadAction","target":["https:\/\/www.neuillysurmarne.fr\/ligne-metro-11\/"]}]},{"@type":"ImageObject","inLanguage":"pt-PT","@id":"https:\/\/www.neuillysurmarne.fr\/ligne-metro-11\/#primaryimage","url":"https:\/\/www.neuillysurmarne.fr\/wp-content\/uploads\/2023\/11\/Bandeaux-site-Neuilly-sur-Marne-5.jpg","contentUrl":"https:\/\/www.neuillysurmarne.fr\/wp-content\/uploads\/2023\/11\/Bandeaux-site-Neuilly-sur-Marne-5.jpg","width":1400,"height":700},{"@type":"BreadcrumbList","@id":"https:\/\/www.neuillysurmarne.fr\/ligne-metro-11\/#breadcrumb","itemListElement":[{"@type":"ListItem","position":1,"name":"Accueil","item":"https:\/\/www.neuillysurmarne.fr\/"},{"@type":"ListItem","position":2,"name":"Ligne m\u00e9tro 11"}]},{"@type":"WebSite","@id":"https:\/\/www.neuillysurmarne.fr\/es\/#website","url":"https:\/\/www.neuillysurmarne.fr\/es\/","name":"C\u00e2mara Municipal de Neuilly-sur-Marne","description":"BETA","publisher":{"@id":"https:\/\/www.neuillysurmarne.fr\/es\/#organization"},"potentialAction":[{"@type":"SearchAction","target":{"@type":"EntryPoint","urlTemplate":"https:\/\/www.neuillysurmarne.fr\/es\/?s={search_term_string}"},"query-input":{"@type":"PropertyValueSpecification","valueRequired":true,"valueName":"search_term_string"}}],"inLanguage":"pt-PT"},{"@type":"Organization","@id":"https:\/\/www.neuillysurmarne.fr\/es\/#organization","name":"C\u00e2mara Municipal de Neuilly-sur-Marne","url":"https:\/\/www.neuillysurmarne.fr\/es\/","logo":{"@type":"ImageObject","inLanguage":"pt-PT","@id":"https:\/\/www.neuillysurmarne.fr\/es\/#\/schema\/logo\/image\/","url":"https:\/\/www.neuillysurmarne.fr\/wp-content\/uploads\/2023\/10\/LOGO-NeuillysurMarne-blanc.png","contentUrl":"https:\/\/www.neuillysurmarne.fr\/wp-content\/uploads\/2023\/10\/LOGO-NeuillysurMarne-blanc.png","width":3308,"height":2586,"caption":"Mairie de Neuilly-sur-Marne"},"image":{"@id":"https:\/\/www.neuillysurmarne.fr\/es\/#\/schema\/logo\/image\/"},"sameAs":["https:\/\/www.facebook.com\/ville.neuilly","https:\/\/www.instagram.com\/neuilly_marne\/","https:\/\/www.linkedin.com\/company\/ville-de-neuilly-sur-marne\/","https:\/\/www.youtube.com\/channel\/UCDdZ0TLrV8rfIqjBGvoeB5A","https:\/\/www.tiktok.com\/@villedeneuillysurmarne"]}]}},"_links":{"self":[{"href":"https:\/\/www.neuillysurmarne.fr\/pt\/wp-json\/wp\/v2\/pages\/497","targetHints":{"allow":["GET"]}}],"collection":[{"href":"https:\/\/www.neuillysurmarne.fr\/pt\/wp-json\/wp\/v2\/pages"}],"about":[{"href":"https:\/\/www.neuillysurmarne.fr\/pt\/wp-json\/wp\/v2\/types\/page"}],"author":[{"embeddable":true,"href":"https:\/\/www.neuillysurmarne.fr\/pt\/wp-json\/wp\/v2\/users\/1"}],"replies":[{"embeddable":true,"href":"https:\/\/www.neuillysurmarne.fr\/pt\/wp-json\/wp\/v2\/comments?post=497"}],"version-history":[{"count":26,"href":"https:\/\/www.neuillysurmarne.fr\/pt\/wp-json\/wp\/v2\/pages\/497\/revisions"}],"predecessor-version":[{"id":11423,"href":"https:\/\/www.neuillysurmarne.fr\/pt\/wp-json\/wp\/v2\/pages\/497\/revisions\/11423"}],"wp:featuredmedia":[{"embeddable":true,"href":"https:\/\/www.neuillysurmarne.fr\/pt\/wp-json\/wp\/v2\/media\/1155"}],"wp:attachment":[{"href":"https:\/\/www.neuillysurmarne.fr\/pt\/wp-json\/wp\/v2\/media?parent=497"}],"curies":[{"name":"wp","href":"https:\/\/api.w.org\/{rel}","templated":true}]}}