{"id":535,"date":"2023-11-13T12:07:44","date_gmt":"2023-11-13T11:07:44","guid":{"rendered":"https:\/\/www.neuillysurmarne.fr\/?page_id=535"},"modified":"2026-04-21T19:14:07","modified_gmt":"2026-04-21T17:14:07","slug":"scolaire","status":"publish","type":"page","link":"https:\/\/www.neuillysurmarne.fr\/pt\/scolaire\/","title":{"rendered":"Escola"},"content":{"rendered":"<div data-elementor-type=\"wp-page\" data-elementor-id=\"535\" class=\"elementor elementor-535\" data-elementor-post-type=\"page\">\n\t\t\t\t<div class=\"elementor-element elementor-element-9b1da86 e-con-full e-flex e-con e-parent\" data-id=\"9b1da86\" data-element_type=\"container\" data-e-type=\"container\">\n\t\t<div class=\"elementor-element elementor-element-902e3dc e-flex e-con-boxed e-con e-child\" data-id=\"902e3dc\" data-element_type=\"container\" data-e-type=\"container\">\n\t\t\t\t\t<div class=\"e-con-inner\">\n\t\t\t\t<div class=\"elementor-element elementor-element-b7425ff elementor-widget elementor-widget-text-editor\" data-id=\"b7425ff\" data-element_type=\"widget\" data-e-type=\"widget\" data-widget_type=\"text-editor.default\">\n\t\t\t\t<div class=\"elementor-widget-container\">\n\t\t\t\t\t\t\t\t\t<div class=\"table-row\"><h2 id=\"inscriptions\" class=\"table-cell\">Inscri\u00e7\u00e3o na escola<\/h2><\/div><div class=\"table-row\"><h3><strong>Como registar-se<\/strong><\/h3><p>S\u00f3 o(s) tutor(es) legal(ais) da crian\u00e7a pode(m) inscrever a crian\u00e7a na escola. As crian\u00e7as que entram no infant\u00e1rio s\u00e3o as nascidas em <strong>2023<\/strong>.<\/p><p>Les parents n&rsquo;ont plus \u00e0 inscrire leurs enfants entre la Grande Section de maternelle et le CP. Les enfants sont directement inscrits en CP sur leur \u00e9cole \u00e9l\u00e9mentaire de secteur. Les parents recevront dans le courant du mois d&rsquo;avril 2026\u00a0un courrier de confirmation d\u2019inscription. Vous n\u2019avez \u00e0 vous rapprocher du service Vie des \u00c9coles qu\u2019en cas de demande de d\u00e9rogation (renouvellement obligatoire si votre enfant a d\u00e9j\u00e0 b\u00e9n\u00e9fici\u00e9 d\u2019une d\u00e9rogation en maternelle).<\/p><p>As inscri\u00e7\u00f5es para a Nursery Section (ou outros n\u00edveis para os rec\u00e9m-chegados \u00e0 cidade) podem ser feitas utilizando o formul\u00e1rio que pode ser descarregado abaixo.<\/p><h3><strong>Descarregar os seus documentos<\/strong><\/h3><p>\u27a1\ufe0f\u00a0<strong>Brochure d\u00e9marches : nouvelle plaquette \u00e0 venir<\/strong><\/p><p>\u27a1\ufe0f\u00a0<a href=\"https:\/\/www.neuillysurmarne.fr\/wp-content\/uploads\/2026\/01\/FORMULAIRE-DINSCRIPTION-SCOLAIRE-2026.pdf\" target=\"_blank\" rel=\"noopener noreferrer\"><strong>Formulaire d\u2019inscription scolaire 2026\/2027<\/strong><\/a><\/p><p>\u27a1\ufe0f\u00a0<strong><a href=\"https:\/\/www.neuillysurmarne.fr\/wp-content\/uploads\/2025\/12\/FORMULAIRE-HEBERGEMENT-2.pdf\">Certificado de alojamento para efeitos de inscri\u00e7\u00e3o na escola<\/a><\/strong><\/p><p>\u27a1\ufe0f\u00a0<strong><a href=\"https:\/\/www.neuillysurmarne.fr\/wp-content\/uploads\/2025\/12\/ATTEST-SEPARATION-25-26-3.pdf\">Declara\u00e7\u00e3o juramentada de separa\u00e7\u00e3o<\/a><\/strong><\/p><p>\u27a1\ufe0f\u00a0<strong><a href=\"https:\/\/www.neuillysurmarne.fr\/wp-content\/uploads\/2025\/12\/1-DEMANDE-DE-DEROGATION-26-27-1.pdf\">Demande de d\u00e9rogation scolaire 2026\/2027<\/a><\/strong><\/p><\/div>\t\t\t\t\t\t\t\t<\/div>\n\t\t\t\t<\/div>\n\t\t\t\t\t<\/div>\n\t\t\t\t<\/div>\n\t\t\t\t<div class=\"elementor-element elementor-element-a6e8014 elementor-widget elementor-widget-heading\" data-id=\"a6e8014\" data-element_type=\"widget\" data-e-type=\"widget\" data-widget_type=\"heading.default\">\n\t\t\t\t<div class=\"elementor-widget-container\">\n\t\t\t\t\t<h2 class=\"elementor-heading-title elementor-size-default\">Escolas<\/h2>\t\t\t\t<\/div>\n\t\t\t\t<\/div>\n\t\t\t\t<div class=\"elementor-element elementor-element-1939b6c elementor-widget elementor-widget-n-accordion\" data-id=\"1939b6c\" data-element_type=\"widget\" data-e-type=\"widget\" data-settings=\"{&quot;default_state&quot;:&quot;all_collapsed&quot;,&quot;max_items_expended&quot;:&quot;one&quot;,&quot;n_accordion_animation_duration&quot;:{&quot;unit&quot;:&quot;ms&quot;,&quot;size&quot;:400,&quot;sizes&quot;:[]}}\" data-widget_type=\"nested-accordion.default\">\n\t\t\t\t<div class=\"elementor-widget-container\">\n\t\t\t\t\t\t\t<div class=\"e-n-accordion\" aria-label=\"Acorde\u00e3o. Abrir liga\u00e7\u00f5es com Enter ou Espa\u00e7o, fechar com Escape e navegar com Setas\">\n\t\t\t\t\t\t<details id=\"e-n-accordion-item-2640\" class=\"e-n-accordion-item\" >\n\t\t\t\t<summary class=\"e-n-accordion-item-title\" data-accordion-index=\"1\" tabindex=\"0\" aria-expanded=\"false\" aria-controls=\"e-n-accordion-item-2640\" >\n\t\t\t\t\t<span class='e-n-accordion-item-title-header'><div class=\"e-n-accordion-item-title-text\"> Jardim de inf\u00e2ncia <\/div><\/span>\n\t\t\t\t\t\t\t<span class='e-n-accordion-item-title-icon'>\n\t\t\t<span class='e-opened' ><svg aria-hidden=\"true\" class=\"e-font-icon-svg e-fas-minus\" viewbox=\"0 0 448 512\" xmlns=\"http:\/\/www.w3.org\/2000\/svg\"><path d=\"M416 208H32c-17.67 0-32 14.33-32 32v32c0 17.67 14.33 32 32 32h384c17.67 0 32-14.33 32-32v-32c0-17.67-14.33-32-32-32z\"><\/path><\/svg><\/span>\n\t\t\t<span class='e-closed'><svg aria-hidden=\"true\" class=\"e-font-icon-svg e-fas-plus\" viewbox=\"0 0 448 512\" xmlns=\"http:\/\/www.w3.org\/2000\/svg\"><path d=\"M416 208H272V64c0-17.67-14.33-32-32-32h-32c-17.67 0-32 14.33-32 32v144H32c-17.67 0-32 14.33-32 32v32c0 17.67 14.33 32 32 32h144v144c0 17.67 14.33 32 32 32h32c17.67 0 32-14.33 32-32V304h144c17.67 0 32-14.33 32-32v-32c0-17.67-14.33-32-32-32z\"><\/path><\/svg><\/span>\n\t\t<\/span>\n\n\t\t\t\t\t\t<\/summary>\n\t\t\t\t<div role=\"region\" aria-labelledby=\"e-n-accordion-item-2640\" class=\"elementor-element elementor-element-99cabb2 e-con-full e-flex e-con e-child\" data-id=\"99cabb2\" data-element_type=\"container\" data-e-type=\"container\">\n\t\t<div role=\"region\" aria-labelledby=\"e-n-accordion-item-2640\" class=\"elementor-element elementor-element-9923b02 e-flex e-con-boxed e-con e-child\" data-id=\"9923b02\" data-element_type=\"container\" data-e-type=\"container\">\n\t\t\t\t\t<div class=\"e-con-inner\">\n\t\t<div role=\"region\" aria-labelledby=\"e-n-accordion-item-2640\" class=\"elementor-element elementor-element-d129736 e-grid e-con-boxed e-con e-child\" data-id=\"d129736\" data-element_type=\"container\" data-e-type=\"container\">\n\t\t\t\t\t<div class=\"e-con-inner\">\n\t\t\t\t<div class=\"elementor-element elementor-element-f08dc3c elementor-widget elementor-widget-text-editor\" data-id=\"f08dc3c\" data-element_type=\"widget\" data-e-type=\"widget\" data-widget_type=\"text-editor.default\">\n\t\t\t\t<div class=\"elementor-widget-container\">\n\t\t\t\t\t\t\t\t\t<h3 class=\"destinataire\"><strong>Creche Andr\u00e9 Ch\u00e9nier<\/strong><\/h3><div class=\"streetAddress\">Gerente: Sra. Mahoudeau<br \/>Capacidade: 119 alunos<\/div><div>\u00a0<\/div><div class=\"streetAddress\">137 avenue du 8 Mai 1945<br \/>93330 Neuilly-sur-Marne<\/div><div>\u00a0<\/div><div class=\"streetAddress\"><span class=\"telephone\">\ud83d\udcde 01 43 08 94 81<\/span><\/div><div>\u00a0<\/div><div class=\"streetAddress\"><a class=\"email\" title=\"ce.0931512n@ac-creteil.fr\" href=\"mailto:ce.0931512n@ac-creteil.fr\">\ud83d\udce7<strong> ce.0931512n@ac-creteil.fr<\/strong><\/a><\/div>\t\t\t\t\t\t\t\t<\/div>\n\t\t\t\t<\/div>\n\t\t\t\t<div class=\"elementor-element elementor-element-5a628aa elementor-widget elementor-widget-google_maps\" data-id=\"5a628aa\" data-element_type=\"widget\" data-e-type=\"widget\" data-widget_type=\"google_maps.default\">\n\t\t\t\t<div class=\"elementor-widget-container\">\n\t\t\t\t\t\t\t<div class=\"elementor-custom-embed\">\n\t\t\t<iframe loading=\"lazy\"\n\t\t\t\t\tsrc=\"https:\/\/maps.google.com\/maps?q=Ecole%20maternelle%20Andr%C3%A9%20Ch%C3%A9nier%2C%2093330&#038;t=m&#038;z=17&#038;output=embed&#038;iwloc=near\"\n\t\t\t\t\ttitle=\"Infant\u00e1rio Andr\u00e9 Ch\u00e9nier, 93330\"\n\t\t\t\t\taria-label=\"Infant\u00e1rio Andr\u00e9 Ch\u00e9nier, 93330\"\n\t\t\t><\/iframe>\n\t\t<\/div>\n\t\t\t\t\t\t<\/div>\n\t\t\t\t<\/div>\n\t\t\t\t\t<\/div>\n\t\t\t\t<\/div>\n\t\t\t\t\t<\/div>\n\t\t\t\t<\/div>\n\t\t<div role=\"region\" aria-labelledby=\"e-n-accordion-item-2640\" class=\"elementor-element elementor-element-88ffc53 e-flex e-con-boxed e-con e-child\" data-id=\"88ffc53\" data-element_type=\"container\" data-e-type=\"container\">\n\t\t\t\t\t<div class=\"e-con-inner\">\n\t\t<div role=\"region\" aria-labelledby=\"e-n-accordion-item-2640\" class=\"elementor-element elementor-element-bb3ae85 e-grid e-con-boxed e-con e-child\" data-id=\"bb3ae85\" data-element_type=\"container\" data-e-type=\"container\">\n\t\t\t\t\t<div class=\"e-con-inner\">\n\t\t\t\t<div class=\"elementor-element elementor-element-9a31c1e elementor-widget elementor-widget-text-editor\" data-id=\"9a31c1e\" data-element_type=\"widget\" data-e-type=\"widget\" data-widget_type=\"text-editor.default\">\n\t\t\t\t<div class=\"elementor-widget-container\">\n\t\t\t\t\t\t\t\t\t<h3 class=\"destinataire\"><strong>Creche Arc en ciel<br \/><\/strong><\/h3><div class=\"streetAddress\">Directrice : Mme Bachelier<br \/>Capacidade: 164 alunos<\/div><div>\u00a0<\/div><div class=\"streetAddress\">\ud83d\udccd 5 all\u00e9e Andr\u00e9 Gide<br \/>93330 Neuilly-sur-Marne<\/div><div>\u00a0<\/div><div class=\"streetAddress\"><span class=\"telephone\">\ud83d\udcde 01 43 08 03 38<br \/><\/span><\/div><div>\u00a0<\/div><div class=\"streetAddress\"><a class=\"email\" title=\"ce.0931512n@ac-creteil.fr\" href=\"mailto:ce.0931745s@ac-creteil.fr\">\ud83d\udce7<strong> ce.0931745s@ac-creteil.fr<\/strong><\/a><\/div>\t\t\t\t\t\t\t\t<\/div>\n\t\t\t\t<\/div>\n\t\t\t\t<div class=\"elementor-element elementor-element-eaeae12 elementor-widget elementor-widget-google_maps\" data-id=\"eaeae12\" data-element_type=\"widget\" data-e-type=\"widget\" data-widget_type=\"google_maps.default\">\n\t\t\t\t<div class=\"elementor-widget-container\">\n\t\t\t\t\t\t\t<div class=\"elementor-custom-embed\">\n\t\t\t<iframe loading=\"lazy\"\n\t\t\t\t\tsrc=\"https:\/\/maps.google.com\/maps?q=%C3%89cole%20maternelle%20Arc%20en%20ciel%2C%2093330&#038;t=m&#038;z=17&#038;output=embed&#038;iwloc=near\"\n\t\t\t\t\ttitle=\"Infant\u00e1rio Arc en ciel, 93330\"\n\t\t\t\t\taria-label=\"Infant\u00e1rio Arc en ciel, 93330\"\n\t\t\t><\/iframe>\n\t\t<\/div>\n\t\t\t\t\t\t<\/div>\n\t\t\t\t<\/div>\n\t\t\t\t\t<\/div>\n\t\t\t\t<\/div>\n\t\t\t\t\t<\/div>\n\t\t\t\t<\/div>\n\t\t<div role=\"region\" aria-labelledby=\"e-n-accordion-item-2640\" class=\"elementor-element elementor-element-4ce036f e-flex e-con-boxed e-con e-child\" data-id=\"4ce036f\" data-element_type=\"container\" data-e-type=\"container\">\n\t\t\t\t\t<div class=\"e-con-inner\">\n\t\t<div role=\"region\" aria-labelledby=\"e-n-accordion-item-2640\" class=\"elementor-element elementor-element-32cae0c e-grid e-con-boxed e-con e-child\" data-id=\"32cae0c\" data-element_type=\"container\" data-e-type=\"container\">\n\t\t\t\t\t<div class=\"e-con-inner\">\n\t\t\t\t<div class=\"elementor-element elementor-element-742e353 elementor-widget elementor-widget-text-editor\" data-id=\"742e353\" data-element_type=\"widget\" data-e-type=\"widget\" data-widget_type=\"text-editor.default\">\n\t\t\t\t<div class=\"elementor-widget-container\">\n\t\t\t\t\t\t\t\t\t<h3 class=\"destinataire\"><strong>Infant\u00e1rio Claude Rouget de Lisle<br \/><\/strong><\/h3><div class=\"streetAddress\">Gerente: Sra. Thivet<br \/>Capacidade: 124 alunos<\/div><div>\u00a0<\/div><div class=\"streetAddress\">1 rue de Tourville<br \/>93330 Neuilly-sur-Marne<\/div><div>\u00a0<\/div><div class=\"streetAddress\"><span class=\"telephone\">\ud83d\udcde 01 43 08 31 67<br \/><\/span><\/div><div>\u00a0<\/div><div class=\"streetAddress\"><a class=\"email\" title=\"ce.0931512n@ac-creteil.fr\" href=\"mailto:ce.0931462j@ac-creteil.fr\">\ud83d\udce7<strong> ce.0931462j@ac-creteil.fr<\/strong><\/a><\/div>\t\t\t\t\t\t\t\t<\/div>\n\t\t\t\t<\/div>\n\t\t\t\t<div class=\"elementor-element elementor-element-e2a0e02 elementor-widget elementor-widget-google_maps\" data-id=\"e2a0e02\" data-element_type=\"widget\" data-e-type=\"widget\" data-widget_type=\"google_maps.default\">\n\t\t\t\t<div class=\"elementor-widget-container\">\n\t\t\t\t\t\t\t<div class=\"elementor-custom-embed\">\n\t\t\t<iframe loading=\"lazy\"\n\t\t\t\t\tsrc=\"https:\/\/maps.google.com\/maps?q=%C3%89cole%20maternelle%20Rouget%20de%20Lisle%2C%2093330&#038;t=m&#038;z=17&#038;output=embed&#038;iwloc=near\"\n\t\t\t\t\ttitle=\"\u00c9cole maternelle Rouget de Lisle, 93330\"\n\t\t\t\t\taria-label=\"\u00c9cole maternelle Rouget de Lisle, 93330\"\n\t\t\t><\/iframe>\n\t\t<\/div>\n\t\t\t\t\t\t<\/div>\n\t\t\t\t<\/div>\n\t\t\t\t\t<\/div>\n\t\t\t\t<\/div>\n\t\t\t\t\t<\/div>\n\t\t\t\t<\/div>\n\t\t<div role=\"region\" aria-labelledby=\"e-n-accordion-item-2640\" class=\"elementor-element elementor-element-e759477 e-flex e-con-boxed e-con e-child\" data-id=\"e759477\" data-element_type=\"container\" data-e-type=\"container\">\n\t\t\t\t\t<div class=\"e-con-inner\">\n\t\t<div role=\"region\" aria-labelledby=\"e-n-accordion-item-2640\" class=\"elementor-element elementor-element-46e1b3b e-grid e-con-boxed e-con e-child\" data-id=\"46e1b3b\" data-element_type=\"container\" data-e-type=\"container\">\n\t\t\t\t\t<div class=\"e-con-inner\">\n\t\t\t\t<div class=\"elementor-element elementor-element-96bc029 elementor-widget elementor-widget-text-editor\" data-id=\"96bc029\" data-element_type=\"widget\" data-e-type=\"widget\" data-widget_type=\"text-editor.default\">\n\t\t\t\t<div class=\"elementor-widget-container\">\n\t\t\t\t\t\t\t\t\t<h3 class=\"destinataire\"><strong>Infant\u00e1rio Jean de La Fontaine<br \/><\/strong><\/h3><div class=\"streetAddress\">Gerente: Sra. Lan\u00e7on<br \/>Capacidade: 194 alunos<\/div><div>\u00a0<\/div><div class=\"streetAddress\">\ud83d\udccd 6 avenue Winston Churchill<br \/>93330 Neuilly-sur-Marne<\/div><div>\u00a0<\/div><div class=\"streetAddress\"><span class=\"telephone\">\ud83d\udcde 01 43 08 47 70<br \/><\/span><\/div><div>\u00a0<\/div><div class=\"streetAddress\"><a class=\"email\" title=\"ce.0931512n@ac-creteil.fr\" href=\"mailto:ce.0930979j@ac-creteil.fr\">\ud83d\udce7<strong> ce.0930979j@ac-creteil.fr<\/strong><\/a><\/div>\t\t\t\t\t\t\t\t<\/div>\n\t\t\t\t<\/div>\n\t\t\t\t<div class=\"elementor-element elementor-element-271c076 elementor-widget elementor-widget-google_maps\" data-id=\"271c076\" data-element_type=\"widget\" data-e-type=\"widget\" data-widget_type=\"google_maps.default\">\n\t\t\t\t<div class=\"elementor-widget-container\">\n\t\t\t\t\t\t\t<div class=\"elementor-custom-embed\">\n\t\t\t<iframe loading=\"lazy\"\n\t\t\t\t\tsrc=\"https:\/\/maps.google.com\/maps?q=6%20avenue%20Winston%20Churchill%2C%2093330&#038;t=m&#038;z=17&#038;output=embed&#038;iwloc=near\"\n\t\t\t\t\ttitle=\"6 avenue Winston Churchill, 93330\"\n\t\t\t\t\taria-label=\"6 avenue Winston Churchill, 93330\"\n\t\t\t><\/iframe>\n\t\t<\/div>\n\t\t\t\t\t\t<\/div>\n\t\t\t\t<\/div>\n\t\t\t\t\t<\/div>\n\t\t\t\t<\/div>\n\t\t\t\t\t<\/div>\n\t\t\t\t<\/div>\n\t\t<div role=\"region\" aria-labelledby=\"e-n-accordion-item-2640\" class=\"elementor-element elementor-element-1bf9423 e-flex e-con-boxed e-con e-child\" data-id=\"1bf9423\" data-element_type=\"container\" data-e-type=\"container\">\n\t\t\t\t\t<div class=\"e-con-inner\">\n\t\t<div role=\"region\" aria-labelledby=\"e-n-accordion-item-2640\" class=\"elementor-element elementor-element-b177a60 e-grid e-con-boxed e-con e-child\" data-id=\"b177a60\" data-element_type=\"container\" data-e-type=\"container\">\n\t\t\t\t\t<div class=\"e-con-inner\">\n\t\t\t\t<div class=\"elementor-element elementor-element-71c001b elementor-widget elementor-widget-text-editor\" data-id=\"71c001b\" data-element_type=\"widget\" data-e-type=\"widget\" data-widget_type=\"text-editor.default\">\n\t\t\t\t<div class=\"elementor-widget-container\">\n\t\t\t\t\t\t\t\t\t<h3 class=\"destinataire\"><strong>Jardim de inf\u00e2ncia Jean-Baptiste Du Hamel<br \/><\/strong><\/h3><div class=\"streetAddress\">Gerente: Sra. Poirier<br \/>Capacidade: 125 alunos<\/div><div>\u00a0<\/div><div class=\"streetAddress\">110 rue Paul et Camille Thomoux<br \/>93330 Neuilly-sur-Marne<\/div><div>\u00a0<\/div><div class=\"streetAddress\"><span class=\"telephone\">\ud83d\udcde 01 43 08 08 37<br \/><\/span><\/div><div>\u00a0<\/div><div class=\"streetAddress\">\ud83d\udce7<strong> <a class=\"email\" title=\"ce.0931066d@ac-creteil.fr\" href=\"mailto:ce.0931066d@ac-creteil.fr\">ce.0931066d@ac-creteil.fr<\/a><\/strong><\/div>\t\t\t\t\t\t\t\t<\/div>\n\t\t\t\t<\/div>\n\t\t\t\t<div class=\"elementor-element elementor-element-a7ff262 elementor-widget elementor-widget-google_maps\" data-id=\"a7ff262\" data-element_type=\"widget\" data-e-type=\"widget\" data-widget_type=\"google_maps.default\">\n\t\t\t\t<div class=\"elementor-widget-container\">\n\t\t\t\t\t\t\t<div class=\"elementor-custom-embed\">\n\t\t\t<iframe loading=\"lazy\"\n\t\t\t\t\tsrc=\"https:\/\/maps.google.com\/maps?q=110%20rue%20Paul%20et%20Camille%20Thomoux%2C%2093330&#038;t=m&#038;z=17&#038;output=embed&#038;iwloc=near\"\n\t\t\t\t\ttitle=\"110 rue Paul et Camille Thomoux, 93330 Fran\u00e7a\"\n\t\t\t\t\taria-label=\"110 rue Paul et Camille Thomoux, 93330 Fran\u00e7a\"\n\t\t\t><\/iframe>\n\t\t<\/div>\n\t\t\t\t\t\t<\/div>\n\t\t\t\t<\/div>\n\t\t\t\t\t<\/div>\n\t\t\t\t<\/div>\n\t\t\t\t\t<\/div>\n\t\t\t\t<\/div>\n\t\t<div role=\"region\" aria-labelledby=\"e-n-accordion-item-2640\" class=\"elementor-element elementor-element-203aced e-flex e-con-boxed e-con e-child\" data-id=\"203aced\" data-element_type=\"container\" data-e-type=\"container\">\n\t\t\t\t\t<div class=\"e-con-inner\">\n\t\t<div role=\"region\" aria-labelledby=\"e-n-accordion-item-2640\" class=\"elementor-element elementor-element-78c8694 e-grid e-con-boxed e-con e-child\" data-id=\"78c8694\" data-element_type=\"container\" data-e-type=\"container\">\n\t\t\t\t\t<div class=\"e-con-inner\">\n\t\t\t\t<div class=\"elementor-element elementor-element-fc0a1d0 elementor-widget elementor-widget-text-editor\" data-id=\"fc0a1d0\" data-element_type=\"widget\" data-e-type=\"widget\" data-widget_type=\"text-editor.default\">\n\t\t\t\t<div class=\"elementor-widget-container\">\n\t\t\t\t\t\t\t\t\t<h3 class=\"destinataire\"><strong>Creche Les Fleurs<br \/><\/strong><\/h3><div class=\"streetAddress\">Directrice : Mme Corosine<br \/>Capacidade: 140 alunos<\/div><div>\u00a0<\/div><div class=\"streetAddress\">\ud83d\udccd 4-6 rue de la Lib\u00e9ration<br \/>93330 Neuilly-sur-Marne<\/div><div>\u00a0<\/div><div class=\"streetAddress\"><span class=\"telephone\">\ud83d\udcde 01 43 08 12 28<br \/><\/span><\/div><div>\u00a0<\/div><div class=\"streetAddress\">\ud83d\udce7<strong> <a class=\"email\" title=\"ce.0930855z@ac-creteil.fr\" href=\"mailto:ce.0930855z@ac-creteil.fr\">ce.0930855z@ac-creteil.fr<\/a><\/strong><\/div>\t\t\t\t\t\t\t\t<\/div>\n\t\t\t\t<\/div>\n\t\t\t\t<div class=\"elementor-element elementor-element-e71fbfd elementor-widget elementor-widget-google_maps\" data-id=\"e71fbfd\" data-element_type=\"widget\" data-e-type=\"widget\" data-widget_type=\"google_maps.default\">\n\t\t\t\t<div class=\"elementor-widget-container\">\n\t\t\t\t\t\t\t<div class=\"elementor-custom-embed\">\n\t\t\t<iframe loading=\"lazy\"\n\t\t\t\t\tsrc=\"https:\/\/maps.google.com\/maps?q=4%20rue%20de%20la%20Lib%C3%A9ration%2C%2093330&#038;t=m&#038;z=17&#038;output=embed&#038;iwloc=near\"\n\t\t\t\t\ttitle=\"4 rue de la Lib\u00e9ration, 93330 Paris\"\n\t\t\t\t\taria-label=\"4 rue de la Lib\u00e9ration, 93330 Paris\"\n\t\t\t><\/iframe>\n\t\t<\/div>\n\t\t\t\t\t\t<\/div>\n\t\t\t\t<\/div>\n\t\t\t\t\t<\/div>\n\t\t\t\t<\/div>\n\t\t\t\t\t<\/div>\n\t\t\t\t<\/div>\n\t\t<div role=\"region\" aria-labelledby=\"e-n-accordion-item-2640\" class=\"elementor-element elementor-element-5aefa94 e-flex e-con-boxed e-con e-child\" data-id=\"5aefa94\" data-element_type=\"container\" data-e-type=\"container\">\n\t\t\t\t\t<div class=\"e-con-inner\">\n\t\t<div role=\"region\" aria-labelledby=\"e-n-accordion-item-2640\" class=\"elementor-element elementor-element-a9429af e-grid e-con-boxed e-con e-child\" data-id=\"a9429af\" data-element_type=\"container\" data-e-type=\"container\">\n\t\t\t\t\t<div class=\"e-con-inner\">\n\t\t\t\t<div class=\"elementor-element elementor-element-fa27e7d elementor-widget elementor-widget-text-editor\" data-id=\"fa27e7d\" data-element_type=\"widget\" data-e-type=\"widget\" data-widget_type=\"text-editor.default\">\n\t\t\t\t<div class=\"elementor-widget-container\">\n\t\t\t\t\t\t\t\t\t<h3 class=\"destinataire\"><strong>Creche Les Oiseaux<br \/><\/strong><\/h3><div class=\"streetAddress\">Gerente: Sra. Cherief<br \/>Capacidade: 91 alunos<\/div><div>\u00a0<\/div><div class=\"streetAddress\">4 all\u00e9e du Roussillon<br \/>93330 Neuilly-sur-Marne<\/div><div>\u00a0<\/div><div class=\"streetAddress\"><span class=\"telephone\">\ud83d\udcde 01 43 00 85 25<br \/><\/span><\/div><div>\u00a0<\/div><div class=\"streetAddress\">\ud83d\udce7<strong> <a class=\"email\" title=\"ce.0930855z@ac-creteil.fr\" href=\"mailto:ce.0931562t@ac-creteil.fr\">ce.0931562t@ac-creteil.fr<\/a><\/strong><\/div>\t\t\t\t\t\t\t\t<\/div>\n\t\t\t\t<\/div>\n\t\t\t\t<div class=\"elementor-element elementor-element-d3910c0 elementor-widget elementor-widget-google_maps\" data-id=\"d3910c0\" data-element_type=\"widget\" data-e-type=\"widget\" data-widget_type=\"google_maps.default\">\n\t\t\t\t<div class=\"elementor-widget-container\">\n\t\t\t\t\t\t\t<div class=\"elementor-custom-embed\">\n\t\t\t<iframe loading=\"lazy\"\n\t\t\t\t\tsrc=\"https:\/\/maps.google.com\/maps?q=Ecole%20maternelle%20Les%20Oiseaux%2C%2093330&#038;t=m&#038;z=17&#038;output=embed&#038;iwloc=near\"\n\t\t\t\t\ttitle=\"Infant\u00e1rio Les Oiseaux, 93330\"\n\t\t\t\t\taria-label=\"Infant\u00e1rio Les Oiseaux, 93330\"\n\t\t\t><\/iframe>\n\t\t<\/div>\n\t\t\t\t\t\t<\/div>\n\t\t\t\t<\/div>\n\t\t\t\t\t<\/div>\n\t\t\t\t<\/div>\n\t\t\t\t\t<\/div>\n\t\t\t\t<\/div>\n\t\t<div role=\"region\" aria-labelledby=\"e-n-accordion-item-2640\" class=\"elementor-element elementor-element-2be2374 e-flex e-con-boxed e-con e-child\" data-id=\"2be2374\" data-element_type=\"container\" data-e-type=\"container\">\n\t\t\t\t\t<div class=\"e-con-inner\">\n\t\t<div role=\"region\" aria-labelledby=\"e-n-accordion-item-2640\" class=\"elementor-element elementor-element-685e509 e-grid e-con-boxed e-con e-child\" data-id=\"685e509\" data-element_type=\"container\" data-e-type=\"container\">\n\t\t\t\t\t<div class=\"e-con-inner\">\n\t\t\t\t<div class=\"elementor-element elementor-element-d9db984 elementor-widget elementor-widget-text-editor\" data-id=\"d9db984\" data-element_type=\"widget\" data-e-type=\"widget\" data-widget_type=\"text-editor.default\">\n\t\t\t\t<div class=\"elementor-widget-container\">\n\t\t\t\t\t\t\t\t\t<h3 class=\"destinataire\"><strong>Creche Les Papillons<br \/><\/strong><\/h3><div class=\"streetAddress\">Directrice : Mme Vigouroux<br \/>Capacidade: 153 alunos<\/div><div>\u00a0<\/div><div class=\"streetAddress\">1 rue de Touraine<br \/>93330 Neuilly-sur-Marne<\/div><div>\u00a0<\/div><div class=\"streetAddress\"><span class=\"telephone\">\ud83d\udcde 01 43 08 90 54<br \/><\/span><\/div><div>\u00a0<\/div><div class=\"streetAddress\">\ud83d\udce7<strong> <a class=\"email\" title=\"ce.0930855z@ac-creteil.fr\" href=\"mailto:ce.0931631t@ac-creteil.fr\">ce.0931631t@ac-creteil.fr<\/a><\/strong><\/div>\t\t\t\t\t\t\t\t<\/div>\n\t\t\t\t<\/div>\n\t\t\t\t<div class=\"elementor-element elementor-element-7f7f360 elementor-widget elementor-widget-google_maps\" data-id=\"7f7f360\" data-element_type=\"widget\" data-e-type=\"widget\" data-widget_type=\"google_maps.default\">\n\t\t\t\t<div class=\"elementor-widget-container\">\n\t\t\t\t\t\t\t<div class=\"elementor-custom-embed\">\n\t\t\t<iframe loading=\"lazy\"\n\t\t\t\t\tsrc=\"https:\/\/maps.google.com\/maps?q=Ecole%20maternelle%20Les%20Papillons%2C%2093330&#038;t=m&#038;z=17&#038;output=embed&#038;iwloc=near\"\n\t\t\t\t\ttitle=\"Infant\u00e1rio Les Papillons, 93330\"\n\t\t\t\t\taria-label=\"Infant\u00e1rio Les Papillons, 93330\"\n\t\t\t><\/iframe>\n\t\t<\/div>\n\t\t\t\t\t\t<\/div>\n\t\t\t\t<\/div>\n\t\t\t\t\t<\/div>\n\t\t\t\t<\/div>\n\t\t\t\t\t<\/div>\n\t\t\t\t<\/div>\n\t\t<div role=\"region\" aria-labelledby=\"e-n-accordion-item-2640\" class=\"elementor-element elementor-element-e674eee e-flex e-con-boxed e-con e-child\" data-id=\"e674eee\" data-element_type=\"container\" data-e-type=\"container\">\n\t\t\t\t\t<div class=\"e-con-inner\">\n\t\t<div role=\"region\" aria-labelledby=\"e-n-accordion-item-2640\" class=\"elementor-element elementor-element-22e93c6 e-grid e-con-full e-con e-child\" data-id=\"22e93c6\" data-element_type=\"container\" data-e-type=\"container\">\n\t\t\t\t<div class=\"elementor-element elementor-element-cd1dc4f elementor-widget elementor-widget-text-editor\" data-id=\"cd1dc4f\" data-element_type=\"widget\" data-e-type=\"widget\" data-widget_type=\"text-editor.default\">\n\t\t\t\t<div class=\"elementor-widget-container\">\n\t\t\t\t\t\t\t\t\t<h3 class=\"destinataire\"><strong>Creche L'Odyss\u00e9e<br \/><\/strong><\/h3><div class=\"streetAddress\">Directrice : Mme Lemaire<br \/>Capacit\u00e9 : 273 \u00e9l\u00e8ves<\/div><div>\u00a0<\/div><div class=\"streetAddress\">\ud83d\udccd 39 avenue de Maison Blanche<br \/>93330 Neuilly-sur-Marne<\/div><div>\u00a0<\/div><div class=\"streetAddress\"><span class=\"telephone\">\ud83d\udcde 01 43 09 21 88<br \/><\/span><\/div><div>\u00a0<\/div><div class=\"streetAddress\">\ud83d\udce7<strong> <a class=\"email\" title=\"ce.0930855z@ac-creteil.fr\" href=\"mailto:ce.0930885g@ac-creteil.fr\">ce.0930885g@ac-creteil.fr<\/a><\/strong><\/div>\t\t\t\t\t\t\t\t<\/div>\n\t\t\t\t<\/div>\n\t\t\t\t<div class=\"elementor-element elementor-element-de2b278 elementor-widget elementor-widget-google_maps\" data-id=\"de2b278\" data-element_type=\"widget\" data-e-type=\"widget\" data-widget_type=\"google_maps.default\">\n\t\t\t\t<div class=\"elementor-widget-container\">\n\t\t\t\t\t\t\t<div class=\"elementor-custom-embed\">\n\t\t\t<iframe loading=\"lazy\"\n\t\t\t\t\tsrc=\"https:\/\/maps.google.com\/maps?q=Ecole%20maternelle%20L%27Odyss%C3%A9e%2C%2093330&#038;t=m&#038;z=17&#038;output=embed&#038;iwloc=near\"\n\t\t\t\t\ttitle=\"Ecole maternelle L&#039;Odyss\u00e9e, 93330\"\n\t\t\t\t\taria-label=\"Ecole maternelle L&#039;Odyss\u00e9e, 93330\"\n\t\t\t><\/iframe>\n\t\t<\/div>\n\t\t\t\t\t\t<\/div>\n\t\t\t\t<\/div>\n\t\t\t\t<\/div>\n\t\t\t\t\t<\/div>\n\t\t\t\t<\/div>\n\t\t<div role=\"region\" aria-labelledby=\"e-n-accordion-item-2640\" class=\"elementor-element elementor-element-ed0f4cf e-flex e-con-boxed e-con e-child\" data-id=\"ed0f4cf\" data-element_type=\"container\" data-e-type=\"container\">\n\t\t\t\t\t<div class=\"e-con-inner\">\n\t\t<div role=\"region\" aria-labelledby=\"e-n-accordion-item-2640\" class=\"elementor-element elementor-element-f914c10 e-grid e-con-boxed e-con e-child\" data-id=\"f914c10\" data-element_type=\"container\" data-e-type=\"container\">\n\t\t\t\t\t<div class=\"e-con-inner\">\n\t\t\t\t<div class=\"elementor-element elementor-element-8a9b023 elementor-widget elementor-widget-text-editor\" data-id=\"8a9b023\" data-element_type=\"widget\" data-e-type=\"widget\" data-widget_type=\"text-editor.default\">\n\t\t\t\t<div class=\"elementor-widget-container\">\n\t\t\t\t\t\t\t\t\t<h3 class=\"destinataire\"><strong>Creche Louis Amiard<br \/><\/strong><\/h3><div class=\"streetAddress\">Directrice : Mme Deschamps<br \/>Capacidade: 208 alunos<\/div><div>\u00a0<\/div><div class=\"streetAddress\">\ud83d\udccd 13 boulevard de la R\u00e9publique<br \/>93330 Neuilly-sur-Marne<\/div><div>\u00a0<\/div><div class=\"streetAddress\"><span class=\"telephone\">\ud83d\udcde 01 43 08 22 10<br \/><\/span><\/div><div>\u00a0<\/div><div class=\"streetAddress\">\ud83d\udce7<strong> <a class=\"email\" title=\"ce.0930855z@ac-creteil.fr\" href=\"mailto:ce.0930821m@ac-creteil.fr\">ce.0930821m@ac-creteil.fr<\/a><\/strong><\/div>\t\t\t\t\t\t\t\t<\/div>\n\t\t\t\t<\/div>\n\t\t\t\t<div class=\"elementor-element elementor-element-18a5134 elementor-widget elementor-widget-google_maps\" data-id=\"18a5134\" data-element_type=\"widget\" data-e-type=\"widget\" data-widget_type=\"google_maps.default\">\n\t\t\t\t<div class=\"elementor-widget-container\">\n\t\t\t\t\t\t\t<div class=\"elementor-custom-embed\">\n\t\t\t<iframe loading=\"lazy\"\n\t\t\t\t\tsrc=\"https:\/\/maps.google.com\/maps?q=Ecole%20maternelle%20Louis%20Amiard%2C%2093330&#038;t=m&#038;z=17&#038;output=embed&#038;iwloc=near\"\n\t\t\t\t\ttitle=\"Jardim de inf\u00e2ncia Louis Amiard, 93330\"\n\t\t\t\t\taria-label=\"Jardim de inf\u00e2ncia Louis Amiard, 93330\"\n\t\t\t><\/iframe>\n\t\t<\/div>\n\t\t\t\t\t\t<\/div>\n\t\t\t\t<\/div>\n\t\t\t\t\t<\/div>\n\t\t\t\t<\/div>\n\t\t\t\t\t<\/div>\n\t\t\t\t<\/div>\n\t\t<div role=\"region\" aria-labelledby=\"e-n-accordion-item-2640\" class=\"elementor-element elementor-element-ea0e194 e-flex e-con-boxed e-con e-child\" data-id=\"ea0e194\" data-element_type=\"container\" data-e-type=\"container\">\n\t\t\t\t\t<div class=\"e-con-inner\">\n\t\t<div role=\"region\" aria-labelledby=\"e-n-accordion-item-2640\" class=\"elementor-element elementor-element-643efab e-grid e-con-boxed e-con e-child\" data-id=\"643efab\" data-element_type=\"container\" data-e-type=\"container\">\n\t\t\t\t\t<div class=\"e-con-inner\">\n\t\t\t\t<div class=\"elementor-element elementor-element-9a04006 elementor-widget elementor-widget-text-editor\" data-id=\"9a04006\" data-element_type=\"widget\" data-e-type=\"widget\" data-widget_type=\"text-editor.default\">\n\t\t\t\t<div class=\"elementor-widget-container\">\n\t\t\t\t\t\t\t\t\t<h3 class=\"destinataire\"><strong>Creche Louis Pasteur<br \/><\/strong><\/h3><div class=\"streetAddress\">Diretor: Sr. Erbani<br \/>Capacidade: 286 alunos<\/div><div>\u00a0<\/div><div class=\"streetAddress\">4 rue Abel Tuffier<br \/>93330 Neuilly-sur-Marne<\/div><div>\u00a0<\/div><div class=\"streetAddress\"><span class=\"telephone\">\ud83d\udcde 01 43 08 28 85<br \/><\/span><\/div><div>\u00a0<\/div><div class=\"streetAddress\">\ud83d\udce7<strong> <a class=\"email\" title=\"ce.0930855z@ac-creteil.fr\" href=\"mailto:ce.0930986s@ac-creteil.fr\">ce.0930986s@ac-creteil.fr<\/a><\/strong><\/div>\t\t\t\t\t\t\t\t<\/div>\n\t\t\t\t<\/div>\n\t\t\t\t<div class=\"elementor-element elementor-element-9f053bb elementor-widget elementor-widget-google_maps\" data-id=\"9f053bb\" data-element_type=\"widget\" data-e-type=\"widget\" data-widget_type=\"google_maps.default\">\n\t\t\t\t<div class=\"elementor-widget-container\">\n\t\t\t\t\t\t\t<div class=\"elementor-custom-embed\">\n\t\t\t<iframe loading=\"lazy\"\n\t\t\t\t\tsrc=\"https:\/\/maps.google.com\/maps?q=Ecole%20maternelle%20Louis%20Pasteur%2C%2093330&#038;t=m&#038;z=17&#038;output=embed&#038;iwloc=near\"\n\t\t\t\t\ttitle=\"Infant\u00e1rio Louis Pasteur, 93330\"\n\t\t\t\t\taria-label=\"Infant\u00e1rio Louis Pasteur, 93330\"\n\t\t\t><\/iframe>\n\t\t<\/div>\n\t\t\t\t\t\t<\/div>\n\t\t\t\t<\/div>\n\t\t\t\t\t<\/div>\n\t\t\t\t<\/div>\n\t\t\t\t\t<\/div>\n\t\t\t\t<\/div>\n\t\t<div role=\"region\" aria-labelledby=\"e-n-accordion-item-2640\" class=\"elementor-element elementor-element-5185e16 e-flex e-con-boxed e-con e-child\" data-id=\"5185e16\" data-element_type=\"container\" data-e-type=\"container\">\n\t\t\t\t\t<div class=\"e-con-inner\">\n\t\t<div role=\"region\" aria-labelledby=\"e-n-accordion-item-2640\" class=\"elementor-element elementor-element-c45549b e-grid e-con-boxed e-con e-child\" data-id=\"c45549b\" data-element_type=\"container\" data-e-type=\"container\">\n\t\t\t\t\t<div class=\"e-con-inner\">\n\t\t\t\t<div class=\"elementor-element elementor-element-3b018c9 elementor-widget elementor-widget-text-editor\" data-id=\"3b018c9\" data-element_type=\"widget\" data-e-type=\"widget\" data-widget_type=\"text-editor.default\">\n\t\t\t\t<div class=\"elementor-widget-container\">\n\t\t\t\t\t\t\t\t\t<h3 class=\"destinataire\"><strong>Infant\u00e1rio Paul Val\u00e9ry<br \/><\/strong><\/h3><div class=\"streetAddress\">Directrice : Mme Ribet<br \/>Capacidade: 100 alunos<\/div><div>\u00a0<\/div><div class=\"streetAddress\">110 rue Paul et Camille Thomoux<br \/>93330 Neuilly-sur-Marne<\/div><div>\u00a0<\/div><div class=\"streetAddress\"><span class=\"telephone\">\ud83d\udcde 01 43 08 41 36<br \/><\/span><\/div><div>\u00a0<\/div><div class=\"streetAddress\">\ud83d\udce7<strong> <a class=\"email\" title=\"ce.0930855z@ac-creteil.fr\" href=\"mailto:ce.0931067e@ac-creteil.fr\">ce.0931067e@ac-creteil.fr<\/a><\/strong><\/div>\t\t\t\t\t\t\t\t<\/div>\n\t\t\t\t<\/div>\n\t\t\t\t<div class=\"elementor-element elementor-element-316efee elementor-widget elementor-widget-google_maps\" data-id=\"316efee\" data-element_type=\"widget\" data-e-type=\"widget\" data-widget_type=\"google_maps.default\">\n\t\t\t\t<div class=\"elementor-widget-container\">\n\t\t\t\t\t\t\t<div class=\"elementor-custom-embed\">\n\t\t\t<iframe loading=\"lazy\"\n\t\t\t\t\tsrc=\"https:\/\/maps.google.com\/maps?q=Ecole%20maternelle%20Paul%20Val%C3%A9ry%2C%2093330&#038;t=m&#038;z=17&#038;output=embed&#038;iwloc=near\"\n\t\t\t\t\ttitle=\"Infant\u00e1rio Paul Val\u00e9ry, 93330\"\n\t\t\t\t\taria-label=\"Infant\u00e1rio Paul Val\u00e9ry, 93330\"\n\t\t\t><\/iframe>\n\t\t<\/div>\n\t\t\t\t\t\t<\/div>\n\t\t\t\t<\/div>\n\t\t\t\t\t<\/div>\n\t\t\t\t<\/div>\n\t\t\t\t\t<\/div>\n\t\t\t\t<\/div>\n\t\t\t\t<\/div>\n\t\t\t\t\t<\/details>\n\t\t\t\t\t\t<details id=\"e-n-accordion-item-2641\" class=\"e-n-accordion-item\" >\n\t\t\t\t<summary class=\"e-n-accordion-item-title\" data-accordion-index=\"2\" tabindex=\"-1\" aria-expanded=\"false\" aria-controls=\"e-n-accordion-item-2641\" >\n\t\t\t\t\t<span class='e-n-accordion-item-title-header'><div class=\"e-n-accordion-item-title-text\"> Elementar <\/div><\/span>\n\t\t\t\t\t\t\t<span class='e-n-accordion-item-title-icon'>\n\t\t\t<span class='e-opened' ><svg aria-hidden=\"true\" class=\"e-font-icon-svg e-fas-minus\" viewbox=\"0 0 448 512\" xmlns=\"http:\/\/www.w3.org\/2000\/svg\"><path d=\"M416 208H32c-17.67 0-32 14.33-32 32v32c0 17.67 14.33 32 32 32h384c17.67 0 32-14.33 32-32v-32c0-17.67-14.33-32-32-32z\"><\/path><\/svg><\/span>\n\t\t\t<span class='e-closed'><svg aria-hidden=\"true\" class=\"e-font-icon-svg e-fas-plus\" viewbox=\"0 0 448 512\" xmlns=\"http:\/\/www.w3.org\/2000\/svg\"><path d=\"M416 208H272V64c0-17.67-14.33-32-32-32h-32c-17.67 0-32 14.33-32 32v144H32c-17.67 0-32 14.33-32 32v32c0 17.67 14.33 32 32 32h144v144c0 17.67 14.33 32 32 32h32c17.67 0 32-14.33 32-32V304h144c17.67 0 32-14.33 32-32v-32c0-17.67-14.33-32-32-32z\"><\/path><\/svg><\/span>\n\t\t<\/span>\n\n\t\t\t\t\t\t<\/summary>\n\t\t\t\t<div role=\"region\" aria-labelledby=\"e-n-accordion-item-2641\" class=\"elementor-element elementor-element-63da676 e-con-full e-flex e-con e-child\" data-id=\"63da676\" data-element_type=\"container\" data-e-type=\"container\">\n\t\t<div role=\"region\" aria-labelledby=\"e-n-accordion-item-2641\" class=\"elementor-element elementor-element-d661291 e-flex e-con-boxed e-con e-child\" data-id=\"d661291\" data-element_type=\"container\" data-e-type=\"container\">\n\t\t\t\t\t<div class=\"e-con-inner\">\n\t\t<div role=\"region\" aria-labelledby=\"e-n-accordion-item-2641\" class=\"elementor-element elementor-element-b20bf90 e-flex e-con-boxed e-con e-child\" data-id=\"b20bf90\" data-element_type=\"container\" data-e-type=\"container\">\n\t\t\t\t\t<div class=\"e-con-inner\">\n\t\t<div role=\"region\" aria-labelledby=\"e-n-accordion-item-2641\" class=\"elementor-element elementor-element-9163c28 e-grid e-con-boxed e-con e-child\" data-id=\"9163c28\" data-element_type=\"container\" data-e-type=\"container\">\n\t\t\t\t\t<div class=\"e-con-inner\">\n\t\t\t\t<div class=\"elementor-element elementor-element-5bd81cf elementor-widget elementor-widget-text-editor\" data-id=\"5bd81cf\" data-element_type=\"widget\" data-e-type=\"widget\" data-widget_type=\"text-editor.default\">\n\t\t\t\t<div class=\"elementor-widget-container\">\n\t\t\t\t\t\t\t\t\t<h3 class=\"destinataire\"><strong>Escolas prim\u00e1rias Andr\u00e9 Ch\u00e9nier<\/strong><\/h3><div class=\"streetAddress\">Directeur : M. Ferrant<br \/>Capacidade: 258 alunos<\/div><div>\u00a0<\/div><div class=\"streetAddress\">1 rue de Tourville<br \/>93330 Neuilly-sur-Marne<\/div><div>\u00a0<\/div><div class=\"streetAddress\"><span class=\"telephone\">\ud83d\udcde 01 43 08 88 56<br \/><\/span><\/div><div>\u00a0<\/div><div class=\"streetAddress\"><a class=\"email\" title=\"ce.0931512n@ac-creteil.fr\" href=\"mailto:ce.0931569a@ac-creteil.fr\">\ud83d\udce7<strong> ce.0931569a@ac-creteil.fr<\/strong><\/a><\/div>\t\t\t\t\t\t\t\t<\/div>\n\t\t\t\t<\/div>\n\t\t\t\t<div class=\"elementor-element elementor-element-8cceb05 elementor-widget elementor-widget-google_maps\" data-id=\"8cceb05\" data-element_type=\"widget\" data-e-type=\"widget\" data-widget_type=\"google_maps.default\">\n\t\t\t\t<div class=\"elementor-widget-container\">\n\t\t\t\t\t\t\t<div class=\"elementor-custom-embed\">\n\t\t\t<iframe loading=\"lazy\"\n\t\t\t\t\tsrc=\"https:\/\/maps.google.com\/maps?q=%C3%89cole%20%C3%A9l%C3%A9mentaire%20Andr%C3%A9%20Ch%C3%A9nier%2C%2093330&#038;t=m&#038;z=17&#038;output=embed&#038;iwloc=near\"\n\t\t\t\t\ttitle=\"Escolas prim\u00e1rias Andr\u00e9 Ch\u00e9nier, 93330\"\n\t\t\t\t\taria-label=\"Escolas prim\u00e1rias Andr\u00e9 Ch\u00e9nier, 93330\"\n\t\t\t><\/iframe>\n\t\t<\/div>\n\t\t\t\t\t\t<\/div>\n\t\t\t\t<\/div>\n\t\t\t\t\t<\/div>\n\t\t\t\t<\/div>\n\t\t\t\t\t<\/div>\n\t\t\t\t<\/div>\n\t\t\t\t\t<\/div>\n\t\t\t\t<\/div>\n\t\t<div role=\"region\" aria-labelledby=\"e-n-accordion-item-2641\" class=\"elementor-element elementor-element-1d1404b e-flex e-con-boxed e-con e-child\" data-id=\"1d1404b\" data-element_type=\"container\" data-e-type=\"container\">\n\t\t\t\t\t<div class=\"e-con-inner\">\n\t\t<div role=\"region\" aria-labelledby=\"e-n-accordion-item-2641\" class=\"elementor-element elementor-element-7dc4b45 e-flex e-con-boxed e-con e-child\" data-id=\"7dc4b45\" data-element_type=\"container\" data-e-type=\"container\">\n\t\t\t\t\t<div class=\"e-con-inner\">\n\t\t<div role=\"region\" aria-labelledby=\"e-n-accordion-item-2641\" class=\"elementor-element elementor-element-f771011 e-grid e-con-boxed e-con e-child\" data-id=\"f771011\" data-element_type=\"container\" data-e-type=\"container\">\n\t\t\t\t\t<div class=\"e-con-inner\">\n\t\t\t\t<div class=\"elementor-element elementor-element-510a873 elementor-widget elementor-widget-text-editor\" data-id=\"510a873\" data-element_type=\"widget\" data-e-type=\"widget\" data-widget_type=\"text-editor.default\">\n\t\t\t\t<div class=\"elementor-widget-container\">\n\t\t\t\t\t\t\t\t\t<h3 class=\"destinataire\"><strong>Escolas prim\u00e1rias Claude Rouget de Lisle<br \/><\/strong><\/h3><div class=\"streetAddress\">Gerente: Sra. Dutertre<br \/>Capacidade: 208 alunos<\/div><div>\u00a0<\/div><div class=\"streetAddress\">1 rue de Tourville<br \/>93330 Neuilly-sur-Marne<\/div><div>\u00a0<\/div><div class=\"streetAddress\"><span class=\"telephone\">\ud83d\udcde 01 43 08 97 01<br \/><\/span><\/div><div>\u00a0<\/div><div class=\"streetAddress\"><a class=\"email\" title=\"ce.0931512n@ac-creteil.fr\" href=\"mailto:ce.0931480d@ac-creteil.fr\">\ud83d\udce7<strong> ce.0931480d@ac-creteil.fr<\/strong><\/a><\/div>\t\t\t\t\t\t\t\t<\/div>\n\t\t\t\t<\/div>\n\t\t\t\t<div class=\"elementor-element elementor-element-e8f038e elementor-widget elementor-widget-google_maps\" data-id=\"e8f038e\" data-element_type=\"widget\" data-e-type=\"widget\" data-widget_type=\"google_maps.default\">\n\t\t\t\t<div class=\"elementor-widget-container\">\n\t\t\t\t\t\t\t<div class=\"elementor-custom-embed\">\n\t\t\t<iframe loading=\"lazy\"\n\t\t\t\t\tsrc=\"https:\/\/maps.google.com\/maps?q=%C3%89cole%20%C3%A9l%C3%A9mentaire%20Claude%20Rouget%20de%20Lisle%2C%2093330&#038;t=m&#038;z=17&#038;output=embed&#038;iwloc=near\"\n\t\t\t\t\ttitle=\"Escolas prim\u00e1rias Claude Rouget de Lisle, 93330\"\n\t\t\t\t\taria-label=\"Escolas prim\u00e1rias Claude Rouget de Lisle, 93330\"\n\t\t\t><\/iframe>\n\t\t<\/div>\n\t\t\t\t\t\t<\/div>\n\t\t\t\t<\/div>\n\t\t\t\t\t<\/div>\n\t\t\t\t<\/div>\n\t\t\t\t\t<\/div>\n\t\t\t\t<\/div>\n\t\t\t\t\t<\/div>\n\t\t\t\t<\/div>\n\t\t<div role=\"region\" aria-labelledby=\"e-n-accordion-item-2641\" class=\"elementor-element elementor-element-447d23c e-flex e-con-boxed e-con e-child\" data-id=\"447d23c\" data-element_type=\"container\" data-e-type=\"container\">\n\t\t\t\t\t<div class=\"e-con-inner\">\n\t\t<div role=\"region\" aria-labelledby=\"e-n-accordion-item-2641\" class=\"elementor-element elementor-element-3cce05c e-flex e-con-boxed e-con e-child\" data-id=\"3cce05c\" data-element_type=\"container\" data-e-type=\"container\">\n\t\t\t\t\t<div class=\"e-con-inner\">\n\t\t<div role=\"region\" aria-labelledby=\"e-n-accordion-item-2641\" class=\"elementor-element elementor-element-9dfb010 e-grid e-con-boxed e-con e-child\" data-id=\"9dfb010\" data-element_type=\"container\" data-e-type=\"container\">\n\t\t\t\t\t<div class=\"e-con-inner\">\n\t\t\t\t<div class=\"elementor-element elementor-element-455b9b8 elementor-widget elementor-widget-text-editor\" data-id=\"455b9b8\" data-element_type=\"widget\" data-e-type=\"widget\" data-widget_type=\"text-editor.default\">\n\t\t\t\t<div class=\"elementor-widget-container\">\n\t\t\t\t\t\t\t\t\t<h3 class=\"destinataire\"><strong>Escolas prim\u00e1rias Jean de La Fontaine<br \/><\/strong><\/h3><div class=\"streetAddress\">Directeur : M. Maia<br \/>Capacidade: 311 alunos<\/div><div>\u00a0<\/div><div class=\"streetAddress\">4 avenue Winston Churchill<br \/>93330 Neuilly-sur-Marne<\/div><div>\u00a0<\/div><div class=\"streetAddress\"><span class=\"telephone\">\ud83d\udcde 01 43 08 09 63<br \/><\/span><\/div><div>\u00a0<\/div><div class=\"streetAddress\"><a class=\"email\" title=\"ce.0931512n@ac-creteil.fr\" href=\"mailto:ce.0930995b@ac-creteil.fr\">\ud83d\udce7<strong> ce.0930995b@ac-creteil.fr<\/strong><\/a><\/div>\t\t\t\t\t\t\t\t<\/div>\n\t\t\t\t<\/div>\n\t\t\t\t<div class=\"elementor-element elementor-element-1f8fb7f elementor-widget elementor-widget-google_maps\" data-id=\"1f8fb7f\" data-element_type=\"widget\" data-e-type=\"widget\" data-widget_type=\"google_maps.default\">\n\t\t\t\t<div class=\"elementor-widget-container\">\n\t\t\t\t\t\t\t<div class=\"elementor-custom-embed\">\n\t\t\t<iframe loading=\"lazy\"\n\t\t\t\t\tsrc=\"https:\/\/maps.google.com\/maps?q=%C3%89cole%20%C3%A9l%C3%A9mentaire%20Jean%20de%20La%20Fontaine%2C%2093330&#038;t=m&#038;z=17&#038;output=embed&#038;iwloc=near\"\n\t\t\t\t\ttitle=\"Escolas prim\u00e1rias Jean de La Fontaine, 93330\"\n\t\t\t\t\taria-label=\"Escolas prim\u00e1rias Jean de La Fontaine, 93330\"\n\t\t\t><\/iframe>\n\t\t<\/div>\n\t\t\t\t\t\t<\/div>\n\t\t\t\t<\/div>\n\t\t\t\t\t<\/div>\n\t\t\t\t<\/div>\n\t\t\t\t\t<\/div>\n\t\t\t\t<\/div>\n\t\t\t\t\t<\/div>\n\t\t\t\t<\/div>\n\t\t<div role=\"region\" aria-labelledby=\"e-n-accordion-item-2641\" class=\"elementor-element elementor-element-7b01277 e-flex e-con-boxed e-con e-child\" data-id=\"7b01277\" data-element_type=\"container\" data-e-type=\"container\">\n\t\t\t\t\t<div class=\"e-con-inner\">\n\t\t<div role=\"region\" aria-labelledby=\"e-n-accordion-item-2641\" class=\"elementor-element elementor-element-d6d177f e-flex e-con-boxed e-con e-child\" data-id=\"d6d177f\" data-element_type=\"container\" data-e-type=\"container\">\n\t\t\t\t\t<div class=\"e-con-inner\">\n\t\t<div role=\"region\" aria-labelledby=\"e-n-accordion-item-2641\" class=\"elementor-element elementor-element-9edadb7 e-grid e-con-boxed e-con e-child\" data-id=\"9edadb7\" data-element_type=\"container\" data-e-type=\"container\">\n\t\t\t\t\t<div class=\"e-con-inner\">\n\t\t\t\t<div class=\"elementor-element elementor-element-c896efc elementor-widget elementor-widget-text-editor\" data-id=\"c896efc\" data-element_type=\"widget\" data-e-type=\"widget\" data-widget_type=\"text-editor.default\">\n\t\t\t\t<div class=\"elementor-widget-container\">\n\t\t\t\t\t\t\t\t\t<h3 class=\"destinataire\"><strong>Escolas prim\u00e1rias Jean Jaur\u00e8s<br \/><\/strong><\/h3><div class=\"streetAddress\">Gerente: Sra. Carreira<br \/>Capacidade: 173 alunos<\/div><div>\u00a0<\/div><div class=\"streetAddress\">48 avenue de Maison Blanche<br \/>93330 Neuilly-sur-Marne<\/div><div>\u00a0<\/div><div class=\"streetAddress\"><span class=\"telephone\">\ud83d\udcde 01 43 09 11 89<br \/><\/span><\/div><div>\u00a0<\/div><div class=\"streetAddress\"><a class=\"email\" title=\"ce.0931512n@ac-creteil.fr\" href=\"mailto:ce.0930648z@ac-creteil.fr\">\ud83d\udce7<strong> ce.0930648z@ac-creteil.fr<\/strong><\/a><\/div>\t\t\t\t\t\t\t\t<\/div>\n\t\t\t\t<\/div>\n\t\t\t\t<div class=\"elementor-element elementor-element-e7b22e7 elementor-widget elementor-widget-google_maps\" data-id=\"e7b22e7\" data-element_type=\"widget\" data-e-type=\"widget\" data-widget_type=\"google_maps.default\">\n\t\t\t\t<div class=\"elementor-widget-container\">\n\t\t\t\t\t\t\t<div class=\"elementor-custom-embed\">\n\t\t\t<iframe loading=\"lazy\"\n\t\t\t\t\tsrc=\"https:\/\/maps.google.com\/maps?q=%C3%89cole%20%C3%A9l%C3%A9mentaire%20Jean%20Jaur%C3%A8s%2C%2093330&#038;t=m&#038;z=17&#038;output=embed&#038;iwloc=near\"\n\t\t\t\t\ttitle=\"Escolas prim\u00e1rias Jean Jaur\u00e8s, 93330\"\n\t\t\t\t\taria-label=\"Escolas prim\u00e1rias Jean Jaur\u00e8s, 93330\"\n\t\t\t><\/iframe>\n\t\t<\/div>\n\t\t\t\t\t\t<\/div>\n\t\t\t\t<\/div>\n\t\t\t\t\t<\/div>\n\t\t\t\t<\/div>\n\t\t\t\t\t<\/div>\n\t\t\t\t<\/div>\n\t\t\t\t\t<\/div>\n\t\t\t\t<\/div>\n\t\t<div role=\"region\" aria-labelledby=\"e-n-accordion-item-2641\" class=\"elementor-element elementor-element-e9066d3 e-flex e-con-boxed e-con e-child\" data-id=\"e9066d3\" data-element_type=\"container\" data-e-type=\"container\">\n\t\t\t\t\t<div class=\"e-con-inner\">\n\t\t<div role=\"region\" aria-labelledby=\"e-n-accordion-item-2641\" class=\"elementor-element elementor-element-6aa518a e-flex e-con-boxed e-con e-child\" data-id=\"6aa518a\" data-element_type=\"container\" data-e-type=\"container\">\n\t\t\t\t\t<div class=\"e-con-inner\">\n\t\t<div role=\"region\" aria-labelledby=\"e-n-accordion-item-2641\" class=\"elementor-element elementor-element-a52f026 e-grid e-con-boxed e-con e-child\" data-id=\"a52f026\" data-element_type=\"container\" data-e-type=\"container\">\n\t\t\t\t\t<div class=\"e-con-inner\">\n\t\t\t\t<div class=\"elementor-element elementor-element-9fffa14 elementor-widget elementor-widget-text-editor\" data-id=\"9fffa14\" data-element_type=\"widget\" data-e-type=\"widget\" data-widget_type=\"text-editor.default\">\n\t\t\t\t<div class=\"elementor-widget-container\">\n\t\t\t\t\t\t\t\t\t<h3 class=\"destinataire\"><strong>Escolas prim\u00e1rias Jean-Baptiste Du Hamel<br \/><\/strong><\/h3><div class=\"streetAddress\">Directrice : Mme Cornil<br \/>Capacidade: 215 alunos<\/div><div>\u00a0<\/div><div class=\"streetAddress\">110 rue Paul et Camille Thomoux<br \/>93330 Neuilly-sur-Marne<\/div><div>\u00a0<\/div><div class=\"streetAddress\"><span class=\"telephone\">\ud83d\udcde 01 43 08 18 57<br \/><\/span><\/div><div>\u00a0<\/div><div class=\"streetAddress\"><a class=\"email\" title=\"ce.0931512n@ac-creteil.fr\" href=\"mailto:ce.0931292z@ac-creteil.fr\">\ud83d\udce7<strong> ce.0931292z@ac-creteil.fr<\/strong><\/a><\/div>\t\t\t\t\t\t\t\t<\/div>\n\t\t\t\t<\/div>\n\t\t\t\t<div class=\"elementor-element elementor-element-490c9ae elementor-widget elementor-widget-google_maps\" data-id=\"490c9ae\" data-element_type=\"widget\" data-e-type=\"widget\" data-widget_type=\"google_maps.default\">\n\t\t\t\t<div class=\"elementor-widget-container\">\n\t\t\t\t\t\t\t<div class=\"elementor-custom-embed\">\n\t\t\t<iframe loading=\"lazy\"\n\t\t\t\t\tsrc=\"https:\/\/maps.google.com\/maps?q=%C3%89cole%20%C3%A9l%C3%A9mentaire%20Jean-Baptiste%20Du%20Hamel%2C%2093330&#038;t=m&#038;z=17&#038;output=embed&#038;iwloc=near\"\n\t\t\t\t\ttitle=\"Escolas prim\u00e1rias Jean-Baptiste Du Hamel, 93330\"\n\t\t\t\t\taria-label=\"Escolas prim\u00e1rias Jean-Baptiste Du Hamel, 93330\"\n\t\t\t><\/iframe>\n\t\t<\/div>\n\t\t\t\t\t\t<\/div>\n\t\t\t\t<\/div>\n\t\t\t\t\t<\/div>\n\t\t\t\t<\/div>\n\t\t\t\t\t<\/div>\n\t\t\t\t<\/div>\n\t\t\t\t\t<\/div>\n\t\t\t\t<\/div>\n\t\t<div role=\"region\" aria-labelledby=\"e-n-accordion-item-2641\" class=\"elementor-element elementor-element-f66519a e-flex e-con-boxed e-con e-child\" data-id=\"f66519a\" data-element_type=\"container\" data-e-type=\"container\">\n\t\t\t\t\t<div class=\"e-con-inner\">\n\t\t<div role=\"region\" aria-labelledby=\"e-n-accordion-item-2641\" class=\"elementor-element elementor-element-605774a e-flex e-con-boxed e-con e-child\" data-id=\"605774a\" data-element_type=\"container\" data-e-type=\"container\">\n\t\t\t\t\t<div class=\"e-con-inner\">\n\t\t<div role=\"region\" aria-labelledby=\"e-n-accordion-item-2641\" class=\"elementor-element elementor-element-5430ff3 e-grid e-con-boxed e-con e-child\" data-id=\"5430ff3\" data-element_type=\"container\" data-e-type=\"container\">\n\t\t\t\t\t<div class=\"e-con-inner\">\n\t\t\t\t<div class=\"elementor-element elementor-element-c5847ad elementor-widget elementor-widget-text-editor\" data-id=\"c5847ad\" data-element_type=\"widget\" data-e-type=\"widget\" data-widget_type=\"text-editor.default\">\n\t\t\t\t<div class=\"elementor-widget-container\">\n\t\t\t\t\t\t\t\t\t<h3 class=\"destinataire\"><strong>Escolas prim\u00e1rias J\u00falio Verne<br \/><\/strong><\/h3><div class=\"streetAddress\">Gerente: Sra. Tiahur<br \/>Capacidade: 242 alunos<\/div><div>\u00a0<\/div><div class=\"streetAddress\">\ud83d\udccd 7 all\u00e9e Andr\u00e9 Gide<br \/>93330 Neuilly-sur-Marne<\/div><div>\u00a0<\/div><div class=\"streetAddress\"><span class=\"telephone\">\ud83d\udcde 01 43 08 88 46<br \/><\/span><\/div><div>\u00a0<\/div><div class=\"streetAddress\"><a class=\"email\" title=\"ce.0931512n@ac-creteil.fr\" href=\"mailto:ce.0931549d@ac-creteil.fr\">\ud83d\udce7<strong> ce.0931549d@ac-creteil.fr<\/strong><\/a><\/div>\t\t\t\t\t\t\t\t<\/div>\n\t\t\t\t<\/div>\n\t\t\t\t<div class=\"elementor-element elementor-element-cdadd8f elementor-widget elementor-widget-google_maps\" data-id=\"cdadd8f\" data-element_type=\"widget\" data-e-type=\"widget\" data-widget_type=\"google_maps.default\">\n\t\t\t\t<div class=\"elementor-widget-container\">\n\t\t\t\t\t\t\t<div class=\"elementor-custom-embed\">\n\t\t\t<iframe loading=\"lazy\"\n\t\t\t\t\tsrc=\"https:\/\/maps.google.com\/maps?q=%C3%89cole%20%C3%A9l%C3%A9mentaire%20Jules%20Verne%2C%2093330&#038;t=m&#038;z=17&#038;output=embed&#038;iwloc=near\"\n\t\t\t\t\ttitle=\"Escolas prim\u00e1rias Jules Verne, 93330\"\n\t\t\t\t\taria-label=\"Escolas prim\u00e1rias Jules Verne, 93330\"\n\t\t\t><\/iframe>\n\t\t<\/div>\n\t\t\t\t\t\t<\/div>\n\t\t\t\t<\/div>\n\t\t\t\t\t<\/div>\n\t\t\t\t<\/div>\n\t\t\t\t\t<\/div>\n\t\t\t\t<\/div>\n\t\t\t\t\t<\/div>\n\t\t\t\t<\/div>\n\t\t<div role=\"region\" aria-labelledby=\"e-n-accordion-item-2641\" class=\"elementor-element elementor-element-ba77b3a e-flex e-con-boxed e-con e-child\" data-id=\"ba77b3a\" data-element_type=\"container\" data-e-type=\"container\">\n\t\t\t\t\t<div class=\"e-con-inner\">\n\t\t<div role=\"region\" aria-labelledby=\"e-n-accordion-item-2641\" class=\"elementor-element elementor-element-457468b e-flex e-con-boxed e-con e-child\" data-id=\"457468b\" data-element_type=\"container\" data-e-type=\"container\">\n\t\t\t\t\t<div class=\"e-con-inner\">\n\t\t<div role=\"region\" aria-labelledby=\"e-n-accordion-item-2641\" class=\"elementor-element elementor-element-ba5077c e-grid e-con-boxed e-con e-child\" data-id=\"ba5077c\" data-element_type=\"container\" data-e-type=\"container\">\n\t\t\t\t\t<div class=\"e-con-inner\">\n\t\t\t\t<div class=\"elementor-element elementor-element-1e700f2 elementor-widget elementor-widget-text-editor\" data-id=\"1e700f2\" data-element_type=\"widget\" data-e-type=\"widget\" data-widget_type=\"text-editor.default\">\n\t\t\t\t<div class=\"elementor-widget-container\">\n\t\t\t\t\t\t\t\t\t<h3 class=\"destinataire\"><strong>Escolas prim\u00e1rias Louis Amiard<br \/><\/strong><\/h3><div class=\"streetAddress\">Diretor: M. Taleb<br \/>Capacidade: 373 alunos<\/div><div>\u00a0<\/div><div class=\"streetAddress\">15 boulevard de la R\u00e9publique<br \/>93330 Neuilly-sur-Marne<\/div><div>\u00a0<\/div><div class=\"streetAddress\"><span class=\"telephone\">\ud83d\udcde 01 43 08 23 25<br \/><\/span><\/div><div>\u00a0<\/div><div class=\"streetAddress\"><a class=\"email\" title=\"ce.0931512n@ac-creteil.fr\" href=\"mailto:ce.0931294b@ac-creteil.fr\">\ud83d\udce7<strong> ce.0931294b@ac-creteil.fr<\/strong><\/a><\/div>\t\t\t\t\t\t\t\t<\/div>\n\t\t\t\t<\/div>\n\t\t\t\t<div class=\"elementor-element elementor-element-3e8c5d1 elementor-widget elementor-widget-google_maps\" data-id=\"3e8c5d1\" data-element_type=\"widget\" data-e-type=\"widget\" data-widget_type=\"google_maps.default\">\n\t\t\t\t<div class=\"elementor-widget-container\">\n\t\t\t\t\t\t\t<div class=\"elementor-custom-embed\">\n\t\t\t<iframe loading=\"lazy\"\n\t\t\t\t\tsrc=\"https:\/\/maps.google.com\/maps?q=11%20rue%20Joliot%20Curie%2C%2093330&#038;t=m&#038;z=17&#038;output=embed&#038;iwloc=near\"\n\t\t\t\t\ttitle=\"11 rue Joliot Curie, 93330 Paris\"\n\t\t\t\t\taria-label=\"11 rue Joliot Curie, 93330 Paris\"\n\t\t\t><\/iframe>\n\t\t<\/div>\n\t\t\t\t\t\t<\/div>\n\t\t\t\t<\/div>\n\t\t\t\t\t<\/div>\n\t\t\t\t<\/div>\n\t\t\t\t\t<\/div>\n\t\t\t\t<\/div>\n\t\t\t\t\t<\/div>\n\t\t\t\t<\/div>\n\t\t<div role=\"region\" aria-labelledby=\"e-n-accordion-item-2641\" class=\"elementor-element elementor-element-1908e0d e-flex e-con-boxed e-con e-child\" data-id=\"1908e0d\" data-element_type=\"container\" data-e-type=\"container\">\n\t\t\t\t\t<div class=\"e-con-inner\">\n\t\t<div role=\"region\" aria-labelledby=\"e-n-accordion-item-2641\" class=\"elementor-element elementor-element-0399e52 e-flex e-con-boxed e-con e-child\" data-id=\"0399e52\" data-element_type=\"container\" data-e-type=\"container\">\n\t\t\t\t\t<div class=\"e-con-inner\">\n\t\t<div role=\"region\" aria-labelledby=\"e-n-accordion-item-2641\" class=\"elementor-element elementor-element-7728b37 e-grid e-con-boxed e-con e-child\" data-id=\"7728b37\" data-element_type=\"container\" data-e-type=\"container\">\n\t\t\t\t\t<div class=\"e-con-inner\">\n\t\t\t\t<div class=\"elementor-element elementor-element-045b099 elementor-widget elementor-widget-text-editor\" data-id=\"045b099\" data-element_type=\"widget\" data-e-type=\"widget\" data-widget_type=\"text-editor.default\">\n\t\t\t\t<div class=\"elementor-widget-container\">\n\t\t\t\t\t\t\t\t\t<h3 class=\"destinataire\"><strong>Escolas prim\u00e1rias Louis Pasteur<br \/><\/strong><\/h3><div class=\"streetAddress\">Gerente: Sra. Deon<br \/>Capacidade: 367 alunos<\/div><div>\u00a0<\/div><div class=\"streetAddress\">4 rue Abel Tuffier<br \/>93330 Neuilly-sur-Marne<\/div><div>\u00a0<\/div><div class=\"streetAddress\"><span class=\"telephone\">\ud83d\udcde 01 43 08 13 87<br \/><\/span><\/div><div>\u00a0<\/div><div class=\"streetAddress\"><a class=\"email\" title=\"ce.0931512n@ac-creteil.fr\" href=\"mailto:ce.0930994a@ac-creteil.fr\">\ud83d\udce7<strong> ce.0930994a@ac-creteil.fr<\/strong><\/a><\/div>\t\t\t\t\t\t\t\t<\/div>\n\t\t\t\t<\/div>\n\t\t\t\t<div class=\"elementor-element elementor-element-e6c04ec elementor-widget elementor-widget-google_maps\" data-id=\"e6c04ec\" data-element_type=\"widget\" data-e-type=\"widget\" data-widget_type=\"google_maps.default\">\n\t\t\t\t<div class=\"elementor-widget-container\">\n\t\t\t\t\t\t\t<div class=\"elementor-custom-embed\">\n\t\t\t<iframe loading=\"lazy\"\n\t\t\t\t\tsrc=\"https:\/\/maps.google.com\/maps?q=4%20rue%20Abel%20Tuffier%2C%2093330&#038;t=m&#038;z=17&#038;output=embed&#038;iwloc=near\"\n\t\t\t\t\ttitle=\"4 rue Abel Tuffier, 93330 Fran\u00e7a\"\n\t\t\t\t\taria-label=\"4 rue Abel Tuffier, 93330 Fran\u00e7a\"\n\t\t\t><\/iframe>\n\t\t<\/div>\n\t\t\t\t\t\t<\/div>\n\t\t\t\t<\/div>\n\t\t\t\t\t<\/div>\n\t\t\t\t<\/div>\n\t\t\t\t\t<\/div>\n\t\t\t\t<\/div>\n\t\t\t\t\t<\/div>\n\t\t\t\t<\/div>\n\t\t<div role=\"region\" aria-labelledby=\"e-n-accordion-item-2641\" class=\"elementor-element elementor-element-87927f5 e-flex e-con-boxed e-con e-child\" data-id=\"87927f5\" data-element_type=\"container\" data-e-type=\"container\">\n\t\t\t\t\t<div class=\"e-con-inner\">\n\t\t<div role=\"region\" aria-labelledby=\"e-n-accordion-item-2641\" class=\"elementor-element elementor-element-0d34042 e-flex e-con-boxed e-con e-child\" data-id=\"0d34042\" data-element_type=\"container\" data-e-type=\"container\">\n\t\t\t\t\t<div class=\"e-con-inner\">\n\t\t<div role=\"region\" aria-labelledby=\"e-n-accordion-item-2641\" class=\"elementor-element elementor-element-d8e0ad1 e-grid e-con-boxed e-con e-child\" data-id=\"d8e0ad1\" data-element_type=\"container\" data-e-type=\"container\">\n\t\t\t\t\t<div class=\"e-con-inner\">\n\t\t\t\t<div class=\"elementor-element elementor-element-deff7a5 elementor-widget elementor-widget-text-editor\" data-id=\"deff7a5\" data-element_type=\"widget\" data-e-type=\"widget\" data-widget_type=\"text-editor.default\">\n\t\t\t\t<div class=\"elementor-widget-container\">\n\t\t\t\t\t\t\t\t\t<h3 class=\"destinataire\"><strong>Escolas prim\u00e1rias Marcel Cachin<br \/><\/strong><\/h3><div class=\"streetAddress\">Diretor: M. Cartailler<br \/>Capacidade: 315 alunos<\/div><div>\u00a0<\/div><div class=\"streetAddress\">160 rue Paul et Camille Thomoux<br \/>93330 Neuilly-sur-Marne<\/div><div>\u00a0<\/div><div class=\"streetAddress\"><span class=\"telephone\">\ud83d\udcde 01 43 08 23 42<br \/><\/span><\/div><div>\u00a0<\/div><div class=\"streetAddress\"><a class=\"email\" title=\"ce.0931512n@ac-creteil.fr\" href=\"mailto:ce.0931293a@ac-creteil.fr\">\ud83d\udce7<strong> ce.0931293a@ac-creteil.fr<\/strong><\/a><\/div>\t\t\t\t\t\t\t\t<\/div>\n\t\t\t\t<\/div>\n\t\t\t\t<div class=\"elementor-element elementor-element-7efee3a elementor-widget elementor-widget-google_maps\" data-id=\"7efee3a\" data-element_type=\"widget\" data-e-type=\"widget\" data-widget_type=\"google_maps.default\">\n\t\t\t\t<div class=\"elementor-widget-container\">\n\t\t\t\t\t\t\t<div class=\"elementor-custom-embed\">\n\t\t\t<iframe loading=\"lazy\"\n\t\t\t\t\tsrc=\"https:\/\/maps.google.com\/maps?q=Ecole%20%C3%A9l%C3%A9mentaire%20Marcel%20Cachin%2C%2093330&#038;t=m&#038;z=17&#038;output=embed&#038;iwloc=near\"\n\t\t\t\t\ttitle=\"Escola prim\u00e1ria Marcel Cachin, 93330\"\n\t\t\t\t\taria-label=\"Escola prim\u00e1ria Marcel Cachin, 93330\"\n\t\t\t><\/iframe>\n\t\t<\/div>\n\t\t\t\t\t\t<\/div>\n\t\t\t\t<\/div>\n\t\t\t\t\t<\/div>\n\t\t\t\t<\/div>\n\t\t\t\t\t<\/div>\n\t\t\t\t<\/div>\n\t\t\t\t\t<\/div>\n\t\t\t\t<\/div>\n\t\t<div role=\"region\" aria-labelledby=\"e-n-accordion-item-2641\" class=\"elementor-element elementor-element-22d6b52 e-flex e-con-boxed e-con e-child\" data-id=\"22d6b52\" data-element_type=\"container\" data-e-type=\"container\">\n\t\t\t\t\t<div class=\"e-con-inner\">\n\t\t<div role=\"region\" aria-labelledby=\"e-n-accordion-item-2641\" class=\"elementor-element elementor-element-e4fc6d2 e-flex e-con-boxed e-con e-child\" data-id=\"e4fc6d2\" data-element_type=\"container\" data-e-type=\"container\">\n\t\t\t\t\t<div class=\"e-con-inner\">\n\t\t<div role=\"region\" aria-labelledby=\"e-n-accordion-item-2641\" class=\"elementor-element elementor-element-0ee6ff5 e-grid e-con-boxed e-con e-child\" data-id=\"0ee6ff5\" data-element_type=\"container\" data-e-type=\"container\">\n\t\t\t\t\t<div class=\"e-con-inner\">\n\t\t\t\t<div class=\"elementor-element elementor-element-b35a030 elementor-widget elementor-widget-text-editor\" data-id=\"b35a030\" data-element_type=\"widget\" data-e-type=\"widget\" data-widget_type=\"text-editor.default\">\n\t\t\t\t<div class=\"elementor-widget-container\">\n\t\t\t\t\t\t\t\t\t<h3 class=\"destinataire\"><strong>Escolas prim\u00e1rias Paul Val\u00e9ry<br \/><\/strong><\/h3><div class=\"streetAddress\">Gerente: Sra. Vangeli<br \/>Capacidade: 250 alunos<\/div><div>\u00a0<\/div><div class=\"streetAddress\">110 rue Paul et Camille Thomoux<br \/>93330 Neuilly-sur-Marne<\/div><div>\u00a0<\/div><div class=\"streetAddress\"><span class=\"telephone\">\ud83d\udcde 01 43 08 26 64<br \/><\/span><\/div><div>\u00a0<\/div><div class=\"streetAddress\"><a class=\"email\" title=\"ce.0931512n@ac-creteil.fr\" href=\"mailto:ce.0931412e@ac-creteil.fr\">\ud83d\udce7<strong> ce.0931412e@ac-creteil.fr<\/strong><\/a><\/div>\t\t\t\t\t\t\t\t<\/div>\n\t\t\t\t<\/div>\n\t\t\t\t<div class=\"elementor-element elementor-element-5046e13 elementor-widget elementor-widget-google_maps\" data-id=\"5046e13\" data-element_type=\"widget\" data-e-type=\"widget\" data-widget_type=\"google_maps.default\">\n\t\t\t\t<div class=\"elementor-widget-container\">\n\t\t\t\t\t\t\t<div class=\"elementor-custom-embed\">\n\t\t\t<iframe loading=\"lazy\"\n\t\t\t\t\tsrc=\"https:\/\/maps.google.com\/maps?q=Ecole%20%C3%A9l%C3%A9mentaire%20Paul%20Val%C3%A9ry%2C%2093330&#038;t=m&#038;z=17&#038;output=embed&#038;iwloc=near\"\n\t\t\t\t\ttitle=\"Escola Elementar Paul Val\u00e9ry, 93330\"\n\t\t\t\t\taria-label=\"Escola Elementar Paul Val\u00e9ry, 93330\"\n\t\t\t><\/iframe>\n\t\t<\/div>\n\t\t\t\t\t\t<\/div>\n\t\t\t\t<\/div>\n\t\t\t\t\t<\/div>\n\t\t\t\t<\/div>\n\t\t\t\t\t<\/div>\n\t\t\t\t<\/div>\n\t\t\t\t\t<\/div>\n\t\t\t\t<\/div>\n\t\t\t\t<\/div>\n\t\t\t\t\t<\/details>\n\t\t\t\t\t\t<details id=\"e-n-accordion-item-2642\" class=\"e-n-accordion-item\" >\n\t\t\t\t<summary class=\"e-n-accordion-item-title\" data-accordion-index=\"3\" tabindex=\"-1\" aria-expanded=\"false\" aria-controls=\"e-n-accordion-item-2642\" >\n\t\t\t\t\t<span class='e-n-accordion-item-title-header'><div class=\"e-n-accordion-item-title-text\"> Faculdade <\/div><\/span>\n\t\t\t\t\t\t\t<span class='e-n-accordion-item-title-icon'>\n\t\t\t<span class='e-opened' ><svg aria-hidden=\"true\" class=\"e-font-icon-svg e-fas-minus\" viewbox=\"0 0 448 512\" xmlns=\"http:\/\/www.w3.org\/2000\/svg\"><path d=\"M416 208H32c-17.67 0-32 14.33-32 32v32c0 17.67 14.33 32 32 32h384c17.67 0 32-14.33 32-32v-32c0-17.67-14.33-32-32-32z\"><\/path><\/svg><\/span>\n\t\t\t<span class='e-closed'><svg aria-hidden=\"true\" class=\"e-font-icon-svg e-fas-plus\" viewbox=\"0 0 448 512\" xmlns=\"http:\/\/www.w3.org\/2000\/svg\"><path d=\"M416 208H272V64c0-17.67-14.33-32-32-32h-32c-17.67 0-32 14.33-32 32v144H32c-17.67 0-32 14.33-32 32v32c0 17.67 14.33 32 32 32h144v144c0 17.67 14.33 32 32 32h32c17.67 0 32-14.33 32-32V304h144c17.67 0 32-14.33 32-32v-32c0-17.67-14.33-32-32-32z\"><\/path><\/svg><\/span>\n\t\t<\/span>\n\n\t\t\t\t\t\t<\/summary>\n\t\t\t\t<div role=\"region\" aria-labelledby=\"e-n-accordion-item-2642\" class=\"elementor-element elementor-element-7905c3d e-con-full e-flex e-con e-child\" data-id=\"7905c3d\" data-element_type=\"container\" data-e-type=\"container\">\n\t\t<div role=\"region\" aria-labelledby=\"e-n-accordion-item-2642\" class=\"elementor-element elementor-element-4913745 e-flex e-con-boxed e-con e-child\" data-id=\"4913745\" data-element_type=\"container\" data-e-type=\"container\">\n\t\t\t\t\t<div class=\"e-con-inner\">\n\t\t<div role=\"region\" aria-labelledby=\"e-n-accordion-item-2642\" class=\"elementor-element elementor-element-7bf67c0 e-flex e-con-boxed e-con e-child\" data-id=\"7bf67c0\" data-element_type=\"container\" data-e-type=\"container\">\n\t\t\t\t\t<div class=\"e-con-inner\">\n\t\t<div role=\"region\" aria-labelledby=\"e-n-accordion-item-2642\" class=\"elementor-element elementor-element-119e345 e-grid e-con-boxed e-con e-child\" data-id=\"119e345\" data-element_type=\"container\" data-e-type=\"container\">\n\t\t\t\t\t<div class=\"e-con-inner\">\n\t\t\t\t<div class=\"elementor-element elementor-element-93b7c1d elementor-widget elementor-widget-text-editor\" data-id=\"93b7c1d\" data-element_type=\"widget\" data-e-type=\"widget\" data-widget_type=\"text-editor.default\">\n\t\t\t\t<div class=\"elementor-widget-container\">\n\t\t\t\t\t\t\t\t\t<h3 class=\"destinataire\"><strong>Col\u00e9gio Albert Camus<br \/><\/strong><\/h3><div class=\"streetAddress\">Principal : Habbib DELLAI<br \/>Capacidade: 434 alunos<\/div><div>\u00a0<\/div><div class=\"streetAddress\">\ud83d\udccd 9 boulevard de la R\u00e9publique<br \/>93330 Neuilly-sur-Marne<\/div><div>\u00a0<\/div><div class=\"streetAddress\"><span class=\"telephone\">\ud83d\udcde 01 86 78 33 65<\/span><\/div><div>\u00a0<\/div><div class=\"streetAddress\"><a class=\"email\" title=\"ce.0931512n@ac-creteil.fr\" href=\"mailto:ce.0931228e@ac-creteil.fr\">\ud83d\udce7<strong> ce.0931228e@ac-creteil.fr<\/strong><\/a><\/div>\t\t\t\t\t\t\t\t<\/div>\n\t\t\t\t<\/div>\n\t\t\t\t<div class=\"elementor-element elementor-element-b028316 elementor-widget elementor-widget-google_maps\" data-id=\"b028316\" data-element_type=\"widget\" data-e-type=\"widget\" data-widget_type=\"google_maps.default\">\n\t\t\t\t<div class=\"elementor-widget-container\">\n\t\t\t\t\t\t\t<div class=\"elementor-custom-embed\">\n\t\t\t<iframe loading=\"lazy\"\n\t\t\t\t\tsrc=\"https:\/\/maps.google.com\/maps?q=Coll%C3%A8ge%20Albert%20Camus%2C%2093330&#038;t=m&#038;z=17&#038;output=embed&#038;iwloc=near\"\n\t\t\t\t\ttitle=\"Col\u00e9gio Albert Camus, 93330\"\n\t\t\t\t\taria-label=\"Col\u00e9gio Albert Camus, 93330\"\n\t\t\t><\/iframe>\n\t\t<\/div>\n\t\t\t\t\t\t<\/div>\n\t\t\t\t<\/div>\n\t\t\t\t\t<\/div>\n\t\t\t\t<\/div>\n\t\t\t\t\t<\/div>\n\t\t\t\t<\/div>\n\t\t\t\t\t<\/div>\n\t\t\t\t<\/div>\n\t\t<div role=\"region\" aria-labelledby=\"e-n-accordion-item-2642\" class=\"elementor-element elementor-element-01fe387 e-flex e-con-boxed e-con e-child\" data-id=\"01fe387\" data-element_type=\"container\" data-e-type=\"container\">\n\t\t\t\t\t<div class=\"e-con-inner\">\n\t\t<div role=\"region\" aria-labelledby=\"e-n-accordion-item-2642\" class=\"elementor-element elementor-element-ee4c075 e-flex e-con-boxed e-con e-child\" data-id=\"ee4c075\" data-element_type=\"container\" data-e-type=\"container\">\n\t\t\t\t\t<div class=\"e-con-inner\">\n\t\t<div role=\"region\" aria-labelledby=\"e-n-accordion-item-2642\" class=\"elementor-element elementor-element-ad460c5 e-grid e-con-boxed e-con e-child\" data-id=\"ad460c5\" data-element_type=\"container\" data-e-type=\"container\">\n\t\t\t\t\t<div class=\"e-con-inner\">\n\t\t\t\t<div class=\"elementor-element elementor-element-586531d elementor-widget elementor-widget-text-editor\" data-id=\"586531d\" data-element_type=\"widget\" data-e-type=\"widget\" data-widget_type=\"text-editor.default\">\n\t\t\t\t<div class=\"elementor-widget-container\">\n\t\t\t\t\t\t\t\t\t<h3 class=\"destinataire\"><strong>Liceu Georges Braque<br \/><\/strong><\/h3><div class=\"streetAddress\">Principal : Anne-Marie SOUBEYRE<br \/>Capacidade: 529 alunos<\/div><div>\u00a0<\/div><div class=\"streetAddress\">32 rue d'Anjou<br \/>93330 Neuilly-sur-Marne<\/div><div>\u00a0<\/div><div class=\"streetAddress\"><span class=\"telephone\">\ud83d\udcde 01 49 44 60 85<br \/><\/span><\/div><div>\u00a0<\/div><div class=\"streetAddress\"><a class=\"email\" title=\"ce.0931512n@ac-creteil.fr\" href=\"mailto:ce.0931485j@ac-creteil.fr\">\ud83d\udce7<strong> ce.0931485j@ac-creteil.fr<\/strong><\/a><\/div>\t\t\t\t\t\t\t\t<\/div>\n\t\t\t\t<\/div>\n\t\t\t\t<div class=\"elementor-element elementor-element-7868d4f elementor-widget elementor-widget-google_maps\" data-id=\"7868d4f\" data-element_type=\"widget\" data-e-type=\"widget\" data-widget_type=\"google_maps.default\">\n\t\t\t\t<div class=\"elementor-widget-container\">\n\t\t\t\t\t\t\t<div class=\"elementor-custom-embed\">\n\t\t\t<iframe loading=\"lazy\"\n\t\t\t\t\tsrc=\"https:\/\/maps.google.com\/maps?q=32%20rue%20d%27Anjou%2C%2093330&#038;t=m&#038;z=17&#038;output=embed&#038;iwloc=near\"\n\t\t\t\t\ttitle=\"32 rue d&#039;Anjou, 93330\"\n\t\t\t\t\taria-label=\"32 rue d&#039;Anjou, 93330\"\n\t\t\t><\/iframe>\n\t\t<\/div>\n\t\t\t\t\t\t<\/div>\n\t\t\t\t<\/div>\n\t\t\t\t\t<\/div>\n\t\t\t\t<\/div>\n\t\t\t\t\t<\/div>\n\t\t\t\t<\/div>\n\t\t\t\t\t<\/div>\n\t\t\t\t<\/div>\n\t\t<div role=\"region\" aria-labelledby=\"e-n-accordion-item-2642\" class=\"elementor-element elementor-element-003b675 e-flex e-con-boxed e-con e-child\" data-id=\"003b675\" data-element_type=\"container\" data-e-type=\"container\">\n\t\t\t\t\t<div class=\"e-con-inner\">\n\t\t<div role=\"region\" aria-labelledby=\"e-n-accordion-item-2642\" class=\"elementor-element elementor-element-e664d73 e-flex e-con-boxed e-con e-child\" data-id=\"e664d73\" data-element_type=\"container\" data-e-type=\"container\">\n\t\t\t\t\t<div class=\"e-con-inner\">\n\t\t<div role=\"region\" aria-labelledby=\"e-n-accordion-item-2642\" class=\"elementor-element elementor-element-31e9f0a e-grid e-con-boxed e-con e-child\" data-id=\"31e9f0a\" data-element_type=\"container\" data-e-type=\"container\">\n\t\t\t\t\t<div class=\"e-con-inner\">\n\t\t\t\t<div class=\"elementor-element elementor-element-ece684b elementor-widget elementor-widget-text-editor\" data-id=\"ece684b\" data-element_type=\"widget\" data-e-type=\"widget\" data-widget_type=\"text-editor.default\">\n\t\t\t\t<div class=\"elementor-widget-container\">\n\t\t\t\t\t\t\t\t\t<h3 class=\"destinataire\"><strong>Col\u00e9gio Honor\u00e9 de Balzac<br \/><\/strong><\/h3><div class=\"streetAddress\">Principal : Julien BEYLOT<br \/>Capacidade: 731 alunos<\/div><div>\u00a0<\/div><div class=\"streetAddress\">67 rue Paul et Camille Thomoux<br \/>93330 Neuilly-sur-Marne<\/div><div>\u00a0<\/div><div class=\"streetAddress\"><span class=\"telephone\">\ud83d\udcde 01 43 08 22 24<br \/><\/span><\/div><div>\u00a0<\/div><div class=\"streetAddress\"><a class=\"email\" title=\"ce.0931512n@ac-creteil.fr\" href=\"mailto:ce.0930894s@ac-creteil.fr\">\ud83d\udce7<strong> ce.0930894s@ac-creteil.fr<\/strong><\/a><\/div>\t\t\t\t\t\t\t\t<\/div>\n\t\t\t\t<\/div>\n\t\t\t\t<div class=\"elementor-element elementor-element-8e2c3f0 elementor-widget elementor-widget-google_maps\" data-id=\"8e2c3f0\" data-element_type=\"widget\" data-e-type=\"widget\" data-widget_type=\"google_maps.default\">\n\t\t\t\t<div class=\"elementor-widget-container\">\n\t\t\t\t\t\t\t<div class=\"elementor-custom-embed\">\n\t\t\t<iframe loading=\"lazy\"\n\t\t\t\t\tsrc=\"https:\/\/maps.google.com\/maps?q=Coll%C3%A8ge%20Honor%C3%A9%20de%20Balzac%2C%2093330&#038;t=m&#038;z=17&#038;output=embed&#038;iwloc=near\"\n\t\t\t\t\ttitle=\"Col\u00e9gio Honor\u00e9 de Balzac, 93330\"\n\t\t\t\t\taria-label=\"Col\u00e9gio Honor\u00e9 de Balzac, 93330\"\n\t\t\t><\/iframe>\n\t\t<\/div>\n\t\t\t\t\t\t<\/div>\n\t\t\t\t<\/div>\n\t\t\t\t\t<\/div>\n\t\t\t\t<\/div>\n\t\t\t\t\t<\/div>\n\t\t\t\t<\/div>\n\t\t\t\t\t<\/div>\n\t\t\t\t<\/div>\n\t\t\t\t<\/div>\n\t\t\t\t\t<\/details>\n\t\t\t\t\t\t<details id=\"e-n-accordion-item-2643\" class=\"e-n-accordion-item\" >\n\t\t\t\t<summary class=\"e-n-accordion-item-title\" data-accordion-index=\"4\" tabindex=\"-1\" aria-expanded=\"false\" aria-controls=\"e-n-accordion-item-2643\" >\n\t\t\t\t\t<span class='e-n-accordion-item-title-header'><div class=\"e-n-accordion-item-title-text\"> Liceu <\/div><\/span>\n\t\t\t\t\t\t\t<span class='e-n-accordion-item-title-icon'>\n\t\t\t<span class='e-opened' ><svg aria-hidden=\"true\" class=\"e-font-icon-svg e-fas-minus\" viewbox=\"0 0 448 512\" xmlns=\"http:\/\/www.w3.org\/2000\/svg\"><path d=\"M416 208H32c-17.67 0-32 14.33-32 32v32c0 17.67 14.33 32 32 32h384c17.67 0 32-14.33 32-32v-32c0-17.67-14.33-32-32-32z\"><\/path><\/svg><\/span>\n\t\t\t<span class='e-closed'><svg aria-hidden=\"true\" class=\"e-font-icon-svg e-fas-plus\" viewbox=\"0 0 448 512\" xmlns=\"http:\/\/www.w3.org\/2000\/svg\"><path d=\"M416 208H272V64c0-17.67-14.33-32-32-32h-32c-17.67 0-32 14.33-32 32v144H32c-17.67 0-32 14.33-32 32v32c0 17.67 14.33 32 32 32h144v144c0 17.67 14.33 32 32 32h32c17.67 0 32-14.33 32-32V304h144c17.67 0 32-14.33 32-32v-32c0-17.67-14.33-32-32-32z\"><\/path><\/svg><\/span>\n\t\t<\/span>\n\n\t\t\t\t\t\t<\/summary>\n\t\t\t\t<div role=\"region\" aria-labelledby=\"e-n-accordion-item-2643\" class=\"elementor-element elementor-element-9a53942 e-flex e-con-boxed e-con e-child\" data-id=\"9a53942\" data-element_type=\"container\" data-e-type=\"container\">\n\t\t\t\t\t<div class=\"e-con-inner\">\n\t\t<div role=\"region\" aria-labelledby=\"e-n-accordion-item-2643\" class=\"elementor-element elementor-element-b5e9b0b e-flex e-con-boxed e-con e-child\" data-id=\"b5e9b0b\" data-element_type=\"container\" data-e-type=\"container\">\n\t\t\t\t\t<div class=\"e-con-inner\">\n\t\t<div role=\"region\" aria-labelledby=\"e-n-accordion-item-2643\" class=\"elementor-element elementor-element-f5925e6 e-grid e-con-boxed e-con e-child\" data-id=\"f5925e6\" data-element_type=\"container\" data-e-type=\"container\">\n\t\t\t\t\t<div class=\"e-con-inner\">\n\t\t\t\t<div class=\"elementor-element elementor-element-9a44b85 elementor-widget elementor-widget-text-editor\" data-id=\"9a44b85\" data-element_type=\"widget\" data-e-type=\"widget\" data-widget_type=\"text-editor.default\">\n\t\t\t\t<div class=\"elementor-widget-container\">\n\t\t\t\t\t\t\t\t\t<div><h3 class=\"destinataire\"><strong>Liceu Nicolas-Joseph Cugnot<br \/><\/strong><\/h3><div class=\"streetAddress\"><div class=\"streetAddress\">Proviseure : Eveline DELFAU<br \/>Capacidade: 639 alunos<\/div><div>\u00a0<\/div><div class=\"streetAddress\">\ud83d\udccd 55 boulevard Louis Armand<br \/>93330 Neuilly-sur-Marne<\/div><div>\u00a0<\/div><div class=\"streetAddress\"><span class=\"telephone\">\ud83d\udcde 01 49 44 81 10<br \/><\/span><\/div><div>\u00a0<\/div><div class=\"streetAddress\"><a class=\"email\" title=\"ce.0931512n@ac-creteil.fr\" href=\"mailto:ce.0932291k@ac-creteil.fr\">\ud83d\udce7<strong> ce.0932291k@ac-creteil.fr<\/strong><\/a><\/div><\/div><div>\u00a0<\/div><div>Ensino geral, tecnol\u00f3gico e profissional<\/div><\/div>\t\t\t\t\t\t\t\t<\/div>\n\t\t\t\t<\/div>\n\t\t\t\t<div class=\"elementor-element elementor-element-69c57f6 elementor-widget elementor-widget-google_maps\" data-id=\"69c57f6\" data-element_type=\"widget\" data-e-type=\"widget\" data-widget_type=\"google_maps.default\">\n\t\t\t\t<div class=\"elementor-widget-container\">\n\t\t\t\t\t\t\t<div class=\"elementor-custom-embed\">\n\t\t\t<iframe loading=\"lazy\"\n\t\t\t\t\tsrc=\"https:\/\/maps.google.com\/maps?q=Lyc%C3%A9e%20Nicolas-Joseph%20Cugnot%2C%2093330&#038;t=m&#038;z=17&#038;output=embed&#038;iwloc=near\"\n\t\t\t\t\ttitle=\"Liceu Nicolas-Joseph Cugnot, 93330\"\n\t\t\t\t\taria-label=\"Liceu Nicolas-Joseph Cugnot, 93330\"\n\t\t\t><\/iframe>\n\t\t<\/div>\n\t\t\t\t\t\t<\/div>\n\t\t\t\t<\/div>\n\t\t\t\t\t<\/div>\n\t\t\t\t<\/div>\n\t\t\t\t\t<\/div>\n\t\t\t\t<\/div>\n\t\t\t\t\t<\/div>\n\t\t\t\t<\/div>\n\t\t\t\t\t<\/details>\n\t\t\t\t\t<\/div>\n\t\t\t\t\t\t<\/div>\n\t\t\t\t<\/div>\n\t\t\t\t<\/div>\n\t\t\t\t<\/div>","protected":false},"excerpt":{"rendered":"<p>Inscriptions scolaires Modalit\u00e9s d&rsquo;inscription Seuls le ou les responsables l\u00e9gaux de l\u2019enfant peuvent effectuer l\u2019inscription scolaire. Les enfants concern\u00e9s par l\u2019entr\u00e9e en \u00e9cole maternelle sont ceux n\u00e9s en 2023. Les parents n&rsquo;ont plus \u00e0 inscrire leurs enfants entre la Grande Section de maternelle et le CP. Les enfants sont directement inscrits en CP sur leur [&hellip;]<\/p>\n","protected":false},"author":1,"featured_media":6805,"parent":0,"menu_order":0,"comment_status":"closed","ping_status":"closed","template":"","meta":{"_acf_changed":false,"footnotes":""},"class_list":["post-535","page","type-page","status-publish","has-post-thumbnail","hentry"],"acf":[],"yoast_head":"<!-- This site is optimized with the Yoast SEO plugin v27.4 - https:\/\/yoast.com\/product\/yoast-seo-wordpress\/ -->\n<title>Scolaire - Mairie de Neuilly-sur-Marne<\/title>\n<meta name=\"robots\" content=\"index, follow, max-snippet:-1, max-image-preview:large, max-video-preview:-1\" \/>\n<link rel=\"canonical\" href=\"https:\/\/www.neuillysurmarne.fr\/pt\/scolaire\/\" \/>\n<meta property=\"og:locale\" content=\"pt_PT\" \/>\n<meta property=\"og:type\" content=\"article\" \/>\n<meta property=\"og:title\" content=\"Scolaire - Mairie de Neuilly-sur-Marne\" \/>\n<meta property=\"og:description\" content=\"Inscriptions scolaires Modalit\u00e9s d&rsquo;inscription Seuls le ou les responsables l\u00e9gaux de l\u2019enfant peuvent effectuer l\u2019inscription scolaire. Les enfants concern\u00e9s par l\u2019entr\u00e9e en \u00e9cole maternelle sont ceux n\u00e9s en 2023. Les parents n&rsquo;ont plus \u00e0 inscrire leurs enfants entre la Grande Section de maternelle et le CP. Les enfants sont directement inscrits en CP sur leur [&hellip;]\" \/>\n<meta property=\"og:url\" content=\"https:\/\/www.neuillysurmarne.fr\/pt\/scolaire\/\" \/>\n<meta property=\"og:site_name\" content=\"Mairie de Neuilly-sur-Marne\" \/>\n<meta property=\"article:publisher\" content=\"https:\/\/www.facebook.com\/ville.neuilly\" \/>\n<meta property=\"article:modified_time\" content=\"2026-04-21T17:14:07+00:00\" \/>\n<meta property=\"og:image\" content=\"https:\/\/www.neuillysurmarne.fr\/wp-content\/uploads\/2024\/05\/AdobeStock_288862680-scaled.jpeg\" \/>\n\t<meta property=\"og:image:width\" content=\"2560\" \/>\n\t<meta property=\"og:image:height\" content=\"853\" \/>\n\t<meta property=\"og:image:type\" content=\"image\/jpeg\" \/>\n<meta name=\"twitter:card\" content=\"summary_large_image\" \/>\n<meta name=\"twitter:label1\" content=\"Tempo estimado de leitura\" \/>\n\t<meta name=\"twitter:data1\" content=\"40 minutos\" \/>\n<script type=\"application\/ld+json\" class=\"yoast-schema-graph\">{\"@context\":\"https:\\\/\\\/schema.org\",\"@graph\":[{\"@type\":\"WebPage\",\"@id\":\"https:\\\/\\\/www.neuillysurmarne.fr\\\/scolaire\\\/\",\"url\":\"https:\\\/\\\/www.neuillysurmarne.fr\\\/scolaire\\\/\",\"name\":\"Scolaire - Mairie de Neuilly-sur-Marne\",\"isPartOf\":{\"@id\":\"https:\\\/\\\/www.neuillysurmarne.fr\\\/es\\\/#website\"},\"primaryImageOfPage\":{\"@id\":\"https:\\\/\\\/www.neuillysurmarne.fr\\\/scolaire\\\/#primaryimage\"},\"image\":{\"@id\":\"https:\\\/\\\/www.neuillysurmarne.fr\\\/scolaire\\\/#primaryimage\"},\"thumbnailUrl\":\"https:\\\/\\\/www.neuillysurmarne.fr\\\/wp-content\\\/uploads\\\/2024\\\/05\\\/AdobeStock_288862680-scaled.jpeg\",\"datePublished\":\"2023-11-13T11:07:44+00:00\",\"dateModified\":\"2026-04-21T17:14:07+00:00\",\"breadcrumb\":{\"@id\":\"https:\\\/\\\/www.neuillysurmarne.fr\\\/scolaire\\\/#breadcrumb\"},\"inLanguage\":\"pt-PT\",\"potentialAction\":[{\"@type\":\"ReadAction\",\"target\":[\"https:\\\/\\\/www.neuillysurmarne.fr\\\/scolaire\\\/\"]}]},{\"@type\":\"ImageObject\",\"inLanguage\":\"pt-PT\",\"@id\":\"https:\\\/\\\/www.neuillysurmarne.fr\\\/scolaire\\\/#primaryimage\",\"url\":\"https:\\\/\\\/www.neuillysurmarne.fr\\\/wp-content\\\/uploads\\\/2024\\\/05\\\/AdobeStock_288862680-scaled.jpeg\",\"contentUrl\":\"https:\\\/\\\/www.neuillysurmarne.fr\\\/wp-content\\\/uploads\\\/2024\\\/05\\\/AdobeStock_288862680-scaled.jpeg\",\"width\":2560,\"height\":853},{\"@type\":\"BreadcrumbList\",\"@id\":\"https:\\\/\\\/www.neuillysurmarne.fr\\\/scolaire\\\/#breadcrumb\",\"itemListElement\":[{\"@type\":\"ListItem\",\"position\":1,\"name\":\"Accueil\",\"item\":\"https:\\\/\\\/www.neuillysurmarne.fr\\\/\"},{\"@type\":\"ListItem\",\"position\":2,\"name\":\"Scolaire\"}]},{\"@type\":\"WebSite\",\"@id\":\"https:\\\/\\\/www.neuillysurmarne.fr\\\/es\\\/#website\",\"url\":\"https:\\\/\\\/www.neuillysurmarne.fr\\\/es\\\/\",\"name\":\"Mairie de Neuilly-sur-Marne\",\"description\":\"BETA\",\"publisher\":{\"@id\":\"https:\\\/\\\/www.neuillysurmarne.fr\\\/es\\\/#organization\"},\"potentialAction\":[{\"@type\":\"SearchAction\",\"target\":{\"@type\":\"EntryPoint\",\"urlTemplate\":\"https:\\\/\\\/www.neuillysurmarne.fr\\\/es\\\/?s={search_term_string}\"},\"query-input\":{\"@type\":\"PropertyValueSpecification\",\"valueRequired\":true,\"valueName\":\"search_term_string\"}}],\"inLanguage\":\"pt-PT\"},{\"@type\":\"Organization\",\"@id\":\"https:\\\/\\\/www.neuillysurmarne.fr\\\/es\\\/#organization\",\"name\":\"Mairie de Neuilly-sur-Marne\",\"url\":\"https:\\\/\\\/www.neuillysurmarne.fr\\\/es\\\/\",\"logo\":{\"@type\":\"ImageObject\",\"inLanguage\":\"pt-PT\",\"@id\":\"https:\\\/\\\/www.neuillysurmarne.fr\\\/es\\\/#\\\/schema\\\/logo\\\/image\\\/\",\"url\":\"https:\\\/\\\/www.neuillysurmarne.fr\\\/wp-content\\\/uploads\\\/2023\\\/10\\\/LOGO-NeuillysurMarne-blanc.png\",\"contentUrl\":\"https:\\\/\\\/www.neuillysurmarne.fr\\\/wp-content\\\/uploads\\\/2023\\\/10\\\/LOGO-NeuillysurMarne-blanc.png\",\"width\":3308,\"height\":2586,\"caption\":\"Mairie de Neuilly-sur-Marne\"},\"image\":{\"@id\":\"https:\\\/\\\/www.neuillysurmarne.fr\\\/es\\\/#\\\/schema\\\/logo\\\/image\\\/\"},\"sameAs\":[\"https:\\\/\\\/www.facebook.com\\\/ville.neuilly\",\"https:\\\/\\\/www.instagram.com\\\/neuilly_marne\\\/\",\"https:\\\/\\\/www.linkedin.com\\\/company\\\/ville-de-neuilly-sur-marne\\\/\",\"https:\\\/\\\/www.youtube.com\\\/channel\\\/UCDdZ0TLrV8rfIqjBGvoeB5A\",\"https:\\\/\\\/www.tiktok.com\\\/@villedeneuillysurmarne\"]}]}<\/script>\n<!-- \/ Yoast SEO plugin. -->","yoast_head_json":{"title":"Scolaire - Mairie de Neuilly-sur-Marne","robots":{"index":"index","follow":"follow","max-snippet":"max-snippet:-1","max-image-preview":"max-image-preview:large","max-video-preview":"max-video-preview:-1"},"canonical":"https:\/\/www.neuillysurmarne.fr\/pt\/scolaire\/","og_locale":"pt_PT","og_type":"article","og_title":"Scolaire - Mairie de Neuilly-sur-Marne","og_description":"Inscriptions scolaires Modalit\u00e9s d&rsquo;inscription Seuls le ou les responsables l\u00e9gaux de l\u2019enfant peuvent effectuer l\u2019inscription scolaire. Les enfants concern\u00e9s par l\u2019entr\u00e9e en \u00e9cole maternelle sont ceux n\u00e9s en 2023. Les parents n&rsquo;ont plus \u00e0 inscrire leurs enfants entre la Grande Section de maternelle et le CP. Les enfants sont directement inscrits en CP sur leur [&hellip;]","og_url":"https:\/\/www.neuillysurmarne.fr\/pt\/scolaire\/","og_site_name":"Mairie de Neuilly-sur-Marne","article_publisher":"https:\/\/www.facebook.com\/ville.neuilly","article_modified_time":"2026-04-21T17:14:07+00:00","og_image":[{"width":2560,"height":853,"url":"https:\/\/www.neuillysurmarne.fr\/wp-content\/uploads\/2024\/05\/AdobeStock_288862680-scaled.jpeg","type":"image\/jpeg"}],"twitter_card":"summary_large_image","twitter_misc":{"Tempo estimado de leitura":"40 minutos"},"schema":{"@context":"https:\/\/schema.org","@graph":[{"@type":"WebPage","@id":"https:\/\/www.neuillysurmarne.fr\/scolaire\/","url":"https:\/\/www.neuillysurmarne.fr\/scolaire\/","name":"Scolaire - Mairie de Neuilly-sur-Marne","isPartOf":{"@id":"https:\/\/www.neuillysurmarne.fr\/es\/#website"},"primaryImageOfPage":{"@id":"https:\/\/www.neuillysurmarne.fr\/scolaire\/#primaryimage"},"image":{"@id":"https:\/\/www.neuillysurmarne.fr\/scolaire\/#primaryimage"},"thumbnailUrl":"https:\/\/www.neuillysurmarne.fr\/wp-content\/uploads\/2024\/05\/AdobeStock_288862680-scaled.jpeg","datePublished":"2023-11-13T11:07:44+00:00","dateModified":"2026-04-21T17:14:07+00:00","breadcrumb":{"@id":"https:\/\/www.neuillysurmarne.fr\/scolaire\/#breadcrumb"},"inLanguage":"pt-PT","potentialAction":[{"@type":"ReadAction","target":["https:\/\/www.neuillysurmarne.fr\/scolaire\/"]}]},{"@type":"ImageObject","inLanguage":"pt-PT","@id":"https:\/\/www.neuillysurmarne.fr\/scolaire\/#primaryimage","url":"https:\/\/www.neuillysurmarne.fr\/wp-content\/uploads\/2024\/05\/AdobeStock_288862680-scaled.jpeg","contentUrl":"https:\/\/www.neuillysurmarne.fr\/wp-content\/uploads\/2024\/05\/AdobeStock_288862680-scaled.jpeg","width":2560,"height":853},{"@type":"BreadcrumbList","@id":"https:\/\/www.neuillysurmarne.fr\/scolaire\/#breadcrumb","itemListElement":[{"@type":"ListItem","position":1,"name":"Accueil","item":"https:\/\/www.neuillysurmarne.fr\/"},{"@type":"ListItem","position":2,"name":"Scolaire"}]},{"@type":"WebSite","@id":"https:\/\/www.neuillysurmarne.fr\/es\/#website","url":"https:\/\/www.neuillysurmarne.fr\/es\/","name":"C\u00e2mara Municipal de Neuilly-sur-Marne","description":"BETA","publisher":{"@id":"https:\/\/www.neuillysurmarne.fr\/es\/#organization"},"potentialAction":[{"@type":"SearchAction","target":{"@type":"EntryPoint","urlTemplate":"https:\/\/www.neuillysurmarne.fr\/es\/?s={search_term_string}"},"query-input":{"@type":"PropertyValueSpecification","valueRequired":true,"valueName":"search_term_string"}}],"inLanguage":"pt-PT"},{"@type":"Organization","@id":"https:\/\/www.neuillysurmarne.fr\/es\/#organization","name":"C\u00e2mara Municipal de Neuilly-sur-Marne","url":"https:\/\/www.neuillysurmarne.fr\/es\/","logo":{"@type":"ImageObject","inLanguage":"pt-PT","@id":"https:\/\/www.neuillysurmarne.fr\/es\/#\/schema\/logo\/image\/","url":"https:\/\/www.neuillysurmarne.fr\/wp-content\/uploads\/2023\/10\/LOGO-NeuillysurMarne-blanc.png","contentUrl":"https:\/\/www.neuillysurmarne.fr\/wp-content\/uploads\/2023\/10\/LOGO-NeuillysurMarne-blanc.png","width":3308,"height":2586,"caption":"Mairie de Neuilly-sur-Marne"},"image":{"@id":"https:\/\/www.neuillysurmarne.fr\/es\/#\/schema\/logo\/image\/"},"sameAs":["https:\/\/www.facebook.com\/ville.neuilly","https:\/\/www.instagram.com\/neuilly_marne\/","https:\/\/www.linkedin.com\/company\/ville-de-neuilly-sur-marne\/","https:\/\/www.youtube.com\/channel\/UCDdZ0TLrV8rfIqjBGvoeB5A","https:\/\/www.tiktok.com\/@villedeneuillysurmarne"]}]}},"_links":{"self":[{"href":"https:\/\/www.neuillysurmarne.fr\/pt\/wp-json\/wp\/v2\/pages\/535","targetHints":{"allow":["GET"]}}],"collection":[{"href":"https:\/\/www.neuillysurmarne.fr\/pt\/wp-json\/wp\/v2\/pages"}],"about":[{"href":"https:\/\/www.neuillysurmarne.fr\/pt\/wp-json\/wp\/v2\/types\/page"}],"author":[{"embeddable":true,"href":"https:\/\/www.neuillysurmarne.fr\/pt\/wp-json\/wp\/v2\/users\/1"}],"replies":[{"embeddable":true,"href":"https:\/\/www.neuillysurmarne.fr\/pt\/wp-json\/wp\/v2\/comments?post=535"}],"version-history":[{"count":212,"href":"https:\/\/www.neuillysurmarne.fr\/pt\/wp-json\/wp\/v2\/pages\/535\/revisions"}],"predecessor-version":[{"id":17960,"href":"https:\/\/www.neuillysurmarne.fr\/pt\/wp-json\/wp\/v2\/pages\/535\/revisions\/17960"}],"wp:featuredmedia":[{"embeddable":true,"href":"https:\/\/www.neuillysurmarne.fr\/pt\/wp-json\/wp\/v2\/media\/6805"}],"wp:attachment":[{"href":"https:\/\/www.neuillysurmarne.fr\/pt\/wp-json\/wp\/v2\/media?parent=535"}],"curies":[{"name":"wp","href":"https:\/\/api.w.org\/{rel}","templated":true}]}}