{"id":614,"date":"2023-11-13T12:43:41","date_gmt":"2023-11-13T11:43:41","guid":{"rendered":"https:\/\/www.neuillysurmarne.fr\/?page_id=614"},"modified":"2025-07-09T10:26:10","modified_gmt":"2025-07-09T08:26:10","slug":"menagerie-saint-baudile","status":"publish","type":"page","link":"https:\/\/www.neuillysurmarne.fr\/pt\/menagerie-saint-baudile\/","title":{"rendered":"Saint-Baudile Menagerie"},"content":{"rendered":"<div data-elementor-type=\"wp-page\" data-elementor-id=\"614\" class=\"elementor elementor-614\" data-elementor-post-type=\"page\">\n\t\t\t\t<div class=\"elementor-element elementor-element-7a034b39 e-flex e-con-boxed e-con e-parent\" data-id=\"7a034b39\" data-element_type=\"container\" data-e-type=\"container\">\n\t\t\t\t\t<div class=\"e-con-inner\">\n\t\t<div class=\"elementor-element elementor-element-bbfffdc e-flex e-con-boxed e-con e-child\" data-id=\"bbfffdc\" data-element_type=\"container\" data-e-type=\"container\">\n\t\t\t\t\t<div class=\"e-con-inner\">\n\t\t<div class=\"elementor-element elementor-element-8cfb56a e-grid e-con-boxed e-con e-child\" data-id=\"8cfb56a\" data-element_type=\"container\" data-e-type=\"container\">\n\t\t\t\t\t<div class=\"e-con-inner\">\n\t\t\t\t<div class=\"elementor-element elementor-element-addf157 elementor-widget elementor-widget-text-editor\" data-id=\"addf157\" data-element_type=\"widget\" data-e-type=\"widget\" data-widget_type=\"text-editor.default\">\n\t\t\t\t<div class=\"elementor-widget-container\">\n\t\t\t\t\t\t\t\t\t<p>Antigamente conhecida como minifazenda ou fazenda pedag\u00f3gica,\u00a0<strong>a cole\u00e7\u00e3o de animais de Saint-Baudile, <\/strong>situado no cora\u00e7\u00e3o do parque de 33 hectares, permite aos jovens citadinos descobrir os animais da quinta. Recentemente, a estrutura original que alberga os animais da quinta (patos, gansos, coelhos, etc.) foi renovada e ampliada por <strong>dois grandes compartimentos<\/strong>\u00a0onde cabras, vacas, ovelhas e cavalos se divertem.<\/p><p><strong>Dois avi\u00e1rios<\/strong>\u00a0s\u00e3o tamb\u00e9m o lar de uma grande variedade de aves, incluindo pav\u00f5es e fais\u00f5es brancos e azuis, bem como esp\u00e9cies antigas de pombos e galinhas, como a galinha da seda, conhecida na China desde o s\u00e9culo X.<sup>th<\/sup> ou o Pompadour, uma ra\u00e7a criada no Imp\u00e9rio Romano.<\/p>\t\t\t\t\t\t\t\t<\/div>\n\t\t\t\t<\/div>\n\t\t\t\t<div class=\"elementor-element elementor-element-3205301 elementor-widget elementor-widget-video\" data-id=\"3205301\" data-element_type=\"widget\" data-e-type=\"widget\" data-settings=\"{&quot;youtube_url&quot;:&quot;https:\\\/\\\/www.youtube.com\\\/watch?v=D0EDmd-yzx0&quot;,&quot;autoplay&quot;:&quot;yes&quot;,&quot;video_type&quot;:&quot;youtube&quot;,&quot;controls&quot;:&quot;yes&quot;}\" data-widget_type=\"video.default\">\n\t\t\t\t<div class=\"elementor-widget-container\">\n\t\t\t\t\t\t\t<div class=\"elementor-wrapper elementor-open-inline\">\n\t\t\t<div class=\"elementor-video\"><\/div>\t\t<\/div>\n\t\t\t\t\t\t<\/div>\n\t\t\t\t<\/div>\n\t\t\t\t\t<\/div>\n\t\t\t\t<\/div>\n\t\t\t\t\t<\/div>\n\t\t\t\t<\/div>\n\t\t\t\t<div class=\"elementor-element elementor-element-c81a36b elementor-widget elementor-widget-text-editor\" data-id=\"c81a36b\" data-element_type=\"widget\" data-e-type=\"widget\" data-widget_type=\"text-editor.default\">\n\t\t\t\t<div class=\"elementor-widget-container\">\n\t\t\t\t\t\t\t\t\t<p>Ao tornar-se uma cole\u00e7\u00e3o de animais, a quinta pedag\u00f3gica assumiu uma nova miss\u00e3o, a de\u00a0<strong>conserva\u00e7\u00e3o e promo\u00e7\u00e3o de esp\u00e9cies animais pouco conhecidas<\/strong>. \u00c9 o caso das ra\u00e7as hist\u00f3ricas de pombos, que poder\u00e3o reproduzir-se em avi\u00e1rios e ser\u00e3o depois reintroduzidas no parque.<\/p><p>Venha descobrir toda esta diversidade e divertir-se com toda a fam\u00edlia!<\/p>\t\t\t\t\t\t\t\t<\/div>\n\t\t\t\t<\/div>\n\t\t\t\t<div class=\"elementor-element elementor-element-2054a61 elementor-widget elementor-widget-n-accordion\" data-id=\"2054a61\" data-element_type=\"widget\" data-e-type=\"widget\" data-settings=\"{&quot;default_state&quot;:&quot;all_collapsed&quot;,&quot;max_items_expended&quot;:&quot;one&quot;,&quot;n_accordion_animation_duration&quot;:{&quot;unit&quot;:&quot;ms&quot;,&quot;size&quot;:400,&quot;sizes&quot;:[]}}\" data-widget_type=\"nested-accordion.default\">\n\t\t\t\t<div class=\"elementor-widget-container\">\n\t\t\t\t\t\t\t<div class=\"e-n-accordion\" aria-label=\"Acorde\u00e3o. Abrir liga\u00e7\u00f5es com Enter ou Espa\u00e7o, fechar com Escape e navegar com Setas\">\n\t\t\t\t\t\t<details id=\"e-n-accordion-item-3390\" class=\"e-n-accordion-item\" >\n\t\t\t\t<summary class=\"e-n-accordion-item-title\" data-accordion-index=\"1\" tabindex=\"0\" aria-expanded=\"false\" aria-controls=\"e-n-accordion-item-3390\" >\n\t\t\t\t\t<span class='e-n-accordion-item-title-header'><div class=\"e-n-accordion-item-title-text\"> Hor\u00e1rio de funcionamento da escola <\/div><\/span>\n\t\t\t\t\t\t\t<span class='e-n-accordion-item-title-icon'>\n\t\t\t<span class='e-opened' ><svg aria-hidden=\"true\" class=\"e-font-icon-svg e-fas-minus\" viewbox=\"0 0 448 512\" xmlns=\"http:\/\/www.w3.org\/2000\/svg\"><path d=\"M416 208H32c-17.67 0-32 14.33-32 32v32c0 17.67 14.33 32 32 32h384c17.67 0 32-14.33 32-32v-32c0-17.67-14.33-32-32-32z\"><\/path><\/svg><\/span>\n\t\t\t<span class='e-closed'><svg aria-hidden=\"true\" class=\"e-font-icon-svg e-fas-plus\" viewbox=\"0 0 448 512\" xmlns=\"http:\/\/www.w3.org\/2000\/svg\"><path d=\"M416 208H272V64c0-17.67-14.33-32-32-32h-32c-17.67 0-32 14.33-32 32v144H32c-17.67 0-32 14.33-32 32v32c0 17.67 14.33 32 32 32h144v144c0 17.67 14.33 32 32 32h32c17.67 0 32-14.33 32-32V304h144c17.67 0 32-14.33 32-32v-32c0-17.67-14.33-32-32-32z\"><\/path><\/svg><\/span>\n\t\t<\/span>\n\n\t\t\t\t\t\t<\/summary>\n\t\t\t\t<div role=\"region\" aria-labelledby=\"e-n-accordion-item-3390\" class=\"elementor-element elementor-element-0e75d6f e-con-full e-flex e-con e-child\" data-id=\"0e75d6f\" data-element_type=\"container\" data-e-type=\"container\">\n\t\t<div role=\"region\" aria-labelledby=\"e-n-accordion-item-3390\" class=\"elementor-element elementor-element-c7fcda7 e-flex e-con-boxed e-con e-child\" data-id=\"c7fcda7\" data-element_type=\"container\" data-e-type=\"container\">\n\t\t\t\t\t<div class=\"e-con-inner\">\n\t\t\t\t<div class=\"elementor-element elementor-element-ab0d512 elementor-widget elementor-widget-text-editor\" data-id=\"ab0d512\" data-element_type=\"widget\" data-e-type=\"widget\" data-widget_type=\"text-editor.default\">\n\t\t\t\t<div class=\"elementor-widget-container\">\n\t\t\t\t\t\t\t\t\t<h3><strong>Per\u00edodo escolar, de novembro a mar\u00e7o<\/strong><\/h3><p>Segunda-feira: Grupos (s\u00f3 por reserva) 9h00-11h30 \/ 14h00-16h00<br \/>Ter\u00e7a-feira: Grupos (s\u00f3 por reserva) 9h00-11h30 \/ 14h00-16h00<br \/>Quarta-feira: 10h-12h \/ 13h30-16h30<br \/>Quinta-feira: fechado ao p\u00fablico<br \/>Sexta-feira: fechado ao p\u00fablico<br \/>S\u00e1bado: 13.30h - 16.30h<br \/>Domingo: 10h-12h \/ 13h30-16h30<\/p><h3><strong>Per\u00edodo escolar, de abril a outubro<\/strong><\/h3><p>Segunda-feira: Grupos (s\u00f3 por reserva) 9h00-11h30 \/ 14h00-16h00<br \/>Ter\u00e7a-feira: Grupos (s\u00f3 por reserva) 9h00-11h30 \/ 14h00-16h00<br \/>Quarta-feira: 10h00-12h00 \/ 15h00-18h00<br \/>Quinta-feira: fechado ao p\u00fablico<br \/>Sexta-feira: fechado ao p\u00fablico<br \/>S\u00e1bado: 15:00-18:00 Domingo: 10:00-12:00 \/ 15:00-18:00<\/p>\t\t\t\t\t\t\t\t<\/div>\n\t\t\t\t<\/div>\n\t\t\t\t\t<\/div>\n\t\t\t\t<\/div>\n\t\t\t\t<\/div>\n\t\t\t\t\t<\/details>\n\t\t\t\t\t\t<details id=\"e-n-accordion-item-3391\" class=\"e-n-accordion-item\" >\n\t\t\t\t<summary class=\"e-n-accordion-item-title\" data-accordion-index=\"2\" tabindex=\"-1\" aria-expanded=\"false\" aria-controls=\"e-n-accordion-item-3391\" >\n\t\t\t\t\t<span class='e-n-accordion-item-title-header'><div class=\"e-n-accordion-item-title-text\"> Hor\u00e1rio fora do hor\u00e1rio escolar <\/div><\/span>\n\t\t\t\t\t\t\t<span class='e-n-accordion-item-title-icon'>\n\t\t\t<span class='e-opened' ><svg aria-hidden=\"true\" class=\"e-font-icon-svg e-fas-minus\" viewbox=\"0 0 448 512\" xmlns=\"http:\/\/www.w3.org\/2000\/svg\"><path d=\"M416 208H32c-17.67 0-32 14.33-32 32v32c0 17.67 14.33 32 32 32h384c17.67 0 32-14.33 32-32v-32c0-17.67-14.33-32-32-32z\"><\/path><\/svg><\/span>\n\t\t\t<span class='e-closed'><svg aria-hidden=\"true\" class=\"e-font-icon-svg e-fas-plus\" viewbox=\"0 0 448 512\" xmlns=\"http:\/\/www.w3.org\/2000\/svg\"><path d=\"M416 208H272V64c0-17.67-14.33-32-32-32h-32c-17.67 0-32 14.33-32 32v144H32c-17.67 0-32 14.33-32 32v32c0 17.67 14.33 32 32 32h144v144c0 17.67 14.33 32 32 32h32c17.67 0 32-14.33 32-32V304h144c17.67 0 32-14.33 32-32v-32c0-17.67-14.33-32-32-32z\"><\/path><\/svg><\/span>\n\t\t<\/span>\n\n\t\t\t\t\t\t<\/summary>\n\t\t\t\t<div role=\"region\" aria-labelledby=\"e-n-accordion-item-3391\" class=\"elementor-element elementor-element-b88f5b8 e-con-full e-flex e-con e-child\" data-id=\"b88f5b8\" data-element_type=\"container\" data-e-type=\"container\">\n\t\t\t\t<div class=\"elementor-element elementor-element-35f97f5 elementor-widget elementor-widget-text-editor\" data-id=\"35f97f5\" data-element_type=\"widget\" data-e-type=\"widget\" data-widget_type=\"text-editor.default\">\n\t\t\t\t<div class=\"elementor-widget-container\">\n\t\t\t\t\t\t\t\t\t<h3><strong>Fora do per\u00edodo escolar, de novembro a mar\u00e7o<\/strong><\/h3><p>Segunda-feira: 10h-12h \/ 13h30-16h30<br \/>Ter\u00e7a-feira: 10h-12h \/ 13h30-16h30<br \/>Quarta-feira: 10h-12h \/ 13h30-16h30<br \/>Quinta-feira: 10h-12h \/ 13h30-16h30<br \/>Sexta-feira: 10h-12h \/ 13h30-16h30<br \/>S\u00e1bado: 13.30h - 16.30h<br \/>Domingo: 10h-12h \/ 13h30-16h30<\/p><h3><strong>Per\u00edodo n\u00e3o letivo, de abril a outubro<\/strong><\/h3><p>Segunda-feira: 10h00-12h00 \/ 15h00-18h00<br \/>Ter\u00e7a-feira: 10h00-12h00 \/ 15h00-18h00<br \/>Quarta-feira: 10h00-12h00 \/ 15h00-18h00<br \/>Quinta-feira: 10h00-12h00 \/ 15h00-18h00<br \/>Sexta-feira: 10h00-12h00 \/ 15h00-18h00<br \/>S\u00e1bado: das 15h00 \u00e0s 18h00<br \/>Domingo: 10h00-12h00 \/ 15h00-18h00<\/p>\t\t\t\t\t\t\t\t<\/div>\n\t\t\t\t<\/div>\n\t\t\t\t<\/div>\n\t\t\t\t\t<\/details>\n\t\t\t\t\t\t<details id=\"e-n-accordion-item-3392\" class=\"e-n-accordion-item\" >\n\t\t\t\t<summary class=\"e-n-accordion-item-title\" data-accordion-index=\"3\" tabindex=\"-1\" aria-expanded=\"false\" aria-controls=\"e-n-accordion-item-3392\" >\n\t\t\t\t\t<span class='e-n-accordion-item-title-header'><div class=\"e-n-accordion-item-title-text\"> Tarifas e reservas para grupos <\/div><\/span>\n\t\t\t\t\t\t\t<span class='e-n-accordion-item-title-icon'>\n\t\t\t<span class='e-opened' ><svg aria-hidden=\"true\" class=\"e-font-icon-svg e-fas-minus\" viewbox=\"0 0 448 512\" xmlns=\"http:\/\/www.w3.org\/2000\/svg\"><path d=\"M416 208H32c-17.67 0-32 14.33-32 32v32c0 17.67 14.33 32 32 32h384c17.67 0 32-14.33 32-32v-32c0-17.67-14.33-32-32-32z\"><\/path><\/svg><\/span>\n\t\t\t<span class='e-closed'><svg aria-hidden=\"true\" class=\"e-font-icon-svg e-fas-plus\" viewbox=\"0 0 448 512\" xmlns=\"http:\/\/www.w3.org\/2000\/svg\"><path d=\"M416 208H272V64c0-17.67-14.33-32-32-32h-32c-17.67 0-32 14.33-32 32v144H32c-17.67 0-32 14.33-32 32v32c0 17.67 14.33 32 32 32h144v144c0 17.67 14.33 32 32 32h32c17.67 0 32-14.33 32-32V304h144c17.67 0 32-14.33 32-32v-32c0-17.67-14.33-32-32-32z\"><\/path><\/svg><\/span>\n\t\t<\/span>\n\n\t\t\t\t\t\t<\/summary>\n\t\t\t\t<div role=\"region\" aria-labelledby=\"e-n-accordion-item-3392\" class=\"elementor-element elementor-element-2a86bcb e-con-full e-flex e-con e-child\" data-id=\"2a86bcb\" data-element_type=\"container\" data-e-type=\"container\">\n\t\t\t\t<div class=\"elementor-element elementor-element-e22f5e5 elementor-widget elementor-widget-text-editor\" data-id=\"e22f5e5\" data-element_type=\"widget\" data-e-type=\"widget\" data-widget_type=\"text-editor.default\">\n\t\t\t\t<div class=\"elementor-widget-container\">\n\t\t\t\t\t\t\t\t\t<p><strong>O acesso ao parque aqu\u00e1tico Aqualudik e ao jardim zool\u00f3gico de Saint-Baudile \u00e9 gratuito para os habitantes de Noc\u00e9 que desejem usufruir destas instala\u00e7\u00f5es a t\u00edtulo individual.<\/strong><\/p><p>No entanto, estas instala\u00e7\u00f5es s\u00e3o acess\u00edveis a\u00a0<strong>les visiteurs en groupe ext\u00e9rieurs \u00e0 Neuilly-sur-Marne \u00e0 titre payant<\/strong>. Trata-se de crian\u00e7as em idade escolar, centros de lazer, associa\u00e7\u00f5es, grupos, etc.<\/p><p>- Para os visitantes externos, o\u00a0<strong>taxas<\/strong>\u00a0s\u00e3o os seguintes:<\/p><table><tbody><tr><td>Parque aqu\u00e1tico Aqualudik<\/td><td>5\u20ac\/pessoa<\/td><\/tr><tr><td>Saint-Baudile Menagerie<\/td><td>5\u20ac\/pessoa<\/td><\/tr><tr><td>Jogos aqu\u00e1ticos + Pacote de cole\u00e7\u00e3o de animais<\/td><td>8\u20ac\/pessoa<\/td><\/tr><\/tbody><\/table><p><em>As reservas devem ser efectuadas junto do Centre Technique Environnement, atrav\u00e9s do n\u00famero 01 49 44 63 40, no dia anterior \u00e0 visita, antes das 12h00.<\/em><\/p><p>- Para os visitantes externos em grupo, o\u00a0<strong>hor\u00e1rio de funcionamento<\/strong>\u00a0s\u00e3o os seguintes:<\/p><table><tbody><tr><td>Parque aqu\u00e1tico Aqualudik<\/td><td>Durante a \u00e9poca de ver\u00e3o: das 14h00 \u00e0s 18h00<\/td><\/tr><tr><td>Saint-Baudile Menagerie<\/td><td>Durante o per\u00edodo escolar :<br \/>Segunda e ter\u00e7a-feira: 9-11h30 e 2-4h<\/td><\/tr><\/tbody><\/table><p>Consultar o regulamento municipal,\u00a0<strong><a href=\"https:\/\/www.neuillysurmarne.fr\/wp-content\/uploads\/2025\/07\/DEC-2024-103-Tarifs-aire-de-jeux-salle-pedagogique-menagerie.pdf\">clique aqui<\/a><\/strong>.<\/p>\t\t\t\t\t\t\t\t<\/div>\n\t\t\t\t<\/div>\n\t\t\t\t<\/div>\n\t\t\t\t\t<\/details>\n\t\t\t\t\t<\/div>\n\t\t\t\t\t\t<\/div>\n\t\t\t\t<\/div>\n\t\t\t\t\t<\/div>\n\t\t\t\t<\/div>\n\t\t\t\t<\/div>","protected":false},"excerpt":{"rendered":"<p>Anciennement appel\u00e9e mini-ferme ou ferme p\u00e9dagogique,\u00a0la m\u00e9nagerie Saint-Baudile, nich\u00e9e au c\u0153ur du parc des 33 hectares, permet aux jeunes citadins de d\u00e9couvrir les animaux de la ferme. R\u00e9cemment, la structure d\u2019origine qui abrite les animaux de la basse-cour (canards, oies, lapins\u2026) a \u00e9t\u00e9 r\u00e9nov\u00e9e et prolong\u00e9e par deux grands enclos\u00a0dans lesquels s\u2019\u00e9battent les ch\u00e8vres, vaches [&hellip;]<\/p>\n","protected":false},"author":1,"featured_media":7827,"parent":0,"menu_order":0,"comment_status":"closed","ping_status":"closed","template":"","meta":{"_acf_changed":false,"footnotes":""},"class_list":["post-614","page","type-page","status-publish","has-post-thumbnail","hentry"],"acf":[],"yoast_head":"<!-- This site is optimized with the Yoast SEO plugin v27.4 - https:\/\/yoast.com\/product\/yoast-seo-wordpress\/ -->\n<title>M\u00e9nagerie Saint-Baudile - Mairie de Neuilly-sur-Marne<\/title>\n<meta name=\"robots\" content=\"index, follow, max-snippet:-1, max-image-preview:large, max-video-preview:-1\" \/>\n<link rel=\"canonical\" href=\"https:\/\/www.neuillysurmarne.fr\/pt\/menagerie-saint-baudile\/\" \/>\n<meta property=\"og:locale\" content=\"pt_PT\" \/>\n<meta property=\"og:type\" content=\"article\" \/>\n<meta property=\"og:title\" content=\"M\u00e9nagerie Saint-Baudile - Mairie de Neuilly-sur-Marne\" \/>\n<meta property=\"og:description\" content=\"Anciennement appel\u00e9e mini-ferme ou ferme p\u00e9dagogique,\u00a0la m\u00e9nagerie Saint-Baudile, nich\u00e9e au c\u0153ur du parc des 33 hectares, permet aux jeunes citadins de d\u00e9couvrir les animaux de la ferme. R\u00e9cemment, la structure d\u2019origine qui abrite les animaux de la basse-cour (canards, oies, lapins\u2026) a \u00e9t\u00e9 r\u00e9nov\u00e9e et prolong\u00e9e par deux grands enclos\u00a0dans lesquels s\u2019\u00e9battent les ch\u00e8vres, vaches [&hellip;]\" \/>\n<meta property=\"og:url\" content=\"https:\/\/www.neuillysurmarne.fr\/pt\/menagerie-saint-baudile\/\" \/>\n<meta property=\"og:site_name\" content=\"Mairie de Neuilly-sur-Marne\" \/>\n<meta property=\"article:publisher\" content=\"https:\/\/www.facebook.com\/ville.neuilly\" \/>\n<meta property=\"article:modified_time\" content=\"2025-07-09T08:26:10+00:00\" \/>\n<meta property=\"og:image\" content=\"https:\/\/www.neuillysurmarne.fr\/wp-content\/uploads\/2024\/06\/Voliere-menagerie-nuit-06.2021-13-scaled.jpg\" \/>\n\t<meta property=\"og:image:width\" content=\"2560\" \/>\n\t<meta property=\"og:image:height\" content=\"1707\" \/>\n\t<meta property=\"og:image:type\" content=\"image\/jpeg\" \/>\n<meta name=\"twitter:card\" content=\"summary_large_image\" \/>\n<meta name=\"twitter:label1\" content=\"Tempo estimado de leitura\" \/>\n\t<meta name=\"twitter:data1\" content=\"4 minutos\" \/>\n<script type=\"application\/ld+json\" class=\"yoast-schema-graph\">{\"@context\":\"https:\\\/\\\/schema.org\",\"@graph\":[{\"@type\":\"WebPage\",\"@id\":\"https:\\\/\\\/www.neuillysurmarne.fr\\\/menagerie-saint-baudile\\\/\",\"url\":\"https:\\\/\\\/www.neuillysurmarne.fr\\\/menagerie-saint-baudile\\\/\",\"name\":\"M\u00e9nagerie Saint-Baudile - Mairie de Neuilly-sur-Marne\",\"isPartOf\":{\"@id\":\"https:\\\/\\\/www.neuillysurmarne.fr\\\/es\\\/#website\"},\"primaryImageOfPage\":{\"@id\":\"https:\\\/\\\/www.neuillysurmarne.fr\\\/menagerie-saint-baudile\\\/#primaryimage\"},\"image\":{\"@id\":\"https:\\\/\\\/www.neuillysurmarne.fr\\\/menagerie-saint-baudile\\\/#primaryimage\"},\"thumbnailUrl\":\"https:\\\/\\\/www.neuillysurmarne.fr\\\/wp-content\\\/uploads\\\/2024\\\/06\\\/Voliere-menagerie-nuit-06.2021-13-scaled.jpg\",\"datePublished\":\"2023-11-13T11:43:41+00:00\",\"dateModified\":\"2025-07-09T08:26:10+00:00\",\"breadcrumb\":{\"@id\":\"https:\\\/\\\/www.neuillysurmarne.fr\\\/menagerie-saint-baudile\\\/#breadcrumb\"},\"inLanguage\":\"pt-PT\",\"potentialAction\":[{\"@type\":\"ReadAction\",\"target\":[\"https:\\\/\\\/www.neuillysurmarne.fr\\\/menagerie-saint-baudile\\\/\"]}]},{\"@type\":\"ImageObject\",\"inLanguage\":\"pt-PT\",\"@id\":\"https:\\\/\\\/www.neuillysurmarne.fr\\\/menagerie-saint-baudile\\\/#primaryimage\",\"url\":\"https:\\\/\\\/www.neuillysurmarne.fr\\\/wp-content\\\/uploads\\\/2024\\\/06\\\/Voliere-menagerie-nuit-06.2021-13-scaled.jpg\",\"contentUrl\":\"https:\\\/\\\/www.neuillysurmarne.fr\\\/wp-content\\\/uploads\\\/2024\\\/06\\\/Voliere-menagerie-nuit-06.2021-13-scaled.jpg\",\"width\":2560,\"height\":1707},{\"@type\":\"BreadcrumbList\",\"@id\":\"https:\\\/\\\/www.neuillysurmarne.fr\\\/menagerie-saint-baudile\\\/#breadcrumb\",\"itemListElement\":[{\"@type\":\"ListItem\",\"position\":1,\"name\":\"Accueil\",\"item\":\"https:\\\/\\\/www.neuillysurmarne.fr\\\/\"},{\"@type\":\"ListItem\",\"position\":2,\"name\":\"M\u00e9nagerie Saint-Baudile\"}]},{\"@type\":\"WebSite\",\"@id\":\"https:\\\/\\\/www.neuillysurmarne.fr\\\/es\\\/#website\",\"url\":\"https:\\\/\\\/www.neuillysurmarne.fr\\\/es\\\/\",\"name\":\"Mairie de Neuilly-sur-Marne\",\"description\":\"BETA\",\"publisher\":{\"@id\":\"https:\\\/\\\/www.neuillysurmarne.fr\\\/es\\\/#organization\"},\"potentialAction\":[{\"@type\":\"SearchAction\",\"target\":{\"@type\":\"EntryPoint\",\"urlTemplate\":\"https:\\\/\\\/www.neuillysurmarne.fr\\\/es\\\/?s={search_term_string}\"},\"query-input\":{\"@type\":\"PropertyValueSpecification\",\"valueRequired\":true,\"valueName\":\"search_term_string\"}}],\"inLanguage\":\"pt-PT\"},{\"@type\":\"Organization\",\"@id\":\"https:\\\/\\\/www.neuillysurmarne.fr\\\/es\\\/#organization\",\"name\":\"Mairie de Neuilly-sur-Marne\",\"url\":\"https:\\\/\\\/www.neuillysurmarne.fr\\\/es\\\/\",\"logo\":{\"@type\":\"ImageObject\",\"inLanguage\":\"pt-PT\",\"@id\":\"https:\\\/\\\/www.neuillysurmarne.fr\\\/es\\\/#\\\/schema\\\/logo\\\/image\\\/\",\"url\":\"https:\\\/\\\/www.neuillysurmarne.fr\\\/wp-content\\\/uploads\\\/2023\\\/10\\\/LOGO-NeuillysurMarne-blanc.png\",\"contentUrl\":\"https:\\\/\\\/www.neuillysurmarne.fr\\\/wp-content\\\/uploads\\\/2023\\\/10\\\/LOGO-NeuillysurMarne-blanc.png\",\"width\":3308,\"height\":2586,\"caption\":\"Mairie de Neuilly-sur-Marne\"},\"image\":{\"@id\":\"https:\\\/\\\/www.neuillysurmarne.fr\\\/es\\\/#\\\/schema\\\/logo\\\/image\\\/\"},\"sameAs\":[\"https:\\\/\\\/www.facebook.com\\\/ville.neuilly\",\"https:\\\/\\\/www.instagram.com\\\/neuilly_marne\\\/\",\"https:\\\/\\\/www.linkedin.com\\\/company\\\/ville-de-neuilly-sur-marne\\\/\",\"https:\\\/\\\/www.youtube.com\\\/channel\\\/UCDdZ0TLrV8rfIqjBGvoeB5A\",\"https:\\\/\\\/www.tiktok.com\\\/@villedeneuillysurmarne\"]}]}<\/script>\n<!-- \/ Yoast SEO plugin. -->","yoast_head_json":{"title":"M\u00e9nagerie Saint-Baudile - Mairie de Neuilly-sur-Marne","robots":{"index":"index","follow":"follow","max-snippet":"max-snippet:-1","max-image-preview":"max-image-preview:large","max-video-preview":"max-video-preview:-1"},"canonical":"https:\/\/www.neuillysurmarne.fr\/pt\/menagerie-saint-baudile\/","og_locale":"pt_PT","og_type":"article","og_title":"M\u00e9nagerie Saint-Baudile - Mairie de Neuilly-sur-Marne","og_description":"Anciennement appel\u00e9e mini-ferme ou ferme p\u00e9dagogique,\u00a0la m\u00e9nagerie Saint-Baudile, nich\u00e9e au c\u0153ur du parc des 33 hectares, permet aux jeunes citadins de d\u00e9couvrir les animaux de la ferme. R\u00e9cemment, la structure d\u2019origine qui abrite les animaux de la basse-cour (canards, oies, lapins\u2026) a \u00e9t\u00e9 r\u00e9nov\u00e9e et prolong\u00e9e par deux grands enclos\u00a0dans lesquels s\u2019\u00e9battent les ch\u00e8vres, vaches [&hellip;]","og_url":"https:\/\/www.neuillysurmarne.fr\/pt\/menagerie-saint-baudile\/","og_site_name":"Mairie de Neuilly-sur-Marne","article_publisher":"https:\/\/www.facebook.com\/ville.neuilly","article_modified_time":"2025-07-09T08:26:10+00:00","og_image":[{"width":2560,"height":1707,"url":"https:\/\/www.neuillysurmarne.fr\/wp-content\/uploads\/2024\/06\/Voliere-menagerie-nuit-06.2021-13-scaled.jpg","type":"image\/jpeg"}],"twitter_card":"summary_large_image","twitter_misc":{"Tempo estimado de leitura":"4 minutos"},"schema":{"@context":"https:\/\/schema.org","@graph":[{"@type":"WebPage","@id":"https:\/\/www.neuillysurmarne.fr\/menagerie-saint-baudile\/","url":"https:\/\/www.neuillysurmarne.fr\/menagerie-saint-baudile\/","name":"M\u00e9nagerie Saint-Baudile - Mairie de Neuilly-sur-Marne","isPartOf":{"@id":"https:\/\/www.neuillysurmarne.fr\/es\/#website"},"primaryImageOfPage":{"@id":"https:\/\/www.neuillysurmarne.fr\/menagerie-saint-baudile\/#primaryimage"},"image":{"@id":"https:\/\/www.neuillysurmarne.fr\/menagerie-saint-baudile\/#primaryimage"},"thumbnailUrl":"https:\/\/www.neuillysurmarne.fr\/wp-content\/uploads\/2024\/06\/Voliere-menagerie-nuit-06.2021-13-scaled.jpg","datePublished":"2023-11-13T11:43:41+00:00","dateModified":"2025-07-09T08:26:10+00:00","breadcrumb":{"@id":"https:\/\/www.neuillysurmarne.fr\/menagerie-saint-baudile\/#breadcrumb"},"inLanguage":"pt-PT","potentialAction":[{"@type":"ReadAction","target":["https:\/\/www.neuillysurmarne.fr\/menagerie-saint-baudile\/"]}]},{"@type":"ImageObject","inLanguage":"pt-PT","@id":"https:\/\/www.neuillysurmarne.fr\/menagerie-saint-baudile\/#primaryimage","url":"https:\/\/www.neuillysurmarne.fr\/wp-content\/uploads\/2024\/06\/Voliere-menagerie-nuit-06.2021-13-scaled.jpg","contentUrl":"https:\/\/www.neuillysurmarne.fr\/wp-content\/uploads\/2024\/06\/Voliere-menagerie-nuit-06.2021-13-scaled.jpg","width":2560,"height":1707},{"@type":"BreadcrumbList","@id":"https:\/\/www.neuillysurmarne.fr\/menagerie-saint-baudile\/#breadcrumb","itemListElement":[{"@type":"ListItem","position":1,"name":"Accueil","item":"https:\/\/www.neuillysurmarne.fr\/"},{"@type":"ListItem","position":2,"name":"M\u00e9nagerie Saint-Baudile"}]},{"@type":"WebSite","@id":"https:\/\/www.neuillysurmarne.fr\/es\/#website","url":"https:\/\/www.neuillysurmarne.fr\/es\/","name":"C\u00e2mara Municipal de Neuilly-sur-Marne","description":"BETA","publisher":{"@id":"https:\/\/www.neuillysurmarne.fr\/es\/#organization"},"potentialAction":[{"@type":"SearchAction","target":{"@type":"EntryPoint","urlTemplate":"https:\/\/www.neuillysurmarne.fr\/es\/?s={search_term_string}"},"query-input":{"@type":"PropertyValueSpecification","valueRequired":true,"valueName":"search_term_string"}}],"inLanguage":"pt-PT"},{"@type":"Organization","@id":"https:\/\/www.neuillysurmarne.fr\/es\/#organization","name":"C\u00e2mara Municipal de Neuilly-sur-Marne","url":"https:\/\/www.neuillysurmarne.fr\/es\/","logo":{"@type":"ImageObject","inLanguage":"pt-PT","@id":"https:\/\/www.neuillysurmarne.fr\/es\/#\/schema\/logo\/image\/","url":"https:\/\/www.neuillysurmarne.fr\/wp-content\/uploads\/2023\/10\/LOGO-NeuillysurMarne-blanc.png","contentUrl":"https:\/\/www.neuillysurmarne.fr\/wp-content\/uploads\/2023\/10\/LOGO-NeuillysurMarne-blanc.png","width":3308,"height":2586,"caption":"Mairie de Neuilly-sur-Marne"},"image":{"@id":"https:\/\/www.neuillysurmarne.fr\/es\/#\/schema\/logo\/image\/"},"sameAs":["https:\/\/www.facebook.com\/ville.neuilly","https:\/\/www.instagram.com\/neuilly_marne\/","https:\/\/www.linkedin.com\/company\/ville-de-neuilly-sur-marne\/","https:\/\/www.youtube.com\/channel\/UCDdZ0TLrV8rfIqjBGvoeB5A","https:\/\/www.tiktok.com\/@villedeneuillysurmarne"]}]}},"_links":{"self":[{"href":"https:\/\/www.neuillysurmarne.fr\/pt\/wp-json\/wp\/v2\/pages\/614","targetHints":{"allow":["GET"]}}],"collection":[{"href":"https:\/\/www.neuillysurmarne.fr\/pt\/wp-json\/wp\/v2\/pages"}],"about":[{"href":"https:\/\/www.neuillysurmarne.fr\/pt\/wp-json\/wp\/v2\/types\/page"}],"author":[{"embeddable":true,"href":"https:\/\/www.neuillysurmarne.fr\/pt\/wp-json\/wp\/v2\/users\/1"}],"replies":[{"embeddable":true,"href":"https:\/\/www.neuillysurmarne.fr\/pt\/wp-json\/wp\/v2\/comments?post=614"}],"version-history":[{"count":33,"href":"https:\/\/www.neuillysurmarne.fr\/pt\/wp-json\/wp\/v2\/pages\/614\/revisions"}],"predecessor-version":[{"id":15613,"href":"https:\/\/www.neuillysurmarne.fr\/pt\/wp-json\/wp\/v2\/pages\/614\/revisions\/15613"}],"wp:featuredmedia":[{"embeddable":true,"href":"https:\/\/www.neuillysurmarne.fr\/pt\/wp-json\/wp\/v2\/media\/7827"}],"wp:attachment":[{"href":"https:\/\/www.neuillysurmarne.fr\/pt\/wp-json\/wp\/v2\/media?parent=614"}],"curies":[{"name":"wp","href":"https:\/\/api.w.org\/{rel}","templated":true}]}}