{"version":"1.0","provider_name":"\u0420\u0430\u0442\u0443\u0448\u0430 \u041d\u0435\u0439\u0438-\u0441\u044e\u0440-\u041c\u0430\u0440\u043d","provider_url":"https:\/\/www.neuillysurmarne.fr\/ru","title":"Accueil collectif - Mairie de Neuilly-sur-Marne","type":"rich","width":600,"height":338,"html":"<blockquote class=\"wp-embedded-content\" data-secret=\"zehIyFtMzI\"><a href=\"https:\/\/www.neuillysurmarne.fr\/ru\/accueil-collectif\/\">\u0413\u0440\u0443\u043f\u043f\u043e\u0432\u044b\u0435 \u0434\u043e\u043c\u0430<\/a><\/blockquote><iframe sandbox=\"allow-scripts\" security=\"restricted\" src=\"https:\/\/www.neuillysurmarne.fr\/ru\/accueil-collectif\/embed\/#?secret=zehIyFtMzI\" width=\"600\" height=\"338\" title=\"\u00abAccueil collectif\u00bb &#8212; Mairie de Neuilly-sur-Marne\" data-secret=\"zehIyFtMzI\" frameborder=\"0\" marginwidth=\"0\" marginheight=\"0\" scrolling=\"no\" class=\"wp-embedded-content\"><\/iframe><script>\n\/*! This file is auto-generated *\/\n!function(d,l){\"use strict\";l.querySelector&&d.addEventListener&&\"undefined\"!=typeof URL&&(d.wp=d.wp||{},d.wp.receiveEmbedMessage||(d.wp.receiveEmbedMessage=function(e){var t=e.data;if((t||t.secret||t.message||t.value)&&!\/[^a-zA-Z0-9]\/.test(t.secret)){for(var s,r,n,a=l.querySelectorAll('iframe[data-secret=\"'+t.secret+'\"]'),o=l.querySelectorAll('blockquote[data-secret=\"'+t.secret+'\"]'),c=new RegExp(\"^https?:$\",\"i\"),i=0;i<o.length;i++)o[i].style.display=\"none\";for(i=0;i<a.length;i++)s=a[i],e.source===s.contentWindow&&(s.removeAttribute(\"style\"),\"height\"===t.message?(1e3<(r=parseInt(t.value,10))?r=1e3:~~r<200&&(r=200),s.height=r):\"link\"===t.message&&(r=new URL(s.getAttribute(\"src\")),n=new URL(t.value),c.test(n.protocol))&&n.host===r.host&&l.activeElement===s&&(d.top.location.href=t.value))}},d.addEventListener(\"message\",d.wp.receiveEmbedMessage,!1),l.addEventListener(\"DOMContentLoaded\",function(){for(var e,t,s=l.querySelectorAll(\"iframe.wp-embedded-content\"),r=0;r<s.length;r++)(t=(e=s[r]).getAttribute(\"data-secret\"))||(t=Math.random().toString(36).substring(2,12),e.src+=\"#?secret=\"+t,e.setAttribute(\"data-secret\",t)),e.contentWindow.postMessage({message:\"ready\",secret:t},\"*\")},!1)))}(window,document);\n\/\/# sourceURL=https:\/\/www.neuillysurmarne.fr\/wp-includes\/js\/wp-embed.min.js\n<\/script>","thumbnail_url":"https:\/\/www.neuillysurmarne.fr\/wp-content\/uploads\/2024\/04\/Creche-Fil-dArianne-02.2023-scaled.jpg","thumbnail_width":2560,"thumbnail_height":1707,"description":"Les cr\u00e8ches collectives Les cr\u00e8ches collectives municipales accueillent les enfants \u00e2g\u00e9s de 10 semaines jusqu&rsquo;\u00e0 leur entr\u00e9e \u00e0 l\u2019\u00e9cole maternelle. Les enfants y sont accueillis par\u00a0groupes d\u2019une vingtaine\u00a0et sont encadr\u00e9s par une\u00a0\u00e9quipe de professionnels de la petite enfance (\u00e9ducateurs de jeunes enfants, auxiliaires de pu\u00e9riculture, agents sociaux). Afin de personnaliser l\u2019accueil, un professionnel \u00ab r\u00e9f\u00e9rent [&hellip;]"}