{"version":"1.0","provider_name":"\u0420\u0430\u0442\u0443\u0448\u0430 \u041d\u0435\u0439\u0438-\u0441\u044e\u0440-\u041c\u0430\u0440\u043d","provider_url":"https:\/\/www.neuillysurmarne.fr\/ru","title":"Concours d'\u00e9loquence - Mairie de Neuilly-sur-Marne","type":"rich","width":600,"height":338,"html":"<blockquote class=\"wp-embedded-content\" data-secret=\"9j9Weqcqkt\"><a href=\"https:\/\/www.neuillysurmarne.fr\/ru\/concours-deloquence\/\">Concours d&rsquo;\u00e9loquence<\/a><\/blockquote><iframe sandbox=\"allow-scripts\" security=\"restricted\" src=\"https:\/\/www.neuillysurmarne.fr\/ru\/concours-deloquence\/embed\/#?secret=9j9Weqcqkt\" width=\"600\" height=\"338\" title=\"\u00abConcours d&rsquo;\u00e9loquence\u00bb &#8212; Mairie de Neuilly-sur-Marne\" data-secret=\"9j9Weqcqkt\" frameborder=\"0\" marginwidth=\"0\" marginheight=\"0\" scrolling=\"no\" class=\"wp-embedded-content\"><\/iframe><script>\n\/*! This file is auto-generated *\/\n!function(d,l){\"use strict\";l.querySelector&&d.addEventListener&&\"undefined\"!=typeof URL&&(d.wp=d.wp||{},d.wp.receiveEmbedMessage||(d.wp.receiveEmbedMessage=function(e){var t=e.data;if((t||t.secret||t.message||t.value)&&!\/[^a-zA-Z0-9]\/.test(t.secret)){for(var s,r,n,a=l.querySelectorAll('iframe[data-secret=\"'+t.secret+'\"]'),o=l.querySelectorAll('blockquote[data-secret=\"'+t.secret+'\"]'),c=new RegExp(\"^https?:$\",\"i\"),i=0;i<o.length;i++)o[i].style.display=\"none\";for(i=0;i<a.length;i++)s=a[i],e.source===s.contentWindow&&(s.removeAttribute(\"style\"),\"height\"===t.message?(1e3<(r=parseInt(t.value,10))?r=1e3:~~r<200&&(r=200),s.height=r):\"link\"===t.message&&(r=new URL(s.getAttribute(\"src\")),n=new URL(t.value),c.test(n.protocol))&&n.host===r.host&&l.activeElement===s&&(d.top.location.href=t.value))}},d.addEventListener(\"message\",d.wp.receiveEmbedMessage,!1),l.addEventListener(\"DOMContentLoaded\",function(){for(var e,t,s=l.querySelectorAll(\"iframe.wp-embedded-content\"),r=0;r<s.length;r++)(t=(e=s[r]).getAttribute(\"data-secret\"))||(t=Math.random().toString(36).substring(2,12),e.src+=\"#?secret=\"+t,e.setAttribute(\"data-secret\",t)),e.contentWindow.postMessage({message:\"ready\",secret:t},\"*\")},!1)))}(window,document);\n\/\/# sourceURL=https:\/\/www.neuillysurmarne.fr\/wp-includes\/js\/wp-embed.min.js\n<\/script>","thumbnail_url":"https:\/\/www.neuillysurmarne.fr\/wp-content\/uploads\/2025\/10\/concours-deloquence.jpg","thumbnail_width":1600,"thumbnail_height":1200,"description":"Deuxi\u00e8me \u00e9dition du concours d\u2019\u00e9loquence Apr\u00e8s une premi\u00e8re \u00e9dition r\u00e9ussie, la ville de Neuilly-sur-Marne relance son concours d\u2019\u00e9loquence, ouvert \u00e0 tous les \u00e9l\u00e8ves noc\u00e9ens en classe de 4\u00e8me, qu\u2019ils soient scolaris\u00e9s dans des \u00e9tablissements publics ou priv\u00e9s. Sept adolescents s\u2019\u00e9taient lanc\u00e9s dans cette aventure l\u2019ann\u00e9e derni\u00e8re, d\u00e9montrant leur capacit\u00e9 \u00e0 structurer un discours, \u00e0 convaincre [&hellip;]"}