{"id":17033,"date":"2025-12-04T16:11:59","date_gmt":"2025-12-04T15:11:59","guid":{"rendered":"https:\/\/www.neuillysurmarne.fr\/?post_type=evenements&#038;p=17033"},"modified":"2025-12-04T16:11:59","modified_gmt":"2025-12-04T15:11:59","slug":"micro-folie-documentaire-camille-claudel-2","status":"publish","type":"evenements","link":"https:\/\/www.neuillysurmarne.fr\/ru\/evenements\/micro-folie-documentaire-camille-claudel-2\/","title":{"rendered":"Micro-Folie \u2013 Documentaire : Camille Claudel"},"content":{"rendered":"<div class=\"elementor-element elementor-element-1b07667 elementor-widget elementor-widget-theme-post-content\" data-id=\"1b07667\" data-element_type=\"widget\" data-widget_type=\"theme-post-content.default\">\n<div class=\"elementor-widget-container\">\n<h3><strong>Micro-Folie<\/strong><br \/>\n<strong>FILM DOCUMENTAIRE<\/strong><\/h3>\n<p><b>Samedi 13 juin \u00e0 14h30<br \/>\n\u041a\u0443\u043b\u044c\u0442\u0443\u0440\u043d\u044b\u0439 \u0446\u0435\u043d\u0442\u0440 \u0421\u0430\u043b\u044c\u0432\u0430\u0434\u043e\u0440\u0430 \u0410\u043b\u044c\u0435\u043d\u0434\u0435<br \/>\n<\/b><\/p>\n<p><em>\u00c0 partir de 15 ans<br \/>\n\u0411\u0435\u0441\u043f\u043b\u0430\u0442\u043d\u044b\u0439 \u0432\u0445\u043e\u0434<br \/>\n\u0418\u043d\u0444\u043e\u0440\u043c\u0430\u0446\u0438\u044f: 01 43 00 88 88 \/ <strong><a href=\"mailto:microfolie@neuillysurmarne.fr\">microfolie@neuillysurmarne.fr<\/a><\/strong><\/em><\/p>\n<h3><strong>Camille Claudel, sculpter pour exister<\/strong><\/h3>\n<p>Une exploration sensible de la trajectoire de la sculptrice Camille Claudel (1864-1943), qui accorde une place particuli\u00e8re aux rapports qu\u2019elle entretint avec ses cons\u0153urs.<\/p>\n<p>Que reste-t-il de Camille Claudel ? Une poign\u00e9e de photographies, peu d\u2019\u0153uvres et un mythe : celui d\u2019une artiste rebelle, femme flamboyante au destin bris\u00e9, \u00e9g\u00e9rie de Rodin, qui sombra dans la folie apr\u00e8s leur relation passionn\u00e9e. \u00c0 une \u00e9poque o\u00f9 peu de femmes acc\u00e8dent \u00e0 une carri\u00e8re artistique, elle r\u00e9ussira, s\u00fbre de son talent et gr\u00e2ce au soutien mat\u00e9riel de celui dont elle sera l\u2019inspiratrice bien plus que la disciple, \u00e0 imposer son style audacieux dans le monde de la sculpture, alors consid\u00e9r\u00e9e comme art viril par excellence. Femme \u00ab\u00a0la plus g\u00e9niale de son temps\u00a0\u00bb selon la critique, Camille Claudel n\u2019est pourtant pas la seule \u00e0 se r\u00eaver sculptrice\u2026<\/p>\n<\/div>\n<\/div>","protected":false},"featured_media":17032,"template":"","categorie-evenement":[232],"class_list":["post-17033","evenements","type-evenements","status-publish","has-post-thumbnail","hentry","categorie-evenement-culture"],"acf":[],"yoast_head":"<!-- This site is optimized with the Yoast SEO plugin v27.4 - https:\/\/yoast.com\/product\/yoast-seo-wordpress\/ -->\n<title>Micro-Folie \u2013 Documentaire : Camille Claudel - Mairie de Neuilly-sur-Marne<\/title>\n<meta name=\"robots\" content=\"index, follow, max-snippet:-1, max-image-preview:large, max-video-preview:-1\" \/>\n<link rel=\"canonical\" href=\"https:\/\/www.neuillysurmarne.fr\/ru\/evenements\/micro-folie-documentaire-camille-claudel-2\/\" \/>\n<meta property=\"og:locale\" content=\"ru_RU\" \/>\n<meta property=\"og:type\" content=\"article\" \/>\n<meta property=\"og:title\" content=\"Micro-Folie \u2013 Documentaire : Camille Claudel - Mairie de Neuilly-sur-Marne\" \/>\n<meta property=\"og:description\" content=\"Micro-Folie FILM DOCUMENTAIRE Samedi 13 juin \u00e0 14h30 Centre culturel Salvador Allende \u00c0 partir de 15 ans Entr\u00e9e libre Informations : 01 43 00 88 88 \/ microfolie@neuillysurmarne.fr Camille Claudel, sculpter pour exister Une exploration sensible de la trajectoire de la sculptrice Camille Claudel (1864-1943), qui accorde une place particuli\u00e8re aux rapports qu\u2019elle entretint avec [&hellip;]\" \/>\n<meta property=\"og:url\" content=\"https:\/\/www.neuillysurmarne.fr\/ru\/evenements\/micro-folie-documentaire-camille-claudel-2\/\" \/>\n<meta property=\"og:site_name\" content=\"Mairie de Neuilly-sur-Marne\" \/>\n<meta property=\"article:publisher\" content=\"https:\/\/www.facebook.com\/ville.neuilly\" \/>\n<meta property=\"og:image\" content=\"https:\/\/www.neuillysurmarne.fr\/wp-content\/uploads\/2025\/12\/Micro-folie-camille-claudel-scaled.jpg\" \/>\n\t<meta property=\"og:image:width\" content=\"1816\" \/>\n\t<meta property=\"og:image:height\" content=\"2560\" \/>\n\t<meta property=\"og:image:type\" content=\"image\/jpeg\" \/>\n<meta name=\"twitter:card\" content=\"summary_large_image\" \/>\n<meta name=\"twitter:label1\" content=\"\u041f\u0440\u0438\u043c\u0435\u0440\u043d\u043e\u0435 \u0432\u0440\u0435\u043c\u044f \u0434\u043b\u044f \u0447\u0442\u0435\u043d\u0438\u044f\" \/>\n\t<meta name=\"twitter:data1\" content=\"2 \u043c\u0438\u043d\u0443\u0442\u044b\" \/>\n<script type=\"application\/ld+json\" class=\"yoast-schema-graph\">{\"@context\":\"https:\\\/\\\/schema.org\",\"@graph\":[{\"@type\":\"WebPage\",\"@id\":\"https:\\\/\\\/www.neuillysurmarne.fr\\\/evenements\\\/micro-folie-documentaire-camille-claudel-2\\\/\",\"url\":\"https:\\\/\\\/www.neuillysurmarne.fr\\\/evenements\\\/micro-folie-documentaire-camille-claudel-2\\\/\",\"name\":\"Micro-Folie \u2013 Documentaire : Camille Claudel - Mairie de Neuilly-sur-Marne\",\"isPartOf\":{\"@id\":\"https:\\\/\\\/www.neuillysurmarne.fr\\\/es\\\/#website\"},\"primaryImageOfPage\":{\"@id\":\"https:\\\/\\\/www.neuillysurmarne.fr\\\/evenements\\\/micro-folie-documentaire-camille-claudel-2\\\/#primaryimage\"},\"image\":{\"@id\":\"https:\\\/\\\/www.neuillysurmarne.fr\\\/evenements\\\/micro-folie-documentaire-camille-claudel-2\\\/#primaryimage\"},\"thumbnailUrl\":\"https:\\\/\\\/www.neuillysurmarne.fr\\\/wp-content\\\/uploads\\\/2025\\\/12\\\/Micro-folie-camille-claudel-scaled.jpg\",\"datePublished\":\"2025-12-04T15:11:59+00:00\",\"breadcrumb\":{\"@id\":\"https:\\\/\\\/www.neuillysurmarne.fr\\\/evenements\\\/micro-folie-documentaire-camille-claudel-2\\\/#breadcrumb\"},\"inLanguage\":\"ru-RU\",\"potentialAction\":[{\"@type\":\"ReadAction\",\"target\":[\"https:\\\/\\\/www.neuillysurmarne.fr\\\/evenements\\\/micro-folie-documentaire-camille-claudel-2\\\/\"]}]},{\"@type\":\"ImageObject\",\"inLanguage\":\"ru-RU\",\"@id\":\"https:\\\/\\\/www.neuillysurmarne.fr\\\/evenements\\\/micro-folie-documentaire-camille-claudel-2\\\/#primaryimage\",\"url\":\"https:\\\/\\\/www.neuillysurmarne.fr\\\/wp-content\\\/uploads\\\/2025\\\/12\\\/Micro-folie-camille-claudel-scaled.jpg\",\"contentUrl\":\"https:\\\/\\\/www.neuillysurmarne.fr\\\/wp-content\\\/uploads\\\/2025\\\/12\\\/Micro-folie-camille-claudel-scaled.jpg\",\"width\":1816,\"height\":2560},{\"@type\":\"BreadcrumbList\",\"@id\":\"https:\\\/\\\/www.neuillysurmarne.fr\\\/evenements\\\/micro-folie-documentaire-camille-claudel-2\\\/#breadcrumb\",\"itemListElement\":[{\"@type\":\"ListItem\",\"position\":1,\"name\":\"Accueil\",\"item\":\"https:\\\/\\\/www.neuillysurmarne.fr\\\/\"},{\"@type\":\"ListItem\",\"position\":2,\"name\":\"Micro-Folie \u2013 Documentaire : Camille Claudel\"}]},{\"@type\":\"WebSite\",\"@id\":\"https:\\\/\\\/www.neuillysurmarne.fr\\\/es\\\/#website\",\"url\":\"https:\\\/\\\/www.neuillysurmarne.fr\\\/es\\\/\",\"name\":\"Mairie de Neuilly-sur-Marne\",\"description\":\"BETA\",\"publisher\":{\"@id\":\"https:\\\/\\\/www.neuillysurmarne.fr\\\/es\\\/#organization\"},\"potentialAction\":[{\"@type\":\"SearchAction\",\"target\":{\"@type\":\"EntryPoint\",\"urlTemplate\":\"https:\\\/\\\/www.neuillysurmarne.fr\\\/es\\\/?s={search_term_string}\"},\"query-input\":{\"@type\":\"PropertyValueSpecification\",\"valueRequired\":true,\"valueName\":\"search_term_string\"}}],\"inLanguage\":\"ru-RU\"},{\"@type\":\"Organization\",\"@id\":\"https:\\\/\\\/www.neuillysurmarne.fr\\\/es\\\/#organization\",\"name\":\"Mairie de Neuilly-sur-Marne\",\"url\":\"https:\\\/\\\/www.neuillysurmarne.fr\\\/es\\\/\",\"logo\":{\"@type\":\"ImageObject\",\"inLanguage\":\"ru-RU\",\"@id\":\"https:\\\/\\\/www.neuillysurmarne.fr\\\/es\\\/#\\\/schema\\\/logo\\\/image\\\/\",\"url\":\"https:\\\/\\\/www.neuillysurmarne.fr\\\/wp-content\\\/uploads\\\/2023\\\/10\\\/LOGO-NeuillysurMarne-blanc.png\",\"contentUrl\":\"https:\\\/\\\/www.neuillysurmarne.fr\\\/wp-content\\\/uploads\\\/2023\\\/10\\\/LOGO-NeuillysurMarne-blanc.png\",\"width\":3308,\"height\":2586,\"caption\":\"Mairie de Neuilly-sur-Marne\"},\"image\":{\"@id\":\"https:\\\/\\\/www.neuillysurmarne.fr\\\/es\\\/#\\\/schema\\\/logo\\\/image\\\/\"},\"sameAs\":[\"https:\\\/\\\/www.facebook.com\\\/ville.neuilly\",\"https:\\\/\\\/www.instagram.com\\\/neuilly_marne\\\/\",\"https:\\\/\\\/www.linkedin.com\\\/company\\\/ville-de-neuilly-sur-marne\\\/\",\"https:\\\/\\\/www.youtube.com\\\/channel\\\/UCDdZ0TLrV8rfIqjBGvoeB5A\",\"https:\\\/\\\/www.tiktok.com\\\/@villedeneuillysurmarne\"]}]}<\/script>\n<!-- \/ Yoast SEO plugin. -->","yoast_head_json":{"title":"Micro-Folie \u2013 Documentaire : Camille Claudel - Mairie de Neuilly-sur-Marne","robots":{"index":"index","follow":"follow","max-snippet":"max-snippet:-1","max-image-preview":"max-image-preview:large","max-video-preview":"max-video-preview:-1"},"canonical":"https:\/\/www.neuillysurmarne.fr\/ru\/evenements\/micro-folie-documentaire-camille-claudel-2\/","og_locale":"ru_RU","og_type":"article","og_title":"Micro-Folie \u2013 Documentaire : Camille Claudel - Mairie de Neuilly-sur-Marne","og_description":"Micro-Folie FILM DOCUMENTAIRE Samedi 13 juin \u00e0 14h30 Centre culturel Salvador Allende \u00c0 partir de 15 ans Entr\u00e9e libre Informations : 01 43 00 88 88 \/ microfolie@neuillysurmarne.fr Camille Claudel, sculpter pour exister Une exploration sensible de la trajectoire de la sculptrice Camille Claudel (1864-1943), qui accorde une place particuli\u00e8re aux rapports qu\u2019elle entretint avec [&hellip;]","og_url":"https:\/\/www.neuillysurmarne.fr\/ru\/evenements\/micro-folie-documentaire-camille-claudel-2\/","og_site_name":"Mairie de Neuilly-sur-Marne","article_publisher":"https:\/\/www.facebook.com\/ville.neuilly","og_image":[{"width":1816,"height":2560,"url":"https:\/\/www.neuillysurmarne.fr\/wp-content\/uploads\/2025\/12\/Micro-folie-camille-claudel-scaled.jpg","type":"image\/jpeg"}],"twitter_card":"summary_large_image","twitter_misc":{"\u041f\u0440\u0438\u043c\u0435\u0440\u043d\u043e\u0435 \u0432\u0440\u0435\u043c\u044f \u0434\u043b\u044f \u0447\u0442\u0435\u043d\u0438\u044f":"2 \u043c\u0438\u043d\u0443\u0442\u044b"},"schema":{"@context":"https:\/\/schema.org","@graph":[{"@type":"WebPage","@id":"https:\/\/www.neuillysurmarne.fr\/evenements\/micro-folie-documentaire-camille-claudel-2\/","url":"https:\/\/www.neuillysurmarne.fr\/evenements\/micro-folie-documentaire-camille-claudel-2\/","name":"Micro-Folie \u2013 Documentaire : Camille Claudel - Mairie de Neuilly-sur-Marne","isPartOf":{"@id":"https:\/\/www.neuillysurmarne.fr\/es\/#website"},"primaryImageOfPage":{"@id":"https:\/\/www.neuillysurmarne.fr\/evenements\/micro-folie-documentaire-camille-claudel-2\/#primaryimage"},"image":{"@id":"https:\/\/www.neuillysurmarne.fr\/evenements\/micro-folie-documentaire-camille-claudel-2\/#primaryimage"},"thumbnailUrl":"https:\/\/www.neuillysurmarne.fr\/wp-content\/uploads\/2025\/12\/Micro-folie-camille-claudel-scaled.jpg","datePublished":"2025-12-04T15:11:59+00:00","breadcrumb":{"@id":"https:\/\/www.neuillysurmarne.fr\/evenements\/micro-folie-documentaire-camille-claudel-2\/#breadcrumb"},"inLanguage":"ru-RU","potentialAction":[{"@type":"ReadAction","target":["https:\/\/www.neuillysurmarne.fr\/evenements\/micro-folie-documentaire-camille-claudel-2\/"]}]},{"@type":"ImageObject","inLanguage":"ru-RU","@id":"https:\/\/www.neuillysurmarne.fr\/evenements\/micro-folie-documentaire-camille-claudel-2\/#primaryimage","url":"https:\/\/www.neuillysurmarne.fr\/wp-content\/uploads\/2025\/12\/Micro-folie-camille-claudel-scaled.jpg","contentUrl":"https:\/\/www.neuillysurmarne.fr\/wp-content\/uploads\/2025\/12\/Micro-folie-camille-claudel-scaled.jpg","width":1816,"height":2560},{"@type":"BreadcrumbList","@id":"https:\/\/www.neuillysurmarne.fr\/evenements\/micro-folie-documentaire-camille-claudel-2\/#breadcrumb","itemListElement":[{"@type":"ListItem","position":1,"name":"Accueil","item":"https:\/\/www.neuillysurmarne.fr\/"},{"@type":"ListItem","position":2,"name":"Micro-Folie \u2013 Documentaire : Camille Claudel"}]},{"@type":"WebSite","@id":"https:\/\/www.neuillysurmarne.fr\/es\/#website","url":"https:\/\/www.neuillysurmarne.fr\/es\/","name":"\u0420\u0430\u0442\u0443\u0448\u0430 \u041d\u0435\u0439\u0438-\u0441\u044e\u0440-\u041c\u0430\u0440\u043d","description":"\u0411\u0415\u0422\u0410","publisher":{"@id":"https:\/\/www.neuillysurmarne.fr\/es\/#organization"},"potentialAction":[{"@type":"SearchAction","target":{"@type":"EntryPoint","urlTemplate":"https:\/\/www.neuillysurmarne.fr\/es\/?s={search_term_string}"},"query-input":{"@type":"PropertyValueSpecification","valueRequired":true,"valueName":"search_term_string"}}],"inLanguage":"ru-RU"},{"@type":"Organization","@id":"https:\/\/www.neuillysurmarne.fr\/es\/#organization","name":"\u0420\u0430\u0442\u0443\u0448\u0430 \u041d\u0435\u0439\u0438-\u0441\u044e\u0440-\u041c\u0430\u0440\u043d","url":"https:\/\/www.neuillysurmarne.fr\/es\/","logo":{"@type":"ImageObject","inLanguage":"ru-RU","@id":"https:\/\/www.neuillysurmarne.fr\/es\/#\/schema\/logo\/image\/","url":"https:\/\/www.neuillysurmarne.fr\/wp-content\/uploads\/2023\/10\/LOGO-NeuillysurMarne-blanc.png","contentUrl":"https:\/\/www.neuillysurmarne.fr\/wp-content\/uploads\/2023\/10\/LOGO-NeuillysurMarne-blanc.png","width":3308,"height":2586,"caption":"Mairie de Neuilly-sur-Marne"},"image":{"@id":"https:\/\/www.neuillysurmarne.fr\/es\/#\/schema\/logo\/image\/"},"sameAs":["https:\/\/www.facebook.com\/ville.neuilly","https:\/\/www.instagram.com\/neuilly_marne\/","https:\/\/www.linkedin.com\/company\/ville-de-neuilly-sur-marne\/","https:\/\/www.youtube.com\/channel\/UCDdZ0TLrV8rfIqjBGvoeB5A","https:\/\/www.tiktok.com\/@villedeneuillysurmarne"]}]}},"_links":{"self":[{"href":"https:\/\/www.neuillysurmarne.fr\/ru\/wp-json\/wp\/v2\/evenements\/17033","targetHints":{"allow":["GET"]}}],"collection":[{"href":"https:\/\/www.neuillysurmarne.fr\/ru\/wp-json\/wp\/v2\/evenements"}],"about":[{"href":"https:\/\/www.neuillysurmarne.fr\/ru\/wp-json\/wp\/v2\/types\/evenements"}],"wp:featuredmedia":[{"embeddable":true,"href":"https:\/\/www.neuillysurmarne.fr\/ru\/wp-json\/wp\/v2\/media\/17032"}],"wp:attachment":[{"href":"https:\/\/www.neuillysurmarne.fr\/ru\/wp-json\/wp\/v2\/media?parent=17033"}],"wp:term":[{"taxonomy":"categorie-evenement","embeddable":true,"href":"https:\/\/www.neuillysurmarne.fr\/ru\/wp-json\/wp\/v2\/categorie-evenement?post=17033"}],"curies":[{"name":"wp","href":"https:\/\/api.w.org\/{rel}","templated":true}]}}