{"id":11791,"date":"2024-07-04T18:51:52","date_gmt":"2024-07-04T16:51:52","guid":{"rendered":"https:\/\/www.neuillysurmarne.fr\/?page_id=11791"},"modified":"2024-07-04T19:01:52","modified_gmt":"2024-07-04T17:01:52","slug":"medailles-du-travail","status":"publish","type":"page","link":"https:\/\/www.neuillysurmarne.fr\/ru\/medailles-du-travail\/","title":{"rendered":"\u041d\u0430\u0433\u0440\u0430\u0434\u044b \u0437\u0430 \u0432\u044b\u0441\u043b\u0443\u0433\u0443 \u043b\u0435\u0442"},"content":{"rendered":"<div data-elementor-type=\"wp-page\" data-elementor-id=\"11791\" class=\"elementor elementor-11791\" data-elementor-post-type=\"page\">\n\t\t\t\t<div class=\"elementor-element elementor-element-ab86a93 e-flex e-con-boxed e-con e-parent\" data-id=\"ab86a93\" data-element_type=\"container\" data-e-type=\"container\">\n\t\t\t\t\t<div class=\"e-con-inner\">\n\t\t\t\t<div class=\"elementor-element elementor-element-996063d elementor-cta--skin-classic elementor-animated-content elementor-bg-transform elementor-bg-transform-zoom-in elementor-widget elementor-widget-call-to-action\" data-id=\"996063d\" data-element_type=\"widget\" data-e-type=\"widget\" data-widget_type=\"call-to-action.default\">\n\t\t\t\t<div class=\"elementor-widget-container\">\n\t\t\t\t\t\t\t<a class=\"elementor-cta\" href=\"https:\/\/www.lassuranceretraite.fr\/portail-info\/home.html\">\n\t\t\t\t\t<div class=\"elementor-cta__bg-wrapper\">\n\t\t\t\t<div class=\"elementor-cta__bg elementor-bg\" style=\"background-image: url(https:\/\/www.neuillysurmarne.fr\/wp-content\/uploads\/2024\/07\/Medailles-du-travail-10.2023-1024x683.jpg);\" role=\"img\" aria-label=\"\u041d\u0430\u0433\u0440\u0430\u0434\u044b \u0437\u0430 \u0432\u044b\u0441\u043b\u0443\u0433\u0443 \u043b\u0435\u0442 10.2023\"><\/div>\n\t\t\t\t<div class=\"elementor-cta__bg-overlay\"><\/div>\n\t\t\t<\/div>\n\t\t\t\t\t\t\t<div class=\"elementor-cta__content\">\n\t\t\t\t\n\t\t\t\t\t\t\t\t\t<h3 class=\"elementor-cta__title elementor-cta__content-item elementor-content-item\">\n\t\t\t\t\t\t\u0417\u0430\u0433\u0440\u0443\u0437\u0438\u0442\u0435 \u0437\u0430\u044f\u0432\u043b\u0435\u043d\u0438\u0435 \u043e \u0441\u0432\u043e\u0435\u0439 \u043a\u0430\u0440\u044c\u0435\u0440\u0435\t\t\t\t\t<\/h3>\n\t\t\t\t\n\t\t\t\t\t\t\t\t\t<div class=\"elementor-cta__description elementor-cta__content-item elementor-content-item\">\n\t\t\t\t\t\t\u041f\u043e\u0447\u0435\u0442\u043d\u0430\u044f \u043c\u0435\u0434\u0430\u043b\u044c \u0437\u0430 \u0442\u0440\u0443\u0434\u043e\u0432\u044b\u0435 \u0437\u0430\u0441\u043b\u0443\u0433\u0438 - \u044d\u0442\u043e \u043f\u043e\u0447\u0435\u0442\u043d\u0430\u044f \u043d\u0430\u0433\u0440\u0430\u0434\u0430. \u041f\u043e\u043c\u0438\u043c\u043e \u043f\u0440\u043e\u0447\u0435\u0433\u043e, \u043e\u043d\u0430 \u043f\u0440\u0438\u0441\u0443\u0436\u0434\u0430\u0435\u0442\u0441\u044f \u0437\u0430 \u0434\u043e\u043b\u0433\u0443\u044e \u0441\u043b\u0443\u0436\u0431\u0443 \u0441\u043e\u0442\u0440\u0443\u0434\u043d\u0438\u043a\u0430. \u0427\u0442\u043e\u0431\u044b \u0441\u043e\u0441\u0442\u0430\u0432\u0438\u0442\u044c \u0441\u0432\u043e\u0435 \u0437\u0430\u044f\u0432\u043b\u0435\u043d\u0438\u0435, \u0437\u0430\u0433\u0440\u0443\u0437\u0438\u0442\u0435 \u043f\u043e\u0441\u043b\u0443\u0436\u043d\u043e\u0439 \u0441\u043f\u0438\u0441\u043e\u043a.\t\t\t\t\t<\/div>\n\t\t\t\t\n\t\t\t\t\t\t\t\t\t<div class=\"elementor-cta__button-wrapper elementor-cta__content-item elementor-content-item\">\n\t\t\t\t\t<span class=\"elementor-cta__button elementor-button elementor-size-\">\n\t\t\t\t\t\t\u041d\u0430\u0436\u043c\u0438\u0442\u0435 \u0437\u0434\u0435\u0441\u044c, \u0447\u0442\u043e\u0431\u044b \u043f\u043e\u043b\u0443\u0447\u0438\u0442\u044c \u0437\u0430\u044f\u0432\u043b\u0435\u043d\u0438\u0435 \u043e \u043a\u0430\u0440\u044c\u0435\u0440\u0435\t\t\t\t\t<\/span>\n\t\t\t\t\t<\/div>\n\t\t\t\t\t\t\t<\/div>\n\t\t\t\t\t\t<\/a>\n\t\t\t\t\t\t<\/div>\n\t\t\t\t<\/div>\n\t\t\t\t\t<\/div>\n\t\t\t\t<\/div>\n\t\t<div class=\"elementor-element elementor-element-a58769c e-flex e-con-boxed e-con e-parent\" data-id=\"a58769c\" data-element_type=\"container\" data-e-type=\"container\">\n\t\t\t\t\t<div class=\"e-con-inner\">\n\t\t\t\t<div class=\"elementor-element elementor-element-889e52a elementor-widget elementor-widget-text-editor\" data-id=\"889e52a\" data-element_type=\"widget\" data-e-type=\"widget\" data-widget_type=\"text-editor.default\">\n\t\t\t\t<div class=\"elementor-widget-container\">\n\t\t\t\t\t\t\t\t\t<p><strong><a href=\"https:\/\/www.neuillysurmarne.fr\/wp-content\/uploads\/2024\/07\/Procedure-releve-de-carriere.pdf\">\u27a1\ufe0f \u0427\u0442\u043e\u0431\u044b \u0432\u044b\u043f\u043e\u043b\u043d\u0438\u0442\u044c \u043f\u0440\u043e\u0446\u0435\u0434\u0443\u0440\u0443 \u043f\u0440\u0430\u0432\u0438\u043b\u044c\u043d\u043e, \u0441\u043b\u0435\u0434\u0443\u0439\u0442\u0435 \u0440\u0443\u043a\u043e\u0432\u043e\u0434\u0441\u0442\u0432\u0443 \u043f\u043e \u044d\u0442\u043e\u0439 \u0441\u0441\u044b\u043b\u043a\u0435.<\/a><\/strong><\/p>\t\t\t\t\t\t\t\t<\/div>\n\t\t\t\t<\/div>\n\t\t\t\t\t<\/div>\n\t\t\t\t<\/div>\n\t\t\t\t<\/div>","protected":false},"excerpt":{"rendered":"<p>T\u00e9l\u00e9chargez votre relev\u00e9 de carri\u00e8re La m\u00e9daille d&rsquo;honneur du travail est une distinction honorifique. Elle r\u00e9compense, entre autre, l&rsquo;anciennet\u00e9 de services d&rsquo;un salari\u00e9. Pour constituer votre dossier, t\u00e9l\u00e9chargez votre relev\u00e9 de carri\u00e8re. Cliquez ici pour obtenir votre relev\u00e9 de carri\u00e8re \u27a1\ufe0f Pour r\u00e9aliser correctement la d\u00e9marche, suivez le tutoriel en cliquant ici.<\/p>","protected":false},"author":2,"featured_media":11792,"parent":0,"menu_order":0,"comment_status":"closed","ping_status":"closed","template":"","meta":{"_acf_changed":false,"footnotes":""},"class_list":["post-11791","page","type-page","status-publish","has-post-thumbnail","hentry"],"acf":[],"yoast_head":"<!-- This site is optimized with the Yoast SEO plugin v27.4 - https:\/\/yoast.com\/product\/yoast-seo-wordpress\/ -->\n<title>M\u00e9dailles du travail - Mairie de Neuilly-sur-Marne<\/title>\n<meta name=\"robots\" content=\"index, follow, max-snippet:-1, max-image-preview:large, max-video-preview:-1\" \/>\n<link rel=\"canonical\" href=\"https:\/\/www.neuillysurmarne.fr\/ru\/medailles-du-travail\/\" \/>\n<meta property=\"og:locale\" content=\"ru_RU\" \/>\n<meta property=\"og:type\" content=\"article\" \/>\n<meta property=\"og:title\" content=\"M\u00e9dailles du travail - Mairie de Neuilly-sur-Marne\" \/>\n<meta property=\"og:description\" content=\"T\u00e9l\u00e9chargez votre relev\u00e9 de carri\u00e8re La m\u00e9daille d&rsquo;honneur du travail est une distinction honorifique. Elle r\u00e9compense, entre autre, l&rsquo;anciennet\u00e9 de services d&rsquo;un salari\u00e9. Pour constituer votre dossier, t\u00e9l\u00e9chargez votre relev\u00e9 de carri\u00e8re. Cliquez ici pour obtenir votre relev\u00e9 de carri\u00e8re \u27a1\ufe0f Pour r\u00e9aliser correctement la d\u00e9marche, suivez le tutoriel en cliquant ici.\" \/>\n<meta property=\"og:url\" content=\"https:\/\/www.neuillysurmarne.fr\/ru\/medailles-du-travail\/\" \/>\n<meta property=\"og:site_name\" content=\"Mairie de Neuilly-sur-Marne\" \/>\n<meta property=\"article:publisher\" content=\"https:\/\/www.facebook.com\/ville.neuilly\" \/>\n<meta property=\"article:modified_time\" content=\"2024-07-04T17:01:52+00:00\" \/>\n<meta property=\"og:image\" content=\"https:\/\/www.neuillysurmarne.fr\/wp-content\/uploads\/2024\/07\/Medailles-du-travail-10.2023-scaled.jpg\" \/>\n\t<meta property=\"og:image:width\" content=\"2560\" \/>\n\t<meta property=\"og:image:height\" content=\"1707\" \/>\n\t<meta property=\"og:image:type\" content=\"image\/jpeg\" \/>\n<meta name=\"twitter:card\" content=\"summary_large_image\" \/>\n<meta name=\"twitter:label1\" content=\"\u041f\u0440\u0438\u043c\u0435\u0440\u043d\u043e\u0435 \u0432\u0440\u0435\u043c\u044f \u0434\u043b\u044f \u0447\u0442\u0435\u043d\u0438\u044f\" \/>\n\t<meta name=\"twitter:data1\" content=\"1 \u043c\u0438\u043d\u0443\u0442\u0430\" \/>\n<script type=\"application\/ld+json\" class=\"yoast-schema-graph\">{\"@context\":\"https:\\\/\\\/schema.org\",\"@graph\":[{\"@type\":\"WebPage\",\"@id\":\"https:\\\/\\\/www.neuillysurmarne.fr\\\/medailles-du-travail\\\/\",\"url\":\"https:\\\/\\\/www.neuillysurmarne.fr\\\/medailles-du-travail\\\/\",\"name\":\"M\u00e9dailles du travail - Mairie de Neuilly-sur-Marne\",\"isPartOf\":{\"@id\":\"https:\\\/\\\/www.neuillysurmarne.fr\\\/es\\\/#website\"},\"primaryImageOfPage\":{\"@id\":\"https:\\\/\\\/www.neuillysurmarne.fr\\\/medailles-du-travail\\\/#primaryimage\"},\"image\":{\"@id\":\"https:\\\/\\\/www.neuillysurmarne.fr\\\/medailles-du-travail\\\/#primaryimage\"},\"thumbnailUrl\":\"https:\\\/\\\/www.neuillysurmarne.fr\\\/wp-content\\\/uploads\\\/2024\\\/07\\\/Medailles-du-travail-10.2023-scaled.jpg\",\"datePublished\":\"2024-07-04T16:51:52+00:00\",\"dateModified\":\"2024-07-04T17:01:52+00:00\",\"breadcrumb\":{\"@id\":\"https:\\\/\\\/www.neuillysurmarne.fr\\\/medailles-du-travail\\\/#breadcrumb\"},\"inLanguage\":\"ru-RU\",\"potentialAction\":[{\"@type\":\"ReadAction\",\"target\":[\"https:\\\/\\\/www.neuillysurmarne.fr\\\/medailles-du-travail\\\/\"]}]},{\"@type\":\"ImageObject\",\"inLanguage\":\"ru-RU\",\"@id\":\"https:\\\/\\\/www.neuillysurmarne.fr\\\/medailles-du-travail\\\/#primaryimage\",\"url\":\"https:\\\/\\\/www.neuillysurmarne.fr\\\/wp-content\\\/uploads\\\/2024\\\/07\\\/Medailles-du-travail-10.2023-scaled.jpg\",\"contentUrl\":\"https:\\\/\\\/www.neuillysurmarne.fr\\\/wp-content\\\/uploads\\\/2024\\\/07\\\/Medailles-du-travail-10.2023-scaled.jpg\",\"width\":2560,\"height\":1707},{\"@type\":\"BreadcrumbList\",\"@id\":\"https:\\\/\\\/www.neuillysurmarne.fr\\\/medailles-du-travail\\\/#breadcrumb\",\"itemListElement\":[{\"@type\":\"ListItem\",\"position\":1,\"name\":\"Accueil\",\"item\":\"https:\\\/\\\/www.neuillysurmarne.fr\\\/\"},{\"@type\":\"ListItem\",\"position\":2,\"name\":\"M\u00e9dailles du travail\"}]},{\"@type\":\"WebSite\",\"@id\":\"https:\\\/\\\/www.neuillysurmarne.fr\\\/es\\\/#website\",\"url\":\"https:\\\/\\\/www.neuillysurmarne.fr\\\/es\\\/\",\"name\":\"Mairie de Neuilly-sur-Marne\",\"description\":\"BETA\",\"publisher\":{\"@id\":\"https:\\\/\\\/www.neuillysurmarne.fr\\\/es\\\/#organization\"},\"potentialAction\":[{\"@type\":\"SearchAction\",\"target\":{\"@type\":\"EntryPoint\",\"urlTemplate\":\"https:\\\/\\\/www.neuillysurmarne.fr\\\/es\\\/?s={search_term_string}\"},\"query-input\":{\"@type\":\"PropertyValueSpecification\",\"valueRequired\":true,\"valueName\":\"search_term_string\"}}],\"inLanguage\":\"ru-RU\"},{\"@type\":\"Organization\",\"@id\":\"https:\\\/\\\/www.neuillysurmarne.fr\\\/es\\\/#organization\",\"name\":\"Mairie de Neuilly-sur-Marne\",\"url\":\"https:\\\/\\\/www.neuillysurmarne.fr\\\/es\\\/\",\"logo\":{\"@type\":\"ImageObject\",\"inLanguage\":\"ru-RU\",\"@id\":\"https:\\\/\\\/www.neuillysurmarne.fr\\\/es\\\/#\\\/schema\\\/logo\\\/image\\\/\",\"url\":\"https:\\\/\\\/www.neuillysurmarne.fr\\\/wp-content\\\/uploads\\\/2023\\\/10\\\/LOGO-NeuillysurMarne-blanc.png\",\"contentUrl\":\"https:\\\/\\\/www.neuillysurmarne.fr\\\/wp-content\\\/uploads\\\/2023\\\/10\\\/LOGO-NeuillysurMarne-blanc.png\",\"width\":3308,\"height\":2586,\"caption\":\"Mairie de Neuilly-sur-Marne\"},\"image\":{\"@id\":\"https:\\\/\\\/www.neuillysurmarne.fr\\\/es\\\/#\\\/schema\\\/logo\\\/image\\\/\"},\"sameAs\":[\"https:\\\/\\\/www.facebook.com\\\/ville.neuilly\",\"https:\\\/\\\/www.instagram.com\\\/neuilly_marne\\\/\",\"https:\\\/\\\/www.linkedin.com\\\/company\\\/ville-de-neuilly-sur-marne\\\/\",\"https:\\\/\\\/www.youtube.com\\\/channel\\\/UCDdZ0TLrV8rfIqjBGvoeB5A\",\"https:\\\/\\\/www.tiktok.com\\\/@villedeneuillysurmarne\"]}]}<\/script>\n<!-- \/ Yoast SEO plugin. -->","yoast_head_json":{"title":"M\u00e9dailles du travail - Mairie de Neuilly-sur-Marne","robots":{"index":"index","follow":"follow","max-snippet":"max-snippet:-1","max-image-preview":"max-image-preview:large","max-video-preview":"max-video-preview:-1"},"canonical":"https:\/\/www.neuillysurmarne.fr\/ru\/medailles-du-travail\/","og_locale":"ru_RU","og_type":"article","og_title":"M\u00e9dailles du travail - Mairie de Neuilly-sur-Marne","og_description":"T\u00e9l\u00e9chargez votre relev\u00e9 de carri\u00e8re La m\u00e9daille d&rsquo;honneur du travail est une distinction honorifique. Elle r\u00e9compense, entre autre, l&rsquo;anciennet\u00e9 de services d&rsquo;un salari\u00e9. Pour constituer votre dossier, t\u00e9l\u00e9chargez votre relev\u00e9 de carri\u00e8re. Cliquez ici pour obtenir votre relev\u00e9 de carri\u00e8re \u27a1\ufe0f Pour r\u00e9aliser correctement la d\u00e9marche, suivez le tutoriel en cliquant ici.","og_url":"https:\/\/www.neuillysurmarne.fr\/ru\/medailles-du-travail\/","og_site_name":"Mairie de Neuilly-sur-Marne","article_publisher":"https:\/\/www.facebook.com\/ville.neuilly","article_modified_time":"2024-07-04T17:01:52+00:00","og_image":[{"width":2560,"height":1707,"url":"https:\/\/www.neuillysurmarne.fr\/wp-content\/uploads\/2024\/07\/Medailles-du-travail-10.2023-scaled.jpg","type":"image\/jpeg"}],"twitter_card":"summary_large_image","twitter_misc":{"\u041f\u0440\u0438\u043c\u0435\u0440\u043d\u043e\u0435 \u0432\u0440\u0435\u043c\u044f \u0434\u043b\u044f \u0447\u0442\u0435\u043d\u0438\u044f":"1 \u043c\u0438\u043d\u0443\u0442\u0430"},"schema":{"@context":"https:\/\/schema.org","@graph":[{"@type":"WebPage","@id":"https:\/\/www.neuillysurmarne.fr\/medailles-du-travail\/","url":"https:\/\/www.neuillysurmarne.fr\/medailles-du-travail\/","name":"M\u00e9dailles du travail - Mairie de Neuilly-sur-Marne","isPartOf":{"@id":"https:\/\/www.neuillysurmarne.fr\/es\/#website"},"primaryImageOfPage":{"@id":"https:\/\/www.neuillysurmarne.fr\/medailles-du-travail\/#primaryimage"},"image":{"@id":"https:\/\/www.neuillysurmarne.fr\/medailles-du-travail\/#primaryimage"},"thumbnailUrl":"https:\/\/www.neuillysurmarne.fr\/wp-content\/uploads\/2024\/07\/Medailles-du-travail-10.2023-scaled.jpg","datePublished":"2024-07-04T16:51:52+00:00","dateModified":"2024-07-04T17:01:52+00:00","breadcrumb":{"@id":"https:\/\/www.neuillysurmarne.fr\/medailles-du-travail\/#breadcrumb"},"inLanguage":"ru-RU","potentialAction":[{"@type":"ReadAction","target":["https:\/\/www.neuillysurmarne.fr\/medailles-du-travail\/"]}]},{"@type":"ImageObject","inLanguage":"ru-RU","@id":"https:\/\/www.neuillysurmarne.fr\/medailles-du-travail\/#primaryimage","url":"https:\/\/www.neuillysurmarne.fr\/wp-content\/uploads\/2024\/07\/Medailles-du-travail-10.2023-scaled.jpg","contentUrl":"https:\/\/www.neuillysurmarne.fr\/wp-content\/uploads\/2024\/07\/Medailles-du-travail-10.2023-scaled.jpg","width":2560,"height":1707},{"@type":"BreadcrumbList","@id":"https:\/\/www.neuillysurmarne.fr\/medailles-du-travail\/#breadcrumb","itemListElement":[{"@type":"ListItem","position":1,"name":"Accueil","item":"https:\/\/www.neuillysurmarne.fr\/"},{"@type":"ListItem","position":2,"name":"M\u00e9dailles du travail"}]},{"@type":"WebSite","@id":"https:\/\/www.neuillysurmarne.fr\/es\/#website","url":"https:\/\/www.neuillysurmarne.fr\/es\/","name":"\u0420\u0430\u0442\u0443\u0448\u0430 \u041d\u0435\u0439\u0438-\u0441\u044e\u0440-\u041c\u0430\u0440\u043d","description":"\u0411\u0415\u0422\u0410","publisher":{"@id":"https:\/\/www.neuillysurmarne.fr\/es\/#organization"},"potentialAction":[{"@type":"SearchAction","target":{"@type":"EntryPoint","urlTemplate":"https:\/\/www.neuillysurmarne.fr\/es\/?s={search_term_string}"},"query-input":{"@type":"PropertyValueSpecification","valueRequired":true,"valueName":"search_term_string"}}],"inLanguage":"ru-RU"},{"@type":"Organization","@id":"https:\/\/www.neuillysurmarne.fr\/es\/#organization","name":"\u0420\u0430\u0442\u0443\u0448\u0430 \u041d\u0435\u0439\u0438-\u0441\u044e\u0440-\u041c\u0430\u0440\u043d","url":"https:\/\/www.neuillysurmarne.fr\/es\/","logo":{"@type":"ImageObject","inLanguage":"ru-RU","@id":"https:\/\/www.neuillysurmarne.fr\/es\/#\/schema\/logo\/image\/","url":"https:\/\/www.neuillysurmarne.fr\/wp-content\/uploads\/2023\/10\/LOGO-NeuillysurMarne-blanc.png","contentUrl":"https:\/\/www.neuillysurmarne.fr\/wp-content\/uploads\/2023\/10\/LOGO-NeuillysurMarne-blanc.png","width":3308,"height":2586,"caption":"Mairie de Neuilly-sur-Marne"},"image":{"@id":"https:\/\/www.neuillysurmarne.fr\/es\/#\/schema\/logo\/image\/"},"sameAs":["https:\/\/www.facebook.com\/ville.neuilly","https:\/\/www.instagram.com\/neuilly_marne\/","https:\/\/www.linkedin.com\/company\/ville-de-neuilly-sur-marne\/","https:\/\/www.youtube.com\/channel\/UCDdZ0TLrV8rfIqjBGvoeB5A","https:\/\/www.tiktok.com\/@villedeneuillysurmarne"]}]}},"_links":{"self":[{"href":"https:\/\/www.neuillysurmarne.fr\/ru\/wp-json\/wp\/v2\/pages\/11791","targetHints":{"allow":["GET"]}}],"collection":[{"href":"https:\/\/www.neuillysurmarne.fr\/ru\/wp-json\/wp\/v2\/pages"}],"about":[{"href":"https:\/\/www.neuillysurmarne.fr\/ru\/wp-json\/wp\/v2\/types\/page"}],"author":[{"embeddable":true,"href":"https:\/\/www.neuillysurmarne.fr\/ru\/wp-json\/wp\/v2\/users\/2"}],"replies":[{"embeddable":true,"href":"https:\/\/www.neuillysurmarne.fr\/ru\/wp-json\/wp\/v2\/comments?post=11791"}],"version-history":[{"count":4,"href":"https:\/\/www.neuillysurmarne.fr\/ru\/wp-json\/wp\/v2\/pages\/11791\/revisions"}],"predecessor-version":[{"id":11799,"href":"https:\/\/www.neuillysurmarne.fr\/ru\/wp-json\/wp\/v2\/pages\/11791\/revisions\/11799"}],"wp:featuredmedia":[{"embeddable":true,"href":"https:\/\/www.neuillysurmarne.fr\/ru\/wp-json\/wp\/v2\/media\/11792"}],"wp:attachment":[{"href":"https:\/\/www.neuillysurmarne.fr\/ru\/wp-json\/wp\/v2\/media?parent=11791"}],"curies":[{"name":"wp","href":"https:\/\/api.w.org\/{rel}","templated":true}]}}