{"id":1546,"date":"2024-01-02T14:06:41","date_gmt":"2024-01-02T13:06:41","guid":{"rendered":"https:\/\/www.neuillysurmarne.fr\/?page_id=1546"},"modified":"2024-06-26T17:48:00","modified_gmt":"2024-06-26T15:48:00","slug":"clas-collegien","status":"publish","type":"page","link":"https:\/\/www.neuillysurmarne.fr\/ru\/clas-collegien\/","title":{"rendered":"\u0428\u043a\u043e\u043b\u0430 CLAS"},"content":{"rendered":"<div data-elementor-type=\"wp-page\" data-elementor-id=\"1546\" class=\"elementor elementor-1546\" data-elementor-post-type=\"page\">\n\t\t\t\t<div class=\"elementor-element elementor-element-afb343a e-flex e-con-boxed e-con e-parent\" data-id=\"afb343a\" data-element_type=\"container\" data-e-type=\"container\">\n\t\t\t\t\t<div class=\"e-con-inner\">\n\t\t\t\t<div class=\"elementor-element elementor-element-30f10c38 elementor-widget elementor-widget-text-editor\" data-id=\"30f10c38\" data-element_type=\"widget\" data-e-type=\"widget\" data-widget_type=\"text-editor.default\">\n\t\t\t\t<div class=\"elementor-widget-container\">\n\t\t\t\t\t\t\t\t\t<p><span style=\"font-weight: 400;\">Le <strong>\u0434\u043e\u0433\u043e\u0432\u043e\u0440 \u043e \u043f\u043e\u0434\u0434\u0435\u0440\u0436\u043a\u0435 \u043c\u0435\u0441\u0442\u043d\u043e\u0439 \u0448\u043a\u043e\u043b\u044b<\/strong> (CLAS) \u043f\u0440\u0435\u0434\u043d\u0430\u0437\u043d\u0430\u0447\u0435\u043d\u0430 \u0434\u043b\u044f \u0434\u0435\u0442\u0435\u0439, \u043f\u043e\u0441\u0435\u0449\u0430\u044e\u0449\u0438\u0445 \u043a\u043e\u043b\u043b\u0435\u0434\u0436, \u0443 \u043a\u043e\u0442\u043e\u0440\u044b\u0445 \u0432 \u0441\u0435\u043c\u044c\u0435 \u0438 \u0441\u043e\u0446\u0438\u0430\u043b\u044c\u043d\u043e\u043c \u043e\u043a\u0440\u0443\u0436\u0435\u043d\u0438\u0438 \u043d\u0435\u0442 \u0432\u0441\u0435\u0445 \u043d\u0435\u043e\u0431\u0445\u043e\u0434\u0438\u043c\u044b\u0445 \u0443\u0441\u043b\u043e\u0432\u0438\u0439 \u0434\u043b\u044f \u0443\u0441\u043f\u0435\u0448\u043d\u043e\u0433\u043e \u043e\u0431\u0443\u0447\u0435\u043d\u0438\u044f \u0432 \u0448\u043a\u043e\u043b\u0435.<\/span><\/p><p><span style=\"font-weight: 400;\">\u0414\u0435\u0442\u0438 \u043d\u0430\u043f\u0440\u0430\u0432\u043b\u044f\u044e\u0442\u0441\u044f \u0432 \u0448\u043a\u043e\u043b\u0443 \u043f\u043e \u0441\u043e\u0433\u043b\u0430\u0441\u043e\u0432\u0430\u043d\u0438\u044e \u0441 \u0440\u043e\u0434\u0438\u0442\u0435\u043b\u044f\u043c\u0438 \u0438 \u0441\u043e\u0432\u043c\u0435\u0441\u0442\u043d\u043e \u0441 \u0443\u0447\u0438\u0442\u0435\u043b\u044f\u043c\u0438. <\/span><span style=\"font-weight: 400;\">\u041c\u0435\u0440\u043e\u043f\u0440\u0438\u044f\u0442\u0438\u044f CLAS \u043f\u0440\u043e\u0432\u043e\u0434\u044f\u0442\u0441\u044f \u0432\u043e \u0432\u043d\u0435\u0443\u0440\u043e\u0447\u043d\u043e\u0435 \u0432\u0440\u0435\u043c\u044f, \u0432 \u043f\u043e\u0434\u0445\u043e\u0434\u044f\u0449\u0438\u0445 \u043f\u043e\u043c\u0435\u0449\u0435\u043d\u0438\u044f\u0445, \u043f\u043e\u043c\u0438\u043c\u043e \u0448\u043a\u043e\u043b\u044b.<\/span><\/p>\t\t\t\t\t\t\t\t<\/div>\n\t\t\t\t<\/div>\n\t\t<div class=\"elementor-element elementor-element-994a8d6 e-grid e-con-boxed e-con e-child\" data-id=\"994a8d6\" data-element_type=\"container\" data-e-type=\"container\">\n\t\t\t\t\t<div class=\"e-con-inner\">\n\t\t\t\t<div class=\"elementor-element elementor-element-8afe701 elementor-widget elementor-widget-text-editor\" data-id=\"8afe701\" data-element_type=\"widget\" data-e-type=\"widget\" data-widget_type=\"text-editor.default\">\n\t\t\t\t<div class=\"elementor-widget-container\">\n\t\t\t\t\t\t\t\t\t<div class=\"elementor-widget-container\"><h3 class=\"destinataire\"><strong>\u0414\u043e\u0433\u043e\u0432\u043e\u0440 \u043e \u043f\u043e\u0434\u0434\u0435\u0440\u0436\u043a\u0435 \u043c\u0435\u0441\u0442\u043d\u044b\u0445 \u0448\u043a\u043e\u043b<br \/><\/strong><\/h3><div class=\"streetAddress\">\u0423\u043f\u0440\u0430\u0432\u043b\u044f\u044e\u0449\u0438\u0439: \u043c\u0430\u0434\u0430\u043c \u0416\u0430\u043d-\u0411\u0430\u0442\u0438\u0441\u0442<br \/>\u0412\u043c\u0435\u0441\u0442\u0438\u043c\u043e\u0441\u0442\u044c: 20 \u043c\u0435\u0441\u0442<\/div><div>\u00a0<\/div><div class=\"streetAddress\">\ud83d\udccd 3 rue Le Corguill\u00e9<br \/>93330 \u041d\u0435\u0439\u0438-\u0441\u044e\u0440-\u041c\u0430\u0440\u043d<\/div><div>\u00a0<\/div><div class=\"streetAddress\"><span class=\"telephone\">\ud83d\udcde 01 43 08 28 62<br \/><\/span><\/div><\/div><div>\u00a0<\/div><div>\u041e\u0442\u043a\u0440\u044b\u0442\u043e \u0441 \u043f\u043e\u043d\u0435\u0434\u0435\u043b\u044c\u043d\u0438\u043a\u0430 \u043f\u043e \u043f\u044f\u0442\u043d\u0438\u0446\u0443: 16:45 - 19:00<\/div><div class=\"elementor-widget-container\"><div class=\"streetAddress\">\u00a0<\/div><\/div>\t\t\t\t\t\t\t\t<\/div>\n\t\t\t\t<\/div>\n\t\t\t\t<div class=\"elementor-element elementor-element-78d2a47 elementor-widget elementor-widget-google_maps\" data-id=\"78d2a47\" data-element_type=\"widget\" data-e-type=\"widget\" data-widget_type=\"google_maps.default\">\n\t\t\t\t<div class=\"elementor-widget-container\">\n\t\t\t\t\t\t\t<div class=\"elementor-custom-embed\">\n\t\t\t<iframe loading=\"lazy\"\n\t\t\t\t\tsrc=\"https:\/\/maps.google.com\/maps?q=3%20rue%20Le%20Corguill%C3%A9%2C%2093330&#038;t=m&#038;z=10&#038;output=embed&#038;iwloc=near\"\n\t\t\t\t\ttitle=\"3 \u0443\u043b\u0438\u0446\u0430 \u041b\u0435 \u041a\u043e\u0440\u0433\u0438\u043b\u044c\u0435, 93330 \u041f\u0430\u0440\u0438\u0436\"\n\t\t\t\t\taria-label=\"3 \u0443\u043b\u0438\u0446\u0430 \u041b\u0435 \u041a\u043e\u0440\u0433\u0438\u043b\u044c\u0435, 93330 \u041f\u0430\u0440\u0438\u0436\"\n\t\t\t><\/iframe>\n\t\t<\/div>\n\t\t\t\t\t\t<\/div>\n\t\t\t\t<\/div>\n\t\t\t\t\t<\/div>\n\t\t\t\t<\/div>\n\t\t\t\t\t<\/div>\n\t\t\t\t<\/div>\n\t\t\t\t<\/div>","protected":false},"excerpt":{"rendered":"<p>Le contrat local d\u2019accompagnement \u00e0 la scolarit\u00e9 (CLAS) s\u2019adresse aux enfants scolaris\u00e9s au coll\u00e8ge qui ne disposent pas dans leur environnement familial et social de toutes les conditions n\u00e9cessaires pour s\u2019\u00e9panouir et r\u00e9ussir \u00e0 l\u2019\u00e9cole. L\u2019orientation des enfants se fait en accord avec les parents en lien avec les enseignants. Les actions conduites dans le [&hellip;]<\/p>\n","protected":false},"author":1,"featured_media":6947,"parent":0,"menu_order":0,"comment_status":"closed","ping_status":"closed","template":"","meta":{"_acf_changed":false,"footnotes":""},"class_list":["post-1546","page","type-page","status-publish","has-post-thumbnail","hentry"],"acf":[],"yoast_head":"<!-- This site is optimized with the Yoast SEO plugin v27.4 - https:\/\/yoast.com\/product\/yoast-seo-wordpress\/ -->\n<title>CLAS coll\u00e9gien - Mairie de Neuilly-sur-Marne<\/title>\n<meta name=\"robots\" content=\"index, follow, max-snippet:-1, max-image-preview:large, max-video-preview:-1\" \/>\n<link rel=\"canonical\" href=\"https:\/\/www.neuillysurmarne.fr\/ru\/clas-collegien\/\" \/>\n<meta property=\"og:locale\" content=\"ru_RU\" \/>\n<meta property=\"og:type\" content=\"article\" \/>\n<meta property=\"og:title\" content=\"CLAS coll\u00e9gien - Mairie de Neuilly-sur-Marne\" \/>\n<meta property=\"og:description\" content=\"Le contrat local d\u2019accompagnement \u00e0 la scolarit\u00e9 (CLAS) s\u2019adresse aux enfants scolaris\u00e9s au coll\u00e8ge qui ne disposent pas dans leur environnement familial et social de toutes les conditions n\u00e9cessaires pour s\u2019\u00e9panouir et r\u00e9ussir \u00e0 l\u2019\u00e9cole. L\u2019orientation des enfants se fait en accord avec les parents en lien avec les enseignants. Les actions conduites dans le [&hellip;]\" \/>\n<meta property=\"og:url\" content=\"https:\/\/www.neuillysurmarne.fr\/ru\/clas-collegien\/\" \/>\n<meta property=\"og:site_name\" content=\"Mairie de Neuilly-sur-Marne\" \/>\n<meta property=\"article:publisher\" content=\"https:\/\/www.facebook.com\/ville.neuilly\" \/>\n<meta property=\"article:modified_time\" content=\"2024-06-26T15:48:00+00:00\" \/>\n<meta property=\"og:image\" content=\"https:\/\/www.neuillysurmarne.fr\/wp-content\/uploads\/2024\/05\/AdobeStock_350065455-scaled.jpeg\" \/>\n\t<meta property=\"og:image:width\" content=\"2560\" \/>\n\t<meta property=\"og:image:height\" content=\"949\" \/>\n\t<meta property=\"og:image:type\" content=\"image\/jpeg\" \/>\n<meta name=\"twitter:card\" content=\"summary_large_image\" \/>\n<meta name=\"twitter:label1\" content=\"\u041f\u0440\u0438\u043c\u0435\u0440\u043d\u043e\u0435 \u0432\u0440\u0435\u043c\u044f \u0434\u043b\u044f \u0447\u0442\u0435\u043d\u0438\u044f\" \/>\n\t<meta name=\"twitter:data1\" content=\"1 \u043c\u0438\u043d\u0443\u0442\u0430\" \/>\n<script type=\"application\/ld+json\" class=\"yoast-schema-graph\">{\"@context\":\"https:\\\/\\\/schema.org\",\"@graph\":[{\"@type\":\"WebPage\",\"@id\":\"https:\\\/\\\/www.neuillysurmarne.fr\\\/clas-collegien\\\/\",\"url\":\"https:\\\/\\\/www.neuillysurmarne.fr\\\/clas-collegien\\\/\",\"name\":\"CLAS coll\u00e9gien - Mairie de Neuilly-sur-Marne\",\"isPartOf\":{\"@id\":\"https:\\\/\\\/www.neuillysurmarne.fr\\\/es\\\/#website\"},\"primaryImageOfPage\":{\"@id\":\"https:\\\/\\\/www.neuillysurmarne.fr\\\/clas-collegien\\\/#primaryimage\"},\"image\":{\"@id\":\"https:\\\/\\\/www.neuillysurmarne.fr\\\/clas-collegien\\\/#primaryimage\"},\"thumbnailUrl\":\"https:\\\/\\\/www.neuillysurmarne.fr\\\/wp-content\\\/uploads\\\/2024\\\/05\\\/AdobeStock_350065455-scaled.jpeg\",\"datePublished\":\"2024-01-02T13:06:41+00:00\",\"dateModified\":\"2024-06-26T15:48:00+00:00\",\"breadcrumb\":{\"@id\":\"https:\\\/\\\/www.neuillysurmarne.fr\\\/clas-collegien\\\/#breadcrumb\"},\"inLanguage\":\"ru-RU\",\"potentialAction\":[{\"@type\":\"ReadAction\",\"target\":[\"https:\\\/\\\/www.neuillysurmarne.fr\\\/clas-collegien\\\/\"]}]},{\"@type\":\"ImageObject\",\"inLanguage\":\"ru-RU\",\"@id\":\"https:\\\/\\\/www.neuillysurmarne.fr\\\/clas-collegien\\\/#primaryimage\",\"url\":\"https:\\\/\\\/www.neuillysurmarne.fr\\\/wp-content\\\/uploads\\\/2024\\\/05\\\/AdobeStock_350065455-scaled.jpeg\",\"contentUrl\":\"https:\\\/\\\/www.neuillysurmarne.fr\\\/wp-content\\\/uploads\\\/2024\\\/05\\\/AdobeStock_350065455-scaled.jpeg\",\"width\":2560,\"height\":949,\"caption\":\"Group of smiling international students or teenagers sitting and using laptop computer doing their homework with book together in park at university.Education and friendship Concept\"},{\"@type\":\"BreadcrumbList\",\"@id\":\"https:\\\/\\\/www.neuillysurmarne.fr\\\/clas-collegien\\\/#breadcrumb\",\"itemListElement\":[{\"@type\":\"ListItem\",\"position\":1,\"name\":\"Accueil\",\"item\":\"https:\\\/\\\/www.neuillysurmarne.fr\\\/\"},{\"@type\":\"ListItem\",\"position\":2,\"name\":\"CLAS coll\u00e9gien\"}]},{\"@type\":\"WebSite\",\"@id\":\"https:\\\/\\\/www.neuillysurmarne.fr\\\/es\\\/#website\",\"url\":\"https:\\\/\\\/www.neuillysurmarne.fr\\\/es\\\/\",\"name\":\"Mairie de Neuilly-sur-Marne\",\"description\":\"BETA\",\"publisher\":{\"@id\":\"https:\\\/\\\/www.neuillysurmarne.fr\\\/es\\\/#organization\"},\"potentialAction\":[{\"@type\":\"SearchAction\",\"target\":{\"@type\":\"EntryPoint\",\"urlTemplate\":\"https:\\\/\\\/www.neuillysurmarne.fr\\\/es\\\/?s={search_term_string}\"},\"query-input\":{\"@type\":\"PropertyValueSpecification\",\"valueRequired\":true,\"valueName\":\"search_term_string\"}}],\"inLanguage\":\"ru-RU\"},{\"@type\":\"Organization\",\"@id\":\"https:\\\/\\\/www.neuillysurmarne.fr\\\/es\\\/#organization\",\"name\":\"Mairie de Neuilly-sur-Marne\",\"url\":\"https:\\\/\\\/www.neuillysurmarne.fr\\\/es\\\/\",\"logo\":{\"@type\":\"ImageObject\",\"inLanguage\":\"ru-RU\",\"@id\":\"https:\\\/\\\/www.neuillysurmarne.fr\\\/es\\\/#\\\/schema\\\/logo\\\/image\\\/\",\"url\":\"https:\\\/\\\/www.neuillysurmarne.fr\\\/wp-content\\\/uploads\\\/2023\\\/10\\\/LOGO-NeuillysurMarne-blanc.png\",\"contentUrl\":\"https:\\\/\\\/www.neuillysurmarne.fr\\\/wp-content\\\/uploads\\\/2023\\\/10\\\/LOGO-NeuillysurMarne-blanc.png\",\"width\":3308,\"height\":2586,\"caption\":\"Mairie de Neuilly-sur-Marne\"},\"image\":{\"@id\":\"https:\\\/\\\/www.neuillysurmarne.fr\\\/es\\\/#\\\/schema\\\/logo\\\/image\\\/\"},\"sameAs\":[\"https:\\\/\\\/www.facebook.com\\\/ville.neuilly\",\"https:\\\/\\\/www.instagram.com\\\/neuilly_marne\\\/\",\"https:\\\/\\\/www.linkedin.com\\\/company\\\/ville-de-neuilly-sur-marne\\\/\",\"https:\\\/\\\/www.youtube.com\\\/channel\\\/UCDdZ0TLrV8rfIqjBGvoeB5A\",\"https:\\\/\\\/www.tiktok.com\\\/@villedeneuillysurmarne\"]}]}<\/script>\n<!-- \/ Yoast SEO plugin. -->","yoast_head_json":{"title":"CLAS coll\u00e9gien - Mairie de Neuilly-sur-Marne","robots":{"index":"index","follow":"follow","max-snippet":"max-snippet:-1","max-image-preview":"max-image-preview:large","max-video-preview":"max-video-preview:-1"},"canonical":"https:\/\/www.neuillysurmarne.fr\/ru\/clas-collegien\/","og_locale":"ru_RU","og_type":"article","og_title":"CLAS coll\u00e9gien - Mairie de Neuilly-sur-Marne","og_description":"Le contrat local d\u2019accompagnement \u00e0 la scolarit\u00e9 (CLAS) s\u2019adresse aux enfants scolaris\u00e9s au coll\u00e8ge qui ne disposent pas dans leur environnement familial et social de toutes les conditions n\u00e9cessaires pour s\u2019\u00e9panouir et r\u00e9ussir \u00e0 l\u2019\u00e9cole. L\u2019orientation des enfants se fait en accord avec les parents en lien avec les enseignants. Les actions conduites dans le [&hellip;]","og_url":"https:\/\/www.neuillysurmarne.fr\/ru\/clas-collegien\/","og_site_name":"Mairie de Neuilly-sur-Marne","article_publisher":"https:\/\/www.facebook.com\/ville.neuilly","article_modified_time":"2024-06-26T15:48:00+00:00","og_image":[{"width":2560,"height":949,"url":"https:\/\/www.neuillysurmarne.fr\/wp-content\/uploads\/2024\/05\/AdobeStock_350065455-scaled.jpeg","type":"image\/jpeg"}],"twitter_card":"summary_large_image","twitter_misc":{"\u041f\u0440\u0438\u043c\u0435\u0440\u043d\u043e\u0435 \u0432\u0440\u0435\u043c\u044f \u0434\u043b\u044f \u0447\u0442\u0435\u043d\u0438\u044f":"1 \u043c\u0438\u043d\u0443\u0442\u0430"},"schema":{"@context":"https:\/\/schema.org","@graph":[{"@type":"WebPage","@id":"https:\/\/www.neuillysurmarne.fr\/clas-collegien\/","url":"https:\/\/www.neuillysurmarne.fr\/clas-collegien\/","name":"CLAS coll\u00e9gien - Mairie de Neuilly-sur-Marne","isPartOf":{"@id":"https:\/\/www.neuillysurmarne.fr\/es\/#website"},"primaryImageOfPage":{"@id":"https:\/\/www.neuillysurmarne.fr\/clas-collegien\/#primaryimage"},"image":{"@id":"https:\/\/www.neuillysurmarne.fr\/clas-collegien\/#primaryimage"},"thumbnailUrl":"https:\/\/www.neuillysurmarne.fr\/wp-content\/uploads\/2024\/05\/AdobeStock_350065455-scaled.jpeg","datePublished":"2024-01-02T13:06:41+00:00","dateModified":"2024-06-26T15:48:00+00:00","breadcrumb":{"@id":"https:\/\/www.neuillysurmarne.fr\/clas-collegien\/#breadcrumb"},"inLanguage":"ru-RU","potentialAction":[{"@type":"ReadAction","target":["https:\/\/www.neuillysurmarne.fr\/clas-collegien\/"]}]},{"@type":"ImageObject","inLanguage":"ru-RU","@id":"https:\/\/www.neuillysurmarne.fr\/clas-collegien\/#primaryimage","url":"https:\/\/www.neuillysurmarne.fr\/wp-content\/uploads\/2024\/05\/AdobeStock_350065455-scaled.jpeg","contentUrl":"https:\/\/www.neuillysurmarne.fr\/wp-content\/uploads\/2024\/05\/AdobeStock_350065455-scaled.jpeg","width":2560,"height":949,"caption":"Group of smiling international students or teenagers sitting and using laptop computer doing their homework with book together in park at university.Education and friendship Concept"},{"@type":"BreadcrumbList","@id":"https:\/\/www.neuillysurmarne.fr\/clas-collegien\/#breadcrumb","itemListElement":[{"@type":"ListItem","position":1,"name":"Accueil","item":"https:\/\/www.neuillysurmarne.fr\/"},{"@type":"ListItem","position":2,"name":"CLAS coll\u00e9gien"}]},{"@type":"WebSite","@id":"https:\/\/www.neuillysurmarne.fr\/es\/#website","url":"https:\/\/www.neuillysurmarne.fr\/es\/","name":"\u0420\u0430\u0442\u0443\u0448\u0430 \u041d\u0435\u0439\u0438-\u0441\u044e\u0440-\u041c\u0430\u0440\u043d","description":"\u0411\u0415\u0422\u0410","publisher":{"@id":"https:\/\/www.neuillysurmarne.fr\/es\/#organization"},"potentialAction":[{"@type":"SearchAction","target":{"@type":"EntryPoint","urlTemplate":"https:\/\/www.neuillysurmarne.fr\/es\/?s={search_term_string}"},"query-input":{"@type":"PropertyValueSpecification","valueRequired":true,"valueName":"search_term_string"}}],"inLanguage":"ru-RU"},{"@type":"Organization","@id":"https:\/\/www.neuillysurmarne.fr\/es\/#organization","name":"\u0420\u0430\u0442\u0443\u0448\u0430 \u041d\u0435\u0439\u0438-\u0441\u044e\u0440-\u041c\u0430\u0440\u043d","url":"https:\/\/www.neuillysurmarne.fr\/es\/","logo":{"@type":"ImageObject","inLanguage":"ru-RU","@id":"https:\/\/www.neuillysurmarne.fr\/es\/#\/schema\/logo\/image\/","url":"https:\/\/www.neuillysurmarne.fr\/wp-content\/uploads\/2023\/10\/LOGO-NeuillysurMarne-blanc.png","contentUrl":"https:\/\/www.neuillysurmarne.fr\/wp-content\/uploads\/2023\/10\/LOGO-NeuillysurMarne-blanc.png","width":3308,"height":2586,"caption":"Mairie de Neuilly-sur-Marne"},"image":{"@id":"https:\/\/www.neuillysurmarne.fr\/es\/#\/schema\/logo\/image\/"},"sameAs":["https:\/\/www.facebook.com\/ville.neuilly","https:\/\/www.instagram.com\/neuilly_marne\/","https:\/\/www.linkedin.com\/company\/ville-de-neuilly-sur-marne\/","https:\/\/www.youtube.com\/channel\/UCDdZ0TLrV8rfIqjBGvoeB5A","https:\/\/www.tiktok.com\/@villedeneuillysurmarne"]}]}},"_links":{"self":[{"href":"https:\/\/www.neuillysurmarne.fr\/ru\/wp-json\/wp\/v2\/pages\/1546","targetHints":{"allow":["GET"]}}],"collection":[{"href":"https:\/\/www.neuillysurmarne.fr\/ru\/wp-json\/wp\/v2\/pages"}],"about":[{"href":"https:\/\/www.neuillysurmarne.fr\/ru\/wp-json\/wp\/v2\/types\/page"}],"author":[{"embeddable":true,"href":"https:\/\/www.neuillysurmarne.fr\/ru\/wp-json\/wp\/v2\/users\/1"}],"replies":[{"embeddable":true,"href":"https:\/\/www.neuillysurmarne.fr\/ru\/wp-json\/wp\/v2\/comments?post=1546"}],"version-history":[{"count":11,"href":"https:\/\/www.neuillysurmarne.fr\/ru\/wp-json\/wp\/v2\/pages\/1546\/revisions"}],"predecessor-version":[{"id":10779,"href":"https:\/\/www.neuillysurmarne.fr\/ru\/wp-json\/wp\/v2\/pages\/1546\/revisions\/10779"}],"wp:featuredmedia":[{"embeddable":true,"href":"https:\/\/www.neuillysurmarne.fr\/ru\/wp-json\/wp\/v2\/media\/6947"}],"wp:attachment":[{"href":"https:\/\/www.neuillysurmarne.fr\/ru\/wp-json\/wp\/v2\/media?parent=1546"}],"curies":[{"name":"wp","href":"https:\/\/api.w.org\/{rel}","templated":true}]}}