{"id":594,"date":"2023-11-13T12:37:02","date_gmt":"2023-11-13T11:37:02","guid":{"rendered":"https:\/\/www.neuillysurmarne.fr\/?page_id=594"},"modified":"2026-03-16T15:05:35","modified_gmt":"2026-03-16T14:05:35","slug":"don-du-sang","status":"publish","type":"page","link":"https:\/\/www.neuillysurmarne.fr\/ru\/don-du-sang\/","title":{"rendered":"\u0414\u043e\u043d\u043e\u0440\u0441\u0442\u0432\u043e \u043a\u0440\u043e\u0432\u0438"},"content":{"rendered":"<div data-elementor-type=\"wp-page\" data-elementor-id=\"594\" class=\"elementor elementor-594\" data-elementor-post-type=\"page\">\n\t\t\t\t<div class=\"elementor-element elementor-element-7deca15e e-flex e-con-boxed e-con e-parent\" data-id=\"7deca15e\" data-element_type=\"container\" data-e-type=\"container\">\n\t\t\t\t\t<div class=\"e-con-inner\">\n\t\t<div class=\"elementor-element elementor-element-705a478 e-flex e-con-boxed e-con e-child\" data-id=\"705a478\" data-element_type=\"container\" data-e-type=\"container\">\n\t\t\t\t\t<div class=\"e-con-inner\">\n\t\t\t\t<div class=\"elementor-element elementor-element-e498c54 elementor-cta--skin-classic elementor-animated-content elementor-bg-transform elementor-bg-transform-zoom-in elementor-widget elementor-widget-call-to-action\" data-id=\"e498c54\" data-element_type=\"widget\" data-e-type=\"widget\" data-widget_type=\"call-to-action.default\">\n\t\t\t\t<div class=\"elementor-widget-container\">\n\t\t\t\t\t\t\t<div class=\"elementor-cta\">\n\t\t\t\t\t<div class=\"elementor-cta__bg-wrapper\">\n\t\t\t\t<div class=\"elementor-cta__bg elementor-bg\" style=\"background-image: url(https:\/\/www.neuillysurmarne.fr\/wp-content\/uploads\/2024\/05\/Bandeau-Sondage-Google-2-1024x256.png);\" role=\"img\" aria-label=\"\u041e\u043f\u0440\u043e\u0441-\u0431\u0430\u043d\u043d\u0435\u0440-Google-2\"><\/div>\n\t\t\t\t<div class=\"elementor-cta__bg-overlay\"><\/div>\n\t\t\t<\/div>\n\t\t\t\t\t\t\t<div class=\"elementor-cta__content\">\n\t\t\t\t\n\t\t\t\t\t\t\t\t\t<h4 class=\"elementor-cta__title elementor-cta__content-item elementor-content-item\">\n\t\t\t\t\t\tJeudi 23 avril 2026\t\t\t\t\t<\/h4>\n\t\t\t\t\n\t\t\t\t\t\t\t\t\t<div class=\"elementor-cta__description elementor-cta__content-item elementor-content-item\">\n\t\t\t\t\t\t\u0421 14.30 \u0434\u043e 19.30 \u0432 \u0437\u0430\u043b\u0435 Temps Libre\t\t\t\t\t<\/div>\n\t\t\t\t\n\t\t\t\t\t\t\t\t\t<div class=\"elementor-cta__button-wrapper elementor-cta__content-item elementor-content-item\">\n\t\t\t\t\t<a class=\"elementor-cta__button elementor-button elementor-size-\" href=\"https:\/\/dondesang.efs.sante.fr\/trouver-une-collecte?ville=NEUILLY%20SUR%20MARNE\">\n\t\t\t\t\t\t\u041d\u0430\u0436\u043c\u0438\u0442\u0435 \u0437\u0434\u0435\u0441\u044c, \u0447\u0442\u043e\u0431\u044b \u0437\u0430\u0431\u0440\u043e\u043d\u0438\u0440\u043e\u0432\u0430\u0442\u044c \u0441\u043b\u043e\u0442\t\t\t\t\t<\/a>\n\t\t\t\t\t<\/div>\n\t\t\t\t\t\t\t<\/div>\n\t\t\t\t\t\t<\/div>\n\t\t\t\t\t\t<\/div>\n\t\t\t\t<\/div>\n\t\t\t\t\t<\/div>\n\t\t\t\t<\/div>\n\t\t<div class=\"elementor-element elementor-element-da92f92 e-flex e-con-boxed e-con e-child\" data-id=\"da92f92\" data-element_type=\"container\" data-e-type=\"container\">\n\t\t\t\t\t<div class=\"e-con-inner\">\n\t\t<div class=\"elementor-element elementor-element-6b11e8a e-flex e-con-boxed e-con e-child\" data-id=\"6b11e8a\" data-element_type=\"container\" data-e-type=\"container\">\n\t\t\t\t\t<div class=\"e-con-inner\">\n\t\t<div class=\"elementor-element elementor-element-3812070 e-grid e-con-boxed e-con e-child\" data-id=\"3812070\" data-element_type=\"container\" data-e-type=\"container\">\n\t\t\t\t\t<div class=\"e-con-inner\">\n\t\t\t\t<div class=\"elementor-element elementor-element-a65931f elementor-widget elementor-widget-text-editor\" data-id=\"a65931f\" data-element_type=\"widget\" data-e-type=\"widget\" data-widget_type=\"text-editor.default\">\n\t\t\t\t<div class=\"elementor-widget-container\">\n\t\t\t\t\t\t\t\t\t<h3 class=\"destinataire\"><strong>\u0410\u0441\u0441\u043e\u0446\u0438\u0430\u0446\u0438\u044f \u0434\u043e\u0431\u0440\u043e\u0432\u043e\u043b\u044c\u043d\u043e\u0433\u043e \u0434\u043e\u043d\u043e\u0440\u0441\u0442\u0432\u0430 \u043a\u0440\u043e\u0432\u0438<br \/><\/strong><\/h3><div class=\"streetAddress\">\u0420\u0435\u0436\u0438\u0441\u0441\u0435\u0440: \u043c\u0435\u0441\u044c\u0435 \u041f\u0435\u0440\u044c\u0435<\/div><div>\u0417\u0430\u0434\u0430\u0447\u0438: \u043f\u043e\u043e\u0449\u0440\u0435\u043d\u0438\u0435 \u0434\u043e\u0431\u0440\u043e\u0432\u043e\u043b\u044c\u043d\u043e\u0433\u043e \u0434\u043e\u043d\u043e\u0440\u0441\u0442\u0432\u0430 \u043a\u0440\u043e\u0432\u0438, \u043f\u0440\u0438\u0432\u043b\u0435\u0447\u0435\u043d\u0438\u0435 \u043d\u043e\u0432\u044b\u0445 \u0434\u043e\u043d\u043e\u0440\u043e\u0432, \u043f\u0440\u043e\u043f\u0430\u0433\u0430\u043d\u0434\u0430 \u0434\u043e\u043d\u043e\u0440\u0441\u0442\u0432\u0430 \u043a\u0440\u043e\u0432\u0438<\/div><div>\u00a0<\/div><div class=\"streetAddress\">\ud83d\udccd 54 avenue Maison Blanche<br \/>93330 \u041d\u0435\u0439\u0438-\u0441\u044e\u0440-\u041c\u0430\u0440\u043d<\/div><div>\u00a0<\/div><div class=\"streetAddress\"><span class=\"telephone\">\ud83d\udcde 06 21 81 39 08<br \/><\/span><\/div><div>\u00a0<\/div><div class=\"streetAddress\"><a class=\"email\" title=\"ce.0931512n@ac-creteil.fr\" href=\"mailto:olivierperiaux@aol.com\">\ud83d\udce7<strong> olivierperiaux@aol.com<\/strong><\/a><\/div>\t\t\t\t\t\t\t\t<\/div>\n\t\t\t\t<\/div>\n\t\t\t\t<div class=\"elementor-element elementor-element-f861610 elementor-widget elementor-widget-google_maps\" data-id=\"f861610\" data-element_type=\"widget\" data-e-type=\"widget\" data-widget_type=\"google_maps.default\">\n\t\t\t\t<div class=\"elementor-widget-container\">\n\t\t\t\t\t\t\t<div class=\"elementor-custom-embed\">\n\t\t\t<iframe loading=\"lazy\"\n\t\t\t\t\tsrc=\"https:\/\/maps.google.com\/maps?q=54%20avenue%20Maison%20Blanche%2C%2093330&#038;t=m&#038;z=17&#038;output=embed&#038;iwloc=near\"\n\t\t\t\t\ttitle=\"54 \u0430\u0432\u0435\u043d\u044e \u041c\u0435\u0437\u043e\u043d \u0411\u043b\u0430\u043d\u0448, 93330\"\n\t\t\t\t\taria-label=\"54 \u0430\u0432\u0435\u043d\u044e \u041c\u0435\u0437\u043e\u043d \u0411\u043b\u0430\u043d\u0448, 93330\"\n\t\t\t><\/iframe>\n\t\t<\/div>\n\t\t\t\t\t\t<\/div>\n\t\t\t\t<\/div>\n\t\t\t\t<div class=\"elementor-element elementor-element-007ba01 elementor-widget elementor-widget-image\" data-id=\"007ba01\" data-element_type=\"widget\" data-e-type=\"widget\" data-widget_type=\"image.default\">\n\t\t\t\t<div class=\"elementor-widget-container\">\n\t\t\t\t\t\t\t\t\t\t\t\t\t\t\t<img fetchpriority=\"high\" decoding=\"async\" width=\"800\" height=\"534\" src=\"https:\/\/www.neuillysurmarne.fr\/wp-content\/uploads\/2024\/06\/Don-du-sang-09.2021-4-1024x683.jpg\" class=\"attachment-large size-large wp-image-9747\" alt=\"\" srcset=\"https:\/\/www.neuillysurmarne.fr\/wp-content\/uploads\/2024\/06\/Don-du-sang-09.2021-4-1024x683.jpg 1024w, https:\/\/www.neuillysurmarne.fr\/wp-content\/uploads\/2024\/06\/Don-du-sang-09.2021-4-300x200.jpg 300w, https:\/\/www.neuillysurmarne.fr\/wp-content\/uploads\/2024\/06\/Don-du-sang-09.2021-4-768x512.jpg 768w, https:\/\/www.neuillysurmarne.fr\/wp-content\/uploads\/2024\/06\/Don-du-sang-09.2021-4-1536x1024.jpg 1536w, https:\/\/www.neuillysurmarne.fr\/wp-content\/uploads\/2024\/06\/Don-du-sang-09.2021-4-2048x1365.jpg 2048w\" sizes=\"(max-width: 800px) 100vw, 800px\" \/>\t\t\t\t\t\t\t\t\t\t\t\t\t\t\t<\/div>\n\t\t\t\t<\/div>\n\t\t\t\t\t<\/div>\n\t\t\t\t<\/div>\n\t\t\t\t\t<\/div>\n\t\t\t\t<\/div>\n\t\t\t\t\t<\/div>\n\t\t\t\t<\/div>\n\t\t\t\t\t<\/div>\n\t\t\t\t<\/div>\n\t\t\t\t<\/div>","protected":false},"excerpt":{"rendered":"<p>Jeudi 23 avril 2026 De 14h30 \u00e0 19h30 en salle du Temps Libre Cliquez ici pour r\u00e9server votre cr\u00e9neau Association pour le don de sang b\u00e9n\u00e9vole Directeur : M. PeriauxObjectifs : susciter le don volontaire de sang, recruter de nouveaux donneurs, promouvoir le don du sang\u00a0\ud83d\udccd 54 avenue Maison Blanche93330 Neuilly-sur-Marne\u00a0\ud83d\udcde 06 21 81 39 [&hellip;]<\/p>\n","protected":false},"author":1,"featured_media":7158,"parent":0,"menu_order":0,"comment_status":"closed","ping_status":"closed","template":"","meta":{"_acf_changed":false,"footnotes":""},"class_list":["post-594","page","type-page","status-publish","has-post-thumbnail","hentry"],"acf":[],"yoast_head":"<!-- This site is optimized with the Yoast SEO plugin v27.4 - https:\/\/yoast.com\/product\/yoast-seo-wordpress\/ -->\n<title>Don du sang - Mairie de Neuilly-sur-Marne<\/title>\n<meta name=\"robots\" content=\"index, follow, max-snippet:-1, max-image-preview:large, max-video-preview:-1\" \/>\n<link rel=\"canonical\" href=\"https:\/\/www.neuillysurmarne.fr\/ru\/don-du-sang\/\" \/>\n<meta property=\"og:locale\" content=\"ru_RU\" \/>\n<meta property=\"og:type\" content=\"article\" \/>\n<meta property=\"og:title\" content=\"Don du sang - Mairie de Neuilly-sur-Marne\" \/>\n<meta property=\"og:description\" content=\"Jeudi 23 avril 2026 De 14h30 \u00e0 19h30 en salle du Temps Libre Cliquez ici pour r\u00e9server votre cr\u00e9neau Association pour le don de sang b\u00e9n\u00e9vole Directeur : M. PeriauxObjectifs : susciter le don volontaire de sang, recruter de nouveaux donneurs, promouvoir le don du sang\u00a0\ud83d\udccd 54 avenue Maison Blanche93330 Neuilly-sur-Marne\u00a0\ud83d\udcde 06 21 81 39 [&hellip;]\" \/>\n<meta property=\"og:url\" content=\"https:\/\/www.neuillysurmarne.fr\/ru\/don-du-sang\/\" \/>\n<meta property=\"og:site_name\" content=\"Mairie de Neuilly-sur-Marne\" \/>\n<meta property=\"article:publisher\" content=\"https:\/\/www.facebook.com\/ville.neuilly\" \/>\n<meta property=\"article:modified_time\" content=\"2026-03-16T14:05:35+00:00\" \/>\n<meta property=\"og:image\" content=\"https:\/\/www.neuillysurmarne.fr\/wp-content\/uploads\/2024\/05\/AdobeStock_480455476-scaled.jpeg\" \/>\n\t<meta property=\"og:image:width\" content=\"2560\" \/>\n\t<meta property=\"og:image:height\" content=\"1067\" \/>\n\t<meta property=\"og:image:type\" content=\"image\/jpeg\" \/>\n<meta name=\"twitter:card\" content=\"summary_large_image\" \/>\n<meta name=\"twitter:label1\" content=\"\u041f\u0440\u0438\u043c\u0435\u0440\u043d\u043e\u0435 \u0432\u0440\u0435\u043c\u044f \u0434\u043b\u044f \u0447\u0442\u0435\u043d\u0438\u044f\" \/>\n\t<meta name=\"twitter:data1\" content=\"2 \u043c\u0438\u043d\u0443\u0442\u044b\" \/>\n<script type=\"application\/ld+json\" class=\"yoast-schema-graph\">{\"@context\":\"https:\\\/\\\/schema.org\",\"@graph\":[{\"@type\":\"WebPage\",\"@id\":\"https:\\\/\\\/www.neuillysurmarne.fr\\\/don-du-sang\\\/\",\"url\":\"https:\\\/\\\/www.neuillysurmarne.fr\\\/don-du-sang\\\/\",\"name\":\"Don du sang - Mairie de Neuilly-sur-Marne\",\"isPartOf\":{\"@id\":\"https:\\\/\\\/www.neuillysurmarne.fr\\\/es\\\/#website\"},\"primaryImageOfPage\":{\"@id\":\"https:\\\/\\\/www.neuillysurmarne.fr\\\/don-du-sang\\\/#primaryimage\"},\"image\":{\"@id\":\"https:\\\/\\\/www.neuillysurmarne.fr\\\/don-du-sang\\\/#primaryimage\"},\"thumbnailUrl\":\"https:\\\/\\\/www.neuillysurmarne.fr\\\/wp-content\\\/uploads\\\/2024\\\/05\\\/AdobeStock_480455476-scaled.jpeg\",\"datePublished\":\"2023-11-13T11:37:02+00:00\",\"dateModified\":\"2026-03-16T14:05:35+00:00\",\"breadcrumb\":{\"@id\":\"https:\\\/\\\/www.neuillysurmarne.fr\\\/don-du-sang\\\/#breadcrumb\"},\"inLanguage\":\"ru-RU\",\"potentialAction\":[{\"@type\":\"ReadAction\",\"target\":[\"https:\\\/\\\/www.neuillysurmarne.fr\\\/don-du-sang\\\/\"]}]},{\"@type\":\"ImageObject\",\"inLanguage\":\"ru-RU\",\"@id\":\"https:\\\/\\\/www.neuillysurmarne.fr\\\/don-du-sang\\\/#primaryimage\",\"url\":\"https:\\\/\\\/www.neuillysurmarne.fr\\\/wp-content\\\/uploads\\\/2024\\\/05\\\/AdobeStock_480455476-scaled.jpeg\",\"contentUrl\":\"https:\\\/\\\/www.neuillysurmarne.fr\\\/wp-content\\\/uploads\\\/2024\\\/05\\\/AdobeStock_480455476-scaled.jpeg\",\"width\":2560,\"height\":1067,\"caption\":\"Concept of give blood donation, blood transfusion. Hands woman hold drop of blood on blue background. World hemophilia day. World AIDS and hiv day. Copyspace. top view banner\"},{\"@type\":\"BreadcrumbList\",\"@id\":\"https:\\\/\\\/www.neuillysurmarne.fr\\\/don-du-sang\\\/#breadcrumb\",\"itemListElement\":[{\"@type\":\"ListItem\",\"position\":1,\"name\":\"Accueil\",\"item\":\"https:\\\/\\\/www.neuillysurmarne.fr\\\/\"},{\"@type\":\"ListItem\",\"position\":2,\"name\":\"Don du sang\"}]},{\"@type\":\"WebSite\",\"@id\":\"https:\\\/\\\/www.neuillysurmarne.fr\\\/es\\\/#website\",\"url\":\"https:\\\/\\\/www.neuillysurmarne.fr\\\/es\\\/\",\"name\":\"Mairie de Neuilly-sur-Marne\",\"description\":\"BETA\",\"publisher\":{\"@id\":\"https:\\\/\\\/www.neuillysurmarne.fr\\\/es\\\/#organization\"},\"potentialAction\":[{\"@type\":\"SearchAction\",\"target\":{\"@type\":\"EntryPoint\",\"urlTemplate\":\"https:\\\/\\\/www.neuillysurmarne.fr\\\/es\\\/?s={search_term_string}\"},\"query-input\":{\"@type\":\"PropertyValueSpecification\",\"valueRequired\":true,\"valueName\":\"search_term_string\"}}],\"inLanguage\":\"ru-RU\"},{\"@type\":\"Organization\",\"@id\":\"https:\\\/\\\/www.neuillysurmarne.fr\\\/es\\\/#organization\",\"name\":\"Mairie de Neuilly-sur-Marne\",\"url\":\"https:\\\/\\\/www.neuillysurmarne.fr\\\/es\\\/\",\"logo\":{\"@type\":\"ImageObject\",\"inLanguage\":\"ru-RU\",\"@id\":\"https:\\\/\\\/www.neuillysurmarne.fr\\\/es\\\/#\\\/schema\\\/logo\\\/image\\\/\",\"url\":\"https:\\\/\\\/www.neuillysurmarne.fr\\\/wp-content\\\/uploads\\\/2023\\\/10\\\/LOGO-NeuillysurMarne-blanc.png\",\"contentUrl\":\"https:\\\/\\\/www.neuillysurmarne.fr\\\/wp-content\\\/uploads\\\/2023\\\/10\\\/LOGO-NeuillysurMarne-blanc.png\",\"width\":3308,\"height\":2586,\"caption\":\"Mairie de Neuilly-sur-Marne\"},\"image\":{\"@id\":\"https:\\\/\\\/www.neuillysurmarne.fr\\\/es\\\/#\\\/schema\\\/logo\\\/image\\\/\"},\"sameAs\":[\"https:\\\/\\\/www.facebook.com\\\/ville.neuilly\",\"https:\\\/\\\/www.instagram.com\\\/neuilly_marne\\\/\",\"https:\\\/\\\/www.linkedin.com\\\/company\\\/ville-de-neuilly-sur-marne\\\/\",\"https:\\\/\\\/www.youtube.com\\\/channel\\\/UCDdZ0TLrV8rfIqjBGvoeB5A\",\"https:\\\/\\\/www.tiktok.com\\\/@villedeneuillysurmarne\"]}]}<\/script>\n<!-- \/ Yoast SEO plugin. -->","yoast_head_json":{"title":"Don du sang - Mairie de Neuilly-sur-Marne","robots":{"index":"index","follow":"follow","max-snippet":"max-snippet:-1","max-image-preview":"max-image-preview:large","max-video-preview":"max-video-preview:-1"},"canonical":"https:\/\/www.neuillysurmarne.fr\/ru\/don-du-sang\/","og_locale":"ru_RU","og_type":"article","og_title":"Don du sang - Mairie de Neuilly-sur-Marne","og_description":"Jeudi 23 avril 2026 De 14h30 \u00e0 19h30 en salle du Temps Libre Cliquez ici pour r\u00e9server votre cr\u00e9neau Association pour le don de sang b\u00e9n\u00e9vole Directeur : M. PeriauxObjectifs : susciter le don volontaire de sang, recruter de nouveaux donneurs, promouvoir le don du sang\u00a0\ud83d\udccd 54 avenue Maison Blanche93330 Neuilly-sur-Marne\u00a0\ud83d\udcde 06 21 81 39 [&hellip;]","og_url":"https:\/\/www.neuillysurmarne.fr\/ru\/don-du-sang\/","og_site_name":"Mairie de Neuilly-sur-Marne","article_publisher":"https:\/\/www.facebook.com\/ville.neuilly","article_modified_time":"2026-03-16T14:05:35+00:00","og_image":[{"width":2560,"height":1067,"url":"https:\/\/www.neuillysurmarne.fr\/wp-content\/uploads\/2024\/05\/AdobeStock_480455476-scaled.jpeg","type":"image\/jpeg"}],"twitter_card":"summary_large_image","twitter_misc":{"\u041f\u0440\u0438\u043c\u0435\u0440\u043d\u043e\u0435 \u0432\u0440\u0435\u043c\u044f \u0434\u043b\u044f \u0447\u0442\u0435\u043d\u0438\u044f":"2 \u043c\u0438\u043d\u0443\u0442\u044b"},"schema":{"@context":"https:\/\/schema.org","@graph":[{"@type":"WebPage","@id":"https:\/\/www.neuillysurmarne.fr\/don-du-sang\/","url":"https:\/\/www.neuillysurmarne.fr\/don-du-sang\/","name":"Don du sang - Mairie de Neuilly-sur-Marne","isPartOf":{"@id":"https:\/\/www.neuillysurmarne.fr\/es\/#website"},"primaryImageOfPage":{"@id":"https:\/\/www.neuillysurmarne.fr\/don-du-sang\/#primaryimage"},"image":{"@id":"https:\/\/www.neuillysurmarne.fr\/don-du-sang\/#primaryimage"},"thumbnailUrl":"https:\/\/www.neuillysurmarne.fr\/wp-content\/uploads\/2024\/05\/AdobeStock_480455476-scaled.jpeg","datePublished":"2023-11-13T11:37:02+00:00","dateModified":"2026-03-16T14:05:35+00:00","breadcrumb":{"@id":"https:\/\/www.neuillysurmarne.fr\/don-du-sang\/#breadcrumb"},"inLanguage":"ru-RU","potentialAction":[{"@type":"ReadAction","target":["https:\/\/www.neuillysurmarne.fr\/don-du-sang\/"]}]},{"@type":"ImageObject","inLanguage":"ru-RU","@id":"https:\/\/www.neuillysurmarne.fr\/don-du-sang\/#primaryimage","url":"https:\/\/www.neuillysurmarne.fr\/wp-content\/uploads\/2024\/05\/AdobeStock_480455476-scaled.jpeg","contentUrl":"https:\/\/www.neuillysurmarne.fr\/wp-content\/uploads\/2024\/05\/AdobeStock_480455476-scaled.jpeg","width":2560,"height":1067,"caption":"Concept of give blood donation, blood transfusion. Hands woman hold drop of blood on blue background. World hemophilia day. World AIDS and hiv day. Copyspace. top view banner"},{"@type":"BreadcrumbList","@id":"https:\/\/www.neuillysurmarne.fr\/don-du-sang\/#breadcrumb","itemListElement":[{"@type":"ListItem","position":1,"name":"Accueil","item":"https:\/\/www.neuillysurmarne.fr\/"},{"@type":"ListItem","position":2,"name":"Don du sang"}]},{"@type":"WebSite","@id":"https:\/\/www.neuillysurmarne.fr\/es\/#website","url":"https:\/\/www.neuillysurmarne.fr\/es\/","name":"\u0420\u0430\u0442\u0443\u0448\u0430 \u041d\u0435\u0439\u0438-\u0441\u044e\u0440-\u041c\u0430\u0440\u043d","description":"\u0411\u0415\u0422\u0410","publisher":{"@id":"https:\/\/www.neuillysurmarne.fr\/es\/#organization"},"potentialAction":[{"@type":"SearchAction","target":{"@type":"EntryPoint","urlTemplate":"https:\/\/www.neuillysurmarne.fr\/es\/?s={search_term_string}"},"query-input":{"@type":"PropertyValueSpecification","valueRequired":true,"valueName":"search_term_string"}}],"inLanguage":"ru-RU"},{"@type":"Organization","@id":"https:\/\/www.neuillysurmarne.fr\/es\/#organization","name":"\u0420\u0430\u0442\u0443\u0448\u0430 \u041d\u0435\u0439\u0438-\u0441\u044e\u0440-\u041c\u0430\u0440\u043d","url":"https:\/\/www.neuillysurmarne.fr\/es\/","logo":{"@type":"ImageObject","inLanguage":"ru-RU","@id":"https:\/\/www.neuillysurmarne.fr\/es\/#\/schema\/logo\/image\/","url":"https:\/\/www.neuillysurmarne.fr\/wp-content\/uploads\/2023\/10\/LOGO-NeuillysurMarne-blanc.png","contentUrl":"https:\/\/www.neuillysurmarne.fr\/wp-content\/uploads\/2023\/10\/LOGO-NeuillysurMarne-blanc.png","width":3308,"height":2586,"caption":"Mairie de Neuilly-sur-Marne"},"image":{"@id":"https:\/\/www.neuillysurmarne.fr\/es\/#\/schema\/logo\/image\/"},"sameAs":["https:\/\/www.facebook.com\/ville.neuilly","https:\/\/www.instagram.com\/neuilly_marne\/","https:\/\/www.linkedin.com\/company\/ville-de-neuilly-sur-marne\/","https:\/\/www.youtube.com\/channel\/UCDdZ0TLrV8rfIqjBGvoeB5A","https:\/\/www.tiktok.com\/@villedeneuillysurmarne"]}]}},"_links":{"self":[{"href":"https:\/\/www.neuillysurmarne.fr\/ru\/wp-json\/wp\/v2\/pages\/594","targetHints":{"allow":["GET"]}}],"collection":[{"href":"https:\/\/www.neuillysurmarne.fr\/ru\/wp-json\/wp\/v2\/pages"}],"about":[{"href":"https:\/\/www.neuillysurmarne.fr\/ru\/wp-json\/wp\/v2\/types\/page"}],"author":[{"embeddable":true,"href":"https:\/\/www.neuillysurmarne.fr\/ru\/wp-json\/wp\/v2\/users\/1"}],"replies":[{"embeddable":true,"href":"https:\/\/www.neuillysurmarne.fr\/ru\/wp-json\/wp\/v2\/comments?post=594"}],"version-history":[{"count":31,"href":"https:\/\/www.neuillysurmarne.fr\/ru\/wp-json\/wp\/v2\/pages\/594\/revisions"}],"predecessor-version":[{"id":17607,"href":"https:\/\/www.neuillysurmarne.fr\/ru\/wp-json\/wp\/v2\/pages\/594\/revisions\/17607"}],"wp:featuredmedia":[{"embeddable":true,"href":"https:\/\/www.neuillysurmarne.fr\/ru\/wp-json\/wp\/v2\/media\/7158"}],"wp:attachment":[{"href":"https:\/\/www.neuillysurmarne.fr\/ru\/wp-json\/wp\/v2\/media?parent=594"}],"curies":[{"name":"wp","href":"https:\/\/api.w.org\/{rel}","templated":true}]}}