{"id":8732,"date":"2024-06-13T11:32:34","date_gmt":"2024-06-13T09:32:34","guid":{"rendered":"https:\/\/www.neuillysurmarne.fr\/?page_id=8732"},"modified":"2024-06-14T17:58:24","modified_gmt":"2024-06-14T15:58:24","slug":"relations-institutionnelles","status":"publish","type":"page","link":"https:\/\/www.neuillysurmarne.fr\/ru\/relations-institutionnelles\/","title":{"rendered":"\u0418\u043d\u0441\u0442\u0438\u0442\u0443\u0446\u0438\u043e\u043d\u0430\u043b\u044c\u043d\u044b\u0435 \u043e\u0442\u043d\u043e\u0448\u0435\u043d\u0438\u044f"},"content":{"rendered":"<div data-elementor-type=\"wp-page\" data-elementor-id=\"8732\" class=\"elementor elementor-8732\" data-elementor-post-type=\"page\">\n\t\t\t\t<div class=\"elementor-element elementor-element-461ccda e-flex e-con-boxed e-con e-parent\" data-id=\"461ccda\" data-element_type=\"container\" data-e-type=\"container\">\n\t\t\t\t\t<div class=\"e-con-inner\">\n\t\t\t\t<div class=\"elementor-element elementor-element-62f26af elementor-widget elementor-widget-n-accordion\" data-id=\"62f26af\" data-element_type=\"widget\" data-e-type=\"widget\" data-settings=\"{&quot;default_state&quot;:&quot;all_collapsed&quot;,&quot;max_items_expended&quot;:&quot;one&quot;,&quot;n_accordion_animation_duration&quot;:{&quot;unit&quot;:&quot;ms&quot;,&quot;size&quot;:400,&quot;sizes&quot;:[]}}\" data-widget_type=\"nested-accordion.default\">\n\t\t\t\t<div class=\"elementor-widget-container\">\n\t\t\t\t\t\t\t<div class=\"e-n-accordion\" aria-label=\"\u0410\u043a\u043a\u043e\u0440\u0434\u0435\u043e\u043d. \u041e\u0442\u043a\u0440\u044b\u0432\u0430\u0439\u0442\u0435 \u0441\u0441\u044b\u043b\u043a\u0438 \u0441 \u043f\u043e\u043c\u043e\u0449\u044c\u044e Enter \u0438\u043b\u0438 Space, \u0437\u0430\u043a\u0440\u044b\u0432\u0430\u0439\u0442\u0435 \u0441 \u043f\u043e\u043c\u043e\u0449\u044c\u044e Escape, \u0430 \u043f\u0435\u0440\u0435\u043c\u0435\u0449\u0430\u0439\u0442\u0435\u0441\u044c \u0441 \u043f\u043e\u043c\u043e\u0449\u044c\u044e \u043a\u043b\u0430\u0432\u0438\u0448 \u0441\u043e \u0441\u0442\u0440\u0435\u043b\u043a\u0430\u043c\u0438.\">\n\t\t\t\t\t\t<details id=\"e-n-accordion-item-1030\" class=\"e-n-accordion-item\" >\n\t\t\t\t<summary class=\"e-n-accordion-item-title\" data-accordion-index=\"1\" tabindex=\"0\" aria-expanded=\"false\" aria-controls=\"e-n-accordion-item-1030\" >\n\t\t\t\t\t<span class='e-n-accordion-item-title-header'><div class=\"e-n-accordion-item-title-text\"> \u0420\u0435\u0433\u0438\u043e\u043d \u041e\u043b\u044c-\u0434\u0435-\u0424\u0440\u0430\u043d\u0441 <\/div><\/span>\n\t\t\t\t\t\t\t<span class='e-n-accordion-item-title-icon'>\n\t\t\t<span class='e-opened' ><svg aria-hidden=\"true\" class=\"e-font-icon-svg e-fas-minus\" viewbox=\"0 0 448 512\" xmlns=\"http:\/\/www.w3.org\/2000\/svg\"><path d=\"M416 208H32c-17.67 0-32 14.33-32 32v32c0 17.67 14.33 32 32 32h384c17.67 0 32-14.33 32-32v-32c0-17.67-14.33-32-32-32z\"><\/path><\/svg><\/span>\n\t\t\t<span class='e-closed'><svg aria-hidden=\"true\" class=\"e-font-icon-svg e-fas-plus\" viewbox=\"0 0 448 512\" xmlns=\"http:\/\/www.w3.org\/2000\/svg\"><path d=\"M416 208H272V64c0-17.67-14.33-32-32-32h-32c-17.67 0-32 14.33-32 32v144H32c-17.67 0-32 14.33-32 32v32c0 17.67 14.33 32 32 32h144v144c0 17.67 14.33 32 32 32h32c17.67 0 32-14.33 32-32V304h144c17.67 0 32-14.33 32-32v-32c0-17.67-14.33-32-32-32z\"><\/path><\/svg><\/span>\n\t\t<\/span>\n\n\t\t\t\t\t\t<\/summary>\n\t\t\t\t<div role=\"region\" aria-labelledby=\"e-n-accordion-item-1030\" class=\"elementor-element elementor-element-d0aa849 e-con-full e-flex e-con e-child\" data-id=\"d0aa849\" data-element_type=\"container\" data-e-type=\"container\">\n\t\t<div role=\"region\" aria-labelledby=\"e-n-accordion-item-1030\" class=\"elementor-element elementor-element-3d2d028 e-grid e-con-boxed e-con e-child\" data-id=\"3d2d028\" data-element_type=\"container\" data-e-type=\"container\">\n\t\t\t\t\t<div class=\"e-con-inner\">\n\t\t\t\t<div class=\"elementor-element elementor-element-0832750 elementor-widget elementor-widget-text-editor\" data-id=\"0832750\" data-element_type=\"widget\" data-e-type=\"widget\" data-widget_type=\"text-editor.default\">\n\t\t\t\t<div class=\"elementor-widget-container\">\n\t\t\t\t\t\t\t\t\t<h3 class=\"destinataire\"><strong>\u0420\u0435\u0433\u0438\u043e\u043d \u041e\u043b\u044c-\u0434\u0435-\u0424\u0440\u0430\u043d\u0441<br \/><\/strong><\/h3><div class=\"streetAddress\">\ud83d\udccd 2 rue Simone Veil<br \/>93400 \u0421\u0435\u043d\u0442-\u0423\u044d\u043d-\u0441\u044e\u0440-\u0421\u0435\u043d<\/div><div>\u00a0<\/div><div class=\"streetAddress\"><span class=\"telephone\">\ud83d\udcde 01 53 85 53 85<br \/><\/span><\/div><div>\u00a0<\/div><div class=\"streetAddress\">\ud83c\udf10<a href=\"http:\/\/www.iledefrance.fr\"><strong> www.iledefrance.fr<\/strong><\/a><\/div><div>\u00a0<\/div><p>\u0420\u0435\u0433\u0438\u043e\u043d \u0443\u043f\u0440\u0430\u0432\u043b\u044f\u0435\u0442 \u0431\u044e\u0434\u0436\u0435\u0442\u043e\u043c \u0432 \u0440\u0430\u0437\u043c\u0435\u0440\u0435 5 \u043c\u0438\u043b\u043b\u0438\u0430\u0440\u0434\u043e\u0432 \u0435\u0432\u0440\u043e \u0432 \u0433\u043e\u0434, \u0431\u043e\u043b\u044c\u0448\u0430\u044f \u0447\u0430\u0441\u0442\u044c \u043a\u043e\u0442\u043e\u0440\u043e\u0433\u043e \u043f\u043e\u0441\u0442\u0443\u043f\u0430\u0435\u0442 \u043e\u0442 \u0433\u043e\u0441\u0443\u0434\u0430\u0440\u0441\u0442\u0432\u0430. \u042d\u0442\u043e\u0442 \u0431\u044e\u0434\u0436\u0435\u0442 \u043f\u043e\u0437\u0432\u043e\u043b\u044f\u0435\u0442 \u0435\u043c\u0443 \u043f\u0440\u0438\u043d\u0438\u043c\u0430\u0442\u044c \u043c\u0435\u0440\u044b \u0432\u043e \u043c\u043d\u043e\u0433\u0438\u0445 \u043e\u0431\u043b\u0430\u0441\u0442\u044f\u0445 \u043f\u043e\u0432\u0441\u0435\u0434\u043d\u0435\u0432\u043d\u043e\u0439 \u0436\u0438\u0437\u043d\u0438 \u0436\u0438\u0442\u0435\u043b\u0435\u0439 \u0418\u043b\u044c-\u0434\u0435-\u0424\u0440\u0430\u043d\u0441\u0430, \u0442\u0430\u043a\u0438\u0445 \u043a\u0430\u043a \u0441\u0440\u0435\u0434\u043d\u0438\u0435 \u0448\u043a\u043e\u043b\u044b, \u0442\u0440\u0430\u043d\u0441\u043f\u043e\u0440\u0442, \u043a\u0443\u043b\u044c\u0442\u0443\u0440\u0430 \u0438 \u0442. \u0434.<\/p>\t\t\t\t\t\t\t\t<\/div>\n\t\t\t\t<\/div>\n\t\t\t\t<div class=\"elementor-element elementor-element-5814fa5 elementor-widget elementor-widget-google_maps\" data-id=\"5814fa5\" data-element_type=\"widget\" data-e-type=\"widget\" data-widget_type=\"google_maps.default\">\n\t\t\t\t<div class=\"elementor-widget-container\">\n\t\t\t\t\t\t\t<div class=\"elementor-custom-embed\">\n\t\t\t<iframe loading=\"lazy\"\n\t\t\t\t\tsrc=\"https:\/\/maps.google.com\/maps?q=2%20rue%20Simone%20Veil%2C%2093400&#038;t=m&#038;z=17&#038;output=embed&#038;iwloc=near\"\n\t\t\t\t\ttitle=\"2 \u0443\u043b\u0438\u0446\u0430 \u0421\u0438\u043c\u043e\u043d\u0430 \u0412\u0435\u0439\u043b\u044f, 93400\"\n\t\t\t\t\taria-label=\"2 \u0443\u043b\u0438\u0446\u0430 \u0421\u0438\u043c\u043e\u043d\u0430 \u0412\u0435\u0439\u043b\u044f, 93400\"\n\t\t\t><\/iframe>\n\t\t<\/div>\n\t\t\t\t\t\t<\/div>\n\t\t\t\t<\/div>\n\t\t\t\t<div class=\"elementor-element elementor-element-fc8d12a elementor-widget elementor-widget-image\" data-id=\"fc8d12a\" data-element_type=\"widget\" data-e-type=\"widget\" data-widget_type=\"image.default\">\n\t\t\t\t<div class=\"elementor-widget-container\">\n\t\t\t\t\t\t\t\t\t\t\t\t\t\t\t<img fetchpriority=\"high\" decoding=\"async\" width=\"1080\" height=\"1080\" src=\"https:\/\/www.neuillysurmarne.fr\/wp-content\/uploads\/2024\/06\/Design-sans-titre-4.png\" class=\"attachment-full size-full wp-image-8877\" alt=\"\" srcset=\"https:\/\/www.neuillysurmarne.fr\/wp-content\/uploads\/2024\/06\/Design-sans-titre-4.png 1080w, https:\/\/www.neuillysurmarne.fr\/wp-content\/uploads\/2024\/06\/Design-sans-titre-4-300x300.png 300w, https:\/\/www.neuillysurmarne.fr\/wp-content\/uploads\/2024\/06\/Design-sans-titre-4-1024x1024.png 1024w, https:\/\/www.neuillysurmarne.fr\/wp-content\/uploads\/2024\/06\/Design-sans-titre-4-150x150.png 150w, https:\/\/www.neuillysurmarne.fr\/wp-content\/uploads\/2024\/06\/Design-sans-titre-4-768x768.png 768w\" sizes=\"(max-width: 1080px) 100vw, 1080px\" \/>\t\t\t\t\t\t\t\t\t\t\t\t\t\t\t<\/div>\n\t\t\t\t<\/div>\n\t\t\t\t\t<\/div>\n\t\t\t\t<\/div>\n\t\t\t\t<\/div>\n\t\t\t\t\t<\/details>\n\t\t\t\t\t\t<details id=\"e-n-accordion-item-1031\" class=\"e-n-accordion-item\" >\n\t\t\t\t<summary class=\"e-n-accordion-item-title\" data-accordion-index=\"2\" tabindex=\"-1\" aria-expanded=\"false\" aria-controls=\"e-n-accordion-item-1031\" >\n\t\t\t\t\t<span class='e-n-accordion-item-title-header'><div class=\"e-n-accordion-item-title-text\"> \u041f\u0440\u0435\u0444\u0435\u043a\u0442\u0443\u0440\u0430 \u0421\u0435\u043d\u0430-\u0421\u0435\u043d-\u0414\u0435\u043d\u0438 <\/div><\/span>\n\t\t\t\t\t\t\t<span class='e-n-accordion-item-title-icon'>\n\t\t\t<span class='e-opened' ><svg aria-hidden=\"true\" class=\"e-font-icon-svg e-fas-minus\" viewbox=\"0 0 448 512\" xmlns=\"http:\/\/www.w3.org\/2000\/svg\"><path d=\"M416 208H32c-17.67 0-32 14.33-32 32v32c0 17.67 14.33 32 32 32h384c17.67 0 32-14.33 32-32v-32c0-17.67-14.33-32-32-32z\"><\/path><\/svg><\/span>\n\t\t\t<span class='e-closed'><svg aria-hidden=\"true\" class=\"e-font-icon-svg e-fas-plus\" viewbox=\"0 0 448 512\" xmlns=\"http:\/\/www.w3.org\/2000\/svg\"><path d=\"M416 208H272V64c0-17.67-14.33-32-32-32h-32c-17.67 0-32 14.33-32 32v144H32c-17.67 0-32 14.33-32 32v32c0 17.67 14.33 32 32 32h144v144c0 17.67 14.33 32 32 32h32c17.67 0 32-14.33 32-32V304h144c17.67 0 32-14.33 32-32v-32c0-17.67-14.33-32-32-32z\"><\/path><\/svg><\/span>\n\t\t<\/span>\n\n\t\t\t\t\t\t<\/summary>\n\t\t\t\t<div role=\"region\" aria-labelledby=\"e-n-accordion-item-1031\" class=\"elementor-element elementor-element-f92aeec e-con-full e-flex e-con e-child\" data-id=\"f92aeec\" data-element_type=\"container\" data-e-type=\"container\">\n\t\t<div role=\"region\" aria-labelledby=\"e-n-accordion-item-1031\" class=\"elementor-element elementor-element-39c379f e-grid e-con-boxed e-con e-child\" data-id=\"39c379f\" data-element_type=\"container\" data-e-type=\"container\">\n\t\t\t\t\t<div class=\"e-con-inner\">\n\t\t\t\t<div class=\"elementor-element elementor-element-36e7973 elementor-widget elementor-widget-text-editor\" data-id=\"36e7973\" data-element_type=\"widget\" data-e-type=\"widget\" data-widget_type=\"text-editor.default\">\n\t\t\t\t<div class=\"elementor-widget-container\">\n\t\t\t\t\t\t\t\t\t<h3 class=\"destinataire\"><strong>\u041f\u0440\u0435\u0444\u0435\u043a\u0442\u0443\u0440\u0430 \u0421\u0435\u043d\u0430-\u0421\u0435\u043d-\u0414\u0435\u043d\u0438<br \/><\/strong><\/h3><div class=\"streetAddress\">\ud83d\udccd 1 \u044d\u0441\u043f\u043b\u0430\u043d\u0430\u0434\u0430 \u0416\u0430\u043d \u041c\u0443\u043b\u0435\u043d<br \/>93000 \u0411\u043e\u0431\u0438\u043d\u044c\u0438<\/div><div>\u00a0<\/div><div class=\"streetAddress\"><span class=\"telephone\">\ud83d\udcde 01 41 60 60 60<br \/><\/span><\/div><div>\u00a0<\/div><div class=\"streetAddress\">\ud83c\udf10<a href=\"http:\/\/www.seine-saint-denis.gouv.fr\"><strong> www.seine-saint-denis.gouv.fr<\/strong><\/a><\/div><div>\u00a0<\/div><p>\u041f\u0440\u0435\u0444\u0435\u043a\u0442\u0443\u0440\u0430 \u043e\u0442\u0432\u0435\u0447\u0430\u0435\u0442 \u0437\u0430 \u043f\u043e\u0434\u0434\u0435\u0440\u0436\u0430\u043d\u0438\u0435 \u043e\u0431\u0449\u0435\u0441\u0442\u0432\u0435\u043d\u043d\u043e\u0433\u043e \u043f\u043e\u0440\u044f\u0434\u043a\u0430 \u0438 \u0431\u0435\u0437\u043e\u043f\u0430\u0441\u043d\u043e\u0441\u0442\u044c \u043b\u044e\u0434\u0435\u0439 \u0438 \u0438\u043c\u0443\u0449\u0435\u0441\u0442\u0432\u0430. \u041e\u043d\u0430 \u0440\u0435\u0430\u043b\u0438\u0437\u0443\u0435\u0442 \u0438 \u043a\u043e\u043e\u0440\u0434\u0438\u043d\u0438\u0440\u0443\u0435\u0442 \u043f\u043e\u043b\u0438\u0442\u0438\u043a\u0443 \u043f\u0440\u0430\u0432\u0438\u0442\u0435\u043b\u044c\u0441\u0442\u0432\u0430 \u043d\u0430 \u043c\u0435\u0441\u0442\u043d\u043e\u043c \u0443\u0440\u043e\u0432\u043d\u0435.<\/p>\t\t\t\t\t\t\t\t<\/div>\n\t\t\t\t<\/div>\n\t\t\t\t<div class=\"elementor-element elementor-element-efd1be1 elementor-widget elementor-widget-google_maps\" data-id=\"efd1be1\" data-element_type=\"widget\" data-e-type=\"widget\" data-widget_type=\"google_maps.default\">\n\t\t\t\t<div class=\"elementor-widget-container\">\n\t\t\t\t\t\t\t<div class=\"elementor-custom-embed\">\n\t\t\t<iframe loading=\"lazy\"\n\t\t\t\t\tsrc=\"https:\/\/maps.google.com\/maps?q=1%20esplanade%20Jean%20Moulin%2C%2093000&#038;t=m&#038;z=17&#038;output=embed&#038;iwloc=near\"\n\t\t\t\t\ttitle=\"1 \u044d\u0441\u043f\u043b\u0430\u043d\u0430\u0434\u0430 \u0416\u0430\u043d \u041c\u0443\u043b\u0435\u043d, 93000\"\n\t\t\t\t\taria-label=\"1 \u044d\u0441\u043f\u043b\u0430\u043d\u0430\u0434\u0430 \u0416\u0430\u043d \u041c\u0443\u043b\u0435\u043d, 93000\"\n\t\t\t><\/iframe>\n\t\t<\/div>\n\t\t\t\t\t\t<\/div>\n\t\t\t\t<\/div>\n\t\t\t\t<div class=\"elementor-element elementor-element-dab188b elementor-widget elementor-widget-image\" data-id=\"dab188b\" data-element_type=\"widget\" data-e-type=\"widget\" data-widget_type=\"image.default\">\n\t\t\t\t<div class=\"elementor-widget-container\">\n\t\t\t\t\t\t\t\t\t\t\t\t\t\t\t<img decoding=\"async\" width=\"1080\" height=\"1080\" src=\"https:\/\/www.neuillysurmarne.fr\/wp-content\/uploads\/2024\/06\/Relations-institutionnelles.png\" class=\"attachment-full size-full wp-image-8878\" alt=\"\" srcset=\"https:\/\/www.neuillysurmarne.fr\/wp-content\/uploads\/2024\/06\/Relations-institutionnelles.png 1080w, https:\/\/www.neuillysurmarne.fr\/wp-content\/uploads\/2024\/06\/Relations-institutionnelles-300x300.png 300w, https:\/\/www.neuillysurmarne.fr\/wp-content\/uploads\/2024\/06\/Relations-institutionnelles-1024x1024.png 1024w, https:\/\/www.neuillysurmarne.fr\/wp-content\/uploads\/2024\/06\/Relations-institutionnelles-150x150.png 150w, https:\/\/www.neuillysurmarne.fr\/wp-content\/uploads\/2024\/06\/Relations-institutionnelles-768x768.png 768w\" sizes=\"(max-width: 1080px) 100vw, 1080px\" \/>\t\t\t\t\t\t\t\t\t\t\t\t\t\t\t<\/div>\n\t\t\t\t<\/div>\n\t\t\t\t\t<\/div>\n\t\t\t\t<\/div>\n\t\t\t\t<\/div>\n\t\t\t\t\t<\/details>\n\t\t\t\t\t\t<details id=\"e-n-accordion-item-1032\" class=\"e-n-accordion-item\" >\n\t\t\t\t<summary class=\"e-n-accordion-item-title\" data-accordion-index=\"3\" tabindex=\"-1\" aria-expanded=\"false\" aria-controls=\"e-n-accordion-item-1032\" >\n\t\t\t\t\t<span class='e-n-accordion-item-title-header'><div class=\"e-n-accordion-item-title-text\"> \u0411\u043e\u043b\u044c\u0448\u043e\u0439 \u041f\u0430\u0440\u0438\u0436 <\/div><\/span>\n\t\t\t\t\t\t\t<span class='e-n-accordion-item-title-icon'>\n\t\t\t<span class='e-opened' ><svg aria-hidden=\"true\" class=\"e-font-icon-svg e-fas-minus\" viewbox=\"0 0 448 512\" xmlns=\"http:\/\/www.w3.org\/2000\/svg\"><path d=\"M416 208H32c-17.67 0-32 14.33-32 32v32c0 17.67 14.33 32 32 32h384c17.67 0 32-14.33 32-32v-32c0-17.67-14.33-32-32-32z\"><\/path><\/svg><\/span>\n\t\t\t<span class='e-closed'><svg aria-hidden=\"true\" class=\"e-font-icon-svg e-fas-plus\" viewbox=\"0 0 448 512\" xmlns=\"http:\/\/www.w3.org\/2000\/svg\"><path d=\"M416 208H272V64c0-17.67-14.33-32-32-32h-32c-17.67 0-32 14.33-32 32v144H32c-17.67 0-32 14.33-32 32v32c0 17.67 14.33 32 32 32h144v144c0 17.67 14.33 32 32 32h32c17.67 0 32-14.33 32-32V304h144c17.67 0 32-14.33 32-32v-32c0-17.67-14.33-32-32-32z\"><\/path><\/svg><\/span>\n\t\t<\/span>\n\n\t\t\t\t\t\t<\/summary>\n\t\t\t\t<div role=\"region\" aria-labelledby=\"e-n-accordion-item-1032\" class=\"elementor-element elementor-element-b0f0ed6 e-con-full e-flex e-con e-child\" data-id=\"b0f0ed6\" data-element_type=\"container\" data-e-type=\"container\">\n\t\t<div role=\"region\" aria-labelledby=\"e-n-accordion-item-1032\" class=\"elementor-element elementor-element-a2431c7 e-grid e-con-boxed e-con e-child\" data-id=\"a2431c7\" data-element_type=\"container\" data-e-type=\"container\">\n\t\t\t\t\t<div class=\"e-con-inner\">\n\t\t\t\t<div class=\"elementor-element elementor-element-078b5e5 elementor-widget elementor-widget-text-editor\" data-id=\"078b5e5\" data-element_type=\"widget\" data-e-type=\"widget\" data-widget_type=\"text-editor.default\">\n\t\t\t\t<div class=\"elementor-widget-container\">\n\t\t\t\t\t\t\t\t\t<h3 class=\"destinataire\"><strong>\u0411\u043e\u043b\u044c\u0448\u043e\u0439 \u041f\u0430\u0440\u0438\u0436<br \/><\/strong><\/h3><div class=\"streetAddress\">\ud83d\udccd 15-19 avenue Pierre Mend\u00e8s-France<br \/>75013 \u041f\u0430\u0440\u0438\u0436<\/div><div>\u00a0<\/div><div class=\"streetAddress\"><span class=\"telephone\">\ud83d\udcde 01 82 28 78 00<br \/><\/span><\/div><div>\u00a0<\/div><div class=\"streetAddress\">\ud83c\udf10<a href=\"http:\/\/www.metropoledugrandparis.fr\"><strong> www.metropoledugrandparis.fr<\/strong><\/a><\/div><div>\u00a0<\/div><p>\u041c\u0435\u0442\u0440\u043e\u043f\u043e\u043b\u0438\u044f \u0411\u043e\u043b\u044c\u0448\u043e\u0433\u043e \u041f\u0430\u0440\u0438\u0436\u0430 - \u044d\u0442\u043e \u043c\u0435\u0436\u043c\u0443\u043d\u0438\u0446\u0438\u043f\u0430\u043b\u044c\u043d\u044b\u0439 \u043e\u0440\u0433\u0430\u043d, \u0432\u043a\u043b\u044e\u0447\u0430\u044e\u0449\u0438\u0439 131 \u043c\u0443\u043d\u0438\u0446\u0438\u043f\u0430\u043b\u0438\u0442\u0435\u0442, \u0432 \u0442\u043e\u043c \u0447\u0438\u0441\u043b\u0435 \u041d\u0435\u0439\u0438-\u0441\u044e\u0440-\u041c\u0430\u0440\u043d. MGP \u043e\u0431\u0441\u043b\u0443\u0436\u0438\u0432\u0430\u0435\u0442 \u043c\u0435\u0441\u0442\u043d\u044b\u0435 \u0432\u043b\u0430\u0441\u0442\u0438, \u0431\u0438\u0437\u043d\u0435\u0441 \u0438 \u0433\u0440\u0430\u0436\u0434\u0430\u043d \u0432 \u043e\u0431\u043b\u0430\u0441\u0442\u0438 \u0433\u0440\u0430\u0434\u043e\u0441\u0442\u0440\u043e\u0438\u0442\u0435\u043b\u044c\u0441\u0442\u0432\u0430, \u044d\u043a\u043e\u043d\u043e\u043c\u0438\u0447\u0435\u0441\u043a\u043e\u0433\u043e \u0440\u0430\u0437\u0432\u0438\u0442\u0438\u044f, \u0436\u0438\u043b\u0438\u0449\u043d\u043e\u0433\u043e \u0441\u0442\u0440\u043e\u0438\u0442\u0435\u043b\u044c\u0441\u0442\u0432\u0430 \u0438 \u0442. \u0434.<\/p>\t\t\t\t\t\t\t\t<\/div>\n\t\t\t\t<\/div>\n\t\t\t\t<div class=\"elementor-element elementor-element-29d3770 elementor-widget elementor-widget-google_maps\" data-id=\"29d3770\" data-element_type=\"widget\" data-e-type=\"widget\" data-widget_type=\"google_maps.default\">\n\t\t\t\t<div class=\"elementor-widget-container\">\n\t\t\t\t\t\t\t<div class=\"elementor-custom-embed\">\n\t\t\t<iframe loading=\"lazy\"\n\t\t\t\t\tsrc=\"https:\/\/maps.google.com\/maps?q=15%20avenue%20Pierre%20Mend%C3%A8s-France%2C%2075013&#038;t=m&#038;z=17&#038;output=embed&#038;iwloc=near\"\n\t\t\t\t\ttitle=\"15 \u0430\u0432\u0435\u043d\u044e \u041f\u044c\u0435\u0440 \u041c\u0435\u043d\u0434\u0435\u0441-\u0424\u0440\u0430\u043d\u0441, 75013\"\n\t\t\t\t\taria-label=\"15 \u0430\u0432\u0435\u043d\u044e \u041f\u044c\u0435\u0440 \u041c\u0435\u043d\u0434\u0435\u0441-\u0424\u0440\u0430\u043d\u0441, 75013\"\n\t\t\t><\/iframe>\n\t\t<\/div>\n\t\t\t\t\t\t<\/div>\n\t\t\t\t<\/div>\n\t\t\t\t<div class=\"elementor-element elementor-element-30a34b6 elementor-widget elementor-widget-image\" data-id=\"30a34b6\" data-element_type=\"widget\" data-e-type=\"widget\" data-widget_type=\"image.default\">\n\t\t\t\t<div class=\"elementor-widget-container\">\n\t\t\t\t\t\t\t\t\t\t\t\t\t\t\t<img decoding=\"async\" width=\"1080\" height=\"1080\" src=\"https:\/\/www.neuillysurmarne.fr\/wp-content\/uploads\/2024\/06\/Relations-institutionnelles-1.png\" class=\"attachment-full size-full wp-image-8886\" alt=\"\" srcset=\"https:\/\/www.neuillysurmarne.fr\/wp-content\/uploads\/2024\/06\/Relations-institutionnelles-1.png 1080w, https:\/\/www.neuillysurmarne.fr\/wp-content\/uploads\/2024\/06\/Relations-institutionnelles-1-300x300.png 300w, https:\/\/www.neuillysurmarne.fr\/wp-content\/uploads\/2024\/06\/Relations-institutionnelles-1-1024x1024.png 1024w, https:\/\/www.neuillysurmarne.fr\/wp-content\/uploads\/2024\/06\/Relations-institutionnelles-1-150x150.png 150w, https:\/\/www.neuillysurmarne.fr\/wp-content\/uploads\/2024\/06\/Relations-institutionnelles-1-768x768.png 768w\" sizes=\"(max-width: 1080px) 100vw, 1080px\" \/>\t\t\t\t\t\t\t\t\t\t\t\t\t\t\t<\/div>\n\t\t\t\t<\/div>\n\t\t\t\t\t<\/div>\n\t\t\t\t<\/div>\n\t\t\t\t<\/div>\n\t\t\t\t\t<\/details>\n\t\t\t\t\t\t<details id=\"e-n-accordion-item-1033\" class=\"e-n-accordion-item\" >\n\t\t\t\t<summary class=\"e-n-accordion-item-title\" data-accordion-index=\"4\" tabindex=\"-1\" aria-expanded=\"false\" aria-controls=\"e-n-accordion-item-1033\" >\n\t\t\t\t\t<span class='e-n-accordion-item-title-header'><div class=\"e-n-accordion-item-title-text\"> \u0411\u043e\u043b\u044c\u0448\u043e\u0439 \u041f\u0430\u0440\u0438\u0436 \u0411\u043e\u043b\u044c\u0448\u043e\u0439 \u0412\u043e\u0441\u0442\u043e\u043a <\/div><\/span>\n\t\t\t\t\t\t\t<span class='e-n-accordion-item-title-icon'>\n\t\t\t<span class='e-opened' ><svg aria-hidden=\"true\" class=\"e-font-icon-svg e-fas-minus\" viewbox=\"0 0 448 512\" xmlns=\"http:\/\/www.w3.org\/2000\/svg\"><path d=\"M416 208H32c-17.67 0-32 14.33-32 32v32c0 17.67 14.33 32 32 32h384c17.67 0 32-14.33 32-32v-32c0-17.67-14.33-32-32-32z\"><\/path><\/svg><\/span>\n\t\t\t<span class='e-closed'><svg aria-hidden=\"true\" class=\"e-font-icon-svg e-fas-plus\" viewbox=\"0 0 448 512\" xmlns=\"http:\/\/www.w3.org\/2000\/svg\"><path d=\"M416 208H272V64c0-17.67-14.33-32-32-32h-32c-17.67 0-32 14.33-32 32v144H32c-17.67 0-32 14.33-32 32v32c0 17.67 14.33 32 32 32h144v144c0 17.67 14.33 32 32 32h32c17.67 0 32-14.33 32-32V304h144c17.67 0 32-14.33 32-32v-32c0-17.67-14.33-32-32-32z\"><\/path><\/svg><\/span>\n\t\t<\/span>\n\n\t\t\t\t\t\t<\/summary>\n\t\t\t\t<div role=\"region\" aria-labelledby=\"e-n-accordion-item-1033\" class=\"elementor-element elementor-element-052e1e4 e-flex e-con-boxed e-con e-child\" data-id=\"052e1e4\" data-element_type=\"container\" data-e-type=\"container\">\n\t\t\t\t\t<div class=\"e-con-inner\">\n\t\t<div role=\"region\" aria-labelledby=\"e-n-accordion-item-1033\" class=\"elementor-element elementor-element-1fdba27 e-grid e-con-boxed e-con e-child\" data-id=\"1fdba27\" data-element_type=\"container\" data-e-type=\"container\">\n\t\t\t\t\t<div class=\"e-con-inner\">\n\t\t\t\t<div class=\"elementor-element elementor-element-e0eb2f8 elementor-widget elementor-widget-text-editor\" data-id=\"e0eb2f8\" data-element_type=\"widget\" data-e-type=\"widget\" data-widget_type=\"text-editor.default\">\n\t\t\t\t<div class=\"elementor-widget-container\">\n\t\t\t\t\t\t\t\t\t<h3 class=\"destinataire\"><strong>\u0411\u043e\u043b\u044c\u0448\u043e\u0439 \u041f\u0430\u0440\u0438\u0436 \u0411\u043e\u043b\u044c\u0448\u043e\u0439 \u0412\u043e\u0441\u0442\u043e\u043a<br \/><\/strong><\/h3><div class=\"streetAddress\">\ud83d\udccd 11 \u0431\u0443\u043b\u044c\u0432\u0430\u0440 \u041c\u043e\u043d \u0434'\u042d\u0441\u0442<br \/>93160 \u0428\u0443\u0430\u0437\u0438-\u043b\u0435-\u0413\u0440\u0430\u043d\u0434<\/div><div>\u00a0<\/div><div class=\"streetAddress\"><span class=\"telephone\">\ud83d\udcde 01 41 70 39 10<br \/><\/span><\/div><div>\u00a0<\/div><div class=\"streetAddress\">\ud83c\udf10<a href=\"http:\/\/www.grandparisgrandest.fr\"><strong> www.grandparisgrandest.fr<\/strong><\/a><\/div><div>\u00a0<\/div><p>Grand Paris Grand Est - \u044d\u0442\u043e \u0442\u0435\u0440\u0440\u0438\u0442\u043e\u0440\u0438\u0430\u043b\u044c\u043d\u0430\u044f \u043e\u0431\u0449\u0435\u0441\u0442\u0432\u0435\u043d\u043d\u0430\u044f \u043e\u0440\u0433\u0430\u043d\u0438\u0437\u0430\u0446\u0438\u044f, \u043f\u0440\u0435\u0434\u043e\u0441\u0442\u0430\u0432\u043b\u044f\u044e\u0449\u0430\u044f \u043c\u0435\u0441\u0442\u043d\u044b\u0435 \u043e\u0431\u0449\u0435\u0441\u0442\u0432\u0435\u043d\u043d\u044b\u0435 \u0443\u0441\u043b\u0443\u0433\u0438 14 \u043c\u0443\u043d\u0438\u0446\u0438\u043f\u0430\u043b\u0438\u0442\u0435\u0442\u0430\u043c, \u0432\u043a\u043b\u044e\u0447\u0430\u044f \u041d\u0435\u0439\u0438-\u0441\u044e\u0440-\u041c\u0430\u0440\u043d.<\/p>\t\t\t\t\t\t\t\t<\/div>\n\t\t\t\t<\/div>\n\t\t\t\t<div class=\"elementor-element elementor-element-814ea26 elementor-widget elementor-widget-google_maps\" data-id=\"814ea26\" data-element_type=\"widget\" data-e-type=\"widget\" data-widget_type=\"google_maps.default\">\n\t\t\t\t<div class=\"elementor-widget-container\">\n\t\t\t\t\t\t\t<div class=\"elementor-custom-embed\">\n\t\t\t<iframe loading=\"lazy\"\n\t\t\t\t\tsrc=\"https:\/\/maps.google.com\/maps?q=11%20boulevard%20du%20Mont%20d%27Est%2C%2093160&#038;t=m&#038;z=17&#038;output=embed&#038;iwloc=near\"\n\t\t\t\t\ttitle=\"11 boulevard du Mont d&#039;Est, 93160\"\n\t\t\t\t\taria-label=\"11 boulevard du Mont d&#039;Est, 93160\"\n\t\t\t><\/iframe>\n\t\t<\/div>\n\t\t\t\t\t\t<\/div>\n\t\t\t\t<\/div>\n\t\t\t\t<div class=\"elementor-element elementor-element-e4b616b elementor-widget elementor-widget-image\" data-id=\"e4b616b\" data-element_type=\"widget\" data-e-type=\"widget\" data-widget_type=\"image.default\">\n\t\t\t\t<div class=\"elementor-widget-container\">\n\t\t\t\t\t\t\t\t\t\t\t\t\t\t\t<img loading=\"lazy\" decoding=\"async\" width=\"1080\" height=\"1080\" src=\"https:\/\/www.neuillysurmarne.fr\/wp-content\/uploads\/2024\/06\/Relations-institutionnelles-2.png\" class=\"attachment-full size-full wp-image-8887\" alt=\"\" srcset=\"https:\/\/www.neuillysurmarne.fr\/wp-content\/uploads\/2024\/06\/Relations-institutionnelles-2.png 1080w, https:\/\/www.neuillysurmarne.fr\/wp-content\/uploads\/2024\/06\/Relations-institutionnelles-2-300x300.png 300w, https:\/\/www.neuillysurmarne.fr\/wp-content\/uploads\/2024\/06\/Relations-institutionnelles-2-1024x1024.png 1024w, https:\/\/www.neuillysurmarne.fr\/wp-content\/uploads\/2024\/06\/Relations-institutionnelles-2-150x150.png 150w, https:\/\/www.neuillysurmarne.fr\/wp-content\/uploads\/2024\/06\/Relations-institutionnelles-2-768x768.png 768w\" sizes=\"(max-width: 1080px) 100vw, 1080px\" \/>\t\t\t\t\t\t\t\t\t\t\t\t\t\t\t<\/div>\n\t\t\t\t<\/div>\n\t\t\t\t\t<\/div>\n\t\t\t\t<\/div>\n\t\t\t\t\t<\/div>\n\t\t\t\t<\/div>\n\t\t\t\t\t<\/details>\n\t\t\t\t\t<\/div>\n\t\t\t\t\t\t<\/div>\n\t\t\t\t<\/div>\n\t\t\t\t\t<\/div>\n\t\t\t\t<\/div>\n\t\t\t\t<\/div>","protected":false},"excerpt":{"rendered":"<p>R\u00e9gion \u00cele-de-France R\u00e9gion \u00cele-de-France \ud83d\udccd 2 rue Simone Veil93400 Saint-Ouen-sur-Seine\u00a0\ud83d\udcde 01 53 85 53 85\u00a0\ud83c\udf10 www.iledefrance.fr\u00a0 La R\u00e9gion g\u00e8re un budget de 5 milliards d&rsquo;euros par an, provenant essentiellement de l&rsquo;\u00c9tat. Ce budget lui permet d&rsquo;agir dans de nombreux champs de la vie quotidienne des Franciliens comme les lyc\u00e9es, les transports, la culture&#8230; Pr\u00e9fecture de [&hellip;]<\/p>\n","protected":false},"author":1,"featured_media":8372,"parent":0,"menu_order":0,"comment_status":"closed","ping_status":"closed","template":"","meta":{"_acf_changed":false,"footnotes":""},"class_list":["post-8732","page","type-page","status-publish","has-post-thumbnail","hentry"],"acf":[],"yoast_head":"<!-- This site is optimized with the Yoast SEO plugin v27.5 - https:\/\/yoast.com\/product\/yoast-seo-wordpress\/ -->\n<title>Relations institutionnelles - Mairie de Neuilly-sur-Marne<\/title>\n<meta name=\"robots\" content=\"index, follow, max-snippet:-1, max-image-preview:large, max-video-preview:-1\" \/>\n<link rel=\"canonical\" href=\"https:\/\/www.neuillysurmarne.fr\/ru\/relations-institutionnelles\/\" \/>\n<meta property=\"og:locale\" content=\"ru_RU\" \/>\n<meta property=\"og:type\" content=\"article\" \/>\n<meta property=\"og:title\" content=\"Relations institutionnelles - Mairie de Neuilly-sur-Marne\" \/>\n<meta property=\"og:description\" content=\"R\u00e9gion \u00cele-de-France R\u00e9gion \u00cele-de-France \ud83d\udccd 2 rue Simone Veil93400 Saint-Ouen-sur-Seine\u00a0\ud83d\udcde 01 53 85 53 85\u00a0\ud83c\udf10 www.iledefrance.fr\u00a0 La R\u00e9gion g\u00e8re un budget de 5 milliards d&rsquo;euros par an, provenant essentiellement de l&rsquo;\u00c9tat. Ce budget lui permet d&rsquo;agir dans de nombreux champs de la vie quotidienne des Franciliens comme les lyc\u00e9es, les transports, la culture&#8230; Pr\u00e9fecture de [&hellip;]\" \/>\n<meta property=\"og:url\" content=\"https:\/\/www.neuillysurmarne.fr\/ru\/relations-institutionnelles\/\" \/>\n<meta property=\"og:site_name\" content=\"Mairie de Neuilly-sur-Marne\" \/>\n<meta property=\"article:publisher\" content=\"https:\/\/www.facebook.com\/ville.neuilly\" \/>\n<meta property=\"article:modified_time\" content=\"2024-06-14T15:58:24+00:00\" \/>\n<meta property=\"og:image\" content=\"https:\/\/www.neuillysurmarne.fr\/wp-content\/uploads\/2024\/06\/2023-07-14-NEUILLY-SUR-MARNE-14-JUILLET-2023-JP-DSCF3341-scaled.jpg\" \/>\n\t<meta property=\"og:image:width\" content=\"2560\" \/>\n\t<meta property=\"og:image:height\" content=\"1707\" \/>\n\t<meta property=\"og:image:type\" content=\"image\/jpeg\" \/>\n<meta name=\"twitter:card\" content=\"summary_large_image\" \/>\n<meta name=\"twitter:label1\" content=\"\u041f\u0440\u0438\u043c\u0435\u0440\u043d\u043e\u0435 \u0432\u0440\u0435\u043c\u044f \u0434\u043b\u044f \u0447\u0442\u0435\u043d\u0438\u044f\" \/>\n\t<meta name=\"twitter:data1\" content=\"2 \u043c\u0438\u043d\u0443\u0442\u044b\" \/>\n<script type=\"application\/ld+json\" class=\"yoast-schema-graph\">{\"@context\":\"https:\\\/\\\/schema.org\",\"@graph\":[{\"@type\":\"WebPage\",\"@id\":\"https:\\\/\\\/www.neuillysurmarne.fr\\\/relations-institutionnelles\\\/\",\"url\":\"https:\\\/\\\/www.neuillysurmarne.fr\\\/relations-institutionnelles\\\/\",\"name\":\"Relations institutionnelles - Mairie de Neuilly-sur-Marne\",\"isPartOf\":{\"@id\":\"https:\\\/\\\/www.neuillysurmarne.fr\\\/es\\\/#website\"},\"primaryImageOfPage\":{\"@id\":\"https:\\\/\\\/www.neuillysurmarne.fr\\\/relations-institutionnelles\\\/#primaryimage\"},\"image\":{\"@id\":\"https:\\\/\\\/www.neuillysurmarne.fr\\\/relations-institutionnelles\\\/#primaryimage\"},\"thumbnailUrl\":\"https:\\\/\\\/www.neuillysurmarne.fr\\\/wp-content\\\/uploads\\\/2024\\\/06\\\/2023-07-14-NEUILLY-SUR-MARNE-14-JUILLET-2023-JP-DSCF3341-scaled.jpg\",\"datePublished\":\"2024-06-13T09:32:34+00:00\",\"dateModified\":\"2024-06-14T15:58:24+00:00\",\"breadcrumb\":{\"@id\":\"https:\\\/\\\/www.neuillysurmarne.fr\\\/relations-institutionnelles\\\/#breadcrumb\"},\"inLanguage\":\"ru-RU\",\"potentialAction\":[{\"@type\":\"ReadAction\",\"target\":[\"https:\\\/\\\/www.neuillysurmarne.fr\\\/relations-institutionnelles\\\/\"]}]},{\"@type\":\"ImageObject\",\"inLanguage\":\"ru-RU\",\"@id\":\"https:\\\/\\\/www.neuillysurmarne.fr\\\/relations-institutionnelles\\\/#primaryimage\",\"url\":\"https:\\\/\\\/www.neuillysurmarne.fr\\\/wp-content\\\/uploads\\\/2024\\\/06\\\/2023-07-14-NEUILLY-SUR-MARNE-14-JUILLET-2023-JP-DSCF3341-scaled.jpg\",\"contentUrl\":\"https:\\\/\\\/www.neuillysurmarne.fr\\\/wp-content\\\/uploads\\\/2024\\\/06\\\/2023-07-14-NEUILLY-SUR-MARNE-14-JUILLET-2023-JP-DSCF3341-scaled.jpg\",\"width\":2560,\"height\":1707},{\"@type\":\"BreadcrumbList\",\"@id\":\"https:\\\/\\\/www.neuillysurmarne.fr\\\/relations-institutionnelles\\\/#breadcrumb\",\"itemListElement\":[{\"@type\":\"ListItem\",\"position\":1,\"name\":\"Accueil\",\"item\":\"https:\\\/\\\/www.neuillysurmarne.fr\\\/\"},{\"@type\":\"ListItem\",\"position\":2,\"name\":\"Relations institutionnelles\"}]},{\"@type\":\"WebSite\",\"@id\":\"https:\\\/\\\/www.neuillysurmarne.fr\\\/es\\\/#website\",\"url\":\"https:\\\/\\\/www.neuillysurmarne.fr\\\/es\\\/\",\"name\":\"Mairie de Neuilly-sur-Marne\",\"description\":\"BETA\",\"publisher\":{\"@id\":\"https:\\\/\\\/www.neuillysurmarne.fr\\\/es\\\/#organization\"},\"potentialAction\":[{\"@type\":\"SearchAction\",\"target\":{\"@type\":\"EntryPoint\",\"urlTemplate\":\"https:\\\/\\\/www.neuillysurmarne.fr\\\/es\\\/?s={search_term_string}\"},\"query-input\":{\"@type\":\"PropertyValueSpecification\",\"valueRequired\":true,\"valueName\":\"search_term_string\"}}],\"inLanguage\":\"ru-RU\"},{\"@type\":\"Organization\",\"@id\":\"https:\\\/\\\/www.neuillysurmarne.fr\\\/es\\\/#organization\",\"name\":\"Mairie de Neuilly-sur-Marne\",\"url\":\"https:\\\/\\\/www.neuillysurmarne.fr\\\/es\\\/\",\"logo\":{\"@type\":\"ImageObject\",\"inLanguage\":\"ru-RU\",\"@id\":\"https:\\\/\\\/www.neuillysurmarne.fr\\\/es\\\/#\\\/schema\\\/logo\\\/image\\\/\",\"url\":\"https:\\\/\\\/www.neuillysurmarne.fr\\\/wp-content\\\/uploads\\\/2023\\\/10\\\/LOGO-NeuillysurMarne-blanc.png\",\"contentUrl\":\"https:\\\/\\\/www.neuillysurmarne.fr\\\/wp-content\\\/uploads\\\/2023\\\/10\\\/LOGO-NeuillysurMarne-blanc.png\",\"width\":3308,\"height\":2586,\"caption\":\"Mairie de Neuilly-sur-Marne\"},\"image\":{\"@id\":\"https:\\\/\\\/www.neuillysurmarne.fr\\\/es\\\/#\\\/schema\\\/logo\\\/image\\\/\"},\"sameAs\":[\"https:\\\/\\\/www.facebook.com\\\/ville.neuilly\",\"https:\\\/\\\/www.instagram.com\\\/neuilly_marne\\\/\",\"https:\\\/\\\/www.linkedin.com\\\/company\\\/ville-de-neuilly-sur-marne\\\/\",\"https:\\\/\\\/www.youtube.com\\\/channel\\\/UCDdZ0TLrV8rfIqjBGvoeB5A\",\"https:\\\/\\\/www.tiktok.com\\\/@villedeneuillysurmarne\"]}]}<\/script>\n<!-- \/ Yoast SEO plugin. -->","yoast_head_json":{"title":"Relations institutionnelles - Mairie de Neuilly-sur-Marne","robots":{"index":"index","follow":"follow","max-snippet":"max-snippet:-1","max-image-preview":"max-image-preview:large","max-video-preview":"max-video-preview:-1"},"canonical":"https:\/\/www.neuillysurmarne.fr\/ru\/relations-institutionnelles\/","og_locale":"ru_RU","og_type":"article","og_title":"Relations institutionnelles - Mairie de Neuilly-sur-Marne","og_description":"R\u00e9gion \u00cele-de-France R\u00e9gion \u00cele-de-France \ud83d\udccd 2 rue Simone Veil93400 Saint-Ouen-sur-Seine\u00a0\ud83d\udcde 01 53 85 53 85\u00a0\ud83c\udf10 www.iledefrance.fr\u00a0 La R\u00e9gion g\u00e8re un budget de 5 milliards d&rsquo;euros par an, provenant essentiellement de l&rsquo;\u00c9tat. Ce budget lui permet d&rsquo;agir dans de nombreux champs de la vie quotidienne des Franciliens comme les lyc\u00e9es, les transports, la culture&#8230; Pr\u00e9fecture de [&hellip;]","og_url":"https:\/\/www.neuillysurmarne.fr\/ru\/relations-institutionnelles\/","og_site_name":"Mairie de Neuilly-sur-Marne","article_publisher":"https:\/\/www.facebook.com\/ville.neuilly","article_modified_time":"2024-06-14T15:58:24+00:00","og_image":[{"width":2560,"height":1707,"url":"https:\/\/www.neuillysurmarne.fr\/wp-content\/uploads\/2024\/06\/2023-07-14-NEUILLY-SUR-MARNE-14-JUILLET-2023-JP-DSCF3341-scaled.jpg","type":"image\/jpeg"}],"twitter_card":"summary_large_image","twitter_misc":{"\u041f\u0440\u0438\u043c\u0435\u0440\u043d\u043e\u0435 \u0432\u0440\u0435\u043c\u044f \u0434\u043b\u044f \u0447\u0442\u0435\u043d\u0438\u044f":"2 \u043c\u0438\u043d\u0443\u0442\u044b"},"schema":{"@context":"https:\/\/schema.org","@graph":[{"@type":"WebPage","@id":"https:\/\/www.neuillysurmarne.fr\/relations-institutionnelles\/","url":"https:\/\/www.neuillysurmarne.fr\/relations-institutionnelles\/","name":"Relations institutionnelles - Mairie de Neuilly-sur-Marne","isPartOf":{"@id":"https:\/\/www.neuillysurmarne.fr\/es\/#website"},"primaryImageOfPage":{"@id":"https:\/\/www.neuillysurmarne.fr\/relations-institutionnelles\/#primaryimage"},"image":{"@id":"https:\/\/www.neuillysurmarne.fr\/relations-institutionnelles\/#primaryimage"},"thumbnailUrl":"https:\/\/www.neuillysurmarne.fr\/wp-content\/uploads\/2024\/06\/2023-07-14-NEUILLY-SUR-MARNE-14-JUILLET-2023-JP-DSCF3341-scaled.jpg","datePublished":"2024-06-13T09:32:34+00:00","dateModified":"2024-06-14T15:58:24+00:00","breadcrumb":{"@id":"https:\/\/www.neuillysurmarne.fr\/relations-institutionnelles\/#breadcrumb"},"inLanguage":"ru-RU","potentialAction":[{"@type":"ReadAction","target":["https:\/\/www.neuillysurmarne.fr\/relations-institutionnelles\/"]}]},{"@type":"ImageObject","inLanguage":"ru-RU","@id":"https:\/\/www.neuillysurmarne.fr\/relations-institutionnelles\/#primaryimage","url":"https:\/\/www.neuillysurmarne.fr\/wp-content\/uploads\/2024\/06\/2023-07-14-NEUILLY-SUR-MARNE-14-JUILLET-2023-JP-DSCF3341-scaled.jpg","contentUrl":"https:\/\/www.neuillysurmarne.fr\/wp-content\/uploads\/2024\/06\/2023-07-14-NEUILLY-SUR-MARNE-14-JUILLET-2023-JP-DSCF3341-scaled.jpg","width":2560,"height":1707},{"@type":"BreadcrumbList","@id":"https:\/\/www.neuillysurmarne.fr\/relations-institutionnelles\/#breadcrumb","itemListElement":[{"@type":"ListItem","position":1,"name":"Accueil","item":"https:\/\/www.neuillysurmarne.fr\/"},{"@type":"ListItem","position":2,"name":"Relations institutionnelles"}]},{"@type":"WebSite","@id":"https:\/\/www.neuillysurmarne.fr\/es\/#website","url":"https:\/\/www.neuillysurmarne.fr\/es\/","name":"\u0420\u0430\u0442\u0443\u0448\u0430 \u041d\u0435\u0439\u0438-\u0441\u044e\u0440-\u041c\u0430\u0440\u043d","description":"\u0411\u0415\u0422\u0410","publisher":{"@id":"https:\/\/www.neuillysurmarne.fr\/es\/#organization"},"potentialAction":[{"@type":"SearchAction","target":{"@type":"EntryPoint","urlTemplate":"https:\/\/www.neuillysurmarne.fr\/es\/?s={search_term_string}"},"query-input":{"@type":"PropertyValueSpecification","valueRequired":true,"valueName":"search_term_string"}}],"inLanguage":"ru-RU"},{"@type":"Organization","@id":"https:\/\/www.neuillysurmarne.fr\/es\/#organization","name":"\u0420\u0430\u0442\u0443\u0448\u0430 \u041d\u0435\u0439\u0438-\u0441\u044e\u0440-\u041c\u0430\u0440\u043d","url":"https:\/\/www.neuillysurmarne.fr\/es\/","logo":{"@type":"ImageObject","inLanguage":"ru-RU","@id":"https:\/\/www.neuillysurmarne.fr\/es\/#\/schema\/logo\/image\/","url":"https:\/\/www.neuillysurmarne.fr\/wp-content\/uploads\/2023\/10\/LOGO-NeuillysurMarne-blanc.png","contentUrl":"https:\/\/www.neuillysurmarne.fr\/wp-content\/uploads\/2023\/10\/LOGO-NeuillysurMarne-blanc.png","width":3308,"height":2586,"caption":"Mairie de Neuilly-sur-Marne"},"image":{"@id":"https:\/\/www.neuillysurmarne.fr\/es\/#\/schema\/logo\/image\/"},"sameAs":["https:\/\/www.facebook.com\/ville.neuilly","https:\/\/www.instagram.com\/neuilly_marne\/","https:\/\/www.linkedin.com\/company\/ville-de-neuilly-sur-marne\/","https:\/\/www.youtube.com\/channel\/UCDdZ0TLrV8rfIqjBGvoeB5A","https:\/\/www.tiktok.com\/@villedeneuillysurmarne"]}]}},"_links":{"self":[{"href":"https:\/\/www.neuillysurmarne.fr\/ru\/wp-json\/wp\/v2\/pages\/8732","targetHints":{"allow":["GET"]}}],"collection":[{"href":"https:\/\/www.neuillysurmarne.fr\/ru\/wp-json\/wp\/v2\/pages"}],"about":[{"href":"https:\/\/www.neuillysurmarne.fr\/ru\/wp-json\/wp\/v2\/types\/page"}],"author":[{"embeddable":true,"href":"https:\/\/www.neuillysurmarne.fr\/ru\/wp-json\/wp\/v2\/users\/1"}],"replies":[{"embeddable":true,"href":"https:\/\/www.neuillysurmarne.fr\/ru\/wp-json\/wp\/v2\/comments?post=8732"}],"version-history":[{"count":13,"href":"https:\/\/www.neuillysurmarne.fr\/ru\/wp-json\/wp\/v2\/pages\/8732\/revisions"}],"predecessor-version":[{"id":8893,"href":"https:\/\/www.neuillysurmarne.fr\/ru\/wp-json\/wp\/v2\/pages\/8732\/revisions\/8893"}],"wp:featuredmedia":[{"embeddable":true,"href":"https:\/\/www.neuillysurmarne.fr\/ru\/wp-json\/wp\/v2\/media\/8372"}],"wp:attachment":[{"href":"https:\/\/www.neuillysurmarne.fr\/ru\/wp-json\/wp\/v2\/media?parent=8732"}],"curies":[{"name":"wp","href":"https:\/\/api.w.org\/{rel}","templated":true}]}}