{"id":971,"date":"2023-11-17T11:27:46","date_gmt":"2023-11-17T10:27:46","guid":{"rendered":"https:\/\/www.neuillysurmarne.fr\/?page_id=971"},"modified":"2024-06-11T12:22:09","modified_gmt":"2024-06-11T10:22:09","slug":"elections-departementales-2021","status":"publish","type":"page","link":"https:\/\/www.neuillysurmarne.fr\/ru\/elections-departementales-2021\/","title":{"rendered":"\u0414\u0435\u043f\u0430\u0440\u0442\u0430\u043c\u0435\u043d\u0442\u0441\u043a\u0438\u0435 \u0432\u044b\u0431\u043e\u0440\u044b 2021 \u0433\u043e\u0434\u0430"},"content":{"rendered":"<div class=\"\">\u0413\u043e\u0434 :\u00a0<strong>2021<\/strong><\/div>\n<div class=\"terms\">\u0422\u0438\u043f \u0432\u044b\u0431\u043e\u0440\u043e\u0432 :\u00a0<strong>\u0414\u0435\u043f\u0430\u0440\u0442\u0430\u043c\u0435\u043d\u0442<\/strong><\/div>\n<h2>\u0420\u0435\u0437\u0443\u043b\u044c\u0442\u0430\u0442\u044b<\/h2>\n<ol class=\"election-rounds\">\n<li>\n<div>\n<p><strong>\u0411\u0430\u0448\u043d\u044f 1<\/strong> :\u00a0<a title=\"\u0421\u043a\u0430\u0447\u0430\u0442\u044c \u0444\u0430\u0439\u043b 2021 departementales 1st round ok\" href=\"https:\/\/www.neuillysurmarne.fr\/wp-content\/uploads\/2023\/11\/2021-departementales-1er-tour-ok.pdf\" target=\"_blank\" rel=\"noopener\" type=\"application\/pdf\" download=\"\">\u0417\u0430\u0433\u0440\u0443\u0437\u0438\u0442\u0435 \u0440\u0435\u0437\u0443\u043b\u044c\u0442\u0430\u0442\u044b \u043f\u0435\u0440\u0432\u043e\u0433\u043e \u0440\u0430\u0443\u043d\u0434\u0430\u00a0<\/a><\/p>\n<\/div>\n<\/li>\n<li>\n<div>\n<p><strong>\u0411\u0430\u0448\u043d\u044f 2<\/strong> :\u00a0<a title=\"\u0421\u043a\u0430\u0447\u0430\u0442\u044c \u0444\u0430\u0439\u043b 2021 departementales 2-\u0439 \u0442\u0443\u0440\" href=\"https:\/\/www.neuillysurmarne.fr\/wp-content\/uploads\/2023\/11\/2021-departementales-2eme-tour.pdf\" target=\"_blank\" rel=\"noopener\" type=\"application\/pdf\" download=\"\">\u0417\u0430\u0433\u0440\u0443\u0437\u0438\u0442\u0435 \u0440\u0435\u0437\u0443\u043b\u044c\u0442\u0430\u0442\u044b \u0432\u0442\u043e\u0440\u043e\u0433\u043e \u0440\u0430\u0443\u043d\u0434\u0430\u00a0<\/a><\/p>\n<\/div>\n<\/li>\n<\/ol>","protected":false},"excerpt":{"rendered":"<p>Ann\u00e9e\u00a0:\u00a02021 Type d\u2019\u00e9lection\u00a0:\u00a0D\u00e9partementale R\u00e9sultats Tour 1 :\u00a0T\u00e9l\u00e9charger les r\u00e9sultats du tour 1\u00a0 Tour 2 :\u00a0T\u00e9l\u00e9charger les r\u00e9sultats du tour 2\u00a0<\/p>","protected":false},"author":1,"featured_media":8563,"parent":0,"menu_order":0,"comment_status":"closed","ping_status":"closed","template":"","meta":{"_acf_changed":false,"footnotes":""},"class_list":["post-971","page","type-page","status-publish","has-post-thumbnail","hentry"],"acf":[],"yoast_head":"<!-- This site is optimized with the Yoast SEO plugin v27.4 - https:\/\/yoast.com\/product\/yoast-seo-wordpress\/ -->\n<title>\u00c9lections d\u00e9partementales 2021 - Mairie de Neuilly-sur-Marne<\/title>\n<meta name=\"robots\" content=\"index, follow, max-snippet:-1, max-image-preview:large, max-video-preview:-1\" \/>\n<link rel=\"canonical\" href=\"https:\/\/www.neuillysurmarne.fr\/ru\/elections-departementales-2021\/\" \/>\n<meta property=\"og:locale\" content=\"ru_RU\" \/>\n<meta property=\"og:type\" content=\"article\" \/>\n<meta property=\"og:title\" content=\"\u00c9lections d\u00e9partementales 2021 - Mairie de Neuilly-sur-Marne\" \/>\n<meta property=\"og:description\" content=\"Ann\u00e9e\u00a0:\u00a02021 Type d\u2019\u00e9lection\u00a0:\u00a0D\u00e9partementale R\u00e9sultats Tour 1 :\u00a0T\u00e9l\u00e9charger les r\u00e9sultats du tour 1\u00a0 Tour 2 :\u00a0T\u00e9l\u00e9charger les r\u00e9sultats du tour 2\u00a0\" \/>\n<meta property=\"og:url\" content=\"https:\/\/www.neuillysurmarne.fr\/ru\/elections-departementales-2021\/\" \/>\n<meta property=\"og:site_name\" content=\"Mairie de Neuilly-sur-Marne\" \/>\n<meta property=\"article:publisher\" content=\"https:\/\/www.facebook.com\/ville.neuilly\" \/>\n<meta property=\"article:modified_time\" content=\"2024-06-11T10:22:09+00:00\" \/>\n<meta property=\"og:image\" content=\"https:\/\/www.neuillysurmarne.fr\/wp-content\/uploads\/2024\/06\/Header-Newsletter-2.png\" \/>\n\t<meta property=\"og:image:width\" content=\"1920\" \/>\n\t<meta property=\"og:image:height\" content=\"380\" \/>\n\t<meta property=\"og:image:type\" content=\"image\/png\" \/>\n<meta name=\"twitter:card\" content=\"summary_large_image\" \/>\n<script type=\"application\/ld+json\" class=\"yoast-schema-graph\">{\"@context\":\"https:\\\/\\\/schema.org\",\"@graph\":[{\"@type\":\"WebPage\",\"@id\":\"https:\\\/\\\/www.neuillysurmarne.fr\\\/elections-departementales-2021\\\/\",\"url\":\"https:\\\/\\\/www.neuillysurmarne.fr\\\/elections-departementales-2021\\\/\",\"name\":\"\u00c9lections d\u00e9partementales 2021 - Mairie de Neuilly-sur-Marne\",\"isPartOf\":{\"@id\":\"https:\\\/\\\/www.neuillysurmarne.fr\\\/es\\\/#website\"},\"primaryImageOfPage\":{\"@id\":\"https:\\\/\\\/www.neuillysurmarne.fr\\\/elections-departementales-2021\\\/#primaryimage\"},\"image\":{\"@id\":\"https:\\\/\\\/www.neuillysurmarne.fr\\\/elections-departementales-2021\\\/#primaryimage\"},\"thumbnailUrl\":\"https:\\\/\\\/www.neuillysurmarne.fr\\\/wp-content\\\/uploads\\\/2024\\\/06\\\/Header-Newsletter-2.png\",\"datePublished\":\"2023-11-17T10:27:46+00:00\",\"dateModified\":\"2024-06-11T10:22:09+00:00\",\"breadcrumb\":{\"@id\":\"https:\\\/\\\/www.neuillysurmarne.fr\\\/elections-departementales-2021\\\/#breadcrumb\"},\"inLanguage\":\"ru-RU\",\"potentialAction\":[{\"@type\":\"ReadAction\",\"target\":[\"https:\\\/\\\/www.neuillysurmarne.fr\\\/elections-departementales-2021\\\/\"]}]},{\"@type\":\"ImageObject\",\"inLanguage\":\"ru-RU\",\"@id\":\"https:\\\/\\\/www.neuillysurmarne.fr\\\/elections-departementales-2021\\\/#primaryimage\",\"url\":\"https:\\\/\\\/www.neuillysurmarne.fr\\\/wp-content\\\/uploads\\\/2024\\\/06\\\/Header-Newsletter-2.png\",\"contentUrl\":\"https:\\\/\\\/www.neuillysurmarne.fr\\\/wp-content\\\/uploads\\\/2024\\\/06\\\/Header-Newsletter-2.png\",\"width\":1920,\"height\":380},{\"@type\":\"BreadcrumbList\",\"@id\":\"https:\\\/\\\/www.neuillysurmarne.fr\\\/elections-departementales-2021\\\/#breadcrumb\",\"itemListElement\":[{\"@type\":\"ListItem\",\"position\":1,\"name\":\"Accueil\",\"item\":\"https:\\\/\\\/www.neuillysurmarne.fr\\\/\"},{\"@type\":\"ListItem\",\"position\":2,\"name\":\"\u00c9lections d\u00e9partementales 2021\"}]},{\"@type\":\"WebSite\",\"@id\":\"https:\\\/\\\/www.neuillysurmarne.fr\\\/es\\\/#website\",\"url\":\"https:\\\/\\\/www.neuillysurmarne.fr\\\/es\\\/\",\"name\":\"Mairie de Neuilly-sur-Marne\",\"description\":\"BETA\",\"publisher\":{\"@id\":\"https:\\\/\\\/www.neuillysurmarne.fr\\\/es\\\/#organization\"},\"potentialAction\":[{\"@type\":\"SearchAction\",\"target\":{\"@type\":\"EntryPoint\",\"urlTemplate\":\"https:\\\/\\\/www.neuillysurmarne.fr\\\/es\\\/?s={search_term_string}\"},\"query-input\":{\"@type\":\"PropertyValueSpecification\",\"valueRequired\":true,\"valueName\":\"search_term_string\"}}],\"inLanguage\":\"ru-RU\"},{\"@type\":\"Organization\",\"@id\":\"https:\\\/\\\/www.neuillysurmarne.fr\\\/es\\\/#organization\",\"name\":\"Mairie de Neuilly-sur-Marne\",\"url\":\"https:\\\/\\\/www.neuillysurmarne.fr\\\/es\\\/\",\"logo\":{\"@type\":\"ImageObject\",\"inLanguage\":\"ru-RU\",\"@id\":\"https:\\\/\\\/www.neuillysurmarne.fr\\\/es\\\/#\\\/schema\\\/logo\\\/image\\\/\",\"url\":\"https:\\\/\\\/www.neuillysurmarne.fr\\\/wp-content\\\/uploads\\\/2023\\\/10\\\/LOGO-NeuillysurMarne-blanc.png\",\"contentUrl\":\"https:\\\/\\\/www.neuillysurmarne.fr\\\/wp-content\\\/uploads\\\/2023\\\/10\\\/LOGO-NeuillysurMarne-blanc.png\",\"width\":3308,\"height\":2586,\"caption\":\"Mairie de Neuilly-sur-Marne\"},\"image\":{\"@id\":\"https:\\\/\\\/www.neuillysurmarne.fr\\\/es\\\/#\\\/schema\\\/logo\\\/image\\\/\"},\"sameAs\":[\"https:\\\/\\\/www.facebook.com\\\/ville.neuilly\",\"https:\\\/\\\/www.instagram.com\\\/neuilly_marne\\\/\",\"https:\\\/\\\/www.linkedin.com\\\/company\\\/ville-de-neuilly-sur-marne\\\/\",\"https:\\\/\\\/www.youtube.com\\\/channel\\\/UCDdZ0TLrV8rfIqjBGvoeB5A\",\"https:\\\/\\\/www.tiktok.com\\\/@villedeneuillysurmarne\"]}]}<\/script>\n<!-- \/ Yoast SEO plugin. -->","yoast_head_json":{"title":"\u00c9lections d\u00e9partementales 2021 - Mairie de Neuilly-sur-Marne","robots":{"index":"index","follow":"follow","max-snippet":"max-snippet:-1","max-image-preview":"max-image-preview:large","max-video-preview":"max-video-preview:-1"},"canonical":"https:\/\/www.neuillysurmarne.fr\/ru\/elections-departementales-2021\/","og_locale":"ru_RU","og_type":"article","og_title":"\u00c9lections d\u00e9partementales 2021 - Mairie de Neuilly-sur-Marne","og_description":"Ann\u00e9e\u00a0:\u00a02021 Type d\u2019\u00e9lection\u00a0:\u00a0D\u00e9partementale R\u00e9sultats Tour 1 :\u00a0T\u00e9l\u00e9charger les r\u00e9sultats du tour 1\u00a0 Tour 2 :\u00a0T\u00e9l\u00e9charger les r\u00e9sultats du tour 2\u00a0","og_url":"https:\/\/www.neuillysurmarne.fr\/ru\/elections-departementales-2021\/","og_site_name":"Mairie de Neuilly-sur-Marne","article_publisher":"https:\/\/www.facebook.com\/ville.neuilly","article_modified_time":"2024-06-11T10:22:09+00:00","og_image":[{"width":1920,"height":380,"url":"https:\/\/www.neuillysurmarne.fr\/wp-content\/uploads\/2024\/06\/Header-Newsletter-2.png","type":"image\/png"}],"twitter_card":"summary_large_image","schema":{"@context":"https:\/\/schema.org","@graph":[{"@type":"WebPage","@id":"https:\/\/www.neuillysurmarne.fr\/elections-departementales-2021\/","url":"https:\/\/www.neuillysurmarne.fr\/elections-departementales-2021\/","name":"\u00c9lections d\u00e9partementales 2021 - Mairie de Neuilly-sur-Marne","isPartOf":{"@id":"https:\/\/www.neuillysurmarne.fr\/es\/#website"},"primaryImageOfPage":{"@id":"https:\/\/www.neuillysurmarne.fr\/elections-departementales-2021\/#primaryimage"},"image":{"@id":"https:\/\/www.neuillysurmarne.fr\/elections-departementales-2021\/#primaryimage"},"thumbnailUrl":"https:\/\/www.neuillysurmarne.fr\/wp-content\/uploads\/2024\/06\/Header-Newsletter-2.png","datePublished":"2023-11-17T10:27:46+00:00","dateModified":"2024-06-11T10:22:09+00:00","breadcrumb":{"@id":"https:\/\/www.neuillysurmarne.fr\/elections-departementales-2021\/#breadcrumb"},"inLanguage":"ru-RU","potentialAction":[{"@type":"ReadAction","target":["https:\/\/www.neuillysurmarne.fr\/elections-departementales-2021\/"]}]},{"@type":"ImageObject","inLanguage":"ru-RU","@id":"https:\/\/www.neuillysurmarne.fr\/elections-departementales-2021\/#primaryimage","url":"https:\/\/www.neuillysurmarne.fr\/wp-content\/uploads\/2024\/06\/Header-Newsletter-2.png","contentUrl":"https:\/\/www.neuillysurmarne.fr\/wp-content\/uploads\/2024\/06\/Header-Newsletter-2.png","width":1920,"height":380},{"@type":"BreadcrumbList","@id":"https:\/\/www.neuillysurmarne.fr\/elections-departementales-2021\/#breadcrumb","itemListElement":[{"@type":"ListItem","position":1,"name":"Accueil","item":"https:\/\/www.neuillysurmarne.fr\/"},{"@type":"ListItem","position":2,"name":"\u00c9lections d\u00e9partementales 2021"}]},{"@type":"WebSite","@id":"https:\/\/www.neuillysurmarne.fr\/es\/#website","url":"https:\/\/www.neuillysurmarne.fr\/es\/","name":"\u0420\u0430\u0442\u0443\u0448\u0430 \u041d\u0435\u0439\u0438-\u0441\u044e\u0440-\u041c\u0430\u0440\u043d","description":"\u0411\u0415\u0422\u0410","publisher":{"@id":"https:\/\/www.neuillysurmarne.fr\/es\/#organization"},"potentialAction":[{"@type":"SearchAction","target":{"@type":"EntryPoint","urlTemplate":"https:\/\/www.neuillysurmarne.fr\/es\/?s={search_term_string}"},"query-input":{"@type":"PropertyValueSpecification","valueRequired":true,"valueName":"search_term_string"}}],"inLanguage":"ru-RU"},{"@type":"Organization","@id":"https:\/\/www.neuillysurmarne.fr\/es\/#organization","name":"\u0420\u0430\u0442\u0443\u0448\u0430 \u041d\u0435\u0439\u0438-\u0441\u044e\u0440-\u041c\u0430\u0440\u043d","url":"https:\/\/www.neuillysurmarne.fr\/es\/","logo":{"@type":"ImageObject","inLanguage":"ru-RU","@id":"https:\/\/www.neuillysurmarne.fr\/es\/#\/schema\/logo\/image\/","url":"https:\/\/www.neuillysurmarne.fr\/wp-content\/uploads\/2023\/10\/LOGO-NeuillysurMarne-blanc.png","contentUrl":"https:\/\/www.neuillysurmarne.fr\/wp-content\/uploads\/2023\/10\/LOGO-NeuillysurMarne-blanc.png","width":3308,"height":2586,"caption":"Mairie de Neuilly-sur-Marne"},"image":{"@id":"https:\/\/www.neuillysurmarne.fr\/es\/#\/schema\/logo\/image\/"},"sameAs":["https:\/\/www.facebook.com\/ville.neuilly","https:\/\/www.instagram.com\/neuilly_marne\/","https:\/\/www.linkedin.com\/company\/ville-de-neuilly-sur-marne\/","https:\/\/www.youtube.com\/channel\/UCDdZ0TLrV8rfIqjBGvoeB5A","https:\/\/www.tiktok.com\/@villedeneuillysurmarne"]}]}},"_links":{"self":[{"href":"https:\/\/www.neuillysurmarne.fr\/ru\/wp-json\/wp\/v2\/pages\/971","targetHints":{"allow":["GET"]}}],"collection":[{"href":"https:\/\/www.neuillysurmarne.fr\/ru\/wp-json\/wp\/v2\/pages"}],"about":[{"href":"https:\/\/www.neuillysurmarne.fr\/ru\/wp-json\/wp\/v2\/types\/page"}],"author":[{"embeddable":true,"href":"https:\/\/www.neuillysurmarne.fr\/ru\/wp-json\/wp\/v2\/users\/1"}],"replies":[{"embeddable":true,"href":"https:\/\/www.neuillysurmarne.fr\/ru\/wp-json\/wp\/v2\/comments?post=971"}],"version-history":[{"count":3,"href":"https:\/\/www.neuillysurmarne.fr\/ru\/wp-json\/wp\/v2\/pages\/971\/revisions"}],"predecessor-version":[{"id":8561,"href":"https:\/\/www.neuillysurmarne.fr\/ru\/wp-json\/wp\/v2\/pages\/971\/revisions\/8561"}],"wp:featuredmedia":[{"embeddable":true,"href":"https:\/\/www.neuillysurmarne.fr\/ru\/wp-json\/wp\/v2\/media\/8563"}],"wp:attachment":[{"href":"https:\/\/www.neuillysurmarne.fr\/ru\/wp-json\/wp\/v2\/media?parent=971"}],"curies":[{"name":"wp","href":"https:\/\/api.w.org\/{rel}","templated":true}]}}