{"version":"1.0","provider_name":"\u9a6c\u6069\u6cb3\u7554\u8bb7\u4f0a\u5e02\u653f\u5385","provider_url":"https:\/\/www.neuillysurmarne.fr\/zh","title":"S\u00e9jours de vacances - Mairie de Neuilly-sur-Marne","type":"rich","width":600,"height":338,"html":"<blockquote class=\"wp-embedded-content\" data-secret=\"BUMSS9D6f7\"><a href=\"https:\/\/www.neuillysurmarne.fr\/zh\/sejours-de-vacances\/\">\u5047\u65e5\u4f11\u606f<\/a><\/blockquote><iframe sandbox=\"allow-scripts\" security=\"restricted\" src=\"https:\/\/www.neuillysurmarne.fr\/zh\/sejours-de-vacances\/embed\/#?secret=BUMSS9D6f7\" width=\"600\" height=\"338\" title=\"\u300a S\u00e9jours de vacances \u300b\u2014Mairie de Neuilly-sur-Marne\" data-secret=\"BUMSS9D6f7\" frameborder=\"0\" marginwidth=\"0\" marginheight=\"0\" scrolling=\"no\" class=\"wp-embedded-content\"><\/iframe><script>\n\/*! This file is auto-generated *\/\n!function(d,l){\"use strict\";l.querySelector&&d.addEventListener&&\"undefined\"!=typeof URL&&(d.wp=d.wp||{},d.wp.receiveEmbedMessage||(d.wp.receiveEmbedMessage=function(e){var t=e.data;if((t||t.secret||t.message||t.value)&&!\/[^a-zA-Z0-9]\/.test(t.secret)){for(var s,r,n,a=l.querySelectorAll('iframe[data-secret=\"'+t.secret+'\"]'),o=l.querySelectorAll('blockquote[data-secret=\"'+t.secret+'\"]'),c=new RegExp(\"^https?:$\",\"i\"),i=0;i<o.length;i++)o[i].style.display=\"none\";for(i=0;i<a.length;i++)s=a[i],e.source===s.contentWindow&&(s.removeAttribute(\"style\"),\"height\"===t.message?(1e3<(r=parseInt(t.value,10))?r=1e3:~~r<200&&(r=200),s.height=r):\"link\"===t.message&&(r=new URL(s.getAttribute(\"src\")),n=new URL(t.value),c.test(n.protocol))&&n.host===r.host&&l.activeElement===s&&(d.top.location.href=t.value))}},d.addEventListener(\"message\",d.wp.receiveEmbedMessage,!1),l.addEventListener(\"DOMContentLoaded\",function(){for(var e,t,s=l.querySelectorAll(\"iframe.wp-embedded-content\"),r=0;r<s.length;r++)(t=(e=s[r]).getAttribute(\"data-secret\"))||(t=Math.random().toString(36).substring(2,12),e.src+=\"#?secret=\"+t,e.setAttribute(\"data-secret\",t)),e.contentWindow.postMessage({message:\"ready\",secret:t},\"*\")},!1)))}(window,document);\n\/\/# sourceURL=https:\/\/www.neuillysurmarne.fr\/wp-includes\/js\/wp-embed.min.js\n<\/script>","thumbnail_url":"https:\/\/www.neuillysurmarne.fr\/wp-content\/uploads\/2024\/05\/AdobeStock_293799298-scaled.jpeg","thumbnail_width":2560,"thumbnail_height":794,"description":"S\u00e9jour estivaux 2025 Chaque ann\u00e9e, la Ville organise durant la p\u00e9riode estivale des s\u00e9jours de loisirs aux quatre coins de la France \u00e0 destination des jeunes Noc\u00e9ens. Propos\u00e9s en partenariat avec divers organisateurs poss\u00e9dant tous les agr\u00e9ments n\u00e9cessaires, ces s\u00e9jours permettent \u00e0 vos enfants de profiter de vacances au grand air. 01 41 54 80 [&hellip;]"}