{"id":16147,"date":"2025-08-28T16:29:06","date_gmt":"2025-08-28T14:29:06","guid":{"rendered":"https:\/\/www.neuillysurmarne.fr\/?post_type=evenements&#038;p=16147"},"modified":"2025-08-28T16:29:06","modified_gmt":"2025-08-28T14:29:06","slug":"tu-es-la","status":"publish","type":"evenements","link":"https:\/\/www.neuillysurmarne.fr\/zh\/evenements\/tu-es-la\/","title":{"rendered":"Tu es l\u00e0"},"content":{"rendered":"<h3><strong>\u5267\u9662<\/strong><br \/>\n<strong>TU ES L\u00c0<\/strong><\/h3>\n<p><b>Samedi 30 mai \u00e0 la tomb\u00e9e de la nuit<br \/>\nLudom\u00e9diath\u00e8que LAC<\/b><\/p>\n<p><em>\u4ece 12 \u5c81\u5f00\u59cb<br \/>\nGratuit sur r\u00e9servation au 01 56 49 19 49 \/ <strong><a href=\"mailto:mediatheque@neuillysurmarne.fr\">mediatheque@neuillysurmarne.fr<\/a><\/strong>\u00a0<\/em><\/p>\n<h3><strong>Ktha Compagnie<\/strong><\/h3>\n<p><em>Th\u00e9\u00e2tre nocturne, international et circulaire<\/em><\/p>\n<p>Elles te racontent une histoire, chacune dans sa langue. Te raconter cette histoire, c&rsquo;est juste un pr\u00e9texte. Elles te le disent et insistent, d\u00e9taillent.<\/p>\n<p>Parce qui est important, \u00e7a n&rsquo;est pas l&rsquo;histoire mais la situation. Toi, elles, les autres avec. Ensemble. L\u00e0.<\/p>\n<p><a href=\"https:\/\/www.neuillysurmarne.fr\/wp-content\/uploads\/2025\/08\/Tuesla-scaled.png\"><img fetchpriority=\"high\" decoding=\"async\" class=\"aligncenter wp-image-16149 size-large\" src=\"https:\/\/www.neuillysurmarne.fr\/wp-content\/uploads\/2025\/08\/Tuesla-724x1024.png\" alt=\"\" width=\"724\" height=\"1024\" srcset=\"https:\/\/www.neuillysurmarne.fr\/wp-content\/uploads\/2025\/08\/Tuesla-724x1024.png 724w, https:\/\/www.neuillysurmarne.fr\/wp-content\/uploads\/2025\/08\/Tuesla-212x300.png 212w, https:\/\/www.neuillysurmarne.fr\/wp-content\/uploads\/2025\/08\/Tuesla-768x1086.png 768w, https:\/\/www.neuillysurmarne.fr\/wp-content\/uploads\/2025\/08\/Tuesla-1086x1536.png 1086w, https:\/\/www.neuillysurmarne.fr\/wp-content\/uploads\/2025\/08\/Tuesla-1448x2048.png 1448w, https:\/\/www.neuillysurmarne.fr\/wp-content\/uploads\/2025\/08\/Tuesla-8x12.png 8w, https:\/\/www.neuillysurmarne.fr\/wp-content\/uploads\/2025\/08\/Tuesla-scaled.png 1810w\" sizes=\"(max-width: 724px) 100vw, 724px\" \/><\/a><\/p>\n<p>&nbsp;<\/p>","protected":false},"featured_media":16148,"template":"","categorie-evenement":[247,232],"class_list":["post-16147","evenements","type-evenements","status-publish","has-post-thumbnail","hentry","categorie-evenement-a-la-une","categorie-evenement-culture"],"acf":[],"yoast_head":"<!-- This site is optimized with the Yoast SEO plugin v27.4 - https:\/\/yoast.com\/product\/yoast-seo-wordpress\/ -->\n<title>Tu es l\u00e0 - Mairie de Neuilly-sur-Marne<\/title>\n<meta name=\"robots\" content=\"index, follow, max-snippet:-1, max-image-preview:large, max-video-preview:-1\" \/>\n<link rel=\"canonical\" href=\"https:\/\/www.neuillysurmarne.fr\/zh\/evenements\/tu-es-la\/\" \/>\n<meta property=\"og:locale\" content=\"zh_CN\" \/>\n<meta property=\"og:type\" content=\"article\" \/>\n<meta property=\"og:title\" content=\"Tu es l\u00e0 - Mairie de Neuilly-sur-Marne\" \/>\n<meta property=\"og:description\" content=\"Th\u00e9\u00e2tre TU ES L\u00c0 Samedi 30 mai \u00e0 la tomb\u00e9e de la nuit Ludom\u00e9diath\u00e8que LAC D\u00e8s 12 ans Gratuit sur r\u00e9servation au 01 56 49 19 49 \/ mediatheque@neuillysurmarne.fr\u00a0 Ktha Compagnie Th\u00e9\u00e2tre nocturne, international et circulaire Elles te racontent une histoire, chacune dans sa langue. Te raconter cette histoire, c&rsquo;est juste un pr\u00e9texte. Elles te [&hellip;]\" \/>\n<meta property=\"og:url\" content=\"https:\/\/www.neuillysurmarne.fr\/zh\/evenements\/tu-es-la\/\" \/>\n<meta property=\"og:site_name\" content=\"Mairie de Neuilly-sur-Marne\" \/>\n<meta property=\"article:publisher\" content=\"https:\/\/www.facebook.com\/ville.neuilly\" \/>\n<meta property=\"og:image\" content=\"https:\/\/www.neuillysurmarne.fr\/wp-content\/uploads\/2025\/08\/2026_05_30_VISUEL_tu-es-la-1024x683.jpg\" \/>\n\t<meta property=\"og:image:width\" content=\"1024\" \/>\n\t<meta property=\"og:image:height\" content=\"683\" \/>\n\t<meta property=\"og:image:type\" content=\"image\/jpeg\" \/>\n<meta name=\"twitter:card\" content=\"summary_large_image\" \/>\n<meta name=\"twitter:label1\" content=\"\u9884\u8ba1\u9605\u8bfb\u65f6\u95f4\" \/>\n\t<meta name=\"twitter:data1\" content=\"1 \u5206\" \/>\n<script type=\"application\/ld+json\" class=\"yoast-schema-graph\">{\"@context\":\"https:\\\/\\\/schema.org\",\"@graph\":[{\"@type\":\"WebPage\",\"@id\":\"https:\\\/\\\/www.neuillysurmarne.fr\\\/evenements\\\/tu-es-la\\\/\",\"url\":\"https:\\\/\\\/www.neuillysurmarne.fr\\\/evenements\\\/tu-es-la\\\/\",\"name\":\"Tu es l\u00e0 - Mairie de Neuilly-sur-Marne\",\"isPartOf\":{\"@id\":\"https:\\\/\\\/www.neuillysurmarne.fr\\\/es\\\/#website\"},\"primaryImageOfPage\":{\"@id\":\"https:\\\/\\\/www.neuillysurmarne.fr\\\/evenements\\\/tu-es-la\\\/#primaryimage\"},\"image\":{\"@id\":\"https:\\\/\\\/www.neuillysurmarne.fr\\\/evenements\\\/tu-es-la\\\/#primaryimage\"},\"thumbnailUrl\":\"https:\\\/\\\/www.neuillysurmarne.fr\\\/wp-content\\\/uploads\\\/2025\\\/08\\\/2026_05_30_VISUEL_tu-es-la.jpg\",\"datePublished\":\"2025-08-28T14:29:06+00:00\",\"breadcrumb\":{\"@id\":\"https:\\\/\\\/www.neuillysurmarne.fr\\\/evenements\\\/tu-es-la\\\/#breadcrumb\"},\"inLanguage\":\"zh-Hans\",\"potentialAction\":[{\"@type\":\"ReadAction\",\"target\":[\"https:\\\/\\\/www.neuillysurmarne.fr\\\/evenements\\\/tu-es-la\\\/\"]}]},{\"@type\":\"ImageObject\",\"inLanguage\":\"zh-Hans\",\"@id\":\"https:\\\/\\\/www.neuillysurmarne.fr\\\/evenements\\\/tu-es-la\\\/#primaryimage\",\"url\":\"https:\\\/\\\/www.neuillysurmarne.fr\\\/wp-content\\\/uploads\\\/2025\\\/08\\\/2026_05_30_VISUEL_tu-es-la.jpg\",\"contentUrl\":\"https:\\\/\\\/www.neuillysurmarne.fr\\\/wp-content\\\/uploads\\\/2025\\\/08\\\/2026_05_30_VISUEL_tu-es-la.jpg\",\"width\":2362,\"height\":1575},{\"@type\":\"BreadcrumbList\",\"@id\":\"https:\\\/\\\/www.neuillysurmarne.fr\\\/evenements\\\/tu-es-la\\\/#breadcrumb\",\"itemListElement\":[{\"@type\":\"ListItem\",\"position\":1,\"name\":\"Accueil\",\"item\":\"https:\\\/\\\/www.neuillysurmarne.fr\\\/\"},{\"@type\":\"ListItem\",\"position\":2,\"name\":\"Tu es l\u00e0\"}]},{\"@type\":\"WebSite\",\"@id\":\"https:\\\/\\\/www.neuillysurmarne.fr\\\/es\\\/#website\",\"url\":\"https:\\\/\\\/www.neuillysurmarne.fr\\\/es\\\/\",\"name\":\"Mairie de Neuilly-sur-Marne\",\"description\":\"BETA\",\"publisher\":{\"@id\":\"https:\\\/\\\/www.neuillysurmarne.fr\\\/es\\\/#organization\"},\"potentialAction\":[{\"@type\":\"SearchAction\",\"target\":{\"@type\":\"EntryPoint\",\"urlTemplate\":\"https:\\\/\\\/www.neuillysurmarne.fr\\\/es\\\/?s={search_term_string}\"},\"query-input\":{\"@type\":\"PropertyValueSpecification\",\"valueRequired\":true,\"valueName\":\"search_term_string\"}}],\"inLanguage\":\"zh-Hans\"},{\"@type\":\"Organization\",\"@id\":\"https:\\\/\\\/www.neuillysurmarne.fr\\\/es\\\/#organization\",\"name\":\"Mairie de Neuilly-sur-Marne\",\"url\":\"https:\\\/\\\/www.neuillysurmarne.fr\\\/es\\\/\",\"logo\":{\"@type\":\"ImageObject\",\"inLanguage\":\"zh-Hans\",\"@id\":\"https:\\\/\\\/www.neuillysurmarne.fr\\\/es\\\/#\\\/schema\\\/logo\\\/image\\\/\",\"url\":\"https:\\\/\\\/www.neuillysurmarne.fr\\\/wp-content\\\/uploads\\\/2023\\\/10\\\/LOGO-NeuillysurMarne-blanc.png\",\"contentUrl\":\"https:\\\/\\\/www.neuillysurmarne.fr\\\/wp-content\\\/uploads\\\/2023\\\/10\\\/LOGO-NeuillysurMarne-blanc.png\",\"width\":3308,\"height\":2586,\"caption\":\"Mairie de Neuilly-sur-Marne\"},\"image\":{\"@id\":\"https:\\\/\\\/www.neuillysurmarne.fr\\\/es\\\/#\\\/schema\\\/logo\\\/image\\\/\"},\"sameAs\":[\"https:\\\/\\\/www.facebook.com\\\/ville.neuilly\",\"https:\\\/\\\/www.instagram.com\\\/neuilly_marne\\\/\",\"https:\\\/\\\/www.linkedin.com\\\/company\\\/ville-de-neuilly-sur-marne\\\/\",\"https:\\\/\\\/www.youtube.com\\\/channel\\\/UCDdZ0TLrV8rfIqjBGvoeB5A\",\"https:\\\/\\\/www.tiktok.com\\\/@villedeneuillysurmarne\"]}]}<\/script>\n<!-- \/ Yoast SEO plugin. -->","yoast_head_json":{"title":"Tu es l\u00e0 - Mairie de Neuilly-sur-Marne","robots":{"index":"index","follow":"follow","max-snippet":"max-snippet:-1","max-image-preview":"max-image-preview:large","max-video-preview":"max-video-preview:-1"},"canonical":"https:\/\/www.neuillysurmarne.fr\/zh\/evenements\/tu-es-la\/","og_locale":"zh_CN","og_type":"article","og_title":"Tu es l\u00e0 - Mairie de Neuilly-sur-Marne","og_description":"Th\u00e9\u00e2tre TU ES L\u00c0 Samedi 30 mai \u00e0 la tomb\u00e9e de la nuit Ludom\u00e9diath\u00e8que LAC D\u00e8s 12 ans Gratuit sur r\u00e9servation au 01 56 49 19 49 \/ mediatheque@neuillysurmarne.fr\u00a0 Ktha Compagnie Th\u00e9\u00e2tre nocturne, international et circulaire Elles te racontent une histoire, chacune dans sa langue. Te raconter cette histoire, c&rsquo;est juste un pr\u00e9texte. Elles te [&hellip;]","og_url":"https:\/\/www.neuillysurmarne.fr\/zh\/evenements\/tu-es-la\/","og_site_name":"Mairie de Neuilly-sur-Marne","article_publisher":"https:\/\/www.facebook.com\/ville.neuilly","og_image":[{"width":1024,"height":683,"url":"https:\/\/www.neuillysurmarne.fr\/wp-content\/uploads\/2025\/08\/2026_05_30_VISUEL_tu-es-la-1024x683.jpg","type":"image\/jpeg"}],"twitter_card":"summary_large_image","twitter_misc":{"\u9884\u8ba1\u9605\u8bfb\u65f6\u95f4":"1 \u5206"},"schema":{"@context":"https:\/\/schema.org","@graph":[{"@type":"WebPage","@id":"https:\/\/www.neuillysurmarne.fr\/evenements\/tu-es-la\/","url":"https:\/\/www.neuillysurmarne.fr\/evenements\/tu-es-la\/","name":"Tu es l\u00e0 - Mairie de Neuilly-sur-Marne","isPartOf":{"@id":"https:\/\/www.neuillysurmarne.fr\/es\/#website"},"primaryImageOfPage":{"@id":"https:\/\/www.neuillysurmarne.fr\/evenements\/tu-es-la\/#primaryimage"},"image":{"@id":"https:\/\/www.neuillysurmarne.fr\/evenements\/tu-es-la\/#primaryimage"},"thumbnailUrl":"https:\/\/www.neuillysurmarne.fr\/wp-content\/uploads\/2025\/08\/2026_05_30_VISUEL_tu-es-la.jpg","datePublished":"2025-08-28T14:29:06+00:00","breadcrumb":{"@id":"https:\/\/www.neuillysurmarne.fr\/evenements\/tu-es-la\/#breadcrumb"},"inLanguage":"zh-Hans","potentialAction":[{"@type":"ReadAction","target":["https:\/\/www.neuillysurmarne.fr\/evenements\/tu-es-la\/"]}]},{"@type":"ImageObject","inLanguage":"zh-Hans","@id":"https:\/\/www.neuillysurmarne.fr\/evenements\/tu-es-la\/#primaryimage","url":"https:\/\/www.neuillysurmarne.fr\/wp-content\/uploads\/2025\/08\/2026_05_30_VISUEL_tu-es-la.jpg","contentUrl":"https:\/\/www.neuillysurmarne.fr\/wp-content\/uploads\/2025\/08\/2026_05_30_VISUEL_tu-es-la.jpg","width":2362,"height":1575},{"@type":"BreadcrumbList","@id":"https:\/\/www.neuillysurmarne.fr\/evenements\/tu-es-la\/#breadcrumb","itemListElement":[{"@type":"ListItem","position":1,"name":"Accueil","item":"https:\/\/www.neuillysurmarne.fr\/"},{"@type":"ListItem","position":2,"name":"Tu es l\u00e0"}]},{"@type":"WebSite","@id":"https:\/\/www.neuillysurmarne.fr\/es\/#website","url":"https:\/\/www.neuillysurmarne.fr\/es\/","name":"\u9a6c\u6069\u6cb3\u7554\u8bb7\u4f0a\u5e02\u653f\u5385","description":"BETA","publisher":{"@id":"https:\/\/www.neuillysurmarne.fr\/es\/#organization"},"potentialAction":[{"@type":"SearchAction","target":{"@type":"EntryPoint","urlTemplate":"https:\/\/www.neuillysurmarne.fr\/es\/?s={search_term_string}"},"query-input":{"@type":"PropertyValueSpecification","valueRequired":true,"valueName":"search_term_string"}}],"inLanguage":"zh-Hans"},{"@type":"Organization","@id":"https:\/\/www.neuillysurmarne.fr\/es\/#organization","name":"\u9a6c\u6069\u6cb3\u7554\u8bb7\u4f0a\u5e02\u653f\u5385","url":"https:\/\/www.neuillysurmarne.fr\/es\/","logo":{"@type":"ImageObject","inLanguage":"zh-Hans","@id":"https:\/\/www.neuillysurmarne.fr\/es\/#\/schema\/logo\/image\/","url":"https:\/\/www.neuillysurmarne.fr\/wp-content\/uploads\/2023\/10\/LOGO-NeuillysurMarne-blanc.png","contentUrl":"https:\/\/www.neuillysurmarne.fr\/wp-content\/uploads\/2023\/10\/LOGO-NeuillysurMarne-blanc.png","width":3308,"height":2586,"caption":"Mairie de Neuilly-sur-Marne"},"image":{"@id":"https:\/\/www.neuillysurmarne.fr\/es\/#\/schema\/logo\/image\/"},"sameAs":["https:\/\/www.facebook.com\/ville.neuilly","https:\/\/www.instagram.com\/neuilly_marne\/","https:\/\/www.linkedin.com\/company\/ville-de-neuilly-sur-marne\/","https:\/\/www.youtube.com\/channel\/UCDdZ0TLrV8rfIqjBGvoeB5A","https:\/\/www.tiktok.com\/@villedeneuillysurmarne"]}]}},"_links":{"self":[{"href":"https:\/\/www.neuillysurmarne.fr\/zh\/wp-json\/wp\/v2\/evenements\/16147","targetHints":{"allow":["GET"]}}],"collection":[{"href":"https:\/\/www.neuillysurmarne.fr\/zh\/wp-json\/wp\/v2\/evenements"}],"about":[{"href":"https:\/\/www.neuillysurmarne.fr\/zh\/wp-json\/wp\/v2\/types\/evenements"}],"wp:featuredmedia":[{"embeddable":true,"href":"https:\/\/www.neuillysurmarne.fr\/zh\/wp-json\/wp\/v2\/media\/16148"}],"wp:attachment":[{"href":"https:\/\/www.neuillysurmarne.fr\/zh\/wp-json\/wp\/v2\/media?parent=16147"}],"wp:term":[{"taxonomy":"categorie-evenement","embeddable":true,"href":"https:\/\/www.neuillysurmarne.fr\/zh\/wp-json\/wp\/v2\/categorie-evenement?post=16147"}],"curies":[{"name":"wp","href":"https:\/\/api.w.org\/{rel}","templated":true}]}}