{"id":17028,"date":"2025-12-04T16:06:31","date_gmt":"2025-12-04T15:06:31","guid":{"rendered":"https:\/\/www.neuillysurmarne.fr\/?post_type=evenements&#038;p=17028"},"modified":"2026-04-28T11:28:00","modified_gmt":"2026-04-28T09:28:00","slug":"micro-folie-documentaire-kandinsky","status":"publish","type":"evenements","link":"https:\/\/www.neuillysurmarne.fr\/zh\/evenements\/micro-folie-documentaire-kandinsky\/","title":{"rendered":"Micro-Folie \u2013 Documentaire : Kandinsky"},"content":{"rendered":"<h3><strong>Micro-Folie<\/strong><br \/>\n<strong>FILM DOCUMENTAIRE<\/strong><\/h3>\n<p><b>Mardi 5 mai \u00e0 17h<br \/>\n\u8428\u5c14\u74e6\u591a-\u963f\u8fde\u5fb7\u6587\u5316\u4e2d\u5fc3<br \/>\n<\/b><\/p>\n<p><em>\u00c0 partir de 15 ans<br \/>\n\u514d\u8d39\u5165\u573a<br \/>\n\u4fe1\u606f\uff1a01 43 00 88 88 \/ <strong><a href=\"mailto:microfolie@neuillysurmarne.fr\">microfolie@neuillysurmarne.fr<\/a><\/strong><\/em><\/p>\n<h3><strong>Kandinsky : voir la musique, r\u00e9inventer la peinture<\/strong><\/h3>\n<p>Comment la musique a profond\u00e9ment inspir\u00e9 et infus\u00e9 l\u2019\u0153uvre de Vassily Kandinsky (1866-1944), pionnier de l\u2019abstraction. Une exploration sensible de l\u2019univers du peintre avant-gardiste, consid\u00e9r\u00e9 comme l\u2019un des artistes phares du XXe si\u00e8cle.<\/p>\n<p>Moscou, automne 1896. Un jeune professeur de droit assiste \u00e0 un op\u00e9ra de Wagner qui le bouleverse et provoque en lui une exp\u00e9rience de synesth\u00e9sie \u2013 une myriade de couleurs et de formes \u00e9tranges se m\u00ealent en lui au son des instruments dans un d\u00e9luge de sensations. Rattrap\u00e9 par sa passion pour la peinture, Vassily Kandinsky, 30 ans, voit son destin basculer. N\u00e9 en 1866, ce fils d\u2019une famille russe \u00e9clair\u00e9e d\u00e9cide alors d\u2019\u00eatre artiste, avec un ardent d\u00e9sir : mettre en vibration l\u2019\u00e2me et l\u2019esprit de celles et ceux qui regarderont ses \u0153uvres.<\/p>","protected":false},"featured_media":17029,"template":"","categorie-evenement":[247,232],"class_list":["post-17028","evenements","type-evenements","status-publish","has-post-thumbnail","hentry","categorie-evenement-a-la-une","categorie-evenement-culture"],"acf":[],"yoast_head":"<!-- This site is optimized with the Yoast SEO plugin v27.4 - https:\/\/yoast.com\/product\/yoast-seo-wordpress\/ -->\n<title>Micro-Folie \u2013 Documentaire : Kandinsky - Mairie de Neuilly-sur-Marne<\/title>\n<meta name=\"robots\" content=\"index, follow, max-snippet:-1, max-image-preview:large, max-video-preview:-1\" \/>\n<link rel=\"canonical\" href=\"https:\/\/www.neuillysurmarne.fr\/zh\/evenements\/micro-folie-documentaire-kandinsky\/\" \/>\n<meta property=\"og:locale\" content=\"zh_CN\" \/>\n<meta property=\"og:type\" content=\"article\" \/>\n<meta property=\"og:title\" content=\"Micro-Folie \u2013 Documentaire : Kandinsky - Mairie de Neuilly-sur-Marne\" \/>\n<meta property=\"og:description\" content=\"Micro-Folie FILM DOCUMENTAIRE Mardi 5 mai \u00e0 17h Centre culturel Salvador Allende \u00c0 partir de 15 ans Entr\u00e9e libre Informations : 01 43 00 88 88 \/ microfolie@neuillysurmarne.fr Kandinsky : voir la musique, r\u00e9inventer la peinture Comment la musique a profond\u00e9ment inspir\u00e9 et infus\u00e9 l\u2019\u0153uvre de Vassily Kandinsky (1866-1944), pionnier de l\u2019abstraction. Une exploration sensible [&hellip;]\" \/>\n<meta property=\"og:url\" content=\"https:\/\/www.neuillysurmarne.fr\/zh\/evenements\/micro-folie-documentaire-kandinsky\/\" \/>\n<meta property=\"og:site_name\" content=\"Mairie de Neuilly-sur-Marne\" \/>\n<meta property=\"article:publisher\" content=\"https:\/\/www.facebook.com\/ville.neuilly\" \/>\n<meta property=\"article:modified_time\" content=\"2026-04-28T09:28:00+00:00\" \/>\n<meta property=\"og:image\" content=\"https:\/\/www.neuillysurmarne.fr\/wp-content\/uploads\/2025\/12\/RDV-Micro-Folie-Kandinsky-jaune-rouge-bleu.jpg\" \/>\n\t<meta property=\"og:image:width\" content=\"1328\" \/>\n\t<meta property=\"og:image:height\" content=\"843\" \/>\n\t<meta property=\"og:image:type\" content=\"image\/jpeg\" \/>\n<meta name=\"twitter:card\" content=\"summary_large_image\" \/>\n<meta name=\"twitter:label1\" content=\"\u9884\u8ba1\u9605\u8bfb\u65f6\u95f4\" \/>\n\t<meta name=\"twitter:data1\" content=\"2 \u5206\" \/>\n<script type=\"application\/ld+json\" class=\"yoast-schema-graph\">{\"@context\":\"https:\\\/\\\/schema.org\",\"@graph\":[{\"@type\":\"WebPage\",\"@id\":\"https:\\\/\\\/www.neuillysurmarne.fr\\\/evenements\\\/micro-folie-documentaire-kandinsky\\\/\",\"url\":\"https:\\\/\\\/www.neuillysurmarne.fr\\\/evenements\\\/micro-folie-documentaire-kandinsky\\\/\",\"name\":\"Micro-Folie \u2013 Documentaire : Kandinsky - Mairie de Neuilly-sur-Marne\",\"isPartOf\":{\"@id\":\"https:\\\/\\\/www.neuillysurmarne.fr\\\/es\\\/#website\"},\"primaryImageOfPage\":{\"@id\":\"https:\\\/\\\/www.neuillysurmarne.fr\\\/evenements\\\/micro-folie-documentaire-kandinsky\\\/#primaryimage\"},\"image\":{\"@id\":\"https:\\\/\\\/www.neuillysurmarne.fr\\\/evenements\\\/micro-folie-documentaire-kandinsky\\\/#primaryimage\"},\"thumbnailUrl\":\"https:\\\/\\\/www.neuillysurmarne.fr\\\/wp-content\\\/uploads\\\/2025\\\/12\\\/RDV-Micro-Folie-Kandinsky-jaune-rouge-bleu.jpg\",\"datePublished\":\"2025-12-04T15:06:31+00:00\",\"dateModified\":\"2026-04-28T09:28:00+00:00\",\"breadcrumb\":{\"@id\":\"https:\\\/\\\/www.neuillysurmarne.fr\\\/evenements\\\/micro-folie-documentaire-kandinsky\\\/#breadcrumb\"},\"inLanguage\":\"zh-Hans\",\"potentialAction\":[{\"@type\":\"ReadAction\",\"target\":[\"https:\\\/\\\/www.neuillysurmarne.fr\\\/evenements\\\/micro-folie-documentaire-kandinsky\\\/\"]}]},{\"@type\":\"ImageObject\",\"inLanguage\":\"zh-Hans\",\"@id\":\"https:\\\/\\\/www.neuillysurmarne.fr\\\/evenements\\\/micro-folie-documentaire-kandinsky\\\/#primaryimage\",\"url\":\"https:\\\/\\\/www.neuillysurmarne.fr\\\/wp-content\\\/uploads\\\/2025\\\/12\\\/RDV-Micro-Folie-Kandinsky-jaune-rouge-bleu.jpg\",\"contentUrl\":\"https:\\\/\\\/www.neuillysurmarne.fr\\\/wp-content\\\/uploads\\\/2025\\\/12\\\/RDV-Micro-Folie-Kandinsky-jaune-rouge-bleu.jpg\",\"width\":1328,\"height\":843},{\"@type\":\"BreadcrumbList\",\"@id\":\"https:\\\/\\\/www.neuillysurmarne.fr\\\/evenements\\\/micro-folie-documentaire-kandinsky\\\/#breadcrumb\",\"itemListElement\":[{\"@type\":\"ListItem\",\"position\":1,\"name\":\"Accueil\",\"item\":\"https:\\\/\\\/www.neuillysurmarne.fr\\\/\"},{\"@type\":\"ListItem\",\"position\":2,\"name\":\"Micro-Folie \u2013 Documentaire : Kandinsky\"}]},{\"@type\":\"WebSite\",\"@id\":\"https:\\\/\\\/www.neuillysurmarne.fr\\\/es\\\/#website\",\"url\":\"https:\\\/\\\/www.neuillysurmarne.fr\\\/es\\\/\",\"name\":\"Mairie de Neuilly-sur-Marne\",\"description\":\"BETA\",\"publisher\":{\"@id\":\"https:\\\/\\\/www.neuillysurmarne.fr\\\/es\\\/#organization\"},\"potentialAction\":[{\"@type\":\"SearchAction\",\"target\":{\"@type\":\"EntryPoint\",\"urlTemplate\":\"https:\\\/\\\/www.neuillysurmarne.fr\\\/es\\\/?s={search_term_string}\"},\"query-input\":{\"@type\":\"PropertyValueSpecification\",\"valueRequired\":true,\"valueName\":\"search_term_string\"}}],\"inLanguage\":\"zh-Hans\"},{\"@type\":\"Organization\",\"@id\":\"https:\\\/\\\/www.neuillysurmarne.fr\\\/es\\\/#organization\",\"name\":\"Mairie de Neuilly-sur-Marne\",\"url\":\"https:\\\/\\\/www.neuillysurmarne.fr\\\/es\\\/\",\"logo\":{\"@type\":\"ImageObject\",\"inLanguage\":\"zh-Hans\",\"@id\":\"https:\\\/\\\/www.neuillysurmarne.fr\\\/es\\\/#\\\/schema\\\/logo\\\/image\\\/\",\"url\":\"https:\\\/\\\/www.neuillysurmarne.fr\\\/wp-content\\\/uploads\\\/2023\\\/10\\\/LOGO-NeuillysurMarne-blanc.png\",\"contentUrl\":\"https:\\\/\\\/www.neuillysurmarne.fr\\\/wp-content\\\/uploads\\\/2023\\\/10\\\/LOGO-NeuillysurMarne-blanc.png\",\"width\":3308,\"height\":2586,\"caption\":\"Mairie de Neuilly-sur-Marne\"},\"image\":{\"@id\":\"https:\\\/\\\/www.neuillysurmarne.fr\\\/es\\\/#\\\/schema\\\/logo\\\/image\\\/\"},\"sameAs\":[\"https:\\\/\\\/www.facebook.com\\\/ville.neuilly\",\"https:\\\/\\\/www.instagram.com\\\/neuilly_marne\\\/\",\"https:\\\/\\\/www.linkedin.com\\\/company\\\/ville-de-neuilly-sur-marne\\\/\",\"https:\\\/\\\/www.youtube.com\\\/channel\\\/UCDdZ0TLrV8rfIqjBGvoeB5A\",\"https:\\\/\\\/www.tiktok.com\\\/@villedeneuillysurmarne\"]}]}<\/script>\n<!-- \/ Yoast SEO plugin. -->","yoast_head_json":{"title":"Micro-Folie \u2013 Documentaire : Kandinsky - Mairie de Neuilly-sur-Marne","robots":{"index":"index","follow":"follow","max-snippet":"max-snippet:-1","max-image-preview":"max-image-preview:large","max-video-preview":"max-video-preview:-1"},"canonical":"https:\/\/www.neuillysurmarne.fr\/zh\/evenements\/micro-folie-documentaire-kandinsky\/","og_locale":"zh_CN","og_type":"article","og_title":"Micro-Folie \u2013 Documentaire : Kandinsky - Mairie de Neuilly-sur-Marne","og_description":"Micro-Folie FILM DOCUMENTAIRE Mardi 5 mai \u00e0 17h Centre culturel Salvador Allende \u00c0 partir de 15 ans Entr\u00e9e libre Informations : 01 43 00 88 88 \/ microfolie@neuillysurmarne.fr Kandinsky : voir la musique, r\u00e9inventer la peinture Comment la musique a profond\u00e9ment inspir\u00e9 et infus\u00e9 l\u2019\u0153uvre de Vassily Kandinsky (1866-1944), pionnier de l\u2019abstraction. Une exploration sensible [&hellip;]","og_url":"https:\/\/www.neuillysurmarne.fr\/zh\/evenements\/micro-folie-documentaire-kandinsky\/","og_site_name":"Mairie de Neuilly-sur-Marne","article_publisher":"https:\/\/www.facebook.com\/ville.neuilly","article_modified_time":"2026-04-28T09:28:00+00:00","og_image":[{"width":1328,"height":843,"url":"https:\/\/www.neuillysurmarne.fr\/wp-content\/uploads\/2025\/12\/RDV-Micro-Folie-Kandinsky-jaune-rouge-bleu.jpg","type":"image\/jpeg"}],"twitter_card":"summary_large_image","twitter_misc":{"\u9884\u8ba1\u9605\u8bfb\u65f6\u95f4":"2 \u5206"},"schema":{"@context":"https:\/\/schema.org","@graph":[{"@type":"WebPage","@id":"https:\/\/www.neuillysurmarne.fr\/evenements\/micro-folie-documentaire-kandinsky\/","url":"https:\/\/www.neuillysurmarne.fr\/evenements\/micro-folie-documentaire-kandinsky\/","name":"Micro-Folie \u2013 Documentaire : Kandinsky - Mairie de Neuilly-sur-Marne","isPartOf":{"@id":"https:\/\/www.neuillysurmarne.fr\/es\/#website"},"primaryImageOfPage":{"@id":"https:\/\/www.neuillysurmarne.fr\/evenements\/micro-folie-documentaire-kandinsky\/#primaryimage"},"image":{"@id":"https:\/\/www.neuillysurmarne.fr\/evenements\/micro-folie-documentaire-kandinsky\/#primaryimage"},"thumbnailUrl":"https:\/\/www.neuillysurmarne.fr\/wp-content\/uploads\/2025\/12\/RDV-Micro-Folie-Kandinsky-jaune-rouge-bleu.jpg","datePublished":"2025-12-04T15:06:31+00:00","dateModified":"2026-04-28T09:28:00+00:00","breadcrumb":{"@id":"https:\/\/www.neuillysurmarne.fr\/evenements\/micro-folie-documentaire-kandinsky\/#breadcrumb"},"inLanguage":"zh-Hans","potentialAction":[{"@type":"ReadAction","target":["https:\/\/www.neuillysurmarne.fr\/evenements\/micro-folie-documentaire-kandinsky\/"]}]},{"@type":"ImageObject","inLanguage":"zh-Hans","@id":"https:\/\/www.neuillysurmarne.fr\/evenements\/micro-folie-documentaire-kandinsky\/#primaryimage","url":"https:\/\/www.neuillysurmarne.fr\/wp-content\/uploads\/2025\/12\/RDV-Micro-Folie-Kandinsky-jaune-rouge-bleu.jpg","contentUrl":"https:\/\/www.neuillysurmarne.fr\/wp-content\/uploads\/2025\/12\/RDV-Micro-Folie-Kandinsky-jaune-rouge-bleu.jpg","width":1328,"height":843},{"@type":"BreadcrumbList","@id":"https:\/\/www.neuillysurmarne.fr\/evenements\/micro-folie-documentaire-kandinsky\/#breadcrumb","itemListElement":[{"@type":"ListItem","position":1,"name":"Accueil","item":"https:\/\/www.neuillysurmarne.fr\/"},{"@type":"ListItem","position":2,"name":"Micro-Folie \u2013 Documentaire : Kandinsky"}]},{"@type":"WebSite","@id":"https:\/\/www.neuillysurmarne.fr\/es\/#website","url":"https:\/\/www.neuillysurmarne.fr\/es\/","name":"\u9a6c\u6069\u6cb3\u7554\u8bb7\u4f0a\u5e02\u653f\u5385","description":"BETA","publisher":{"@id":"https:\/\/www.neuillysurmarne.fr\/es\/#organization"},"potentialAction":[{"@type":"SearchAction","target":{"@type":"EntryPoint","urlTemplate":"https:\/\/www.neuillysurmarne.fr\/es\/?s={search_term_string}"},"query-input":{"@type":"PropertyValueSpecification","valueRequired":true,"valueName":"search_term_string"}}],"inLanguage":"zh-Hans"},{"@type":"Organization","@id":"https:\/\/www.neuillysurmarne.fr\/es\/#organization","name":"\u9a6c\u6069\u6cb3\u7554\u8bb7\u4f0a\u5e02\u653f\u5385","url":"https:\/\/www.neuillysurmarne.fr\/es\/","logo":{"@type":"ImageObject","inLanguage":"zh-Hans","@id":"https:\/\/www.neuillysurmarne.fr\/es\/#\/schema\/logo\/image\/","url":"https:\/\/www.neuillysurmarne.fr\/wp-content\/uploads\/2023\/10\/LOGO-NeuillysurMarne-blanc.png","contentUrl":"https:\/\/www.neuillysurmarne.fr\/wp-content\/uploads\/2023\/10\/LOGO-NeuillysurMarne-blanc.png","width":3308,"height":2586,"caption":"Mairie de Neuilly-sur-Marne"},"image":{"@id":"https:\/\/www.neuillysurmarne.fr\/es\/#\/schema\/logo\/image\/"},"sameAs":["https:\/\/www.facebook.com\/ville.neuilly","https:\/\/www.instagram.com\/neuilly_marne\/","https:\/\/www.linkedin.com\/company\/ville-de-neuilly-sur-marne\/","https:\/\/www.youtube.com\/channel\/UCDdZ0TLrV8rfIqjBGvoeB5A","https:\/\/www.tiktok.com\/@villedeneuillysurmarne"]}]}},"_links":{"self":[{"href":"https:\/\/www.neuillysurmarne.fr\/zh\/wp-json\/wp\/v2\/evenements\/17028","targetHints":{"allow":["GET"]}}],"collection":[{"href":"https:\/\/www.neuillysurmarne.fr\/zh\/wp-json\/wp\/v2\/evenements"}],"about":[{"href":"https:\/\/www.neuillysurmarne.fr\/zh\/wp-json\/wp\/v2\/types\/evenements"}],"wp:featuredmedia":[{"embeddable":true,"href":"https:\/\/www.neuillysurmarne.fr\/zh\/wp-json\/wp\/v2\/media\/17029"}],"wp:attachment":[{"href":"https:\/\/www.neuillysurmarne.fr\/zh\/wp-json\/wp\/v2\/media?parent=17028"}],"wp:term":[{"taxonomy":"categorie-evenement","embeddable":true,"href":"https:\/\/www.neuillysurmarne.fr\/zh\/wp-json\/wp\/v2\/categorie-evenement?post=17028"}],"curies":[{"name":"wp","href":"https:\/\/api.w.org\/{rel}","templated":true}]}}