{"id":1047,"date":"2023-11-17T16:50:23","date_gmt":"2023-11-17T15:50:23","guid":{"rendered":"https:\/\/www.neuillysurmarne.fr\/?page_id=1047"},"modified":"2024-03-01T15:32:55","modified_gmt":"2024-03-01T14:32:55","slug":"ecole-elementaire-jules-verne","status":"publish","type":"page","link":"https:\/\/www.neuillysurmarne.fr\/zh\/ecole-elementaire-jules-verne\/","title":{"rendered":"\u5112\u52d2-\u51e1\u5c14\u7eb3\u5c0f\u5b66"},"content":{"rendered":"<div class=\"content-header-wrap\">\n<div class=\"informations\">\n<div class=\"postalAddress\">\n<div>\n<h2>\u4ecb\u7ecd<\/h2>\n<\/div>\n<div class=\"destinataire\">\u5112\u52d2-\u51e1\u5c14\u7eb3\u5c0f\u5b66<\/div>\n<div class=\"streetAddress\">7 all\u00e9e A Gide\u3001<\/div>\n<p><a class=\"postal-address-link\" title=\"\u5728\u8c37\u6b4c\u5730\u56fe\u4e2d\u6253\u5f00\u5730\u5740\" href=\"https:\/\/maps.google.fr\/?q=%C3%89cole+%C3%A9l%C3%A9mentaire+Jules+Verne%2C+7+all%C3%A9e+A+Gide%2C+93330+Neuilly-sur-Marne\" target=\"_blank\" rel=\"noopener\"><span class=\"postalCode\">93330<\/span>\u00a0<span class=\"addressLocality\">\u9a6c\u6069\u6cb3\u7554\u8bfa\u4f0a\u4f0a<\/span><\/a><\/p>\n<\/div>\n<p><span class=\"telephone\">01 43 08 88 46<\/span><br \/>\n<a class=\"email\" href=\"mailto:ce.0931549d@ac-creteil.fr\">ce.0931549d@ac-creteil.fr<\/a><\/p>\n<div class=\"person\"><span class=\"honorificPrefix\">\u5973\u58eb<\/span>\u00a0<span class=\"familyName\">TIAHUR<\/span><\/div>\n<\/div>\n<\/div>\n<p><strong>\u4e0a\u5348\u6258\u513f\u6240\uff1aCentre L\u00e9o Lagrange \u6258\u513f\u6240<\/strong><br \/>\n\u5728\u5c0f\u5b66\u5f00\u8bbe\u65e9\u6668\u6258\u513f\u670d\u52a1\u7684\u6700\u4f4e\u4eba\u6570\u8981\u6c42\u4e3a 12 \u540d\u513f\u7ae5\u3002<br \/>\n\u5e02\u653f\u5de5\u4f5c\u4eba\u5458\u56e2\u961f\u4ece\u65e9\u4e0a 7:00 \u5f00\u59cb\u8fce\u63a5\u5b69\u5b50\u4eec\uff0c\u5e76\u5728 8:30 \u524d\u966a\u540c\u4ed6\u4eec\u5230\u6821\u3002<\/p>\n<p><strong>\u5b66\u6821\u81b3\u98df \uff1a<\/strong><br \/>\n\u5b66\u6821\u4f9b\u9910\u65f6\u95f4\u4e3a\u4e0a\u5348 11:30 \u81f3\u4e0b\u5348 1:30\u3002\u5b69\u5b50\u4eec\u7531\u4e00\u7ec4\u5f53\u5730\u5458\u5de5\u7167\u987e\u3002<br \/>\n\u5b66\u6821\u9910\u996e\u7ae0\u7a0b\u8be6\u7ec6\u89c4\u5b9a\u4e86\u6d3b\u52a8\u7684\u8fd0\u4f5c\u65b9\u5f0f\u548c\u5e94\u9075\u5b88\u7684\u89c4\u5219\u3002<\/p>\n<p><strong>\u7814\u7a76\uff1a<\/strong><br \/>\n\u5b66\u4e60\u65f6\u95f4\u4e3a\u4e0b\u5348 4:30 \u81f3 6:00\u3002\u4f11\u606f\u548c\u70b9\u5fc3\u65f6\u95f4\uff08\u5bb6\u5ead\u5fc5\u987b\u63d0\u4f9b\u70b9\u5fc3\uff09\u5b89\u6392\u5230\u4e0b\u5348 5 \u70b9\u3002\u4e0b\u5348 5:00 \u81f3 6:00\uff0c\u662f\u6709\u76d1\u7763\u7684\u81ea\u4e60\u65f6\u95f4\uff0c\u5b69\u5b50\u4eec\u53ef\u4ee5\u5728\u6b64\u81ea\u4e60\u3002<\/p>\n<h2>\u5bb9\u91cf<\/h2>\n<p>\u5b66\u751f\u4eba\u6570\uff1a 242<br \/>\n\u73ed\u7ea7\u6570\uff1a9<br \/>\n\u5e73\u5747\u6bcf\u73ed\u5b66\u751f\u4eba\u6570\uff1a26<\/p>\n<h2>\u7814\u7a76<\/h2>\n<p class=\"p1\">\u4e0b\u5348 16:30 \u81f3 18:00<\/p>","protected":false},"excerpt":{"rendered":"<p>Pr\u00e9sentation \u00c9cole \u00e9l\u00e9mentaire Jules Verne, 7 all\u00e9e A Gide, 93330\u00a0Neuilly-sur-Marne 01 43 08 88 46 ce.0931549d@ac-creteil.fr Mme\u00a0TIAHUR Accueil du matin : Accueil Centre L\u00e9o Lagrange L\u2019ouverture de l\u2019accueil du matin en \u00e9l\u00e9mentaire est conditionn\u00e9 \u00e0 un engagement de fr\u00e9quentation d\u2019au moins 12 enfants. Une \u00e9quipe d\u2019animation municipale accueille les enfants \u00e0 partir de 7h00 et [&hellip;]<\/p>\n","protected":false},"author":1,"featured_media":0,"parent":0,"menu_order":0,"comment_status":"closed","ping_status":"closed","template":"","meta":{"_acf_changed":false,"footnotes":""},"class_list":["post-1047","page","type-page","status-publish","hentry"],"acf":[],"yoast_head":"<!-- This site is optimized with the Yoast SEO plugin v27.5 - https:\/\/yoast.com\/product\/yoast-seo-wordpress\/ -->\n<title>\u00c9cole \u00e9l\u00e9mentaire Jules Verne - Mairie de Neuilly-sur-Marne<\/title>\n<meta name=\"robots\" content=\"index, follow, max-snippet:-1, max-image-preview:large, max-video-preview:-1\" \/>\n<link rel=\"canonical\" href=\"https:\/\/www.neuillysurmarne.fr\/zh\/ecole-elementaire-jules-verne\/\" \/>\n<meta property=\"og:locale\" content=\"zh_CN\" \/>\n<meta property=\"og:type\" content=\"article\" \/>\n<meta property=\"og:title\" content=\"\u00c9cole \u00e9l\u00e9mentaire Jules Verne - Mairie de Neuilly-sur-Marne\" \/>\n<meta property=\"og:description\" content=\"Pr\u00e9sentation \u00c9cole \u00e9l\u00e9mentaire Jules Verne, 7 all\u00e9e A Gide, 93330\u00a0Neuilly-sur-Marne 01 43 08 88 46 ce.0931549d@ac-creteil.fr Mme\u00a0TIAHUR Accueil du matin : Accueil Centre L\u00e9o Lagrange L\u2019ouverture de l\u2019accueil du matin en \u00e9l\u00e9mentaire est conditionn\u00e9 \u00e0 un engagement de fr\u00e9quentation d\u2019au moins 12 enfants. Une \u00e9quipe d\u2019animation municipale accueille les enfants \u00e0 partir de 7h00 et [&hellip;]\" \/>\n<meta property=\"og:url\" content=\"https:\/\/www.neuillysurmarne.fr\/zh\/ecole-elementaire-jules-verne\/\" \/>\n<meta property=\"og:site_name\" content=\"Mairie de Neuilly-sur-Marne\" \/>\n<meta property=\"article:publisher\" content=\"https:\/\/www.facebook.com\/ville.neuilly\" \/>\n<meta property=\"article:modified_time\" content=\"2024-03-01T14:32:55+00:00\" \/>\n<meta name=\"twitter:card\" content=\"summary_large_image\" \/>\n<meta name=\"twitter:label1\" content=\"\u9884\u8ba1\u9605\u8bfb\u65f6\u95f4\" \/>\n\t<meta name=\"twitter:data1\" content=\"1 \u5206\" \/>\n<script type=\"application\/ld+json\" class=\"yoast-schema-graph\">{\"@context\":\"https:\\\/\\\/schema.org\",\"@graph\":[{\"@type\":\"WebPage\",\"@id\":\"https:\\\/\\\/www.neuillysurmarne.fr\\\/ecole-elementaire-jules-verne\\\/\",\"url\":\"https:\\\/\\\/www.neuillysurmarne.fr\\\/ecole-elementaire-jules-verne\\\/\",\"name\":\"\u00c9cole \u00e9l\u00e9mentaire Jules Verne - Mairie de Neuilly-sur-Marne\",\"isPartOf\":{\"@id\":\"https:\\\/\\\/www.neuillysurmarne.fr\\\/es\\\/#website\"},\"datePublished\":\"2023-11-17T15:50:23+00:00\",\"dateModified\":\"2024-03-01T14:32:55+00:00\",\"breadcrumb\":{\"@id\":\"https:\\\/\\\/www.neuillysurmarne.fr\\\/ecole-elementaire-jules-verne\\\/#breadcrumb\"},\"inLanguage\":\"zh-Hans\",\"potentialAction\":[{\"@type\":\"ReadAction\",\"target\":[\"https:\\\/\\\/www.neuillysurmarne.fr\\\/ecole-elementaire-jules-verne\\\/\"]}]},{\"@type\":\"BreadcrumbList\",\"@id\":\"https:\\\/\\\/www.neuillysurmarne.fr\\\/ecole-elementaire-jules-verne\\\/#breadcrumb\",\"itemListElement\":[{\"@type\":\"ListItem\",\"position\":1,\"name\":\"Accueil\",\"item\":\"https:\\\/\\\/www.neuillysurmarne.fr\\\/\"},{\"@type\":\"ListItem\",\"position\":2,\"name\":\"\u00c9cole \u00e9l\u00e9mentaire Jules Verne\"}]},{\"@type\":\"WebSite\",\"@id\":\"https:\\\/\\\/www.neuillysurmarne.fr\\\/es\\\/#website\",\"url\":\"https:\\\/\\\/www.neuillysurmarne.fr\\\/es\\\/\",\"name\":\"Mairie de Neuilly-sur-Marne\",\"description\":\"BETA\",\"publisher\":{\"@id\":\"https:\\\/\\\/www.neuillysurmarne.fr\\\/es\\\/#organization\"},\"potentialAction\":[{\"@type\":\"SearchAction\",\"target\":{\"@type\":\"EntryPoint\",\"urlTemplate\":\"https:\\\/\\\/www.neuillysurmarne.fr\\\/es\\\/?s={search_term_string}\"},\"query-input\":{\"@type\":\"PropertyValueSpecification\",\"valueRequired\":true,\"valueName\":\"search_term_string\"}}],\"inLanguage\":\"zh-Hans\"},{\"@type\":\"Organization\",\"@id\":\"https:\\\/\\\/www.neuillysurmarne.fr\\\/es\\\/#organization\",\"name\":\"Mairie de Neuilly-sur-Marne\",\"url\":\"https:\\\/\\\/www.neuillysurmarne.fr\\\/es\\\/\",\"logo\":{\"@type\":\"ImageObject\",\"inLanguage\":\"zh-Hans\",\"@id\":\"https:\\\/\\\/www.neuillysurmarne.fr\\\/es\\\/#\\\/schema\\\/logo\\\/image\\\/\",\"url\":\"https:\\\/\\\/www.neuillysurmarne.fr\\\/wp-content\\\/uploads\\\/2023\\\/10\\\/LOGO-NeuillysurMarne-blanc.png\",\"contentUrl\":\"https:\\\/\\\/www.neuillysurmarne.fr\\\/wp-content\\\/uploads\\\/2023\\\/10\\\/LOGO-NeuillysurMarne-blanc.png\",\"width\":3308,\"height\":2586,\"caption\":\"Mairie de Neuilly-sur-Marne\"},\"image\":{\"@id\":\"https:\\\/\\\/www.neuillysurmarne.fr\\\/es\\\/#\\\/schema\\\/logo\\\/image\\\/\"},\"sameAs\":[\"https:\\\/\\\/www.facebook.com\\\/ville.neuilly\",\"https:\\\/\\\/www.instagram.com\\\/neuilly_marne\\\/\",\"https:\\\/\\\/www.linkedin.com\\\/company\\\/ville-de-neuilly-sur-marne\\\/\",\"https:\\\/\\\/www.youtube.com\\\/channel\\\/UCDdZ0TLrV8rfIqjBGvoeB5A\",\"https:\\\/\\\/www.tiktok.com\\\/@villedeneuillysurmarne\"]}]}<\/script>\n<!-- \/ Yoast SEO plugin. -->","yoast_head_json":{"title":"\u00c9cole \u00e9l\u00e9mentaire Jules Verne - Mairie de Neuilly-sur-Marne","robots":{"index":"index","follow":"follow","max-snippet":"max-snippet:-1","max-image-preview":"max-image-preview:large","max-video-preview":"max-video-preview:-1"},"canonical":"https:\/\/www.neuillysurmarne.fr\/zh\/ecole-elementaire-jules-verne\/","og_locale":"zh_CN","og_type":"article","og_title":"\u00c9cole \u00e9l\u00e9mentaire Jules Verne - Mairie de Neuilly-sur-Marne","og_description":"Pr\u00e9sentation \u00c9cole \u00e9l\u00e9mentaire Jules Verne, 7 all\u00e9e A Gide, 93330\u00a0Neuilly-sur-Marne 01 43 08 88 46 ce.0931549d@ac-creteil.fr Mme\u00a0TIAHUR Accueil du matin : Accueil Centre L\u00e9o Lagrange L\u2019ouverture de l\u2019accueil du matin en \u00e9l\u00e9mentaire est conditionn\u00e9 \u00e0 un engagement de fr\u00e9quentation d\u2019au moins 12 enfants. Une \u00e9quipe d\u2019animation municipale accueille les enfants \u00e0 partir de 7h00 et [&hellip;]","og_url":"https:\/\/www.neuillysurmarne.fr\/zh\/ecole-elementaire-jules-verne\/","og_site_name":"Mairie de Neuilly-sur-Marne","article_publisher":"https:\/\/www.facebook.com\/ville.neuilly","article_modified_time":"2024-03-01T14:32:55+00:00","twitter_card":"summary_large_image","twitter_misc":{"\u9884\u8ba1\u9605\u8bfb\u65f6\u95f4":"1 \u5206"},"schema":{"@context":"https:\/\/schema.org","@graph":[{"@type":"WebPage","@id":"https:\/\/www.neuillysurmarne.fr\/ecole-elementaire-jules-verne\/","url":"https:\/\/www.neuillysurmarne.fr\/ecole-elementaire-jules-verne\/","name":"\u00c9cole \u00e9l\u00e9mentaire Jules Verne - Mairie de Neuilly-sur-Marne","isPartOf":{"@id":"https:\/\/www.neuillysurmarne.fr\/es\/#website"},"datePublished":"2023-11-17T15:50:23+00:00","dateModified":"2024-03-01T14:32:55+00:00","breadcrumb":{"@id":"https:\/\/www.neuillysurmarne.fr\/ecole-elementaire-jules-verne\/#breadcrumb"},"inLanguage":"zh-Hans","potentialAction":[{"@type":"ReadAction","target":["https:\/\/www.neuillysurmarne.fr\/ecole-elementaire-jules-verne\/"]}]},{"@type":"BreadcrumbList","@id":"https:\/\/www.neuillysurmarne.fr\/ecole-elementaire-jules-verne\/#breadcrumb","itemListElement":[{"@type":"ListItem","position":1,"name":"Accueil","item":"https:\/\/www.neuillysurmarne.fr\/"},{"@type":"ListItem","position":2,"name":"\u00c9cole \u00e9l\u00e9mentaire Jules Verne"}]},{"@type":"WebSite","@id":"https:\/\/www.neuillysurmarne.fr\/es\/#website","url":"https:\/\/www.neuillysurmarne.fr\/es\/","name":"\u9a6c\u6069\u6cb3\u7554\u8bb7\u4f0a\u5e02\u653f\u5385","description":"BETA","publisher":{"@id":"https:\/\/www.neuillysurmarne.fr\/es\/#organization"},"potentialAction":[{"@type":"SearchAction","target":{"@type":"EntryPoint","urlTemplate":"https:\/\/www.neuillysurmarne.fr\/es\/?s={search_term_string}"},"query-input":{"@type":"PropertyValueSpecification","valueRequired":true,"valueName":"search_term_string"}}],"inLanguage":"zh-Hans"},{"@type":"Organization","@id":"https:\/\/www.neuillysurmarne.fr\/es\/#organization","name":"\u9a6c\u6069\u6cb3\u7554\u8bb7\u4f0a\u5e02\u653f\u5385","url":"https:\/\/www.neuillysurmarne.fr\/es\/","logo":{"@type":"ImageObject","inLanguage":"zh-Hans","@id":"https:\/\/www.neuillysurmarne.fr\/es\/#\/schema\/logo\/image\/","url":"https:\/\/www.neuillysurmarne.fr\/wp-content\/uploads\/2023\/10\/LOGO-NeuillysurMarne-blanc.png","contentUrl":"https:\/\/www.neuillysurmarne.fr\/wp-content\/uploads\/2023\/10\/LOGO-NeuillysurMarne-blanc.png","width":3308,"height":2586,"caption":"Mairie de Neuilly-sur-Marne"},"image":{"@id":"https:\/\/www.neuillysurmarne.fr\/es\/#\/schema\/logo\/image\/"},"sameAs":["https:\/\/www.facebook.com\/ville.neuilly","https:\/\/www.instagram.com\/neuilly_marne\/","https:\/\/www.linkedin.com\/company\/ville-de-neuilly-sur-marne\/","https:\/\/www.youtube.com\/channel\/UCDdZ0TLrV8rfIqjBGvoeB5A","https:\/\/www.tiktok.com\/@villedeneuillysurmarne"]}]}},"_links":{"self":[{"href":"https:\/\/www.neuillysurmarne.fr\/zh\/wp-json\/wp\/v2\/pages\/1047","targetHints":{"allow":["GET"]}}],"collection":[{"href":"https:\/\/www.neuillysurmarne.fr\/zh\/wp-json\/wp\/v2\/pages"}],"about":[{"href":"https:\/\/www.neuillysurmarne.fr\/zh\/wp-json\/wp\/v2\/types\/page"}],"author":[{"embeddable":true,"href":"https:\/\/www.neuillysurmarne.fr\/zh\/wp-json\/wp\/v2\/users\/1"}],"replies":[{"embeddable":true,"href":"https:\/\/www.neuillysurmarne.fr\/zh\/wp-json\/wp\/v2\/comments?post=1047"}],"version-history":[{"count":3,"href":"https:\/\/www.neuillysurmarne.fr\/zh\/wp-json\/wp\/v2\/pages\/1047\/revisions"}],"predecessor-version":[{"id":5231,"href":"https:\/\/www.neuillysurmarne.fr\/zh\/wp-json\/wp\/v2\/pages\/1047\/revisions\/5231"}],"wp:attachment":[{"href":"https:\/\/www.neuillysurmarne.fr\/zh\/wp-json\/wp\/v2\/media?parent=1047"}],"curies":[{"name":"wp","href":"https:\/\/api.w.org\/{rel}","templated":true}]}}