{"id":492,"date":"2023-11-13T11:53:55","date_gmt":"2023-11-13T10:53:55","guid":{"rendered":"https:\/\/www.neuillysurmarne.fr\/?page_id=492"},"modified":"2024-06-26T17:17:11","modified_gmt":"2024-06-26T15:17:11","slug":"neuilly-mobile","status":"publish","type":"page","link":"https:\/\/www.neuillysurmarne.fr\/zh\/neuilly-mobile\/","title":{"rendered":"\u8bb7\u4f0a\u79fb\u52a8\u7535\u8bdd"},"content":{"rendered":"<div data-elementor-type=\"wp-page\" data-elementor-id=\"492\" class=\"elementor elementor-492\" data-elementor-post-type=\"page\">\n\t\t\t\t<div class=\"elementor-element elementor-element-2ddbc12b e-flex e-con-boxed e-con e-parent\" data-id=\"2ddbc12b\" data-element_type=\"container\" data-e-type=\"container\">\n\t\t\t\t\t<div class=\"e-con-inner\">\n\t\t<div class=\"elementor-element elementor-element-605eb76 e-flex e-con-boxed e-con e-child\" data-id=\"605eb76\" data-element_type=\"container\" data-e-type=\"container\">\n\t\t\t\t\t<div class=\"e-con-inner\">\n\t\t\t\t<div class=\"elementor-element elementor-element-116f081 elementor-widget elementor-widget-image\" data-id=\"116f081\" data-element_type=\"widget\" data-e-type=\"widget\" data-widget_type=\"image.default\">\n\t\t\t\t<div class=\"elementor-widget-container\">\n\t\t\t\t\t\t\t\t\t\t\t\t\t\t\t<img fetchpriority=\"high\" decoding=\"async\" width=\"800\" height=\"143\" src=\"https:\/\/www.neuillysurmarne.fr\/wp-content\/uploads\/2024\/05\/LOGO-1-1-1024x183.png\" class=\"attachment-large size-large wp-image-7544\" alt=\"\" srcset=\"https:\/\/www.neuillysurmarne.fr\/wp-content\/uploads\/2024\/05\/LOGO-1-1-1024x183.png 1024w, https:\/\/www.neuillysurmarne.fr\/wp-content\/uploads\/2024\/05\/LOGO-1-1-300x54.png 300w, https:\/\/www.neuillysurmarne.fr\/wp-content\/uploads\/2024\/05\/LOGO-1-1-768x137.png 768w, https:\/\/www.neuillysurmarne.fr\/wp-content\/uploads\/2024\/05\/LOGO-1-1-1536x274.png 1536w, https:\/\/www.neuillysurmarne.fr\/wp-content\/uploads\/2024\/05\/LOGO-1-1-2048x366.png 2048w\" sizes=\"(max-width: 800px) 100vw, 800px\" \/>\t\t\t\t\t\t\t\t\t\t\t\t\t\t\t<\/div>\n\t\t\t\t<\/div>\n\t\t\t\t\t<\/div>\n\t\t\t\t<\/div>\n\t\t\t\t<div class=\"elementor-element elementor-element-ba34b4a elementor-widget elementor-widget-text-editor\" data-id=\"ba34b4a\" data-element_type=\"widget\" data-e-type=\"widget\" data-widget_type=\"text-editor.default\">\n\t\t\t\t<div class=\"elementor-widget-container\">\n\t\t\t\t\t\t\t\t\t<p>\u8be5\u9547\u8fd8\u5f00\u53d1\u4e86\u4e00\u4e2a\u5e02\u653f\u73ed\u8f66\u9879\u76ee--\"\u8bfa\u4f0a\u79fb\u52a8\"\uff08Neuilly Mobile\uff09\u3002<strong> \u8fd9\u6837\uff0c\u8001\u5e74\u4eba\u5c31\u53ef\u4ee5\u5728\u6574\u4e2a\u5e02\u9547\u514d\u8d39\u65c5\u884c\u3002 <\/strong>\u5b55\u5987\u548c\u6b8b\u75be\u4eba\u4e5f\u53ef\u4ee5\u4e58\u5750\u73ed\u8f66\u3002<\/p><p>\u7a7f\u68ad\u5df4\u58eb\u7684\u4e3b\u8981\u76ee\u7684\u662f\u65b9\u4fbf\u8001\u5e74\u4eba\u51fa\u884c\uff0c\u540c\u65f6\u4e5f\u662f\u4e58\u5ba2\u4eec\u8fdb\u884c\u53cb\u597d\u4ea4\u8c08\u7684\u597d\u65b9\u5f0f\u3002<\/p><h3><strong>\u5982\u4f55\u4f7f\u7528\u73ed\u8f66\uff1f<\/strong><\/h3><p>\u4e3a\u4f7f\u53f8\u673a\u80fd\u591f\u4ece\u60a8\u5bb6\u4e2d\u63a5\u60a8\uff0c\u6211\u4eec\u5c06\u8981\u6c42\u60a8\u63d0\u4f9b\u4ee5\u4e0b\u8be6\u7ec6\u4fe1\u606f <strong>\u81f3\u5c11\u63d0\u524d 48 \u5c0f\u65f6\u7535\u8bdd\u901a\u77e5\uff1a01 43 08 98 00<\/strong>.\u73ed\u8f66\u4e3b\u8981\u4f9b\u8001\u5e74\u4eba\u4f7f\u7528\uff0c\u4f46\u501f\u7528\u73ed\u8f66\u65e0\u9700\u4efb\u4f55\u8bc1\u4ef6\u3002<\/p>\t\t\t\t\t\t\t\t<\/div>\n\t\t\t\t<\/div>\n\t\t\t\t<div class=\"elementor-element elementor-element-da4a663 elementor-skin-carousel elementor-arrows-yes elementor-pagination-type-bullets elementor-pagination-position-outside elementor-widget elementor-widget-media-carousel\" data-id=\"da4a663\" data-element_type=\"widget\" data-e-type=\"widget\" data-settings=\"{&quot;skin&quot;:&quot;carousel&quot;,&quot;effect&quot;:&quot;slide&quot;,&quot;show_arrows&quot;:&quot;yes&quot;,&quot;pagination&quot;:&quot;bullets&quot;,&quot;speed&quot;:500,&quot;autoplay&quot;:&quot;yes&quot;,&quot;autoplay_speed&quot;:5000,&quot;loop&quot;:&quot;yes&quot;,&quot;pause_on_hover&quot;:&quot;yes&quot;,&quot;pause_on_interaction&quot;:&quot;yes&quot;,&quot;space_between&quot;:{&quot;unit&quot;:&quot;px&quot;,&quot;size&quot;:10,&quot;sizes&quot;:[]},&quot;space_between_tablet&quot;:{&quot;unit&quot;:&quot;px&quot;,&quot;size&quot;:10,&quot;sizes&quot;:[]},&quot;space_between_mobile&quot;:{&quot;unit&quot;:&quot;px&quot;,&quot;size&quot;:10,&quot;sizes&quot;:[]}}\" data-widget_type=\"media-carousel.default\">\n\t\t\t\t<div class=\"elementor-widget-container\">\n\t\t\t\t\t\t\t\t\t<div class=\"elementor-swiper\">\n\t\t\t\t\t<div class=\"elementor-main-swiper swiper\" role=\"region\" aria-roledescription=\"carousel\" aria-label=\"Diapositives\">\n\t\t\t\t<div class=\"swiper-wrapper\">\n\t\t\t\t\t\t\t\t\t\t\t<div class=\"swiper-slide\" role=\"group\" aria-roledescription=\"slide\">\n\t\t\t\t\t\t\t<a href=\"https:\/\/www.neuillysurmarne.fr\/wp-content\/uploads\/2024\/06\/Navette-senior-marche-06.2021-13-scaled.jpg\" data-elementor-open-lightbox=\"yes\" data-elementor-lightbox-slideshow=\"da4a663\" data-elementor-lightbox-title=\"Navette s\u00e9nior march\u00e9 06.2021-13\" data-e-action-hash=\"#elementor-action%3Aaction%3Dlightbox%26settings%3DeyJpZCI6OTYzNywidXJsIjoiaHR0cHM6XC9cL3d3dy5uZXVpbGx5c3VybWFybmUuZnJcL3dwLWNvbnRlbnRcL3VwbG9hZHNcLzIwMjRcLzA2XC9OYXZldHRlLXNlbmlvci1tYXJjaGUtMDYuMjAyMS0xMy1zY2FsZWQuanBnIiwic2xpZGVzaG93IjoiZGE0YTY2MyJ9\">\t\t<div class=\"elementor-carousel-image\" role=\"img\" aria-label=\"\u9ad8\u7ea7\u7a7f\u68ad\u5df4\u58eb\u5408\u540c 06.2021-13\" style=\"background-image: url(&#039;https:\/\/www.neuillysurmarne.fr\/wp-content\/uploads\/2024\/06\/Navette-senior-marche-06.2021-13-scaled.jpg&#039;)\">\n\n\t\t\t\n\t\t\t\t\t<\/div>\n\t\t<\/a>\t\t\t\t\t\t<\/div>\n\t\t\t\t\t\t\t\t\t\t\t<div class=\"swiper-slide\" role=\"group\" aria-roledescription=\"slide\">\n\t\t\t\t\t\t\t<a href=\"https:\/\/www.neuillysurmarne.fr\/wp-content\/uploads\/2024\/06\/Nouvelles-navettes-seniors-05.2021-scaled.jpg\" data-elementor-open-lightbox=\"yes\" data-elementor-lightbox-slideshow=\"da4a663\" data-elementor-lightbox-title=\"Nouvelles navettes s\u00e9niors 05.2021\" data-e-action-hash=\"#elementor-action%3Aaction%3Dlightbox%26settings%3DeyJpZCI6OTYzOCwidXJsIjoiaHR0cHM6XC9cL3d3dy5uZXVpbGx5c3VybWFybmUuZnJcL3dwLWNvbnRlbnRcL3VwbG9hZHNcLzIwMjRcLzA2XC9Ob3V2ZWxsZXMtbmF2ZXR0ZXMtc2VuaW9ycy0wNS4yMDIxLXNjYWxlZC5qcGciLCJzbGlkZXNob3ciOiJkYTRhNjYzIn0%3D\">\t\t<div class=\"elementor-carousel-image\" role=\"img\" aria-label=\"\u65b0\u7684\u8001\u5e74\u7a7f\u68ad\u5df4\u58eb 05.2021\" style=\"background-image: url(&#039;https:\/\/www.neuillysurmarne.fr\/wp-content\/uploads\/2024\/06\/Nouvelles-navettes-seniors-05.2021-scaled.jpg&#039;)\">\n\n\t\t\t\n\t\t\t\t\t<\/div>\n\t\t<\/a>\t\t\t\t\t\t<\/div>\n\t\t\t\t\t\t\t\t\t\t\t<div class=\"swiper-slide\" role=\"group\" aria-roledescription=\"slide\">\n\t\t\t\t\t\t\t<a href=\"https:\/\/www.neuillysurmarne.fr\/wp-content\/uploads\/2024\/06\/Nouvelles-navettes-seniors-05.2021-6-scaled.jpg\" data-elementor-open-lightbox=\"yes\" data-elementor-lightbox-slideshow=\"da4a663\" data-elementor-lightbox-title=\"Nouvelles navettes s\u00e9niors 05.2021-6\" data-e-action-hash=\"#elementor-action%3Aaction%3Dlightbox%26settings%3DeyJpZCI6OTYzOSwidXJsIjoiaHR0cHM6XC9cL3d3dy5uZXVpbGx5c3VybWFybmUuZnJcL3dwLWNvbnRlbnRcL3VwbG9hZHNcLzIwMjRcLzA2XC9Ob3V2ZWxsZXMtbmF2ZXR0ZXMtc2VuaW9ycy0wNS4yMDIxLTYtc2NhbGVkLmpwZyIsInNsaWRlc2hvdyI6ImRhNGE2NjMifQ%3D%3D\">\t\t<div class=\"elementor-carousel-image\" role=\"img\" aria-label=\"\u65b0\u7684\u8001\u5e74\u7a7f\u68ad\u5df4\u58eb 05.2021-6\" style=\"background-image: url(&#039;https:\/\/www.neuillysurmarne.fr\/wp-content\/uploads\/2024\/06\/Nouvelles-navettes-seniors-05.2021-6-scaled.jpg&#039;)\">\n\n\t\t\t\n\t\t\t\t\t<\/div>\n\t\t<\/a>\t\t\t\t\t\t<\/div>\n\t\t\t\t\t\t\t\t\t\t\t<div class=\"swiper-slide\" role=\"group\" aria-roledescription=\"slide\">\n\t\t\t\t\t\t\t<a href=\"https:\/\/www.neuillysurmarne.fr\/wp-content\/uploads\/2024\/06\/Nouvelles-navettes-seniors-05.2021-7-scaled.jpg\" data-elementor-open-lightbox=\"yes\" data-elementor-lightbox-slideshow=\"da4a663\" data-elementor-lightbox-title=\"Nouvelles navettes s\u00e9niors 05.2021-7\" data-e-action-hash=\"#elementor-action%3Aaction%3Dlightbox%26settings%3DeyJpZCI6OTY0MSwidXJsIjoiaHR0cHM6XC9cL3d3dy5uZXVpbGx5c3VybWFybmUuZnJcL3dwLWNvbnRlbnRcL3VwbG9hZHNcLzIwMjRcLzA2XC9Ob3V2ZWxsZXMtbmF2ZXR0ZXMtc2VuaW9ycy0wNS4yMDIxLTctc2NhbGVkLmpwZyIsInNsaWRlc2hvdyI6ImRhNGE2NjMifQ%3D%3D\">\t\t<div class=\"elementor-carousel-image\" role=\"img\" aria-label=\"\u65b0\u7684\u8001\u5e74\u7a7f\u68ad\u5df4\u58eb 05.2021-7\" style=\"background-image: url(&#039;https:\/\/www.neuillysurmarne.fr\/wp-content\/uploads\/2024\/06\/Nouvelles-navettes-seniors-05.2021-7-scaled.jpg&#039;)\">\n\n\t\t\t\n\t\t\t\t\t<\/div>\n\t\t<\/a>\t\t\t\t\t\t<\/div>\n\t\t\t\t\t\t\t\t\t\t\t<div class=\"swiper-slide\" role=\"group\" aria-roledescription=\"slide\">\n\t\t\t\t\t\t\t<a href=\"https:\/\/www.neuillysurmarne.fr\/wp-content\/uploads\/2024\/06\/Navette-senior-marche-06.2021-9-scaled.jpg\" data-elementor-open-lightbox=\"yes\" data-elementor-lightbox-slideshow=\"da4a663\" data-elementor-lightbox-title=\"Navette s\u00e9nior march\u00e9 06.2021-9\" data-e-action-hash=\"#elementor-action%3Aaction%3Dlightbox%26settings%3DeyJpZCI6OTY0NCwidXJsIjoiaHR0cHM6XC9cL3d3dy5uZXVpbGx5c3VybWFybmUuZnJcL3dwLWNvbnRlbnRcL3VwbG9hZHNcLzIwMjRcLzA2XC9OYXZldHRlLXNlbmlvci1tYXJjaGUtMDYuMjAyMS05LXNjYWxlZC5qcGciLCJzbGlkZXNob3ciOiJkYTRhNjYzIn0%3D\">\t\t<div class=\"elementor-carousel-image\" role=\"img\" aria-label=\"\u9ad8\u7ea7\u7a7f\u68ad\u5df4\u58eb\u5408\u540c 06.2021-9\" style=\"background-image: url(&#039;https:\/\/www.neuillysurmarne.fr\/wp-content\/uploads\/2024\/06\/Navette-senior-marche-06.2021-9-scaled.jpg&#039;)\">\n\n\t\t\t\n\t\t\t\t\t<\/div>\n\t\t<\/a>\t\t\t\t\t\t<\/div>\n\t\t\t\t\t\t\t\t\t\t\t<div class=\"swiper-slide\" role=\"group\" aria-roledescription=\"slide\">\n\t\t\t\t\t\t\t<a href=\"https:\/\/www.neuillysurmarne.fr\/wp-content\/uploads\/2024\/06\/Navette-senior-marche-06.2021-15.jpg\" data-elementor-open-lightbox=\"yes\" data-elementor-lightbox-slideshow=\"da4a663\" data-elementor-lightbox-title=\"Navette s\u00e9nior march\u00e9 06.2021-15\" data-e-action-hash=\"#elementor-action%3Aaction%3Dlightbox%26settings%3DeyJpZCI6OTY0MiwidXJsIjoiaHR0cHM6XC9cL3d3dy5uZXVpbGx5c3VybWFybmUuZnJcL3dwLWNvbnRlbnRcL3VwbG9hZHNcLzIwMjRcLzA2XC9OYXZldHRlLXNlbmlvci1tYXJjaGUtMDYuMjAyMS0xNS1zY2FsZWQuanBnIiwic2xpZGVzaG93IjoiZGE0YTY2MyJ9\">\t\t<div class=\"elementor-carousel-image\" role=\"img\" aria-label=\"\u9ad8\u7ea7\u7a7f\u68ad\u5df4\u58eb\u5408\u540c 06.2021-15\" style=\"background-image: url(&#039;https:\/\/www.neuillysurmarne.fr\/wp-content\/uploads\/2024\/06\/Navette-senior-marche-06.2021-15-scaled.jpg&#039;)\">\n\n\t\t\t\n\t\t\t\t\t<\/div>\n\t\t<\/a>\t\t\t\t\t\t<\/div>\n\t\t\t\t\t\t\t\t\t\t\t<div class=\"swiper-slide\" role=\"group\" aria-roledescription=\"slide\">\n\t\t\t\t\t\t\t<a href=\"https:\/\/www.neuillysurmarne.fr\/wp-content\/uploads\/2024\/06\/Navette-senior-marche-06.2021-17-scaled.jpg\" data-elementor-open-lightbox=\"yes\" data-elementor-lightbox-slideshow=\"da4a663\" data-elementor-lightbox-title=\"Navette s\u00e9nior march\u00e9 06.2021-17\" data-e-action-hash=\"#elementor-action%3Aaction%3Dlightbox%26settings%3DeyJpZCI6OTY0MywidXJsIjoiaHR0cHM6XC9cL3d3dy5uZXVpbGx5c3VybWFybmUuZnJcL3dwLWNvbnRlbnRcL3VwbG9hZHNcLzIwMjRcLzA2XC9OYXZldHRlLXNlbmlvci1tYXJjaGUtMDYuMjAyMS0xNy1zY2FsZWQuanBnIiwic2xpZGVzaG93IjoiZGE0YTY2MyJ9\">\t\t<div class=\"elementor-carousel-image\" role=\"img\" aria-label=\"\u9ad8\u7ea7\u7a7f\u68ad\u5df4\u58eb\u5408\u540c 06.2021-17\" style=\"background-image: url(&#039;https:\/\/www.neuillysurmarne.fr\/wp-content\/uploads\/2024\/06\/Navette-senior-marche-06.2021-17-scaled.jpg&#039;)\">\n\n\t\t\t\n\t\t\t\t\t<\/div>\n\t\t<\/a>\t\t\t\t\t\t<\/div>\n\t\t\t\t\t\t\t\t\t<\/div>\n\t\t\t\t\t\t\t\t\t\t\t\t\t\t\t<div class=\"elementor-swiper-button elementor-swiper-button-prev\" role=\"button\" tabindex=\"0\" aria-label=\"\u4e0a\u4e00\u9875\">\n\t\t\t\t\t\t\t<svg aria-hidden=\"true\" class=\"e-font-icon-svg e-eicon-chevron-left\" viewbox=\"0 0 1000 1000\" xmlns=\"http:\/\/www.w3.org\/2000\/svg\"><path d=\"M646 125C629 125 613 133 604 142L308 442C296 454 292 471 292 487 292 504 296 521 308 533L604 854C617 867 629 875 646 875 663 875 679 871 692 858 704 846 713 829 713 812 713 796 708 779 692 767L438 487 692 225C700 217 708 204 708 187 708 171 704 154 692 142 675 129 663 125 646 125Z\"><\/path><\/svg>\t\t\t\t\t\t<\/div>\n\t\t\t\t\t\t<div class=\"elementor-swiper-button elementor-swiper-button-next\" role=\"button\" tabindex=\"0\" aria-label=\"\u4e0b\u4e00\u9875\">\n\t\t\t\t\t\t\t<svg aria-hidden=\"true\" class=\"e-font-icon-svg e-eicon-chevron-right\" viewbox=\"0 0 1000 1000\" xmlns=\"http:\/\/www.w3.org\/2000\/svg\"><path d=\"M696 533C708 521 713 504 713 487 713 471 708 454 696 446L400 146C388 133 375 125 354 125 338 125 325 129 313 142 300 154 292 171 292 187 292 204 296 221 308 233L563 492 304 771C292 783 288 800 288 817 288 833 296 850 308 863 321 871 338 875 354 875 371 875 388 867 400 854L696 533Z\"><\/path><\/svg>\t\t\t\t\t\t<\/div>\n\t\t\t\t\t\t\t\t\t\t\t\t\t\t\t\t<div class=\"swiper-pagination\"><\/div>\n\t\t\t\t\t\t\t\t\t\t\t\t<\/div>\n\t\t\t\t<\/div>\n\t\t\t\t\t\t\t\t<\/div>\n\t\t\t\t<\/div>\n\t\t\t\t<div class=\"elementor-element elementor-element-dd11255 elementor-widget elementor-widget-text-editor\" data-id=\"dd11255\" data-element_type=\"widget\" data-e-type=\"widget\" data-widget_type=\"text-editor.default\">\n\t\t\t\t<div class=\"elementor-widget-container\">\n\t\t\t\t\t\t\t\t\t<h3><strong>\u8bfa\u4f0a\u8d2d\u7269\u4e2d\u5fc3\u7b80\u4ecb<\/strong><\/h3>\t\t\t\t\t\t\t\t<\/div>\n\t\t\t\t<\/div>\n\t\t<div class=\"elementor-element elementor-element-9a064b2 e-grid e-con-boxed e-con e-child\" data-id=\"9a064b2\" data-element_type=\"container\" data-e-type=\"container\">\n\t\t\t\t\t<div class=\"e-con-inner\">\n\t\t\t\t<div class=\"elementor-element elementor-element-a4d6d57 elementor-widget elementor-widget-text-editor\" data-id=\"a4d6d57\" data-element_type=\"widget\" data-e-type=\"widget\" data-widget_type=\"text-editor.default\">\n\t\t\t\t<div class=\"elementor-widget-container\">\n\t\t\t\t\t\t\t\t\t<p>\ud83d\ude90 \u514d\u8d39\u73ed\u8f66\u670d\u52a1<\/p><p>\ud83d\ude8f \u6240\u6709\u8857\u533a\u5747\u53ef\u5230\u8fbe<\/p>\t\t\t\t\t\t\t\t<\/div>\n\t\t\t\t<\/div>\n\t\t\t\t<div class=\"elementor-element elementor-element-aa09708 elementor-widget elementor-widget-text-editor\" data-id=\"aa09708\" data-element_type=\"widget\" data-e-type=\"widget\" data-widget_type=\"text-editor.default\">\n\t\t\t\t<div class=\"elementor-widget-container\">\n\t\t\t\t\t\t\t\t\t<p>\ud83d\udd63 \u6d41\u901a\u65f6\u95f4 \u5468\u4e8c\u81f3\u5468\u4e94\uff1a\u4e0a\u5348 8:30-11:45<\/p><p>\ud83d\udd63 \u661f\u671f\u516d\u6d41\u901a\u65f6\u95f4\uff1a\u4e0a\u5348 8:30-12:45<\/p>\t\t\t\t\t\t\t\t<\/div>\n\t\t\t\t<\/div>\n\t\t\t\t<div class=\"elementor-element elementor-element-b502928 elementor-widget elementor-widget-text-editor\" data-id=\"b502928\" data-element_type=\"widget\" data-e-type=\"widget\" data-widget_type=\"text-editor.default\">\n\t\t\t\t<div class=\"elementor-widget-container\">\n\t\t\t\t\t\t\t\t\t<p>\ud83e\udd30\ud83c\udffc \u65b9\u4fbf\u884c\u52a8\u4e0d\u4fbf\u8005\u548c\u5b55\u5987\u4f7f\u7528<\/p><p>\ud83d\udcde \u9884\u7ea6\uff1a01 43 08 98 00<\/p>\t\t\t\t\t\t\t\t<\/div>\n\t\t\t\t<\/div>\n\t\t\t\t\t<\/div>\n\t\t\t\t<\/div>\n\t\t\t\t\t<\/div>\n\t\t\t\t<\/div>\n\t\t\t\t<\/div>","protected":false},"excerpt":{"rendered":"<p>La Ville a \u00e9labor\u00e9 un projet de navette municipale, la Neuilly Mobile. Celle-ci permet aux A\u00een\u00e9s de pouvoir circuler gratuitement \u00e0 travers toute la commune. La navette peut \u00e9galement \u00eatre emprunt\u00e9e par les femmes enceintes et les personnes en situation de handicap. Si l\u2019objectif premier de la navette est de faciliter les d\u00e9placements des personnes [&hellip;]<\/p>\n","protected":false},"author":1,"featured_media":4683,"parent":0,"menu_order":0,"comment_status":"closed","ping_status":"closed","template":"","meta":{"_acf_changed":false,"footnotes":""},"class_list":["post-492","page","type-page","status-publish","has-post-thumbnail","hentry"],"acf":[],"yoast_head":"<!-- This site is optimized with the Yoast SEO plugin v27.4 - https:\/\/yoast.com\/product\/yoast-seo-wordpress\/ -->\n<title>Neuilly Mobile - Mairie de Neuilly-sur-Marne<\/title>\n<meta name=\"robots\" content=\"index, follow, max-snippet:-1, max-image-preview:large, max-video-preview:-1\" \/>\n<link rel=\"canonical\" href=\"https:\/\/www.neuillysurmarne.fr\/zh\/neuilly-mobile\/\" \/>\n<meta property=\"og:locale\" content=\"zh_CN\" \/>\n<meta property=\"og:type\" content=\"article\" \/>\n<meta property=\"og:title\" content=\"Neuilly Mobile - Mairie de Neuilly-sur-Marne\" \/>\n<meta property=\"og:description\" content=\"La Ville a \u00e9labor\u00e9 un projet de navette municipale, la Neuilly Mobile. Celle-ci permet aux A\u00een\u00e9s de pouvoir circuler gratuitement \u00e0 travers toute la commune. La navette peut \u00e9galement \u00eatre emprunt\u00e9e par les femmes enceintes et les personnes en situation de handicap. Si l\u2019objectif premier de la navette est de faciliter les d\u00e9placements des personnes [&hellip;]\" \/>\n<meta property=\"og:url\" content=\"https:\/\/www.neuillysurmarne.fr\/zh\/neuilly-mobile\/\" \/>\n<meta property=\"og:site_name\" content=\"Mairie de Neuilly-sur-Marne\" \/>\n<meta property=\"article:publisher\" content=\"https:\/\/www.facebook.com\/ville.neuilly\" \/>\n<meta property=\"article:modified_time\" content=\"2024-06-26T15:17:11+00:00\" \/>\n<meta property=\"og:image\" content=\"https:\/\/www.neuillysurmarne.fr\/wp-content\/uploads\/2024\/02\/Nouvelles-navettes-seniors-05.2021-19-scaled.jpg\" \/>\n\t<meta property=\"og:image:width\" content=\"2560\" \/>\n\t<meta property=\"og:image:height\" content=\"1707\" \/>\n\t<meta property=\"og:image:type\" content=\"image\/jpeg\" \/>\n<meta name=\"twitter:card\" content=\"summary_large_image\" \/>\n<meta name=\"twitter:label1\" content=\"\u9884\u8ba1\u9605\u8bfb\u65f6\u95f4\" \/>\n\t<meta name=\"twitter:data1\" content=\"1 \u5206\" \/>\n<script type=\"application\/ld+json\" class=\"yoast-schema-graph\">{\"@context\":\"https:\\\/\\\/schema.org\",\"@graph\":[{\"@type\":\"WebPage\",\"@id\":\"https:\\\/\\\/www.neuillysurmarne.fr\\\/neuilly-mobile\\\/\",\"url\":\"https:\\\/\\\/www.neuillysurmarne.fr\\\/neuilly-mobile\\\/\",\"name\":\"Neuilly Mobile - Mairie de Neuilly-sur-Marne\",\"isPartOf\":{\"@id\":\"https:\\\/\\\/www.neuillysurmarne.fr\\\/es\\\/#website\"},\"primaryImageOfPage\":{\"@id\":\"https:\\\/\\\/www.neuillysurmarne.fr\\\/neuilly-mobile\\\/#primaryimage\"},\"image\":{\"@id\":\"https:\\\/\\\/www.neuillysurmarne.fr\\\/neuilly-mobile\\\/#primaryimage\"},\"thumbnailUrl\":\"https:\\\/\\\/www.neuillysurmarne.fr\\\/wp-content\\\/uploads\\\/2024\\\/02\\\/Nouvelles-navettes-seniors-05.2021-19-scaled.jpg\",\"datePublished\":\"2023-11-13T10:53:55+00:00\",\"dateModified\":\"2024-06-26T15:17:11+00:00\",\"breadcrumb\":{\"@id\":\"https:\\\/\\\/www.neuillysurmarne.fr\\\/neuilly-mobile\\\/#breadcrumb\"},\"inLanguage\":\"zh-Hans\",\"potentialAction\":[{\"@type\":\"ReadAction\",\"target\":[\"https:\\\/\\\/www.neuillysurmarne.fr\\\/neuilly-mobile\\\/\"]}]},{\"@type\":\"ImageObject\",\"inLanguage\":\"zh-Hans\",\"@id\":\"https:\\\/\\\/www.neuillysurmarne.fr\\\/neuilly-mobile\\\/#primaryimage\",\"url\":\"https:\\\/\\\/www.neuillysurmarne.fr\\\/wp-content\\\/uploads\\\/2024\\\/02\\\/Nouvelles-navettes-seniors-05.2021-19-scaled.jpg\",\"contentUrl\":\"https:\\\/\\\/www.neuillysurmarne.fr\\\/wp-content\\\/uploads\\\/2024\\\/02\\\/Nouvelles-navettes-seniors-05.2021-19-scaled.jpg\",\"width\":2560,\"height\":1707},{\"@type\":\"BreadcrumbList\",\"@id\":\"https:\\\/\\\/www.neuillysurmarne.fr\\\/neuilly-mobile\\\/#breadcrumb\",\"itemListElement\":[{\"@type\":\"ListItem\",\"position\":1,\"name\":\"Accueil\",\"item\":\"https:\\\/\\\/www.neuillysurmarne.fr\\\/\"},{\"@type\":\"ListItem\",\"position\":2,\"name\":\"Neuilly Mobile\"}]},{\"@type\":\"WebSite\",\"@id\":\"https:\\\/\\\/www.neuillysurmarne.fr\\\/es\\\/#website\",\"url\":\"https:\\\/\\\/www.neuillysurmarne.fr\\\/es\\\/\",\"name\":\"Mairie de Neuilly-sur-Marne\",\"description\":\"BETA\",\"publisher\":{\"@id\":\"https:\\\/\\\/www.neuillysurmarne.fr\\\/es\\\/#organization\"},\"potentialAction\":[{\"@type\":\"SearchAction\",\"target\":{\"@type\":\"EntryPoint\",\"urlTemplate\":\"https:\\\/\\\/www.neuillysurmarne.fr\\\/es\\\/?s={search_term_string}\"},\"query-input\":{\"@type\":\"PropertyValueSpecification\",\"valueRequired\":true,\"valueName\":\"search_term_string\"}}],\"inLanguage\":\"zh-Hans\"},{\"@type\":\"Organization\",\"@id\":\"https:\\\/\\\/www.neuillysurmarne.fr\\\/es\\\/#organization\",\"name\":\"Mairie de Neuilly-sur-Marne\",\"url\":\"https:\\\/\\\/www.neuillysurmarne.fr\\\/es\\\/\",\"logo\":{\"@type\":\"ImageObject\",\"inLanguage\":\"zh-Hans\",\"@id\":\"https:\\\/\\\/www.neuillysurmarne.fr\\\/es\\\/#\\\/schema\\\/logo\\\/image\\\/\",\"url\":\"https:\\\/\\\/www.neuillysurmarne.fr\\\/wp-content\\\/uploads\\\/2023\\\/10\\\/LOGO-NeuillysurMarne-blanc.png\",\"contentUrl\":\"https:\\\/\\\/www.neuillysurmarne.fr\\\/wp-content\\\/uploads\\\/2023\\\/10\\\/LOGO-NeuillysurMarne-blanc.png\",\"width\":3308,\"height\":2586,\"caption\":\"Mairie de Neuilly-sur-Marne\"},\"image\":{\"@id\":\"https:\\\/\\\/www.neuillysurmarne.fr\\\/es\\\/#\\\/schema\\\/logo\\\/image\\\/\"},\"sameAs\":[\"https:\\\/\\\/www.facebook.com\\\/ville.neuilly\",\"https:\\\/\\\/www.instagram.com\\\/neuilly_marne\\\/\",\"https:\\\/\\\/www.linkedin.com\\\/company\\\/ville-de-neuilly-sur-marne\\\/\",\"https:\\\/\\\/www.youtube.com\\\/channel\\\/UCDdZ0TLrV8rfIqjBGvoeB5A\",\"https:\\\/\\\/www.tiktok.com\\\/@villedeneuillysurmarne\"]}]}<\/script>\n<!-- \/ Yoast SEO plugin. -->","yoast_head_json":{"title":"Neuilly Mobile - Mairie de Neuilly-sur-Marne","robots":{"index":"index","follow":"follow","max-snippet":"max-snippet:-1","max-image-preview":"max-image-preview:large","max-video-preview":"max-video-preview:-1"},"canonical":"https:\/\/www.neuillysurmarne.fr\/zh\/neuilly-mobile\/","og_locale":"zh_CN","og_type":"article","og_title":"Neuilly Mobile - Mairie de Neuilly-sur-Marne","og_description":"La Ville a \u00e9labor\u00e9 un projet de navette municipale, la Neuilly Mobile. Celle-ci permet aux A\u00een\u00e9s de pouvoir circuler gratuitement \u00e0 travers toute la commune. La navette peut \u00e9galement \u00eatre emprunt\u00e9e par les femmes enceintes et les personnes en situation de handicap. Si l\u2019objectif premier de la navette est de faciliter les d\u00e9placements des personnes [&hellip;]","og_url":"https:\/\/www.neuillysurmarne.fr\/zh\/neuilly-mobile\/","og_site_name":"Mairie de Neuilly-sur-Marne","article_publisher":"https:\/\/www.facebook.com\/ville.neuilly","article_modified_time":"2024-06-26T15:17:11+00:00","og_image":[{"width":2560,"height":1707,"url":"https:\/\/www.neuillysurmarne.fr\/wp-content\/uploads\/2024\/02\/Nouvelles-navettes-seniors-05.2021-19-scaled.jpg","type":"image\/jpeg"}],"twitter_card":"summary_large_image","twitter_misc":{"\u9884\u8ba1\u9605\u8bfb\u65f6\u95f4":"1 \u5206"},"schema":{"@context":"https:\/\/schema.org","@graph":[{"@type":"WebPage","@id":"https:\/\/www.neuillysurmarne.fr\/neuilly-mobile\/","url":"https:\/\/www.neuillysurmarne.fr\/neuilly-mobile\/","name":"Neuilly Mobile - Mairie de Neuilly-sur-Marne","isPartOf":{"@id":"https:\/\/www.neuillysurmarne.fr\/es\/#website"},"primaryImageOfPage":{"@id":"https:\/\/www.neuillysurmarne.fr\/neuilly-mobile\/#primaryimage"},"image":{"@id":"https:\/\/www.neuillysurmarne.fr\/neuilly-mobile\/#primaryimage"},"thumbnailUrl":"https:\/\/www.neuillysurmarne.fr\/wp-content\/uploads\/2024\/02\/Nouvelles-navettes-seniors-05.2021-19-scaled.jpg","datePublished":"2023-11-13T10:53:55+00:00","dateModified":"2024-06-26T15:17:11+00:00","breadcrumb":{"@id":"https:\/\/www.neuillysurmarne.fr\/neuilly-mobile\/#breadcrumb"},"inLanguage":"zh-Hans","potentialAction":[{"@type":"ReadAction","target":["https:\/\/www.neuillysurmarne.fr\/neuilly-mobile\/"]}]},{"@type":"ImageObject","inLanguage":"zh-Hans","@id":"https:\/\/www.neuillysurmarne.fr\/neuilly-mobile\/#primaryimage","url":"https:\/\/www.neuillysurmarne.fr\/wp-content\/uploads\/2024\/02\/Nouvelles-navettes-seniors-05.2021-19-scaled.jpg","contentUrl":"https:\/\/www.neuillysurmarne.fr\/wp-content\/uploads\/2024\/02\/Nouvelles-navettes-seniors-05.2021-19-scaled.jpg","width":2560,"height":1707},{"@type":"BreadcrumbList","@id":"https:\/\/www.neuillysurmarne.fr\/neuilly-mobile\/#breadcrumb","itemListElement":[{"@type":"ListItem","position":1,"name":"Accueil","item":"https:\/\/www.neuillysurmarne.fr\/"},{"@type":"ListItem","position":2,"name":"Neuilly Mobile"}]},{"@type":"WebSite","@id":"https:\/\/www.neuillysurmarne.fr\/es\/#website","url":"https:\/\/www.neuillysurmarne.fr\/es\/","name":"\u9a6c\u6069\u6cb3\u7554\u8bb7\u4f0a\u5e02\u653f\u5385","description":"BETA","publisher":{"@id":"https:\/\/www.neuillysurmarne.fr\/es\/#organization"},"potentialAction":[{"@type":"SearchAction","target":{"@type":"EntryPoint","urlTemplate":"https:\/\/www.neuillysurmarne.fr\/es\/?s={search_term_string}"},"query-input":{"@type":"PropertyValueSpecification","valueRequired":true,"valueName":"search_term_string"}}],"inLanguage":"zh-Hans"},{"@type":"Organization","@id":"https:\/\/www.neuillysurmarne.fr\/es\/#organization","name":"\u9a6c\u6069\u6cb3\u7554\u8bb7\u4f0a\u5e02\u653f\u5385","url":"https:\/\/www.neuillysurmarne.fr\/es\/","logo":{"@type":"ImageObject","inLanguage":"zh-Hans","@id":"https:\/\/www.neuillysurmarne.fr\/es\/#\/schema\/logo\/image\/","url":"https:\/\/www.neuillysurmarne.fr\/wp-content\/uploads\/2023\/10\/LOGO-NeuillysurMarne-blanc.png","contentUrl":"https:\/\/www.neuillysurmarne.fr\/wp-content\/uploads\/2023\/10\/LOGO-NeuillysurMarne-blanc.png","width":3308,"height":2586,"caption":"Mairie de Neuilly-sur-Marne"},"image":{"@id":"https:\/\/www.neuillysurmarne.fr\/es\/#\/schema\/logo\/image\/"},"sameAs":["https:\/\/www.facebook.com\/ville.neuilly","https:\/\/www.instagram.com\/neuilly_marne\/","https:\/\/www.linkedin.com\/company\/ville-de-neuilly-sur-marne\/","https:\/\/www.youtube.com\/channel\/UCDdZ0TLrV8rfIqjBGvoeB5A","https:\/\/www.tiktok.com\/@villedeneuillysurmarne"]}]}},"_links":{"self":[{"href":"https:\/\/www.neuillysurmarne.fr\/zh\/wp-json\/wp\/v2\/pages\/492","targetHints":{"allow":["GET"]}}],"collection":[{"href":"https:\/\/www.neuillysurmarne.fr\/zh\/wp-json\/wp\/v2\/pages"}],"about":[{"href":"https:\/\/www.neuillysurmarne.fr\/zh\/wp-json\/wp\/v2\/types\/page"}],"author":[{"embeddable":true,"href":"https:\/\/www.neuillysurmarne.fr\/zh\/wp-json\/wp\/v2\/users\/1"}],"replies":[{"embeddable":true,"href":"https:\/\/www.neuillysurmarne.fr\/zh\/wp-json\/wp\/v2\/comments?post=492"}],"version-history":[{"count":39,"href":"https:\/\/www.neuillysurmarne.fr\/zh\/wp-json\/wp\/v2\/pages\/492\/revisions"}],"predecessor-version":[{"id":10694,"href":"https:\/\/www.neuillysurmarne.fr\/zh\/wp-json\/wp\/v2\/pages\/492\/revisions\/10694"}],"wp:featuredmedia":[{"embeddable":true,"href":"https:\/\/www.neuillysurmarne.fr\/zh\/wp-json\/wp\/v2\/media\/4683"}],"wp:attachment":[{"href":"https:\/\/www.neuillysurmarne.fr\/zh\/wp-json\/wp\/v2\/media?parent=492"}],"curies":[{"name":"wp","href":"https:\/\/api.w.org\/{rel}","templated":true}]}}