{"id":545,"date":"2023-11-13T12:21:51","date_gmt":"2023-11-13T11:21:51","guid":{"rendered":"https:\/\/www.neuillysurmarne.fr\/?page_id=545"},"modified":"2025-05-12T17:49:23","modified_gmt":"2025-05-12T15:49:23","slug":"sejours-de-vacances","status":"publish","type":"page","link":"https:\/\/www.neuillysurmarne.fr\/zh\/sejours-de-vacances\/","title":{"rendered":"\u5047\u65e5\u4f11\u606f"},"content":{"rendered":"<div data-elementor-type=\"wp-page\" data-elementor-id=\"545\" class=\"elementor elementor-545\" data-elementor-post-type=\"page\">\n\t\t\t\t<div class=\"elementor-element elementor-element-4315111b e-flex e-con-boxed e-con e-parent\" data-id=\"4315111b\" data-element_type=\"container\" data-e-type=\"container\">\n\t\t\t\t\t<div class=\"e-con-inner\">\n\t\t\t\t<div class=\"elementor-element elementor-element-e98f8fa elementor-widget elementor-widget-image\" data-id=\"e98f8fa\" data-element_type=\"widget\" data-e-type=\"widget\" data-widget_type=\"image.default\">\n\t\t\t\t<div class=\"elementor-widget-container\">\n\t\t\t\t\t\t\t\t\t\t\t\t\t\t\t<img fetchpriority=\"high\" decoding=\"async\" width=\"800\" height=\"320\" src=\"https:\/\/www.neuillysurmarne.fr\/wp-content\/uploads\/2025\/05\/Image-site-A-la-Une-17-1024x410.png\" class=\"attachment-large size-large wp-image-15079\" alt=\"\" srcset=\"https:\/\/www.neuillysurmarne.fr\/wp-content\/uploads\/2025\/05\/Image-site-A-la-Une-17-1024x410.png 1024w, https:\/\/www.neuillysurmarne.fr\/wp-content\/uploads\/2025\/05\/Image-site-A-la-Une-17-300x120.png 300w, https:\/\/www.neuillysurmarne.fr\/wp-content\/uploads\/2025\/05\/Image-site-A-la-Une-17-768x307.png 768w, https:\/\/www.neuillysurmarne.fr\/wp-content\/uploads\/2025\/05\/Image-site-A-la-Une-17-18x7.png 18w, https:\/\/www.neuillysurmarne.fr\/wp-content\/uploads\/2025\/05\/Image-site-A-la-Une-17.png 1200w\" sizes=\"(max-width: 800px) 100vw, 800px\" \/>\t\t\t\t\t\t\t\t\t\t\t\t\t\t\t<\/div>\n\t\t\t\t<\/div>\n\t\t\t\t<div class=\"elementor-element elementor-element-f185b25 elementor-widget elementor-widget-text-editor\" data-id=\"f185b25\" data-element_type=\"widget\" data-e-type=\"widget\" data-widget_type=\"text-editor.default\">\n\t\t\t\t<div class=\"elementor-widget-container\">\n\t\t\t\t\t\t\t\t\t<h3><strong>S\u00e9jour estivaux 2025<\/strong><\/h3><p>Chaque ann\u00e9e, la Ville organise durant la p\u00e9riode estivale des s\u00e9jours de loisirs aux quatre coins de la France \u00e0 destination des jeunes Noc\u00e9ens. Propos\u00e9s en partenariat avec divers organisateurs poss\u00e9dant tous les agr\u00e9ments n\u00e9cessaires, ces s\u00e9jours permettent \u00e0 vos enfants de profiter de vacances au grand air.<\/p><p><img decoding=\"async\" class=\"emoji\" role=\"img\" draggable=\"false\" src=\"https:\/\/s.w.org\/images\/core\/emoji\/15.1.0\/svg\/1f4de.svg\" alt=\"\ud83d\udcde\" \/> 01 41 54 80 00<br \/><img decoding=\"async\" class=\"emoji\" role=\"img\" draggable=\"false\" src=\"https:\/\/s.w.org\/images\/core\/emoji\/15.1.0\/svg\/1f4cd.svg\" alt=\"\ud83d\udccd\" \/> Paul et Camille Thomoux \u8def 20 \u53f7<\/p><p><img decoding=\"async\" class=\"emoji\" role=\"img\" draggable=\"false\" src=\"https:\/\/s.w.org\/images\/core\/emoji\/15.1.0\/svg\/27a1.svg\" alt=\"\u27a1\ufe0f\" \/> <a href=\"https:\/\/www.neuillysurmarne.fr\/wp-content\/uploads\/2025\/05\/BROCHURE-COLOS.pdf\"><strong>Cliquez ici pour consulter la brochure<\/strong><\/a><\/p><ul><li>Du 13 au 24 juillet : \u00c0 la d\u00e9couverte de l&rsquo;Ard\u00e8che pour les 11-16 ans (14 places)<\/li><li>Du 14 au 19 juillet : For\u00eat et animaux pour les 4-8 ans (20 places)<\/li><li>Du 17 au 30 juillet : Montagne et activit\u00e9s plein air pour les 6-12 ans (10 places)<\/li><li>Du 17 au 30 juillet : Mer et sports pour les 9-14 ans (10 places)<\/li><li>Du 1er au 14 ao\u00fbt : Mer et sports pour les 9-14 ans (10 places)<\/li><li>Du 3 au 14 ao\u00fbt : Vive la Bretagne pour les 6-12 ans (20 places)<\/li><li>Du 10 au 21 ao\u00fbt : \u00c0 la d\u00e9couverte de l&rsquo;Ard\u00e8che pour les 11-16 ans (14 places)<\/li><li>Du 11 au 16 ao\u00fbt : For\u00eat et animaux pour les 4-8 ans (20 places)<\/li><li>Du 14 au 27 ao\u00fbt : Montagne et activit\u00e9s plein air pour les 6-12 ans (10 places)<\/li><li>Du 18 au 29 ao\u00fbt : Activit\u00e9s de plage et d\u00e9couverte du littoral pour les 6-12 ans (20 places)<\/li><\/ul><div>\u00a0<\/div>\t\t\t\t\t\t\t\t<\/div>\n\t\t\t\t<\/div>\n\t\t\t\t\t<\/div>\n\t\t\t\t<\/div>\n\t\t<div class=\"elementor-element elementor-element-1da281d e-flex e-con-boxed e-con e-parent\" data-id=\"1da281d\" data-element_type=\"container\" data-e-type=\"container\">\n\t\t\t\t\t<div class=\"e-con-inner\">\n\t\t\t\t<div class=\"elementor-element elementor-element-6df0a35 elementor-widget elementor-widget-text-editor\" data-id=\"6df0a35\" data-element_type=\"widget\" data-e-type=\"widget\" data-widget_type=\"text-editor.default\">\n\t\t\t\t<div class=\"elementor-widget-container\">\n\t\t\t\t\t\t\t\t\t<h3><strong>Conditions d\u2019inscription<\/strong><\/h3><p>Les enfants ne pourront \u00eatre inscrits qu\u2019\u00e0 <strong>un seul des s\u00e9jours propos\u00e9s<\/strong>. Les inscriptions ne peuvent \u00eatre effectu\u00e9es que par les responsables l\u00e9gaux de l\u2019enfant, qui devront \u00eatre \u00e0 jour de l\u2019ensemble de leurs factures de prestations p\u00e9riscolaires.<\/p><p>Toute inscription est r\u00e9put\u00e9e ferme et l\u2019annulation du s\u00e9jour n\u2019ouvre pas droit \u00e0 un remboursement.<\/p><p>L\u2019ensemble du s\u00e9jour devra \u00eatre r\u00e9gl\u00e9 avant le d\u00e9part de l\u2019enfant.<\/p><p>Pour les allocataires des Bons Vacances, merci de vous munir de votre attestation VACAF.<\/p><p>Nous rappelons \u00e9galement que la Ville se r\u00e9serve un droit de regard sur les inscriptions en fonction d\u2019\u00e9ventuels rapports disciplinaires lors de s\u00e9jours ant\u00e9rieurs. Il est \u00e0 ce titre pr\u00e9cis\u00e9 que tous les frais de rapatriement disciplinaire durant le s\u00e9jour seront int\u00e9gralement refactur\u00e9s aux parents de l\u2019enfant.<\/p><h3><strong>Constitution du dossier<\/strong><\/h3><p>Afin de permettre la constitution de votre dossier, vous devrez vous munir des documents suivants et les d\u00e9poser \u00e0 la Maison des Services Publics, 20 rue Paul et Camille Thomoux :<\/p><ul><li>Photocopies des pages de vaccination du carnet de sant\u00e9 de l\u2019enfant<\/li><li>Num\u00e9ro de s\u00e9curit\u00e9 sociale de l\u2019enfant<\/li><li>Test anti-panique pour les s\u00e9jours comportant des activit\u00e9s aquatiques<\/li><li>Quotient CAF si celui-ci n\u2019a pas \u00e9t\u00e9 donn\u00e9 pr\u00e9c\u00e9demment<\/li><li>Attestation CMU pour les b\u00e9n\u00e9ficiaires<\/li><\/ul>\t\t\t\t\t\t\t\t<\/div>\n\t\t\t\t<\/div>\n\t\t\t\t\t<\/div>\n\t\t\t\t<\/div>\n\t\t\t\t<\/div>","protected":false},"excerpt":{"rendered":"<p>S\u00e9jour estivaux 2025 Chaque ann\u00e9e, la Ville organise durant la p\u00e9riode estivale des s\u00e9jours de loisirs aux quatre coins de la France \u00e0 destination des jeunes Noc\u00e9ens. Propos\u00e9s en partenariat avec divers organisateurs poss\u00e9dant tous les agr\u00e9ments n\u00e9cessaires, ces s\u00e9jours permettent \u00e0 vos enfants de profiter de vacances au grand air. 01 41 54 80 [&hellip;]<\/p>\n","protected":false},"author":1,"featured_media":6901,"parent":0,"menu_order":0,"comment_status":"closed","ping_status":"closed","template":"","meta":{"_acf_changed":false,"footnotes":""},"class_list":["post-545","page","type-page","status-publish","has-post-thumbnail","hentry"],"acf":[],"yoast_head":"<!-- This site is optimized with the Yoast SEO plugin v27.4 - https:\/\/yoast.com\/product\/yoast-seo-wordpress\/ -->\n<title>S\u00e9jours de vacances - Mairie de Neuilly-sur-Marne<\/title>\n<meta name=\"robots\" content=\"index, follow, max-snippet:-1, max-image-preview:large, max-video-preview:-1\" \/>\n<link rel=\"canonical\" href=\"https:\/\/www.neuillysurmarne.fr\/zh\/sejours-de-vacances\/\" \/>\n<meta property=\"og:locale\" content=\"zh_CN\" \/>\n<meta property=\"og:type\" content=\"article\" \/>\n<meta property=\"og:title\" content=\"S\u00e9jours de vacances - Mairie de Neuilly-sur-Marne\" \/>\n<meta property=\"og:description\" content=\"S\u00e9jour estivaux 2025 Chaque ann\u00e9e, la Ville organise durant la p\u00e9riode estivale des s\u00e9jours de loisirs aux quatre coins de la France \u00e0 destination des jeunes Noc\u00e9ens. Propos\u00e9s en partenariat avec divers organisateurs poss\u00e9dant tous les agr\u00e9ments n\u00e9cessaires, ces s\u00e9jours permettent \u00e0 vos enfants de profiter de vacances au grand air. 01 41 54 80 [&hellip;]\" \/>\n<meta property=\"og:url\" content=\"https:\/\/www.neuillysurmarne.fr\/zh\/sejours-de-vacances\/\" \/>\n<meta property=\"og:site_name\" content=\"Mairie de Neuilly-sur-Marne\" \/>\n<meta property=\"article:publisher\" content=\"https:\/\/www.facebook.com\/ville.neuilly\" \/>\n<meta property=\"article:modified_time\" content=\"2025-05-12T15:49:23+00:00\" \/>\n<meta property=\"og:image\" content=\"https:\/\/www.neuillysurmarne.fr\/wp-content\/uploads\/2024\/05\/AdobeStock_293799298-scaled.jpeg\" \/>\n\t<meta property=\"og:image:width\" content=\"2560\" \/>\n\t<meta property=\"og:image:height\" content=\"794\" \/>\n\t<meta property=\"og:image:type\" content=\"image\/jpeg\" \/>\n<meta name=\"twitter:card\" content=\"summary_large_image\" \/>\n<meta name=\"twitter:label1\" content=\"\u9884\u8ba1\u9605\u8bfb\u65f6\u95f4\" \/>\n\t<meta name=\"twitter:data1\" content=\"3 \u5206\" \/>\n<script type=\"application\/ld+json\" class=\"yoast-schema-graph\">{\"@context\":\"https:\\\/\\\/schema.org\",\"@graph\":[{\"@type\":\"WebPage\",\"@id\":\"https:\\\/\\\/www.neuillysurmarne.fr\\\/sejours-de-vacances\\\/\",\"url\":\"https:\\\/\\\/www.neuillysurmarne.fr\\\/sejours-de-vacances\\\/\",\"name\":\"S\u00e9jours de vacances - Mairie de Neuilly-sur-Marne\",\"isPartOf\":{\"@id\":\"https:\\\/\\\/www.neuillysurmarne.fr\\\/es\\\/#website\"},\"primaryImageOfPage\":{\"@id\":\"https:\\\/\\\/www.neuillysurmarne.fr\\\/sejours-de-vacances\\\/#primaryimage\"},\"image\":{\"@id\":\"https:\\\/\\\/www.neuillysurmarne.fr\\\/sejours-de-vacances\\\/#primaryimage\"},\"thumbnailUrl\":\"https:\\\/\\\/www.neuillysurmarne.fr\\\/wp-content\\\/uploads\\\/2024\\\/05\\\/AdobeStock_293799298-scaled.jpeg\",\"datePublished\":\"2023-11-13T11:21:51+00:00\",\"dateModified\":\"2025-05-12T15:49:23+00:00\",\"breadcrumb\":{\"@id\":\"https:\\\/\\\/www.neuillysurmarne.fr\\\/sejours-de-vacances\\\/#breadcrumb\"},\"inLanguage\":\"zh-Hans\",\"potentialAction\":[{\"@type\":\"ReadAction\",\"target\":[\"https:\\\/\\\/www.neuillysurmarne.fr\\\/sejours-de-vacances\\\/\"]}]},{\"@type\":\"ImageObject\",\"inLanguage\":\"zh-Hans\",\"@id\":\"https:\\\/\\\/www.neuillysurmarne.fr\\\/sejours-de-vacances\\\/#primaryimage\",\"url\":\"https:\\\/\\\/www.neuillysurmarne.fr\\\/wp-content\\\/uploads\\\/2024\\\/05\\\/AdobeStock_293799298-scaled.jpeg\",\"contentUrl\":\"https:\\\/\\\/www.neuillysurmarne.fr\\\/wp-content\\\/uploads\\\/2024\\\/05\\\/AdobeStock_293799298-scaled.jpeg\",\"width\":2560,\"height\":794,\"caption\":\"panoramic shot of positive multicultural kids looking up in adventure park outside\"},{\"@type\":\"BreadcrumbList\",\"@id\":\"https:\\\/\\\/www.neuillysurmarne.fr\\\/sejours-de-vacances\\\/#breadcrumb\",\"itemListElement\":[{\"@type\":\"ListItem\",\"position\":1,\"name\":\"Accueil\",\"item\":\"https:\\\/\\\/www.neuillysurmarne.fr\\\/\"},{\"@type\":\"ListItem\",\"position\":2,\"name\":\"S\u00e9jours de vacances\"}]},{\"@type\":\"WebSite\",\"@id\":\"https:\\\/\\\/www.neuillysurmarne.fr\\\/es\\\/#website\",\"url\":\"https:\\\/\\\/www.neuillysurmarne.fr\\\/es\\\/\",\"name\":\"Mairie de Neuilly-sur-Marne\",\"description\":\"BETA\",\"publisher\":{\"@id\":\"https:\\\/\\\/www.neuillysurmarne.fr\\\/es\\\/#organization\"},\"potentialAction\":[{\"@type\":\"SearchAction\",\"target\":{\"@type\":\"EntryPoint\",\"urlTemplate\":\"https:\\\/\\\/www.neuillysurmarne.fr\\\/es\\\/?s={search_term_string}\"},\"query-input\":{\"@type\":\"PropertyValueSpecification\",\"valueRequired\":true,\"valueName\":\"search_term_string\"}}],\"inLanguage\":\"zh-Hans\"},{\"@type\":\"Organization\",\"@id\":\"https:\\\/\\\/www.neuillysurmarne.fr\\\/es\\\/#organization\",\"name\":\"Mairie de Neuilly-sur-Marne\",\"url\":\"https:\\\/\\\/www.neuillysurmarne.fr\\\/es\\\/\",\"logo\":{\"@type\":\"ImageObject\",\"inLanguage\":\"zh-Hans\",\"@id\":\"https:\\\/\\\/www.neuillysurmarne.fr\\\/es\\\/#\\\/schema\\\/logo\\\/image\\\/\",\"url\":\"https:\\\/\\\/www.neuillysurmarne.fr\\\/wp-content\\\/uploads\\\/2023\\\/10\\\/LOGO-NeuillysurMarne-blanc.png\",\"contentUrl\":\"https:\\\/\\\/www.neuillysurmarne.fr\\\/wp-content\\\/uploads\\\/2023\\\/10\\\/LOGO-NeuillysurMarne-blanc.png\",\"width\":3308,\"height\":2586,\"caption\":\"Mairie de Neuilly-sur-Marne\"},\"image\":{\"@id\":\"https:\\\/\\\/www.neuillysurmarne.fr\\\/es\\\/#\\\/schema\\\/logo\\\/image\\\/\"},\"sameAs\":[\"https:\\\/\\\/www.facebook.com\\\/ville.neuilly\",\"https:\\\/\\\/www.instagram.com\\\/neuilly_marne\\\/\",\"https:\\\/\\\/www.linkedin.com\\\/company\\\/ville-de-neuilly-sur-marne\\\/\",\"https:\\\/\\\/www.youtube.com\\\/channel\\\/UCDdZ0TLrV8rfIqjBGvoeB5A\",\"https:\\\/\\\/www.tiktok.com\\\/@villedeneuillysurmarne\"]}]}<\/script>\n<!-- \/ Yoast SEO plugin. -->","yoast_head_json":{"title":"S\u00e9jours de vacances - Mairie de Neuilly-sur-Marne","robots":{"index":"index","follow":"follow","max-snippet":"max-snippet:-1","max-image-preview":"max-image-preview:large","max-video-preview":"max-video-preview:-1"},"canonical":"https:\/\/www.neuillysurmarne.fr\/zh\/sejours-de-vacances\/","og_locale":"zh_CN","og_type":"article","og_title":"S\u00e9jours de vacances - Mairie de Neuilly-sur-Marne","og_description":"S\u00e9jour estivaux 2025 Chaque ann\u00e9e, la Ville organise durant la p\u00e9riode estivale des s\u00e9jours de loisirs aux quatre coins de la France \u00e0 destination des jeunes Noc\u00e9ens. Propos\u00e9s en partenariat avec divers organisateurs poss\u00e9dant tous les agr\u00e9ments n\u00e9cessaires, ces s\u00e9jours permettent \u00e0 vos enfants de profiter de vacances au grand air. 01 41 54 80 [&hellip;]","og_url":"https:\/\/www.neuillysurmarne.fr\/zh\/sejours-de-vacances\/","og_site_name":"Mairie de Neuilly-sur-Marne","article_publisher":"https:\/\/www.facebook.com\/ville.neuilly","article_modified_time":"2025-05-12T15:49:23+00:00","og_image":[{"width":2560,"height":794,"url":"https:\/\/www.neuillysurmarne.fr\/wp-content\/uploads\/2024\/05\/AdobeStock_293799298-scaled.jpeg","type":"image\/jpeg"}],"twitter_card":"summary_large_image","twitter_misc":{"\u9884\u8ba1\u9605\u8bfb\u65f6\u95f4":"3 \u5206"},"schema":{"@context":"https:\/\/schema.org","@graph":[{"@type":"WebPage","@id":"https:\/\/www.neuillysurmarne.fr\/sejours-de-vacances\/","url":"https:\/\/www.neuillysurmarne.fr\/sejours-de-vacances\/","name":"S\u00e9jours de vacances - Mairie de Neuilly-sur-Marne","isPartOf":{"@id":"https:\/\/www.neuillysurmarne.fr\/es\/#website"},"primaryImageOfPage":{"@id":"https:\/\/www.neuillysurmarne.fr\/sejours-de-vacances\/#primaryimage"},"image":{"@id":"https:\/\/www.neuillysurmarne.fr\/sejours-de-vacances\/#primaryimage"},"thumbnailUrl":"https:\/\/www.neuillysurmarne.fr\/wp-content\/uploads\/2024\/05\/AdobeStock_293799298-scaled.jpeg","datePublished":"2023-11-13T11:21:51+00:00","dateModified":"2025-05-12T15:49:23+00:00","breadcrumb":{"@id":"https:\/\/www.neuillysurmarne.fr\/sejours-de-vacances\/#breadcrumb"},"inLanguage":"zh-Hans","potentialAction":[{"@type":"ReadAction","target":["https:\/\/www.neuillysurmarne.fr\/sejours-de-vacances\/"]}]},{"@type":"ImageObject","inLanguage":"zh-Hans","@id":"https:\/\/www.neuillysurmarne.fr\/sejours-de-vacances\/#primaryimage","url":"https:\/\/www.neuillysurmarne.fr\/wp-content\/uploads\/2024\/05\/AdobeStock_293799298-scaled.jpeg","contentUrl":"https:\/\/www.neuillysurmarne.fr\/wp-content\/uploads\/2024\/05\/AdobeStock_293799298-scaled.jpeg","width":2560,"height":794,"caption":"panoramic shot of positive multicultural kids looking up in adventure park outside"},{"@type":"BreadcrumbList","@id":"https:\/\/www.neuillysurmarne.fr\/sejours-de-vacances\/#breadcrumb","itemListElement":[{"@type":"ListItem","position":1,"name":"Accueil","item":"https:\/\/www.neuillysurmarne.fr\/"},{"@type":"ListItem","position":2,"name":"S\u00e9jours de vacances"}]},{"@type":"WebSite","@id":"https:\/\/www.neuillysurmarne.fr\/es\/#website","url":"https:\/\/www.neuillysurmarne.fr\/es\/","name":"\u9a6c\u6069\u6cb3\u7554\u8bb7\u4f0a\u5e02\u653f\u5385","description":"BETA","publisher":{"@id":"https:\/\/www.neuillysurmarne.fr\/es\/#organization"},"potentialAction":[{"@type":"SearchAction","target":{"@type":"EntryPoint","urlTemplate":"https:\/\/www.neuillysurmarne.fr\/es\/?s={search_term_string}"},"query-input":{"@type":"PropertyValueSpecification","valueRequired":true,"valueName":"search_term_string"}}],"inLanguage":"zh-Hans"},{"@type":"Organization","@id":"https:\/\/www.neuillysurmarne.fr\/es\/#organization","name":"\u9a6c\u6069\u6cb3\u7554\u8bb7\u4f0a\u5e02\u653f\u5385","url":"https:\/\/www.neuillysurmarne.fr\/es\/","logo":{"@type":"ImageObject","inLanguage":"zh-Hans","@id":"https:\/\/www.neuillysurmarne.fr\/es\/#\/schema\/logo\/image\/","url":"https:\/\/www.neuillysurmarne.fr\/wp-content\/uploads\/2023\/10\/LOGO-NeuillysurMarne-blanc.png","contentUrl":"https:\/\/www.neuillysurmarne.fr\/wp-content\/uploads\/2023\/10\/LOGO-NeuillysurMarne-blanc.png","width":3308,"height":2586,"caption":"Mairie de Neuilly-sur-Marne"},"image":{"@id":"https:\/\/www.neuillysurmarne.fr\/es\/#\/schema\/logo\/image\/"},"sameAs":["https:\/\/www.facebook.com\/ville.neuilly","https:\/\/www.instagram.com\/neuilly_marne\/","https:\/\/www.linkedin.com\/company\/ville-de-neuilly-sur-marne\/","https:\/\/www.youtube.com\/channel\/UCDdZ0TLrV8rfIqjBGvoeB5A","https:\/\/www.tiktok.com\/@villedeneuillysurmarne"]}]}},"_links":{"self":[{"href":"https:\/\/www.neuillysurmarne.fr\/zh\/wp-json\/wp\/v2\/pages\/545","targetHints":{"allow":["GET"]}}],"collection":[{"href":"https:\/\/www.neuillysurmarne.fr\/zh\/wp-json\/wp\/v2\/pages"}],"about":[{"href":"https:\/\/www.neuillysurmarne.fr\/zh\/wp-json\/wp\/v2\/types\/page"}],"author":[{"embeddable":true,"href":"https:\/\/www.neuillysurmarne.fr\/zh\/wp-json\/wp\/v2\/users\/1"}],"replies":[{"embeddable":true,"href":"https:\/\/www.neuillysurmarne.fr\/zh\/wp-json\/wp\/v2\/comments?post=545"}],"version-history":[{"count":27,"href":"https:\/\/www.neuillysurmarne.fr\/zh\/wp-json\/wp\/v2\/pages\/545\/revisions"}],"predecessor-version":[{"id":15168,"href":"https:\/\/www.neuillysurmarne.fr\/zh\/wp-json\/wp\/v2\/pages\/545\/revisions\/15168"}],"wp:featuredmedia":[{"embeddable":true,"href":"https:\/\/www.neuillysurmarne.fr\/zh\/wp-json\/wp\/v2\/media\/6901"}],"wp:attachment":[{"href":"https:\/\/www.neuillysurmarne.fr\/zh\/wp-json\/wp\/v2\/media?parent=545"}],"curies":[{"name":"wp","href":"https:\/\/api.w.org\/{rel}","templated":true}]}}