{"id":602,"date":"2023-11-13T12:39:31","date_gmt":"2023-11-13T11:39:31","guid":{"rendered":"https:\/\/www.neuillysurmarne.fr\/?page_id=602"},"modified":"2024-06-26T18:08:06","modified_gmt":"2024-06-26T16:08:06","slug":"ville-aidante-alzheimer","status":"publish","type":"page","link":"https:\/\/www.neuillysurmarne.fr\/zh\/ville-aidante-alzheimer\/","title":{"rendered":"\u7ef4\u5c14-\u827e\u4e39\u7279-\u963f\u5c14\u8328\u6d77\u9ed8\u6c0f\u75c7"},"content":{"rendered":"<div data-elementor-type=\"wp-page\" data-elementor-id=\"602\" class=\"elementor elementor-602\" data-elementor-post-type=\"page\">\n\t\t\t\t<div class=\"elementor-element elementor-element-16129004 e-flex e-con-boxed e-con e-parent\" data-id=\"16129004\" data-element_type=\"container\" data-e-type=\"container\">\n\t\t\t\t\t<div class=\"e-con-inner\">\n\t\t<div class=\"elementor-element elementor-element-7856c74 e-flex e-con-boxed e-con e-child\" data-id=\"7856c74\" data-element_type=\"container\" data-e-type=\"container\">\n\t\t\t\t\t<div class=\"e-con-inner\">\n\t\t\t\t<div class=\"elementor-element elementor-element-f31cbde elementor-widget elementor-widget-image\" data-id=\"f31cbde\" data-element_type=\"widget\" data-e-type=\"widget\" data-widget_type=\"image.default\">\n\t\t\t\t<div class=\"elementor-widget-container\">\n\t\t\t\t\t\t\t\t\t\t\t\t\t\t\t<img fetchpriority=\"high\" decoding=\"async\" width=\"800\" height=\"309\" src=\"https:\/\/www.neuillysurmarne.fr\/wp-content\/uploads\/2024\/05\/Ville-aidante-Alzheimer.png\" class=\"attachment-large size-large wp-image-6995\" alt=\"\" srcset=\"https:\/\/www.neuillysurmarne.fr\/wp-content\/uploads\/2024\/05\/Ville-aidante-Alzheimer.png 900w, https:\/\/www.neuillysurmarne.fr\/wp-content\/uploads\/2024\/05\/Ville-aidante-Alzheimer-300x116.png 300w, https:\/\/www.neuillysurmarne.fr\/wp-content\/uploads\/2024\/05\/Ville-aidante-Alzheimer-768x297.png 768w\" sizes=\"(max-width: 800px) 100vw, 800px\" \/>\t\t\t\t\t\t\t\t\t\t\t\t\t\t\t<\/div>\n\t\t\t\t<\/div>\n\t\t\t\t\t<\/div>\n\t\t\t\t<\/div>\n\t\t<div class=\"elementor-element elementor-element-886f06c e-grid e-con-boxed e-con e-child\" data-id=\"886f06c\" data-element_type=\"container\" data-e-type=\"container\">\n\t\t\t\t\t<div class=\"e-con-inner\">\n\t\t\t\t<div class=\"elementor-element elementor-element-606a8ae elementor-widget elementor-widget-text-editor\" data-id=\"606a8ae\" data-element_type=\"widget\" data-e-type=\"widget\" data-widget_type=\"text-editor.default\">\n\t\t\t\t<div class=\"elementor-widget-container\">\n\t\t\t\t\t\t\t\t\t<h3><strong>\u963f\u5c14\u8328\u6d77\u9ed8\u75c5\u662f\u516c\u5171\u751f\u6d3b\u7684\u6838\u5fc3<\/strong><\/h3><p>\u5230 2021 \u5e74\u5e95\uff0c\u9a6c\u6069\u6cb3\u7554\u8bb7\u4f0a\u5c06\u6210\u4e3a\u00a0<strong>\u585e\u7eb3-\u5723\u4f46\u5c3c\u7701\u9996\u4e2a \"\u963f\u5c14\u8328\u6d77\u9ed8\u6c0f\u75c7\u6551\u52a9\u9547\"<\/strong>.\u8be5\u9547\u901a\u8fc7\u4e0e\u8be5\u534f\u4f1a\u5efa\u7acb\u5408\u4f5c\u4f19\u4f34\u5173\u7cfb\u8868\u660e\u4e86\u81ea\u5df1\u7684\u51b3\u5fc3\u00a0<a href=\"https:\/\/www.francealzheimer.org\/notre-vision\/batir-ensemble-societe-inclusive\/dynamique-ville-aidante-alzheimer\/\"><strong>\u6cd5\u56fd\u963f\u5c14\u8328\u6d77\u9ed8\u6c0f\u75c7<\/strong><\/a>.<\/p><p>\u8fd9\u5305\u62ec\u7b7e\u7f72 \"Ville Aidante Alzheimer \"\u5baa\u7ae0\uff0c\u4ee5\u53ca\u00a0<strong>\u9f13\u52b1\u516c\u4f17\u66f4\u591a\u5730\u5173\u6ce8\u8be5\u75be\u75c5\u6216\u76f8\u5173\u75be\u75c5\u7684\u60a3\u8005<\/strong>.\u7684\u786e\uff0c\u751f\u75c5\u7684\u4eba\u6709\u65f6\u4f1a\u653e\u5f03\u51fa\u95e8\uff0c\u653e\u5f03\u53bb\u4f11\u95f2\u4ff1\u4e50\u90e8\uff0c\u751a\u81f3\u653e\u5f03\u8d2d\u7269\uff0c\u56e0\u4e3a\u4ed6\u4eec\u5728\u8fd9\u4e2a\u793e\u4f1a\u4e2d\u627e\u4e0d\u5230\u81ea\u5df1\u7684\u4f4d\u7f6e\uff0c\u800c\u8fd9\u4e2a\u793e\u4f1a\u4ecd\u7136\u4e0d\u7406\u89e3\u4ed6\u4eec\u3002<\/p>\t\t\t\t\t\t\t\t<\/div>\n\t\t\t\t<\/div>\n\t\t\t\t<div class=\"elementor-element elementor-element-c9e1f81 elementor-widget elementor-widget-image\" data-id=\"c9e1f81\" data-element_type=\"widget\" data-e-type=\"widget\" data-widget_type=\"image.default\">\n\t\t\t\t<div class=\"elementor-widget-container\">\n\t\t\t\t\t\t\t\t\t\t\t\t\t\t\t<img decoding=\"async\" width=\"800\" height=\"534\" src=\"https:\/\/www.neuillysurmarne.fr\/wp-content\/uploads\/2024\/05\/AdobeStock_622013806-1024x683.jpeg\" class=\"attachment-large size-large wp-image-7208\" alt=\"\" srcset=\"https:\/\/www.neuillysurmarne.fr\/wp-content\/uploads\/2024\/05\/AdobeStock_622013806-1024x683.jpeg 1024w, https:\/\/www.neuillysurmarne.fr\/wp-content\/uploads\/2024\/05\/AdobeStock_622013806-300x200.jpeg 300w, https:\/\/www.neuillysurmarne.fr\/wp-content\/uploads\/2024\/05\/AdobeStock_622013806-768x512.jpeg 768w, https:\/\/www.neuillysurmarne.fr\/wp-content\/uploads\/2024\/05\/AdobeStock_622013806-1536x1024.jpeg 1536w, https:\/\/www.neuillysurmarne.fr\/wp-content\/uploads\/2024\/05\/AdobeStock_622013806-2048x1365.jpeg 2048w\" sizes=\"(max-width: 800px) 100vw, 800px\" \/>\t\t\t\t\t\t\t\t\t\t\t\t\t\t\t<\/div>\n\t\t\t\t<\/div>\n\t\t\t\t\t<\/div>\n\t\t\t\t<\/div>\n\t\t\t\t<div class=\"elementor-element elementor-element-16ad9223 elementor-widget elementor-widget-text-editor\" data-id=\"16ad9223\" data-element_type=\"widget\" data-e-type=\"widget\" data-widget_type=\"text-editor.default\">\n\t\t\t\t<div class=\"elementor-widget-container\">\n\t\t\t\t\t\t\t\t\t<h3><strong>\u514d\u8d39\u57f9\u8bad\u8bfe\u7a0b\u548c\u8bb0\u5fc6\u5496\u5561\u9986<\/strong><\/h3><p>\u901a\u8fc7\u8fd9\u79cd\u5408\u4f5c\u5173\u7cfb\uff0c\u8be5\u9547\u548c\u793e\u533a\u793e\u4f1a\u884c\u52a8\u4e2d\u5fc3\uff08CCAS\uff09\u65e8\u5728\u4e3a\u83b7\u53d6\u4fe1\u606f\u63d0\u4f9b\u4fbf\u5229\uff0c\u5e76\u901a\u8fc7\u534f\u4f1a\u63d0\u51fa\u7684\u5021\u8bae\u5e2e\u52a9\u5bb6\u5ead\u66f4\u597d\u5730\u4e86\u89e3\u75be\u75c5\u7684\u540e\u679c\u3002\u00a0 <strong>\u6307\u5bfc\u3001\u5305\u5bb9\u548c\u63d0\u9ad8\u8ba4\u8bc6<\/strong>\u00a0\u662f\u8fd9\u4e00\u4f19\u4f34\u5173\u7cfb\u7684\u4e09\u4e2a\u4e3b\u8981\u76ee\u6807\u3002<\/p><p>\u56e0\u6b64\uff0c\u6cd5\u56fd\u963f\u5c14\u8328\u6d77\u9ed8\u6c0f\u75c7\u534f\u4f1a\u4e3a\u8bfa\u585e\u4eba\u6c11\u63d0\u4f9b\u4e86\u4e00\u4e2a\u00a0<strong>\u514d\u8d39\u57f9\u8bad<\/strong>\u00a0\u4e3a\u5bb6\u5ead\u7167\u987e\u8005\u63d0\u4f9b 15 \u4e2a\u5c0f\u65f6\u3002\u8fd9\u662f\u5373\u5c06\u5b9e\u65bd\u7684\u4f17\u591a\u652f\u6301\u4e3e\u63aa\u4e2d\u7684\u7b2c\u4e00\u9879\u3002\u6b64\u5916\u00a0<strong>\u8bb0\u5fc6\u5496\u5561\u9986<\/strong>\u00a0\u5728\u6b64\u671f\u95f4\uff0c\u4e13\u5bb6\u4eec\u5c06\u5728\u73b0\u573a\u503e\u542c\u60a3\u8005\u7684\u5fc3\u58f0\uff0c\u4e3a\u4ed6\u4eec\u63d0\u4f9b\u4fe1\u606f\u548c\u5efa\u8bae\uff0c\u4ee5\u4fbf\u4ed6\u4eec\u80fd\u591f\u5c3d\u53ef\u80fd\u5e73\u9759\u5730\u5ea6\u8fc7\u75be\u75c5\u7684\u5404\u4e2a\u9636\u6bb5\u3002\u6b64\u5916\uff0c\u8fd8\u5c06\u7ec4\u7ec7\u5176\u4ed6\u6d3b\u52a8\uff0c\u5982\u8ba8\u8bba\u5c0f\u7ec4\u3001\u7535\u8bdd\u652f\u6301\u548c\u793e\u4ea4\u6d3b\u52a8\u3002\u901a\u8fc7\u8fd9\u79cd\u65b9\u5f0f\uff0c\u9a6c\u6069\u6cb3\u7554\u65b0\u4f0a\u81f4\u529b\u4e8e\u5e2e\u52a9\u60a3\u8005\u53ca\u5176\u62a4\u7406\u8005\u7ee7\u7eed\u4eab\u53d7\u751f\u6d3b\u548c\u57ce\u5e02\u3002<\/p>\t\t\t\t\t\t\t\t<\/div>\n\t\t\t\t<\/div>\n\t\t\t\t\t<\/div>\n\t\t\t\t<\/div>\n\t\t\t\t<\/div>","protected":false},"excerpt":{"rendered":"<p>Alzheimer au c\u0153ur de l&rsquo;espace public \u00c0 la fin de l\u2019ann\u00e9e 2021, Neuilly-sur-Marne est devenue\u00a0la premi\u00e8re \u00ab\u00a0Ville Aidante Alzheimer\u00a0\u00bb du d\u00e9partement de la Seine-Saint-Denis. La Ville a en effet marqu\u00e9 son engagement par la mise en place d\u2019un partenariat avec l\u2019association\u00a0France Alzheimer. Celui-ci consiste \u00e0 adh\u00e9rer \u00e0 la charte \u00ab\u00a0Ville Aidante Alzheimer\u00a0\u00bb et \u00e0\u00a0favoriser davantage [&hellip;]<\/p>\n","protected":false},"author":1,"featured_media":7210,"parent":0,"menu_order":0,"comment_status":"closed","ping_status":"closed","template":"","meta":{"_acf_changed":false,"footnotes":""},"class_list":["post-602","page","type-page","status-publish","has-post-thumbnail","hentry"],"acf":[],"yoast_head":"<!-- This site is optimized with the Yoast SEO plugin v27.4 - https:\/\/yoast.com\/product\/yoast-seo-wordpress\/ -->\n<title>Ville Aidante Alzheimer - Mairie de Neuilly-sur-Marne<\/title>\n<meta name=\"robots\" content=\"index, follow, max-snippet:-1, max-image-preview:large, max-video-preview:-1\" \/>\n<link rel=\"canonical\" href=\"https:\/\/www.neuillysurmarne.fr\/zh\/ville-aidante-alzheimer\/\" \/>\n<meta property=\"og:locale\" content=\"zh_CN\" \/>\n<meta property=\"og:type\" content=\"article\" \/>\n<meta property=\"og:title\" content=\"Ville Aidante Alzheimer - Mairie de Neuilly-sur-Marne\" \/>\n<meta property=\"og:description\" content=\"Alzheimer au c\u0153ur de l&rsquo;espace public \u00c0 la fin de l\u2019ann\u00e9e 2021, Neuilly-sur-Marne est devenue\u00a0la premi\u00e8re \u00ab\u00a0Ville Aidante Alzheimer\u00a0\u00bb du d\u00e9partement de la Seine-Saint-Denis. La Ville a en effet marqu\u00e9 son engagement par la mise en place d\u2019un partenariat avec l\u2019association\u00a0France Alzheimer. Celui-ci consiste \u00e0 adh\u00e9rer \u00e0 la charte \u00ab\u00a0Ville Aidante Alzheimer\u00a0\u00bb et \u00e0\u00a0favoriser davantage [&hellip;]\" \/>\n<meta property=\"og:url\" content=\"https:\/\/www.neuillysurmarne.fr\/zh\/ville-aidante-alzheimer\/\" \/>\n<meta property=\"og:site_name\" content=\"Mairie de Neuilly-sur-Marne\" \/>\n<meta property=\"article:publisher\" content=\"https:\/\/www.facebook.com\/ville.neuilly\" \/>\n<meta property=\"article:modified_time\" content=\"2024-06-26T16:08:06+00:00\" \/>\n<meta property=\"og:image\" content=\"https:\/\/www.neuillysurmarne.fr\/wp-content\/uploads\/2024\/05\/AdobeStock_670386562-scaled.jpeg\" \/>\n\t<meta property=\"og:image:width\" content=\"2560\" \/>\n\t<meta property=\"og:image:height\" content=\"1138\" \/>\n\t<meta property=\"og:image:type\" content=\"image\/jpeg\" \/>\n<meta name=\"twitter:card\" content=\"summary_large_image\" \/>\n<meta name=\"twitter:label1\" content=\"\u9884\u8ba1\u9605\u8bfb\u65f6\u95f4\" \/>\n\t<meta name=\"twitter:data1\" content=\"2 \u5206\" \/>\n<script type=\"application\/ld+json\" class=\"yoast-schema-graph\">{\"@context\":\"https:\\\/\\\/schema.org\",\"@graph\":[{\"@type\":\"WebPage\",\"@id\":\"https:\\\/\\\/www.neuillysurmarne.fr\\\/ville-aidante-alzheimer\\\/\",\"url\":\"https:\\\/\\\/www.neuillysurmarne.fr\\\/ville-aidante-alzheimer\\\/\",\"name\":\"Ville Aidante Alzheimer - Mairie de Neuilly-sur-Marne\",\"isPartOf\":{\"@id\":\"https:\\\/\\\/www.neuillysurmarne.fr\\\/es\\\/#website\"},\"primaryImageOfPage\":{\"@id\":\"https:\\\/\\\/www.neuillysurmarne.fr\\\/ville-aidante-alzheimer\\\/#primaryimage\"},\"image\":{\"@id\":\"https:\\\/\\\/www.neuillysurmarne.fr\\\/ville-aidante-alzheimer\\\/#primaryimage\"},\"thumbnailUrl\":\"https:\\\/\\\/www.neuillysurmarne.fr\\\/wp-content\\\/uploads\\\/2024\\\/05\\\/AdobeStock_670386562-scaled.jpeg\",\"datePublished\":\"2023-11-13T11:39:31+00:00\",\"dateModified\":\"2024-06-26T16:08:06+00:00\",\"breadcrumb\":{\"@id\":\"https:\\\/\\\/www.neuillysurmarne.fr\\\/ville-aidante-alzheimer\\\/#breadcrumb\"},\"inLanguage\":\"zh-Hans\",\"potentialAction\":[{\"@type\":\"ReadAction\",\"target\":[\"https:\\\/\\\/www.neuillysurmarne.fr\\\/ville-aidante-alzheimer\\\/\"]}]},{\"@type\":\"ImageObject\",\"inLanguage\":\"zh-Hans\",\"@id\":\"https:\\\/\\\/www.neuillysurmarne.fr\\\/ville-aidante-alzheimer\\\/#primaryimage\",\"url\":\"https:\\\/\\\/www.neuillysurmarne.fr\\\/wp-content\\\/uploads\\\/2024\\\/05\\\/AdobeStock_670386562-scaled.jpeg\",\"contentUrl\":\"https:\\\/\\\/www.neuillysurmarne.fr\\\/wp-content\\\/uploads\\\/2024\\\/05\\\/AdobeStock_670386562-scaled.jpeg\",\"width\":2560,\"height\":1138,\"caption\":\"Parkinson disease patient, Alzheimer elderly senior, Arthritis person's hand in support of nursing family caregiver care for disability awareness day, National care givers month, aging society concept\"},{\"@type\":\"BreadcrumbList\",\"@id\":\"https:\\\/\\\/www.neuillysurmarne.fr\\\/ville-aidante-alzheimer\\\/#breadcrumb\",\"itemListElement\":[{\"@type\":\"ListItem\",\"position\":1,\"name\":\"Accueil\",\"item\":\"https:\\\/\\\/www.neuillysurmarne.fr\\\/\"},{\"@type\":\"ListItem\",\"position\":2,\"name\":\"Ville Aidante Alzheimer\"}]},{\"@type\":\"WebSite\",\"@id\":\"https:\\\/\\\/www.neuillysurmarne.fr\\\/es\\\/#website\",\"url\":\"https:\\\/\\\/www.neuillysurmarne.fr\\\/es\\\/\",\"name\":\"Mairie de Neuilly-sur-Marne\",\"description\":\"BETA\",\"publisher\":{\"@id\":\"https:\\\/\\\/www.neuillysurmarne.fr\\\/es\\\/#organization\"},\"potentialAction\":[{\"@type\":\"SearchAction\",\"target\":{\"@type\":\"EntryPoint\",\"urlTemplate\":\"https:\\\/\\\/www.neuillysurmarne.fr\\\/es\\\/?s={search_term_string}\"},\"query-input\":{\"@type\":\"PropertyValueSpecification\",\"valueRequired\":true,\"valueName\":\"search_term_string\"}}],\"inLanguage\":\"zh-Hans\"},{\"@type\":\"Organization\",\"@id\":\"https:\\\/\\\/www.neuillysurmarne.fr\\\/es\\\/#organization\",\"name\":\"Mairie de Neuilly-sur-Marne\",\"url\":\"https:\\\/\\\/www.neuillysurmarne.fr\\\/es\\\/\",\"logo\":{\"@type\":\"ImageObject\",\"inLanguage\":\"zh-Hans\",\"@id\":\"https:\\\/\\\/www.neuillysurmarne.fr\\\/es\\\/#\\\/schema\\\/logo\\\/image\\\/\",\"url\":\"https:\\\/\\\/www.neuillysurmarne.fr\\\/wp-content\\\/uploads\\\/2023\\\/10\\\/LOGO-NeuillysurMarne-blanc.png\",\"contentUrl\":\"https:\\\/\\\/www.neuillysurmarne.fr\\\/wp-content\\\/uploads\\\/2023\\\/10\\\/LOGO-NeuillysurMarne-blanc.png\",\"width\":3308,\"height\":2586,\"caption\":\"Mairie de Neuilly-sur-Marne\"},\"image\":{\"@id\":\"https:\\\/\\\/www.neuillysurmarne.fr\\\/es\\\/#\\\/schema\\\/logo\\\/image\\\/\"},\"sameAs\":[\"https:\\\/\\\/www.facebook.com\\\/ville.neuilly\",\"https:\\\/\\\/www.instagram.com\\\/neuilly_marne\\\/\",\"https:\\\/\\\/www.linkedin.com\\\/company\\\/ville-de-neuilly-sur-marne\\\/\",\"https:\\\/\\\/www.youtube.com\\\/channel\\\/UCDdZ0TLrV8rfIqjBGvoeB5A\",\"https:\\\/\\\/www.tiktok.com\\\/@villedeneuillysurmarne\"]}]}<\/script>\n<!-- \/ Yoast SEO plugin. -->","yoast_head_json":{"title":"Ville Aidante Alzheimer - Mairie de Neuilly-sur-Marne","robots":{"index":"index","follow":"follow","max-snippet":"max-snippet:-1","max-image-preview":"max-image-preview:large","max-video-preview":"max-video-preview:-1"},"canonical":"https:\/\/www.neuillysurmarne.fr\/zh\/ville-aidante-alzheimer\/","og_locale":"zh_CN","og_type":"article","og_title":"Ville Aidante Alzheimer - Mairie de Neuilly-sur-Marne","og_description":"Alzheimer au c\u0153ur de l&rsquo;espace public \u00c0 la fin de l\u2019ann\u00e9e 2021, Neuilly-sur-Marne est devenue\u00a0la premi\u00e8re \u00ab\u00a0Ville Aidante Alzheimer\u00a0\u00bb du d\u00e9partement de la Seine-Saint-Denis. La Ville a en effet marqu\u00e9 son engagement par la mise en place d\u2019un partenariat avec l\u2019association\u00a0France Alzheimer. Celui-ci consiste \u00e0 adh\u00e9rer \u00e0 la charte \u00ab\u00a0Ville Aidante Alzheimer\u00a0\u00bb et \u00e0\u00a0favoriser davantage [&hellip;]","og_url":"https:\/\/www.neuillysurmarne.fr\/zh\/ville-aidante-alzheimer\/","og_site_name":"Mairie de Neuilly-sur-Marne","article_publisher":"https:\/\/www.facebook.com\/ville.neuilly","article_modified_time":"2024-06-26T16:08:06+00:00","og_image":[{"width":2560,"height":1138,"url":"https:\/\/www.neuillysurmarne.fr\/wp-content\/uploads\/2024\/05\/AdobeStock_670386562-scaled.jpeg","type":"image\/jpeg"}],"twitter_card":"summary_large_image","twitter_misc":{"\u9884\u8ba1\u9605\u8bfb\u65f6\u95f4":"2 \u5206"},"schema":{"@context":"https:\/\/schema.org","@graph":[{"@type":"WebPage","@id":"https:\/\/www.neuillysurmarne.fr\/ville-aidante-alzheimer\/","url":"https:\/\/www.neuillysurmarne.fr\/ville-aidante-alzheimer\/","name":"Ville Aidante Alzheimer - Mairie de Neuilly-sur-Marne","isPartOf":{"@id":"https:\/\/www.neuillysurmarne.fr\/es\/#website"},"primaryImageOfPage":{"@id":"https:\/\/www.neuillysurmarne.fr\/ville-aidante-alzheimer\/#primaryimage"},"image":{"@id":"https:\/\/www.neuillysurmarne.fr\/ville-aidante-alzheimer\/#primaryimage"},"thumbnailUrl":"https:\/\/www.neuillysurmarne.fr\/wp-content\/uploads\/2024\/05\/AdobeStock_670386562-scaled.jpeg","datePublished":"2023-11-13T11:39:31+00:00","dateModified":"2024-06-26T16:08:06+00:00","breadcrumb":{"@id":"https:\/\/www.neuillysurmarne.fr\/ville-aidante-alzheimer\/#breadcrumb"},"inLanguage":"zh-Hans","potentialAction":[{"@type":"ReadAction","target":["https:\/\/www.neuillysurmarne.fr\/ville-aidante-alzheimer\/"]}]},{"@type":"ImageObject","inLanguage":"zh-Hans","@id":"https:\/\/www.neuillysurmarne.fr\/ville-aidante-alzheimer\/#primaryimage","url":"https:\/\/www.neuillysurmarne.fr\/wp-content\/uploads\/2024\/05\/AdobeStock_670386562-scaled.jpeg","contentUrl":"https:\/\/www.neuillysurmarne.fr\/wp-content\/uploads\/2024\/05\/AdobeStock_670386562-scaled.jpeg","width":2560,"height":1138,"caption":"Parkinson disease patient, Alzheimer elderly senior, Arthritis person's hand in support of nursing family caregiver care for disability awareness day, National care givers month, aging society concept"},{"@type":"BreadcrumbList","@id":"https:\/\/www.neuillysurmarne.fr\/ville-aidante-alzheimer\/#breadcrumb","itemListElement":[{"@type":"ListItem","position":1,"name":"Accueil","item":"https:\/\/www.neuillysurmarne.fr\/"},{"@type":"ListItem","position":2,"name":"Ville Aidante Alzheimer"}]},{"@type":"WebSite","@id":"https:\/\/www.neuillysurmarne.fr\/es\/#website","url":"https:\/\/www.neuillysurmarne.fr\/es\/","name":"\u9a6c\u6069\u6cb3\u7554\u8bb7\u4f0a\u5e02\u653f\u5385","description":"BETA","publisher":{"@id":"https:\/\/www.neuillysurmarne.fr\/es\/#organization"},"potentialAction":[{"@type":"SearchAction","target":{"@type":"EntryPoint","urlTemplate":"https:\/\/www.neuillysurmarne.fr\/es\/?s={search_term_string}"},"query-input":{"@type":"PropertyValueSpecification","valueRequired":true,"valueName":"search_term_string"}}],"inLanguage":"zh-Hans"},{"@type":"Organization","@id":"https:\/\/www.neuillysurmarne.fr\/es\/#organization","name":"\u9a6c\u6069\u6cb3\u7554\u8bb7\u4f0a\u5e02\u653f\u5385","url":"https:\/\/www.neuillysurmarne.fr\/es\/","logo":{"@type":"ImageObject","inLanguage":"zh-Hans","@id":"https:\/\/www.neuillysurmarne.fr\/es\/#\/schema\/logo\/image\/","url":"https:\/\/www.neuillysurmarne.fr\/wp-content\/uploads\/2023\/10\/LOGO-NeuillysurMarne-blanc.png","contentUrl":"https:\/\/www.neuillysurmarne.fr\/wp-content\/uploads\/2023\/10\/LOGO-NeuillysurMarne-blanc.png","width":3308,"height":2586,"caption":"Mairie de Neuilly-sur-Marne"},"image":{"@id":"https:\/\/www.neuillysurmarne.fr\/es\/#\/schema\/logo\/image\/"},"sameAs":["https:\/\/www.facebook.com\/ville.neuilly","https:\/\/www.instagram.com\/neuilly_marne\/","https:\/\/www.linkedin.com\/company\/ville-de-neuilly-sur-marne\/","https:\/\/www.youtube.com\/channel\/UCDdZ0TLrV8rfIqjBGvoeB5A","https:\/\/www.tiktok.com\/@villedeneuillysurmarne"]}]}},"_links":{"self":[{"href":"https:\/\/www.neuillysurmarne.fr\/zh\/wp-json\/wp\/v2\/pages\/602","targetHints":{"allow":["GET"]}}],"collection":[{"href":"https:\/\/www.neuillysurmarne.fr\/zh\/wp-json\/wp\/v2\/pages"}],"about":[{"href":"https:\/\/www.neuillysurmarne.fr\/zh\/wp-json\/wp\/v2\/types\/page"}],"author":[{"embeddable":true,"href":"https:\/\/www.neuillysurmarne.fr\/zh\/wp-json\/wp\/v2\/users\/1"}],"replies":[{"embeddable":true,"href":"https:\/\/www.neuillysurmarne.fr\/zh\/wp-json\/wp\/v2\/comments?post=602"}],"version-history":[{"count":15,"href":"https:\/\/www.neuillysurmarne.fr\/zh\/wp-json\/wp\/v2\/pages\/602\/revisions"}],"predecessor-version":[{"id":10832,"href":"https:\/\/www.neuillysurmarne.fr\/zh\/wp-json\/wp\/v2\/pages\/602\/revisions\/10832"}],"wp:featuredmedia":[{"embeddable":true,"href":"https:\/\/www.neuillysurmarne.fr\/zh\/wp-json\/wp\/v2\/media\/7210"}],"wp:attachment":[{"href":"https:\/\/www.neuillysurmarne.fr\/zh\/wp-json\/wp\/v2\/media?parent=602"}],"curies":[{"name":"wp","href":"https:\/\/api.w.org\/{rel}","templated":true}]}}