{"id":7734,"date":"2024-05-31T12:08:56","date_gmt":"2024-05-31T10:08:56","guid":{"rendered":"https:\/\/www.neuillysurmarne.fr\/?page_id=7734"},"modified":"2024-05-31T12:13:19","modified_gmt":"2024-05-31T10:13:19","slug":"appel-a-candidatures-marche-de-la-saint-nicolas-2024","status":"publish","type":"page","link":"https:\/\/www.neuillysurmarne.fr\/zh\/appels-a-candidatures\/appel-a-candidatures-marche-de-la-saint-nicolas-2024\/","title":{"rendered":"\u5f81\u96c6\u4f5c\u54c1 - 2024 \u5e74\u5723\u5c3c\u53e4\u62c9\u65af\u5e02\u573a"},"content":{"rendered":"<div data-elementor-type=\"wp-page\" data-elementor-id=\"7734\" class=\"elementor elementor-7734\" data-elementor-post-type=\"page\">\n\t\t\t\t<div class=\"elementor-element elementor-element-2fa54dcc e-flex e-con-boxed e-con e-parent\" data-id=\"2fa54dcc\" data-element_type=\"container\" data-e-type=\"container\">\n\t\t\t\t\t<div class=\"e-con-inner\">\n\t\t\t\t<div class=\"elementor-element elementor-element-3d297cea elementor-widget elementor-widget-text-editor\" data-id=\"3d297cea\" data-element_type=\"widget\" data-e-type=\"widget\" data-widget_type=\"text-editor.default\">\n\t\t\t\t<div class=\"elementor-widget-container\">\n\t\t\t\t\t\t\t\t\t<p>\u6bcf\u5e74\uff0c\u9a6c\u6069\u6cb3\u7554\u8bb7\u4f0a\uff08Neuilly-sur-Marne\uff09\u9547\u90fd\u4f1a\u4e3e\u529e\u4e00\u4e2a\u8282\u65e5\u6c14\u6c1b\u6d53\u539a\u3001\u9002\u5408\u5bb6\u5ead\u6e38\u73a9\u7684\u5e74\u672b\u96c6\u5e02\uff0c\u5438\u5f15\u5927\u91cf\u6e38\u5ba2\u524d\u6765\u3002\u5723\u5c3c\u53e4\u62c9\u96c6\u5e02\u5c06\u4e8e 2024 \u5e74 12 \u6708 6 \u65e5\u661f\u671f\u4e94\u81f3 12 \u6708 8 \u65e5\u661f\u671f\u65e5\u5728\u8001\u57ce\u4e2d\u5fc3\u4e3e\u884c\u3002<\/p><p>\u65f6\u95f4\u8868 \uff1a<br \/>- 12 \u6708 6 \u65e5\u661f\u671f\u4e94\u4e0b\u5348 4 \u65f6\u81f3\u665a\u4e0a 9 \u65f6<br \/>- 12 \u6708 7 \u65e5\u661f\u671f\u516d\u4e0a\u5348 11 \u65f6\u81f3\u665a\u4e0a 9 \u65f6<br \/>- 12 \u6708 8 \u65e5\u661f\u671f\u65e5\u4e0a\u5348 11 \u65f6\u81f3\u4e0b\u5348 7 \u65f6<\/p><p>\u8bf7\u6ce8\u610f\uff0c\u8fd9\u4e9b\u65f6\u95f4\u53ef\u80fd\u4f1a\u6839\u636e\u6d3b\u52a8\u65f6\u7684\u5065\u5eb7\u548c\u5929\u6c14\u72b6\u51b5\u800c\u6709\u6240\u53d8\u52a8\u3002<\/p><p>\u5f81\u96c6\u5bf9\u8c61\u4e3a\u96f6\u552e\u5546\u3001\u624b\u5de5\u827a\u8005\u548c\u751f\u4ea7\u5546\uff0c\u5176\u6d3b\u52a8\u4e0e\u8282\u65e5\u5b63\u8282\u76f4\u63a5\u76f8\u5173\u3002<\/p><p>\u60a8\u7684\u7533\u8bf7\u5fc5\u987b\u5728\u4ee5\u4e0b\u65f6\u95f4\u4e4b\u524d\u4ea4\u8fd8\u7ed9\u6211\u4eec <strong>2024 \u5e74 10 \u6708 20 \u65e5\u661f\u671f\u4e94<\/strong>.\u8fd4\u56de\u5b8c\u6574\u6587\u4ef6 \uff1a<\/p><ul><li>\u901a\u8fc7\u7535\u5b50\u90ae\u4ef6\u00a0<strong><a href=\"mailto:dynamiques.locales@neuillysurmarne.fr\">dynamiques.locales@neuillysurmarne.fr<\/a>\u00a0\/\u00a0<\/strong><a href=\"mailto:commerce@neuillysurmarne.fr\"><strong>commerce@neuillysurmarne.fr\u00a0<\/strong><\/a><\/li><li>\u90ae\u5bc4\uff1aNeuilly-sur-Marne \u5e02\u653f\u5e9c - Service Dynamiques locales P\u00f4le Commerce \/ 1 place Fran\u00e7ois Mitterrand \/ 93330 Neuilly-sur-Marne\u00a0\u00a0<\/li><\/ul>\t\t\t\t\t\t\t\t<\/div>\n\t\t\t\t<\/div>\n\t\t\t\t\t<\/div>\n\t\t\t\t<\/div>\n\t\t<div class=\"elementor-element elementor-element-49f25f3 e-flex e-con-boxed e-con e-parent\" data-id=\"49f25f3\" data-element_type=\"container\" data-e-type=\"container\">\n\t\t\t\t\t<div class=\"e-con-inner\">\n\t\t\t\t<div class=\"elementor-element elementor-element-affc5d5 elementor-align-center elementor-widget elementor-widget-button\" data-id=\"affc5d5\" data-element_type=\"widget\" data-e-type=\"widget\" data-widget_type=\"button.default\">\n\t\t\t\t<div class=\"elementor-widget-container\">\n\t\t\t\t\t\t\t\t\t<div class=\"elementor-button-wrapper\">\n\t\t\t\t\t<a class=\"elementor-button elementor-button-link elementor-size-sm\" href=\"https:\/\/www.neuillysurmarne.fr\/wp-content\/uploads\/2024\/02\/Appel-a-candidature-2024.pdf?x12167\">\n\t\t\t\t\t\t<span class=\"elementor-button-content-wrapper\">\n\t\t\t\t\t\t\t\t\t<span class=\"elementor-button-text\">\u70b9\u51fb\u6b64\u5904\u4e0b\u8f7d\u7533\u8bf7\u5f81\u96c6\u8868<\/span>\n\t\t\t\t\t<\/span>\n\t\t\t\t\t<\/a>\n\t\t\t\t<\/div>\n\t\t\t\t\t\t\t\t<\/div>\n\t\t\t\t<\/div>\n\t\t\t\t\t<\/div>\n\t\t\t\t<\/div>\n\t\t<div class=\"elementor-element elementor-element-dba2cc7 e-flex e-con-boxed e-con e-parent\" data-id=\"dba2cc7\" data-element_type=\"container\" data-e-type=\"container\">\n\t\t\t\t\t<div class=\"e-con-inner\">\n\t\t\t\t<div class=\"elementor-element elementor-element-e650df7 elementor-share-buttons--shape-rounded elementor-share-buttons--view-icon-text elementor-share-buttons--skin-gradient elementor-grid-0 elementor-share-buttons--color-official elementor-widget elementor-widget-share-buttons\" data-id=\"e650df7\" data-element_type=\"widget\" data-e-type=\"widget\" data-widget_type=\"share-buttons.default\">\n\t\t\t\t<div class=\"elementor-widget-container\">\n\t\t\t\t\t\t\t<div class=\"elementor-grid\" role=\"list\">\n\t\t\t\t\t\t\t\t<div class=\"elementor-grid-item\" role=\"listitem\">\n\t\t\t\t\t\t<div class=\"elementor-share-btn elementor-share-btn_facebook\" role=\"button\" tabindex=\"0\" aria-label=\"\u041f\u043e\u0434\u0435\u043b\u0438\u0442\u044c\u0441\u044f \u0432 facebook\" data-no-translation-aria-label=\"\">\n\t\t\t\t\t\t\t\t\t\t\t\t\t\t\t<span class=\"elementor-share-btn__icon\">\n\t\t\t\t\t\t\t\t<svg aria-hidden=\"true\" class=\"e-font-icon-svg e-fab-facebook\" viewbox=\"0 0 512 512\" xmlns=\"http:\/\/www.w3.org\/2000\/svg\"><path d=\"M504 256C504 119 393 8 256 8S8 119 8 256c0 123.78 90.69 226.38 209.25 245V327.69h-63V256h63v-54.64c0-62.15 37-96.48 93.67-96.48 27.14 0 55.52 4.84 55.52 4.84v61h-31.28c-30.8 0-40.41 19.12-40.41 38.73V256h68.78l-11 71.69h-57.78V501C413.31 482.38 504 379.78 504 256z\"><\/path><\/svg>\t\t\t\t\t\t\t<\/span>\n\t\t\t\t\t\t\t\t\t\t\t\t\t\t\t\t\t\t\t\t\t\t<div class=\"elementor-share-btn__text\">\n\t\t\t\t\t\t\t\t\t\t\t\t\t\t\t\t\t\t\t<span class=\"elementor-share-btn__title\">\n\t\t\t\t\t\t\t\t\t\t\u5728 Facebook \u4e0a\t\t\t\t\t\t\t\t\t<\/span>\n\t\t\t\t\t\t\t\t\t\t\t\t\t\t\t\t\t<\/div>\n\t\t\t\t\t\t\t\t\t\t\t\t\t<\/div>\n\t\t\t\t\t<\/div>\n\t\t\t\t\t\t\t\t\t<div class=\"elementor-grid-item\" role=\"listitem\">\n\t\t\t\t\t\t<div class=\"elementor-share-btn elementor-share-btn_linkedin\" role=\"button\" tabindex=\"0\" aria-label=\"\u041f\u043e\u0434\u0435\u043b\u0438\u0442\u044c\u0441\u044f \u0432 linkedin\" data-no-translation-aria-label=\"\">\n\t\t\t\t\t\t\t\t\t\t\t\t\t\t\t<span class=\"elementor-share-btn__icon\">\n\t\t\t\t\t\t\t\t<svg aria-hidden=\"true\" class=\"e-font-icon-svg e-fab-linkedin\" viewbox=\"0 0 448 512\" xmlns=\"http:\/\/www.w3.org\/2000\/svg\"><path d=\"M416 32H31.9C14.3 32 0 46.5 0 64.3v383.4C0 465.5 14.3 480 31.9 480H416c17.6 0 32-14.5 32-32.3V64.3c0-17.8-14.4-32.3-32-32.3zM135.4 416H69V202.2h66.5V416zm-33.2-243c-21.3 0-38.5-17.3-38.5-38.5S80.9 96 102.2 96c21.2 0 38.5 17.3 38.5 38.5 0 21.3-17.2 38.5-38.5 38.5zm282.1 243h-66.4V312c0-24.8-.5-56.7-34.5-56.7-34.6 0-39.9 27-39.9 54.9V416h-66.4V202.2h63.7v29.2h.9c8.9-16.8 30.6-34.5 62.9-34.5 67.2 0 79.7 44.3 79.7 101.9V416z\"><\/path><\/svg>\t\t\t\t\t\t\t<\/span>\n\t\t\t\t\t\t\t\t\t\t\t\t\t\t\t\t\t\t\t\t\t\t<div class=\"elementor-share-btn__text\">\n\t\t\t\t\t\t\t\t\t\t\t\t\t\t\t\t\t\t\t<span class=\"elementor-share-btn__title\">\n\t\t\t\t\t\t\t\t\t\tLinkedIn\t\t\t\t\t\t\t\t\t<\/span>\n\t\t\t\t\t\t\t\t\t\t\t\t\t\t\t\t\t<\/div>\n\t\t\t\t\t\t\t\t\t\t\t\t\t<\/div>\n\t\t\t\t\t<\/div>\n\t\t\t\t\t\t\t\t\t<div class=\"elementor-grid-item\" role=\"listitem\">\n\t\t\t\t\t\t<div class=\"elementor-share-btn elementor-share-btn_twitter\" role=\"button\" tabindex=\"0\" aria-label=\"\u041f\u043e\u0434\u0435\u043b\u0438\u0442\u044c\u0441\u044f \u0432 twitter\" data-no-translation-aria-label=\"\">\n\t\t\t\t\t\t\t\t\t\t\t\t\t\t\t<span class=\"elementor-share-btn__icon\">\n\t\t\t\t\t\t\t\t<svg aria-hidden=\"true\" class=\"e-font-icon-svg e-fab-twitter\" viewbox=\"0 0 512 512\" xmlns=\"http:\/\/www.w3.org\/2000\/svg\"><path d=\"M459.37 151.716c.325 4.548.325 9.097.325 13.645 0 138.72-105.583 298.558-298.558 298.558-59.452 0-114.68-17.219-161.137-47.106 8.447.974 16.568 1.299 25.34 1.299 49.055 0 94.213-16.568 130.274-44.832-46.132-.975-84.792-31.188-98.112-72.772 6.498.974 12.995 1.624 19.818 1.624 9.421 0 18.843-1.3 27.614-3.573-48.081-9.747-84.143-51.98-84.143-102.985v-1.299c13.969 7.797 30.214 12.67 47.431 13.319-28.264-18.843-46.781-51.005-46.781-87.391 0-19.492 5.197-37.36 14.294-52.954 51.655 63.675 129.3 105.258 216.365 109.807-1.624-7.797-2.599-15.918-2.599-24.04 0-57.828 46.782-104.934 104.934-104.934 30.213 0 57.502 12.67 76.67 33.137 23.715-4.548 46.456-13.32 66.599-25.34-7.798 24.366-24.366 44.833-46.132 57.827 21.117-2.273 41.584-8.122 60.426-16.243-14.292 20.791-32.161 39.308-52.628 54.253z\"><\/path><\/svg>\t\t\t\t\t\t\t<\/span>\n\t\t\t\t\t\t\t\t\t\t\t\t\t\t\t\t\t\t\t\t\t\t<div class=\"elementor-share-btn__text\">\n\t\t\t\t\t\t\t\t\t\t\t\t\t\t\t\t\t\t\t<span class=\"elementor-share-btn__title\">\n\t\t\t\t\t\t\t\t\t\t\u63a8\u7279\t\t\t\t\t\t\t\t\t<\/span>\n\t\t\t\t\t\t\t\t\t\t\t\t\t\t\t\t\t<\/div>\n\t\t\t\t\t\t\t\t\t\t\t\t\t<\/div>\n\t\t\t\t\t<\/div>\n\t\t\t\t\t\t\t\t\t<div class=\"elementor-grid-item\" role=\"listitem\">\n\t\t\t\t\t\t<div class=\"elementor-share-btn elementor-share-btn_whatsapp\" role=\"button\" tabindex=\"0\" aria-label=\"\u041f\u043e\u0434\u0435\u043b\u0438\u0442\u044c\u0441\u044f \u0432 whatsapp\" data-no-translation-aria-label=\"\">\n\t\t\t\t\t\t\t\t\t\t\t\t\t\t\t<span class=\"elementor-share-btn__icon\">\n\t\t\t\t\t\t\t\t<svg aria-hidden=\"true\" class=\"e-font-icon-svg e-fab-whatsapp\" viewbox=\"0 0 448 512\" xmlns=\"http:\/\/www.w3.org\/2000\/svg\"><path d=\"M380.9 97.1C339 55.1 283.2 32 223.9 32c-122.4 0-222 99.6-222 222 0 39.1 10.2 77.3 29.6 111L0 480l117.7-30.9c32.4 17.7 68.9 27 106.1 27h.1c122.3 0 224.1-99.6 224.1-222 0-59.3-25.2-115-67.1-157zm-157 341.6c-33.2 0-65.7-8.9-94-25.7l-6.7-4-69.8 18.3L72 359.2l-4.4-7c-18.5-29.4-28.2-63.3-28.2-98.2 0-101.7 82.8-184.5 184.6-184.5 49.3 0 95.6 19.2 130.4 54.1 34.8 34.9 56.2 81.2 56.1 130.5 0 101.8-84.9 184.6-186.6 184.6zm101.2-138.2c-5.5-2.8-32.8-16.2-37.9-18-5.1-1.9-8.8-2.8-12.5 2.8-3.7 5.6-14.3 18-17.6 21.8-3.2 3.7-6.5 4.2-12 1.4-32.6-16.3-54-29.1-75.5-66-5.7-9.8 5.7-9.1 16.3-30.3 1.8-3.7.9-6.9-.5-9.7-1.4-2.8-12.5-30.1-17.1-41.2-4.5-10.8-9.1-9.3-12.5-9.5-3.2-.2-6.9-.2-10.6-.2-3.7 0-9.7 1.4-14.8 6.9-5.1 5.6-19.4 19-19.4 46.3 0 27.3 19.9 53.7 22.6 57.4 2.8 3.7 39.1 59.7 94.8 83.8 35.2 15.2 49 16.5 66.6 13.9 10.7-1.6 32.8-13.4 37.4-26.4 4.6-13 4.6-24.1 3.2-26.4-1.3-2.5-5-3.9-10.5-6.6z\"><\/path><\/svg>\t\t\t\t\t\t\t<\/span>\n\t\t\t\t\t\t\t\t\t\t\t\t\t\t\t\t\t\t\t\t\t\t<div class=\"elementor-share-btn__text\">\n\t\t\t\t\t\t\t\t\t\t\t\t\t\t\t\t\t\t\t<span class=\"elementor-share-btn__title\">\n\t\t\t\t\t\t\t\t\t\tWhatsApp\t\t\t\t\t\t\t\t\t<\/span>\n\t\t\t\t\t\t\t\t\t\t\t\t\t\t\t\t\t<\/div>\n\t\t\t\t\t\t\t\t\t\t\t\t\t<\/div>\n\t\t\t\t\t<\/div>\n\t\t\t\t\t\t<\/div>\n\t\t\t\t\t\t<\/div>\n\t\t\t\t<\/div>\n\t\t\t\t\t<\/div>\n\t\t\t\t<\/div>\n\t\t\t\t<\/div>","protected":false},"excerpt":{"rendered":"<p>Chaque ann\u00e9e, la Ville de Neuilly-sur-Marne organise un march\u00e9 de fin d\u2019ann\u00e9e dans un esprit festif et familial pour attirer de nombreux visiteurs sur la commune. Ce March\u00e9 de Saint Nicolas prendra place au c\u0153ur du centre-ancien, du vendredi 6 d\u00e9cembre au dimanche 8 d\u00e9cembre 2024. Horaires : \u2022 16h \u00e0 21h le vendredi 6 [&hellip;]<\/p>\n","protected":false},"author":2,"featured_media":7741,"parent":511,"menu_order":0,"comment_status":"closed","ping_status":"closed","template":"","meta":{"_acf_changed":false,"footnotes":""},"class_list":["post-7734","page","type-page","status-publish","has-post-thumbnail","hentry"],"acf":[],"yoast_head":"<!-- This site is optimized with the Yoast SEO plugin v27.4 - https:\/\/yoast.com\/product\/yoast-seo-wordpress\/ -->\n<title>Appel \u00e0 candidatures - March\u00e9 de la Saint-Nicolas 2024 - Mairie de Neuilly-sur-Marne<\/title>\n<meta name=\"robots\" content=\"index, follow, max-snippet:-1, max-image-preview:large, max-video-preview:-1\" \/>\n<link rel=\"canonical\" href=\"https:\/\/www.neuillysurmarne.fr\/zh\/appels-a-candidatures\/appel-a-candidatures-marche-de-la-saint-nicolas-2024\/\" \/>\n<meta property=\"og:locale\" content=\"zh_CN\" \/>\n<meta property=\"og:type\" content=\"article\" \/>\n<meta property=\"og:title\" content=\"Appel \u00e0 candidatures - March\u00e9 de la Saint-Nicolas 2024 - Mairie de Neuilly-sur-Marne\" \/>\n<meta property=\"og:description\" content=\"Chaque ann\u00e9e, la Ville de Neuilly-sur-Marne organise un march\u00e9 de fin d\u2019ann\u00e9e dans un esprit festif et familial pour attirer de nombreux visiteurs sur la commune. Ce March\u00e9 de Saint Nicolas prendra place au c\u0153ur du centre-ancien, du vendredi 6 d\u00e9cembre au dimanche 8 d\u00e9cembre 2024. Horaires : \u2022 16h \u00e0 21h le vendredi 6 [&hellip;]\" \/>\n<meta property=\"og:url\" content=\"https:\/\/www.neuillysurmarne.fr\/zh\/appels-a-candidatures\/appel-a-candidatures-marche-de-la-saint-nicolas-2024\/\" \/>\n<meta property=\"og:site_name\" content=\"Mairie de Neuilly-sur-Marne\" \/>\n<meta property=\"article:publisher\" content=\"https:\/\/www.facebook.com\/ville.neuilly\" \/>\n<meta property=\"article:modified_time\" content=\"2024-05-31T10:13:19+00:00\" \/>\n<meta property=\"og:image\" content=\"https:\/\/www.neuillysurmarne.fr\/wp-content\/uploads\/2024\/05\/Vignettes-appels-a-candidatures-5.png\" \/>\n\t<meta property=\"og:image:width\" content=\"1080\" \/>\n\t<meta property=\"og:image:height\" content=\"680\" \/>\n\t<meta property=\"og:image:type\" content=\"image\/png\" \/>\n<meta name=\"twitter:card\" content=\"summary_large_image\" \/>\n<meta name=\"twitter:label1\" content=\"\u9884\u8ba1\u9605\u8bfb\u65f6\u95f4\" \/>\n\t<meta name=\"twitter:data1\" content=\"1 \u5206\" \/>\n<script type=\"application\/ld+json\" class=\"yoast-schema-graph\">{\"@context\":\"https:\\\/\\\/schema.org\",\"@graph\":[{\"@type\":\"WebPage\",\"@id\":\"https:\\\/\\\/www.neuillysurmarne.fr\\\/appels-a-candidatures\\\/appel-a-candidatures-marche-de-la-saint-nicolas-2024\\\/\",\"url\":\"https:\\\/\\\/www.neuillysurmarne.fr\\\/appels-a-candidatures\\\/appel-a-candidatures-marche-de-la-saint-nicolas-2024\\\/\",\"name\":\"Appel \u00e0 candidatures - March\u00e9 de la Saint-Nicolas 2024 - Mairie de Neuilly-sur-Marne\",\"isPartOf\":{\"@id\":\"https:\\\/\\\/www.neuillysurmarne.fr\\\/es\\\/#website\"},\"primaryImageOfPage\":{\"@id\":\"https:\\\/\\\/www.neuillysurmarne.fr\\\/appels-a-candidatures\\\/appel-a-candidatures-marche-de-la-saint-nicolas-2024\\\/#primaryimage\"},\"image\":{\"@id\":\"https:\\\/\\\/www.neuillysurmarne.fr\\\/appels-a-candidatures\\\/appel-a-candidatures-marche-de-la-saint-nicolas-2024\\\/#primaryimage\"},\"thumbnailUrl\":\"https:\\\/\\\/www.neuillysurmarne.fr\\\/wp-content\\\/uploads\\\/2024\\\/05\\\/Vignettes-appels-a-candidatures-5.png\",\"datePublished\":\"2024-05-31T10:08:56+00:00\",\"dateModified\":\"2024-05-31T10:13:19+00:00\",\"breadcrumb\":{\"@id\":\"https:\\\/\\\/www.neuillysurmarne.fr\\\/appels-a-candidatures\\\/appel-a-candidatures-marche-de-la-saint-nicolas-2024\\\/#breadcrumb\"},\"inLanguage\":\"zh-Hans\",\"potentialAction\":[{\"@type\":\"ReadAction\",\"target\":[\"https:\\\/\\\/www.neuillysurmarne.fr\\\/appels-a-candidatures\\\/appel-a-candidatures-marche-de-la-saint-nicolas-2024\\\/\"]}]},{\"@type\":\"ImageObject\",\"inLanguage\":\"zh-Hans\",\"@id\":\"https:\\\/\\\/www.neuillysurmarne.fr\\\/appels-a-candidatures\\\/appel-a-candidatures-marche-de-la-saint-nicolas-2024\\\/#primaryimage\",\"url\":\"https:\\\/\\\/www.neuillysurmarne.fr\\\/wp-content\\\/uploads\\\/2024\\\/05\\\/Vignettes-appels-a-candidatures-5.png\",\"contentUrl\":\"https:\\\/\\\/www.neuillysurmarne.fr\\\/wp-content\\\/uploads\\\/2024\\\/05\\\/Vignettes-appels-a-candidatures-5.png\",\"width\":1080,\"height\":680},{\"@type\":\"BreadcrumbList\",\"@id\":\"https:\\\/\\\/www.neuillysurmarne.fr\\\/appels-a-candidatures\\\/appel-a-candidatures-marche-de-la-saint-nicolas-2024\\\/#breadcrumb\",\"itemListElement\":[{\"@type\":\"ListItem\",\"position\":1,\"name\":\"Accueil\",\"item\":\"https:\\\/\\\/www.neuillysurmarne.fr\\\/\"},{\"@type\":\"ListItem\",\"position\":2,\"name\":\"Appels \u00e0 candidatures\",\"item\":\"https:\\\/\\\/www.neuillysurmarne.fr\\\/appels-a-candidatures\\\/\"},{\"@type\":\"ListItem\",\"position\":3,\"name\":\"Appel \u00e0 candidatures &#8211; March\u00e9 de la Saint-Nicolas 2024\"}]},{\"@type\":\"WebSite\",\"@id\":\"https:\\\/\\\/www.neuillysurmarne.fr\\\/es\\\/#website\",\"url\":\"https:\\\/\\\/www.neuillysurmarne.fr\\\/es\\\/\",\"name\":\"Mairie de Neuilly-sur-Marne\",\"description\":\"BETA\",\"publisher\":{\"@id\":\"https:\\\/\\\/www.neuillysurmarne.fr\\\/es\\\/#organization\"},\"potentialAction\":[{\"@type\":\"SearchAction\",\"target\":{\"@type\":\"EntryPoint\",\"urlTemplate\":\"https:\\\/\\\/www.neuillysurmarne.fr\\\/es\\\/?s={search_term_string}\"},\"query-input\":{\"@type\":\"PropertyValueSpecification\",\"valueRequired\":true,\"valueName\":\"search_term_string\"}}],\"inLanguage\":\"zh-Hans\"},{\"@type\":\"Organization\",\"@id\":\"https:\\\/\\\/www.neuillysurmarne.fr\\\/es\\\/#organization\",\"name\":\"Mairie de Neuilly-sur-Marne\",\"url\":\"https:\\\/\\\/www.neuillysurmarne.fr\\\/es\\\/\",\"logo\":{\"@type\":\"ImageObject\",\"inLanguage\":\"zh-Hans\",\"@id\":\"https:\\\/\\\/www.neuillysurmarne.fr\\\/es\\\/#\\\/schema\\\/logo\\\/image\\\/\",\"url\":\"https:\\\/\\\/www.neuillysurmarne.fr\\\/wp-content\\\/uploads\\\/2023\\\/10\\\/LOGO-NeuillysurMarne-blanc.png\",\"contentUrl\":\"https:\\\/\\\/www.neuillysurmarne.fr\\\/wp-content\\\/uploads\\\/2023\\\/10\\\/LOGO-NeuillysurMarne-blanc.png\",\"width\":3308,\"height\":2586,\"caption\":\"Mairie de Neuilly-sur-Marne\"},\"image\":{\"@id\":\"https:\\\/\\\/www.neuillysurmarne.fr\\\/es\\\/#\\\/schema\\\/logo\\\/image\\\/\"},\"sameAs\":[\"https:\\\/\\\/www.facebook.com\\\/ville.neuilly\",\"https:\\\/\\\/www.instagram.com\\\/neuilly_marne\\\/\",\"https:\\\/\\\/www.linkedin.com\\\/company\\\/ville-de-neuilly-sur-marne\\\/\",\"https:\\\/\\\/www.youtube.com\\\/channel\\\/UCDdZ0TLrV8rfIqjBGvoeB5A\",\"https:\\\/\\\/www.tiktok.com\\\/@villedeneuillysurmarne\"]}]}<\/script>\n<!-- \/ Yoast SEO plugin. -->","yoast_head_json":{"title":"Appel \u00e0 candidatures - March\u00e9 de la Saint-Nicolas 2024 - Mairie de Neuilly-sur-Marne","robots":{"index":"index","follow":"follow","max-snippet":"max-snippet:-1","max-image-preview":"max-image-preview:large","max-video-preview":"max-video-preview:-1"},"canonical":"https:\/\/www.neuillysurmarne.fr\/zh\/appels-a-candidatures\/appel-a-candidatures-marche-de-la-saint-nicolas-2024\/","og_locale":"zh_CN","og_type":"article","og_title":"Appel \u00e0 candidatures - March\u00e9 de la Saint-Nicolas 2024 - Mairie de Neuilly-sur-Marne","og_description":"Chaque ann\u00e9e, la Ville de Neuilly-sur-Marne organise un march\u00e9 de fin d\u2019ann\u00e9e dans un esprit festif et familial pour attirer de nombreux visiteurs sur la commune. Ce March\u00e9 de Saint Nicolas prendra place au c\u0153ur du centre-ancien, du vendredi 6 d\u00e9cembre au dimanche 8 d\u00e9cembre 2024. Horaires : \u2022 16h \u00e0 21h le vendredi 6 [&hellip;]","og_url":"https:\/\/www.neuillysurmarne.fr\/zh\/appels-a-candidatures\/appel-a-candidatures-marche-de-la-saint-nicolas-2024\/","og_site_name":"Mairie de Neuilly-sur-Marne","article_publisher":"https:\/\/www.facebook.com\/ville.neuilly","article_modified_time":"2024-05-31T10:13:19+00:00","og_image":[{"width":1080,"height":680,"url":"https:\/\/www.neuillysurmarne.fr\/wp-content\/uploads\/2024\/05\/Vignettes-appels-a-candidatures-5.png","type":"image\/png"}],"twitter_card":"summary_large_image","twitter_misc":{"\u9884\u8ba1\u9605\u8bfb\u65f6\u95f4":"1 \u5206"},"schema":{"@context":"https:\/\/schema.org","@graph":[{"@type":"WebPage","@id":"https:\/\/www.neuillysurmarne.fr\/appels-a-candidatures\/appel-a-candidatures-marche-de-la-saint-nicolas-2024\/","url":"https:\/\/www.neuillysurmarne.fr\/appels-a-candidatures\/appel-a-candidatures-marche-de-la-saint-nicolas-2024\/","name":"Appel \u00e0 candidatures - March\u00e9 de la Saint-Nicolas 2024 - Mairie de Neuilly-sur-Marne","isPartOf":{"@id":"https:\/\/www.neuillysurmarne.fr\/es\/#website"},"primaryImageOfPage":{"@id":"https:\/\/www.neuillysurmarne.fr\/appels-a-candidatures\/appel-a-candidatures-marche-de-la-saint-nicolas-2024\/#primaryimage"},"image":{"@id":"https:\/\/www.neuillysurmarne.fr\/appels-a-candidatures\/appel-a-candidatures-marche-de-la-saint-nicolas-2024\/#primaryimage"},"thumbnailUrl":"https:\/\/www.neuillysurmarne.fr\/wp-content\/uploads\/2024\/05\/Vignettes-appels-a-candidatures-5.png","datePublished":"2024-05-31T10:08:56+00:00","dateModified":"2024-05-31T10:13:19+00:00","breadcrumb":{"@id":"https:\/\/www.neuillysurmarne.fr\/appels-a-candidatures\/appel-a-candidatures-marche-de-la-saint-nicolas-2024\/#breadcrumb"},"inLanguage":"zh-Hans","potentialAction":[{"@type":"ReadAction","target":["https:\/\/www.neuillysurmarne.fr\/appels-a-candidatures\/appel-a-candidatures-marche-de-la-saint-nicolas-2024\/"]}]},{"@type":"ImageObject","inLanguage":"zh-Hans","@id":"https:\/\/www.neuillysurmarne.fr\/appels-a-candidatures\/appel-a-candidatures-marche-de-la-saint-nicolas-2024\/#primaryimage","url":"https:\/\/www.neuillysurmarne.fr\/wp-content\/uploads\/2024\/05\/Vignettes-appels-a-candidatures-5.png","contentUrl":"https:\/\/www.neuillysurmarne.fr\/wp-content\/uploads\/2024\/05\/Vignettes-appels-a-candidatures-5.png","width":1080,"height":680},{"@type":"BreadcrumbList","@id":"https:\/\/www.neuillysurmarne.fr\/appels-a-candidatures\/appel-a-candidatures-marche-de-la-saint-nicolas-2024\/#breadcrumb","itemListElement":[{"@type":"ListItem","position":1,"name":"Accueil","item":"https:\/\/www.neuillysurmarne.fr\/"},{"@type":"ListItem","position":2,"name":"Appels \u00e0 candidatures","item":"https:\/\/www.neuillysurmarne.fr\/appels-a-candidatures\/"},{"@type":"ListItem","position":3,"name":"Appel \u00e0 candidatures &#8211; March\u00e9 de la Saint-Nicolas 2024"}]},{"@type":"WebSite","@id":"https:\/\/www.neuillysurmarne.fr\/es\/#website","url":"https:\/\/www.neuillysurmarne.fr\/es\/","name":"\u9a6c\u6069\u6cb3\u7554\u8bb7\u4f0a\u5e02\u653f\u5385","description":"BETA","publisher":{"@id":"https:\/\/www.neuillysurmarne.fr\/es\/#organization"},"potentialAction":[{"@type":"SearchAction","target":{"@type":"EntryPoint","urlTemplate":"https:\/\/www.neuillysurmarne.fr\/es\/?s={search_term_string}"},"query-input":{"@type":"PropertyValueSpecification","valueRequired":true,"valueName":"search_term_string"}}],"inLanguage":"zh-Hans"},{"@type":"Organization","@id":"https:\/\/www.neuillysurmarne.fr\/es\/#organization","name":"\u9a6c\u6069\u6cb3\u7554\u8bb7\u4f0a\u5e02\u653f\u5385","url":"https:\/\/www.neuillysurmarne.fr\/es\/","logo":{"@type":"ImageObject","inLanguage":"zh-Hans","@id":"https:\/\/www.neuillysurmarne.fr\/es\/#\/schema\/logo\/image\/","url":"https:\/\/www.neuillysurmarne.fr\/wp-content\/uploads\/2023\/10\/LOGO-NeuillysurMarne-blanc.png","contentUrl":"https:\/\/www.neuillysurmarne.fr\/wp-content\/uploads\/2023\/10\/LOGO-NeuillysurMarne-blanc.png","width":3308,"height":2586,"caption":"Mairie de Neuilly-sur-Marne"},"image":{"@id":"https:\/\/www.neuillysurmarne.fr\/es\/#\/schema\/logo\/image\/"},"sameAs":["https:\/\/www.facebook.com\/ville.neuilly","https:\/\/www.instagram.com\/neuilly_marne\/","https:\/\/www.linkedin.com\/company\/ville-de-neuilly-sur-marne\/","https:\/\/www.youtube.com\/channel\/UCDdZ0TLrV8rfIqjBGvoeB5A","https:\/\/www.tiktok.com\/@villedeneuillysurmarne"]}]}},"_links":{"self":[{"href":"https:\/\/www.neuillysurmarne.fr\/zh\/wp-json\/wp\/v2\/pages\/7734","targetHints":{"allow":["GET"]}}],"collection":[{"href":"https:\/\/www.neuillysurmarne.fr\/zh\/wp-json\/wp\/v2\/pages"}],"about":[{"href":"https:\/\/www.neuillysurmarne.fr\/zh\/wp-json\/wp\/v2\/types\/page"}],"author":[{"embeddable":true,"href":"https:\/\/www.neuillysurmarne.fr\/zh\/wp-json\/wp\/v2\/users\/2"}],"replies":[{"embeddable":true,"href":"https:\/\/www.neuillysurmarne.fr\/zh\/wp-json\/wp\/v2\/comments?post=7734"}],"version-history":[{"count":5,"href":"https:\/\/www.neuillysurmarne.fr\/zh\/wp-json\/wp\/v2\/pages\/7734\/revisions"}],"predecessor-version":[{"id":7742,"href":"https:\/\/www.neuillysurmarne.fr\/zh\/wp-json\/wp\/v2\/pages\/7734\/revisions\/7742"}],"up":[{"embeddable":true,"href":"https:\/\/www.neuillysurmarne.fr\/zh\/wp-json\/wp\/v2\/pages\/511"}],"wp:featuredmedia":[{"embeddable":true,"href":"https:\/\/www.neuillysurmarne.fr\/zh\/wp-json\/wp\/v2\/media\/7741"}],"wp:attachment":[{"href":"https:\/\/www.neuillysurmarne.fr\/zh\/wp-json\/wp\/v2\/media?parent=7734"}],"curies":[{"name":"wp","href":"https:\/\/api.w.org\/{rel}","templated":true}]}}